{"id":1448,"date":"2022-01-05T22:26:37","date_gmt":"2022-01-06T03:26:37","guid":{"rendered":"https:\/\/www.participacionciudadana.org\/web\/?page_id=1448"},"modified":"2022-02-21T17:35:40","modified_gmt":"2022-02-21T22:35:40","slug":"participacion-ciudadana","status":"publish","type":"page","link":"https:\/\/www.participacionciudadana.org\/web\/quienes-somos\/participacion-ciudadana\/","title":{"rendered":"Participaci\u00f3n Ciudadana"},"content":{"rendered":"\n<p><strong>\u00bfQu\u00e9 es la Corporaci\u00f3n Participaci\u00f3n Ciudadana?<\/strong><br><br>LA CORPORACI\u00d3N PARTICIPACI\u00d3N CIUDADANA \u2013 ECUADOR, es una organizaci\u00f3n civil y sin fines de lucro, constituida mediante Acuerdo Ministerial 01068 expedido por el Ministerio de Bienestar Social el 12 de julio de 2002.<br><br>Tiene como sus principales objetivos, contribuir con el fortalecimiento de la institucionalidad y el liderazgo democr\u00e1tico en el pa\u00eds, promover la participaci\u00f3n ciudadana en la vida democr\u00e1tica ecuatoriana, fomentar la transparencia en las actividades p\u00fablicas y en los procesos democr\u00e1ticos a trav\u00e9s de mecanismos de veedur\u00eda social y control ciudadano, e impulsar los procesos de di\u00e1logo entre los diferentes actores nacionales.<br><br>Visualice\u00a0<a rel=\"noreferrer noopener\" href=\"https:\/\/drive.google.com\/file\/d\/0ByBhvUaMhug_OEprMHVCd2NXcDA\/view?usp=sharing\" target=\"_blank\">aqu\u00ed<\/a>\u00a0los Estatutos de Participaci\u00f3n Ciudadana.<\/p>\n\n\n\n<p><strong>Misi\u00f3n<\/strong><\/p>\n\n\n\n<p>Participaci\u00f3n Ciudadana, junto a otros actores sociales, es parte activa de un movimiento ciudadano que ejerce sus derechos y contribuye a fortalecer la institucionalidad democr\u00e1tica y la transparencia en la vida p\u00fablica.<\/p>\n\n\n\n<p><strong>Visi\u00f3n<\/strong><\/p>\n\n\n\n<p>Participaci\u00f3n Ciudadana anhela un pa\u00eds con identidad, justicia, institucionalidad democr\u00e1tica, participaci\u00f3n ciudadana y transparencia.<\/p>\n\n\n\n<p><strong>Objetivos<\/strong><\/p>\n\n\n\n<p>Los objetivos que han marcado la trayectoria de la Corporaci\u00f3n Participaci\u00f3n Ciudadana han sido y son: contribuir al fortalecimiento de la institucionalidad democr\u00e1tica en el pa\u00eds; promover la participaci\u00f3n Ciudadana en la vida democr\u00e1tica ecuatoriana y la transparencia en las actividades p\u00fablicas; as\u00ed como, propiciar el debate y la b\u00fasqueda de acuerdos sobre temas trascendentales para el pa\u00eds.<\/p>\n\n\n\n<h3 class=\"wp-block-heading\" id=\"asamblea-corporacion-participacion-ciudadana\"><strong>Asamblea Corporaci\u00f3n Participaci\u00f3n Ciudadana<\/strong><\/h3>\n\n\n\n<p><strong>Consejo directivo:<\/strong><\/p>\n\n\n\n<ul class=\"wp-block-list\"><li>Rodrigo Espinosa Bermeo&nbsp;&nbsp;&nbsp;&nbsp;&nbsp;&nbsp;&nbsp;&nbsp;&nbsp;&nbsp;&nbsp;&nbsp;&nbsp;&nbsp;&nbsp;Presidente<\/li><li>Bertha Garc\u00eda Gallegos&nbsp;&nbsp;&nbsp;&nbsp;&nbsp;&nbsp;&nbsp;&nbsp;&nbsp;&nbsp;&nbsp;&nbsp;&nbsp;&nbsp;&nbsp;&nbsp;&nbsp;&nbsp;&nbsp;  Vicepresidenta&nbsp;<\/li><li>Mar\u00eda Augusta Ben\u00edtez Arregui &nbsp;&nbsp;&nbsp;&nbsp; Miembro del Consejo Directivo<\/li><li>Gabriel Pazmi\u00f1o Armijos&nbsp;&nbsp;&nbsp;&nbsp;&nbsp;&nbsp;&nbsp;&nbsp;&nbsp;&nbsp;&nbsp;&nbsp;&nbsp;&nbsp;&nbsp;&nbsp; Miembro del Consejo Directivo<\/li><li>Benjam\u00edn Rosales Valenzuela&nbsp;&nbsp;&nbsp;&nbsp;&nbsp;&nbsp;&nbsp;&nbsp;Miembro del Consejo Directivo<\/li><\/ul>\n\n\n\n<p><strong>Consejo ampliado:<\/strong><\/p>\n\n\n\n<ul class=\"wp-block-list\"><li>Mar\u00eda Amparo Alb\u00e1n Ricaurte&nbsp;&nbsp;<\/li><li>Arturo Moscoso Moreno<\/li><li>Abelardo Pachano Bertero<\/li><\/ul>\n\n\n\n<p><strong>Miembros activos de la Asamblea:<\/strong><\/p>\n\n\n\n<ol class=\"wp-block-list\" type=\"1\"><li>Patricio Alarc\u00f3n Proa\u00f1o (Quito)<\/li><li>Jos\u00e9 Ayala Lasso (Quito)<\/li><li>Juan Cordero \u00cd\u00f1iguez&nbsp; (Cuenca)&nbsp;&nbsp;&nbsp;&nbsp;&nbsp;&nbsp;&nbsp;&nbsp;&nbsp;&nbsp;&nbsp;&nbsp;&nbsp;&nbsp;&nbsp;&nbsp;&nbsp;&nbsp;&nbsp;&nbsp;&nbsp;&nbsp;&nbsp;&nbsp;&nbsp;&nbsp;&nbsp;&nbsp;&nbsp;&nbsp;&nbsp;&nbsp;&nbsp;&nbsp;&nbsp;&nbsp;&nbsp;&nbsp;&nbsp;&nbsp;&nbsp;&nbsp;&nbsp;&nbsp;&nbsp;&nbsp;&nbsp;&nbsp;&nbsp;&nbsp;&nbsp;&nbsp;&nbsp;&nbsp;&nbsp;&nbsp;&nbsp;&nbsp;&nbsp;&nbsp;&nbsp;&nbsp;&nbsp;&nbsp;&nbsp;&nbsp;&nbsp;<\/li><li>V\u00edctor Bastidas Jim\u00e9nez (Guayaquil)<\/li><li>Nelsa Curbelo Cora (Guayaquil)<\/li><li>Joaqu\u00edn Hern\u00e1ndez Alvarado (Guayaquil)<\/li><li>Oswaldo Jarr\u00edn Rom\u00e1n&nbsp;&nbsp;&nbsp;&nbsp;&nbsp;&nbsp;&nbsp;&nbsp;&nbsp;&nbsp;&nbsp;&nbsp;&nbsp;<\/li><li>Yolanda Kakabadse&nbsp; Navarro (Quito)&nbsp;&nbsp;<\/li><li>Carlos Larre\u00e1tegui Nardi (Quito)&nbsp;&nbsp;&nbsp;&nbsp;&nbsp;&nbsp;&nbsp;&nbsp;&nbsp;&nbsp;&nbsp;&nbsp;&nbsp;&nbsp;&nbsp;&nbsp;&nbsp;&nbsp;&nbsp;&nbsp;&nbsp;&nbsp;&nbsp;&nbsp;&nbsp;&nbsp;&nbsp;&nbsp;&nbsp;<\/li><li>Claudio Malo Gonz\u00e1lez (Cuenca)<\/li><li>Mario Mora Nieto (Ambato)<\/li><li>Medardo Mora Sol\u00f3rzano (Manta)<\/li><li>Sim\u00f3n Pachano Holgu\u00edn (Quito)<\/li><li>Hern\u00e1n P\u00e9rez Loose (Guayaquil)<\/li><li>Gustavo Pinto Albornoz (Quito)<\/li><li>Reinaldo Valarezo Garc\u00eda (Loja)<\/li><li>Anunziatta Valdez Larrea (Guayaquil)<\/li><\/ol>\n","protected":false},"excerpt":{"rendered":"<p>\u00bfQu\u00e9 es la Corporaci\u00f3n Participaci\u00f3n Ciudadana? LA CORPORACI\u00d3N PARTICIPACI\u00d3N CIUDADANA \u2013 ECUADOR, es una organizaci\u00f3n civil y sin fines de lucro, constituida mediante Acuerdo Ministerial 01068 expedido por el Ministerio de Bienestar Social el 12 de julio de 2002. Tiene como sus principales objetivos, contribuir con el fortalecimiento de la institucionalidad y el liderazgo democr\u00e1tico [&hellip;]<\/p>\n","protected":false},"author":1,"featured_media":0,"parent":752,"menu_order":1,"comment_status":"closed","ping_status":"closed","template":"","meta":{"site-sidebar-layout":"default","site-content-layout":"","ast-site-content-layout":"default","site-content-style":"default","site-sidebar-style":"default","ast-global-header-display":"","ast-banner-title-visibility":"","ast-main-header-display":"","ast-hfb-above-header-display":"","ast-hfb-below-header-display":"","ast-hfb-mobile-header-display":"","site-post-title":"","ast-breadcrumbs-content":"","ast-featured-img":"","footer-sml-layout":"","ast-disable-related-posts":"","theme-transparent-header-meta":"","adv-header-id-meta":"","stick-header-meta":"","header-above-stick-meta":"","header-main-stick-meta":"","header-below-stick-meta":"","astra-migrate-meta-layouts":"default","ast-page-background-enabled":"default","ast-page-background-meta":{"desktop":{"background-color":"","background-image":"","background-repeat":"repeat","background-position":"center center","background-size":"auto","background-attachment":"scroll","background-type":"","background-media":"","overlay-type":"","overlay-color":"","overlay-opacity":"","overlay-gradient":""},"tablet":{"background-color":"","background-image":"","background-repeat":"repeat","background-position":"center center","background-size":"auto","background-attachment":"scroll","background-type":"","background-media":"","overlay-type":"","overlay-color":"","overlay-opacity":"","overlay-gradient":""},"mobile":{"background-color":"","background-image":"","background-repeat":"repeat","background-position":"center center","background-size":"auto","background-attachment":"scroll","background-type":"","background-media":"","overlay-type":"","overlay-color":"","overlay-opacity":"","overlay-gradient":""}},"ast-content-background-meta":{"desktop":{"background-color":"var(--ast-global-color-5)","background-image":"","background-repeat":"repeat","background-position":"center center","background-size":"auto","background-attachment":"scroll","background-type":"","background-media":"","overlay-type":"","overlay-color":"","overlay-opacity":"","overlay-gradient":""},"tablet":{"background-color":"var(--ast-global-color-5)","background-image":"","background-repeat":"repeat","background-position":"center center","background-size":"auto","background-attachment":"scroll","background-type":"","background-media":"","overlay-type":"","overlay-color":"","overlay-opacity":"","overlay-gradient":""},"mobile":{"background-color":"var(--ast-global-color-5)","background-image":"","background-repeat":"repeat","background-position":"center center","background-size":"auto","background-attachment":"scroll","background-type":"","background-media":"","overlay-type":"","overlay-color":"","overlay-opacity":"","overlay-gradient":""}},"_joinchat":{"telephone":"+593968732632"},"footnotes":""},"class_list":["post-1448","page","type-page","status-publish","hentry"],"yoast_head":"<!-- This site is optimized with the Yoast SEO plugin v26.5 - https:\/\/yoast.com\/wordpress\/plugins\/seo\/ -->\n<title>Participaci\u00f3n Ciudadana - Participaci\u00f3n Ciudadana<\/title>\n<meta name=\"robots\" content=\"index, follow, max-snippet:-1, max-image-preview:large, max-video-preview:-1\" \/>\n<link rel=\"canonical\" href=\"https:\/\/www.participacionciudadana.org\/web\/quienes-somos\/participacion-ciudadana\/\" \/>\n<meta property=\"og:locale\" content=\"es_ES\" \/>\n<meta property=\"og:type\" content=\"article\" \/>\n<meta property=\"og:title\" content=\"Participaci\u00f3n Ciudadana - Participaci\u00f3n Ciudadana\" \/>\n<meta property=\"og:description\" content=\"\u00bfQu\u00e9 es la Corporaci\u00f3n Participaci\u00f3n Ciudadana? LA CORPORACI\u00d3N PARTICIPACI\u00d3N CIUDADANA \u2013 ECUADOR, es una organizaci\u00f3n civil y sin fines de lucro, constituida mediante Acuerdo Ministerial 01068 expedido por el Ministerio de Bienestar Social el 12 de julio de 2002. Tiene como sus principales objetivos, contribuir con el fortalecimiento de la institucionalidad y el liderazgo democr\u00e1tico [&hellip;]\" \/>\n<meta property=\"og:url\" content=\"https:\/\/www.participacionciudadana.org\/web\/quienes-somos\/participacion-ciudadana\/\" \/>\n<meta property=\"og:site_name\" content=\"Participaci\u00f3n Ciudadana\" \/>\n<meta property=\"article:publisher\" content=\"https:\/\/www.facebook.com\/ParticipacionPC\/\" \/>\n<meta property=\"article:modified_time\" content=\"2022-02-21T22:35:40+00:00\" \/>\n<meta name=\"twitter:card\" content=\"summary_large_image\" \/>\n<meta name=\"twitter:site\" content=\"@ParticipacionPC\" \/>\n<meta name=\"twitter:label1\" content=\"Tiempo de lectura\" \/>\n\t<meta name=\"twitter:data1\" content=\"3 minutos\" \/>\n<script type=\"application\/ld+json\" class=\"yoast-schema-graph\">{\"@context\":\"https:\/\/schema.org\",\"@graph\":[{\"@type\":\"WebPage\",\"@id\":\"https:\/\/www.participacionciudadana.org\/web\/quienes-somos\/participacion-ciudadana\/\",\"url\":\"https:\/\/www.participacionciudadana.org\/web\/quienes-somos\/participacion-ciudadana\/\",\"name\":\"Participaci\u00f3n Ciudadana - Participaci\u00f3n Ciudadana\",\"isPartOf\":{\"@id\":\"https:\/\/www.participacionciudadana.org\/web\/#website\"},\"datePublished\":\"2022-01-06T03:26:37+00:00\",\"dateModified\":\"2022-02-21T22:35:40+00:00\",\"breadcrumb\":{\"@id\":\"https:\/\/www.participacionciudadana.org\/web\/quienes-somos\/participacion-ciudadana\/#breadcrumb\"},\"inLanguage\":\"es\",\"potentialAction\":[{\"@type\":\"ReadAction\",\"target\":[\"https:\/\/www.participacionciudadana.org\/web\/quienes-somos\/participacion-ciudadana\/\"]}]},{\"@type\":\"BreadcrumbList\",\"@id\":\"https:\/\/www.participacionciudadana.org\/web\/quienes-somos\/participacion-ciudadana\/#breadcrumb\",\"itemListElement\":[{\"@type\":\"ListItem\",\"position\":1,\"name\":\"Portada\",\"item\":\"https:\/\/www.participacionciudadana.org\/web\/\"},{\"@type\":\"ListItem\",\"position\":2,\"name\":\"\u00bfQui\u00e9nes somos?\",\"item\":\"https:\/\/www.participacionciudadana.org\/web\/quienes-somos\/\"},{\"@type\":\"ListItem\",\"position\":3,\"name\":\"Participaci\u00f3n Ciudadana\"}]},{\"@type\":\"WebSite\",\"@id\":\"https:\/\/www.participacionciudadana.org\/web\/#website\",\"url\":\"https:\/\/www.participacionciudadana.org\/web\/\",\"name\":\"Participaci\u00f3n Ciudadana\",\"description\":\"Comprometidos con la democracia\",\"publisher\":{\"@id\":\"https:\/\/www.participacionciudadana.org\/web\/#organization\"},\"potentialAction\":[{\"@type\":\"SearchAction\",\"target\":{\"@type\":\"EntryPoint\",\"urlTemplate\":\"https:\/\/www.participacionciudadana.org\/web\/?s={search_term_string}\"},\"query-input\":{\"@type\":\"PropertyValueSpecification\",\"valueRequired\":true,\"valueName\":\"search_term_string\"}}],\"inLanguage\":\"es\"},{\"@type\":\"Organization\",\"@id\":\"https:\/\/www.participacionciudadana.org\/web\/#organization\",\"name\":\"Participaci\u00f3n Ciudadana\",\"url\":\"https:\/\/www.participacionciudadana.org\/web\/\",\"logo\":{\"@type\":\"ImageObject\",\"inLanguage\":\"es\",\"@id\":\"https:\/\/www.participacionciudadana.org\/web\/#\/schema\/logo\/image\/\",\"url\":\"https:\/\/www.participacionciudadana.org\/web\/wp-content\/uploads\/2021\/11\/cropped-logo_pc-1.png\",\"contentUrl\":\"https:\/\/www.participacionciudadana.org\/web\/wp-content\/uploads\/2021\/11\/cropped-logo_pc-1.png\",\"width\":340,\"height\":114,\"caption\":\"Participaci\u00f3n Ciudadana\"},\"image\":{\"@id\":\"https:\/\/www.participacionciudadana.org\/web\/#\/schema\/logo\/image\/\"},\"sameAs\":[\"https:\/\/www.facebook.com\/ParticipacionPC\/\",\"https:\/\/x.com\/ParticipacionPC\"]}]}<\/script>\n<!-- \/ Yoast SEO plugin. -->","yoast_head_json":{"title":"Participaci\u00f3n Ciudadana - Participaci\u00f3n Ciudadana","robots":{"index":"index","follow":"follow","max-snippet":"max-snippet:-1","max-image-preview":"max-image-preview:large","max-video-preview":"max-video-preview:-1"},"canonical":"https:\/\/www.participacionciudadana.org\/web\/quienes-somos\/participacion-ciudadana\/","og_locale":"es_ES","og_type":"article","og_title":"Participaci\u00f3n Ciudadana - Participaci\u00f3n Ciudadana","og_description":"\u00bfQu\u00e9 es la Corporaci\u00f3n Participaci\u00f3n Ciudadana? LA CORPORACI\u00d3N PARTICIPACI\u00d3N CIUDADANA \u2013 ECUADOR, es una organizaci\u00f3n civil y sin fines de lucro, constituida mediante Acuerdo Ministerial 01068 expedido por el Ministerio de Bienestar Social el 12 de julio de 2002. Tiene como sus principales objetivos, contribuir con el fortalecimiento de la institucionalidad y el liderazgo democr\u00e1tico [&hellip;]","og_url":"https:\/\/www.participacionciudadana.org\/web\/quienes-somos\/participacion-ciudadana\/","og_site_name":"Participaci\u00f3n Ciudadana","article_publisher":"https:\/\/www.facebook.com\/ParticipacionPC\/","article_modified_time":"2022-02-21T22:35:40+00:00","twitter_card":"summary_large_image","twitter_site":"@ParticipacionPC","twitter_misc":{"Tiempo de lectura":"3 minutos"},"schema":{"@context":"https:\/\/schema.org","@graph":[{"@type":"WebPage","@id":"https:\/\/www.participacionciudadana.org\/web\/quienes-somos\/participacion-ciudadana\/","url":"https:\/\/www.participacionciudadana.org\/web\/quienes-somos\/participacion-ciudadana\/","name":"Participaci\u00f3n Ciudadana - Participaci\u00f3n Ciudadana","isPartOf":{"@id":"https:\/\/www.participacionciudadana.org\/web\/#website"},"datePublished":"2022-01-06T03:26:37+00:00","dateModified":"2022-02-21T22:35:40+00:00","breadcrumb":{"@id":"https:\/\/www.participacionciudadana.org\/web\/quienes-somos\/participacion-ciudadana\/#breadcrumb"},"inLanguage":"es","potentialAction":[{"@type":"ReadAction","target":["https:\/\/www.participacionciudadana.org\/web\/quienes-somos\/participacion-ciudadana\/"]}]},{"@type":"BreadcrumbList","@id":"https:\/\/www.participacionciudadana.org\/web\/quienes-somos\/participacion-ciudadana\/#breadcrumb","itemListElement":[{"@type":"ListItem","position":1,"name":"Portada","item":"https:\/\/www.participacionciudadana.org\/web\/"},{"@type":"ListItem","position":2,"name":"\u00bfQui\u00e9nes somos?","item":"https:\/\/www.participacionciudadana.org\/web\/quienes-somos\/"},{"@type":"ListItem","position":3,"name":"Participaci\u00f3n Ciudadana"}]},{"@type":"WebSite","@id":"https:\/\/www.participacionciudadana.org\/web\/#website","url":"https:\/\/www.participacionciudadana.org\/web\/","name":"Participaci\u00f3n Ciudadana","description":"Comprometidos con la democracia","publisher":{"@id":"https:\/\/www.participacionciudadana.org\/web\/#organization"},"potentialAction":[{"@type":"SearchAction","target":{"@type":"EntryPoint","urlTemplate":"https:\/\/www.participacionciudadana.org\/web\/?s={search_term_string}"},"query-input":{"@type":"PropertyValueSpecification","valueRequired":true,"valueName":"search_term_string"}}],"inLanguage":"es"},{"@type":"Organization","@id":"https:\/\/www.participacionciudadana.org\/web\/#organization","name":"Participaci\u00f3n Ciudadana","url":"https:\/\/www.participacionciudadana.org\/web\/","logo":{"@type":"ImageObject","inLanguage":"es","@id":"https:\/\/www.participacionciudadana.org\/web\/#\/schema\/logo\/image\/","url":"https:\/\/www.participacionciudadana.org\/web\/wp-content\/uploads\/2021\/11\/cropped-logo_pc-1.png","contentUrl":"https:\/\/www.participacionciudadana.org\/web\/wp-content\/uploads\/2021\/11\/cropped-logo_pc-1.png","width":340,"height":114,"caption":"Participaci\u00f3n Ciudadana"},"image":{"@id":"https:\/\/www.participacionciudadana.org\/web\/#\/schema\/logo\/image\/"},"sameAs":["https:\/\/www.facebook.com\/ParticipacionPC\/","https:\/\/x.com\/ParticipacionPC"]}]}},"_links":{"self":[{"href":"https:\/\/www.participacionciudadana.org\/web\/wp-json\/wp\/v2\/pages\/1448","targetHints":{"allow":["GET"]}}],"collection":[{"href":"https:\/\/www.participacionciudadana.org\/web\/wp-json\/wp\/v2\/pages"}],"about":[{"href":"https:\/\/www.participacionciudadana.org\/web\/wp-json\/wp\/v2\/types\/page"}],"author":[{"embeddable":true,"href":"https:\/\/www.participacionciudadana.org\/web\/wp-json\/wp\/v2\/users\/1"}],"replies":[{"embeddable":true,"href":"https:\/\/www.participacionciudadana.org\/web\/wp-json\/wp\/v2\/comments?post=1448"}],"version-history":[{"count":0,"href":"https:\/\/www.participacionciudadana.org\/web\/wp-json\/wp\/v2\/pages\/1448\/revisions"}],"up":[{"embeddable":true,"href":"https:\/\/www.participacionciudadana.org\/web\/wp-json\/wp\/v2\/pages\/752"}],"wp:attachment":[{"href":"https:\/\/www.participacionciudadana.org\/web\/wp-json\/wp\/v2\/media?parent=1448"}],"curies":[{"name":"wp","href":"https:\/\/api.w.org\/{rel}","templated":true}]}}