{"id":1488,"date":"2022-01-05T23:11:32","date_gmt":"2022-01-06T04:11:32","guid":{"rendered":"https:\/\/www.participacionciudadana.org\/web\/?page_id=1488"},"modified":"2022-01-05T23:42:58","modified_gmt":"2022-01-06T04:42:58","slug":"pablo-villacis-coordinador-del-proyecto-amazonia-transparente","status":"publish","type":"page","link":"https:\/\/www.participacionciudadana.org\/web\/equipo-pc\/pablo-villacis-coordinador-del-proyecto-amazonia-transparente\/","title":{"rendered":"Pablo Villac\u00eds &#8211; Coordinador del Proyecto Amazon\u00eda Transparente"},"content":{"rendered":"\n<p>Es Licenciado en Comunicador Social de la Flacso-Quito, de la Universidad Central y especializado en Estudios Latinoamericanos por la Universidad Andina.<\/p>\n\n\n\n<p>Con 24 a\u00f1os de experiencia profesional en distintas \u00e1reas como la Comunicaci\u00f3n para el Desarrollo en Organizaciones de la Sociedad Civil, comunicaci\u00f3n institucional, asesor\u00eda pol\u00edtica, periodismo de investigaci\u00f3n y digital. Trabaj\u00f3 en el centro de oportunidades Building One Community, como Workers\u00b4 Coordinator, en Stamford- Connecticut, EE.UU, en los diarios El Comercio y El Universo, entre otros. Ha sido parte de la Uni\u00f3n Nacional de Periodistas (UNP) y socio fundador del Foro de Periodistas de Ecuador (FOPE).<\/p>\n","protected":false},"excerpt":{"rendered":"<p>Es Licenciado en Comunicador Social de la Flacso-Quito, de la Universidad Central y especializado en Estudios Latinoamericanos por la Universidad Andina. Con 24 a\u00f1os de experiencia profesional en distintas \u00e1reas como la Comunicaci\u00f3n para el Desarrollo en Organizaciones de la Sociedad Civil, comunicaci\u00f3n institucional, asesor\u00eda pol\u00edtica, periodismo de investigaci\u00f3n y digital. Trabaj\u00f3 en el centro [&hellip;]<\/p>\n","protected":false},"author":1,"featured_media":1489,"parent":1463,"menu_order":5,"comment_status":"closed","ping_status":"closed","template":"","meta":{"site-sidebar-layout":"default","site-content-layout":"","ast-site-content-layout":"default","site-content-style":"default","site-sidebar-style":"default","ast-global-header-display":"","ast-banner-title-visibility":"","ast-main-header-display":"","ast-hfb-above-header-display":"","ast-hfb-below-header-display":"","ast-hfb-mobile-header-display":"","site-post-title":"","ast-breadcrumbs-content":"","ast-featured-img":"","footer-sml-layout":"","ast-disable-related-posts":"","theme-transparent-header-meta":"","adv-header-id-meta":"","stick-header-meta":"","header-above-stick-meta":"","header-main-stick-meta":"","header-below-stick-meta":"","astra-migrate-meta-layouts":"default","ast-page-background-enabled":"default","ast-page-background-meta":{"desktop":{"background-color":"","background-image":"","background-repeat":"repeat","background-position":"center center","background-size":"auto","background-attachment":"scroll","background-type":"","background-media":"","overlay-type":"","overlay-color":"","overlay-opacity":"","overlay-gradient":""},"tablet":{"background-color":"","background-image":"","background-repeat":"repeat","background-position":"center center","background-size":"auto","background-attachment":"scroll","background-type":"","background-media":"","overlay-type":"","overlay-color":"","overlay-opacity":"","overlay-gradient":""},"mobile":{"background-color":"","background-image":"","background-repeat":"repeat","background-position":"center center","background-size":"auto","background-attachment":"scroll","background-type":"","background-media":"","overlay-type":"","overlay-color":"","overlay-opacity":"","overlay-gradient":""}},"ast-content-background-meta":{"desktop":{"background-color":"var(--ast-global-color-5)","background-image":"","background-repeat":"repeat","background-position":"center center","background-size":"auto","background-attachment":"scroll","background-type":"","background-media":"","overlay-type":"","overlay-color":"","overlay-opacity":"","overlay-gradient":""},"tablet":{"background-color":"var(--ast-global-color-5)","background-image":"","background-repeat":"repeat","background-position":"center center","background-size":"auto","background-attachment":"scroll","background-type":"","background-media":"","overlay-type":"","overlay-color":"","overlay-opacity":"","overlay-gradient":""},"mobile":{"background-color":"var(--ast-global-color-5)","background-image":"","background-repeat":"repeat","background-position":"center center","background-size":"auto","background-attachment":"scroll","background-type":"","background-media":"","overlay-type":"","overlay-color":"","overlay-opacity":"","overlay-gradient":""}},"_joinchat":[],"footnotes":""},"class_list":["post-1488","page","type-page","status-publish","has-post-thumbnail","hentry"],"yoast_head":"<!-- This site is optimized with the Yoast SEO plugin v26.5 - https:\/\/yoast.com\/wordpress\/plugins\/seo\/ -->\n<title>Pablo Villac\u00eds - Coordinador del Proyecto Amazon\u00eda Transparente - Participaci\u00f3n Ciudadana<\/title>\n<meta name=\"robots\" content=\"index, follow, max-snippet:-1, max-image-preview:large, max-video-preview:-1\" \/>\n<link rel=\"canonical\" href=\"https:\/\/www.participacionciudadana.org\/web\/equipo-pc\/pablo-villacis-coordinador-del-proyecto-amazonia-transparente\/\" \/>\n<meta property=\"og:locale\" content=\"es_ES\" \/>\n<meta property=\"og:type\" content=\"article\" \/>\n<meta property=\"og:title\" content=\"Pablo Villac\u00eds - Coordinador del Proyecto Amazon\u00eda Transparente - Participaci\u00f3n Ciudadana\" \/>\n<meta property=\"og:description\" content=\"Es Licenciado en Comunicador Social de la Flacso-Quito, de la Universidad Central y especializado en Estudios Latinoamericanos por la Universidad Andina. Con 24 a\u00f1os de experiencia profesional en distintas \u00e1reas como la Comunicaci\u00f3n para el Desarrollo en Organizaciones de la Sociedad Civil, comunicaci\u00f3n institucional, asesor\u00eda pol\u00edtica, periodismo de investigaci\u00f3n y digital. Trabaj\u00f3 en el centro [&hellip;]\" \/>\n<meta property=\"og:url\" content=\"https:\/\/www.participacionciudadana.org\/web\/equipo-pc\/pablo-villacis-coordinador-del-proyecto-amazonia-transparente\/\" \/>\n<meta property=\"og:site_name\" content=\"Participaci\u00f3n Ciudadana\" \/>\n<meta property=\"article:publisher\" content=\"https:\/\/www.facebook.com\/ParticipacionPC\/\" \/>\n<meta property=\"article:modified_time\" content=\"2022-01-06T04:42:58+00:00\" \/>\n<meta property=\"og:image\" content=\"https:\/\/www.participacionciudadana.org\/web\/wp-content\/uploads\/2022\/01\/PabloVillacis.jpeg\" \/>\n\t<meta property=\"og:image:width\" content=\"172\" \/>\n\t<meta property=\"og:image:height\" content=\"203\" \/>\n\t<meta property=\"og:image:type\" content=\"image\/jpeg\" \/>\n<meta name=\"twitter:card\" content=\"summary_large_image\" \/>\n<meta name=\"twitter:site\" content=\"@ParticipacionPC\" \/>\n<meta name=\"twitter:label1\" content=\"Tiempo de lectura\" \/>\n\t<meta name=\"twitter:data1\" content=\"1 minuto\" \/>\n<script type=\"application\/ld+json\" class=\"yoast-schema-graph\">{\"@context\":\"https:\/\/schema.org\",\"@graph\":[{\"@type\":\"WebPage\",\"@id\":\"https:\/\/www.participacionciudadana.org\/web\/equipo-pc\/pablo-villacis-coordinador-del-proyecto-amazonia-transparente\/\",\"url\":\"https:\/\/www.participacionciudadana.org\/web\/equipo-pc\/pablo-villacis-coordinador-del-proyecto-amazonia-transparente\/\",\"name\":\"Pablo Villac\u00eds - Coordinador del Proyecto Amazon\u00eda Transparente - Participaci\u00f3n Ciudadana\",\"isPartOf\":{\"@id\":\"https:\/\/www.participacionciudadana.org\/web\/#website\"},\"primaryImageOfPage\":{\"@id\":\"https:\/\/www.participacionciudadana.org\/web\/equipo-pc\/pablo-villacis-coordinador-del-proyecto-amazonia-transparente\/#primaryimage\"},\"image\":{\"@id\":\"https:\/\/www.participacionciudadana.org\/web\/equipo-pc\/pablo-villacis-coordinador-del-proyecto-amazonia-transparente\/#primaryimage\"},\"thumbnailUrl\":\"https:\/\/www.participacionciudadana.org\/web\/wp-content\/uploads\/2022\/01\/PabloVillacis.jpeg\",\"datePublished\":\"2022-01-06T04:11:32+00:00\",\"dateModified\":\"2022-01-06T04:42:58+00:00\",\"breadcrumb\":{\"@id\":\"https:\/\/www.participacionciudadana.org\/web\/equipo-pc\/pablo-villacis-coordinador-del-proyecto-amazonia-transparente\/#breadcrumb\"},\"inLanguage\":\"es\",\"potentialAction\":[{\"@type\":\"ReadAction\",\"target\":[\"https:\/\/www.participacionciudadana.org\/web\/equipo-pc\/pablo-villacis-coordinador-del-proyecto-amazonia-transparente\/\"]}]},{\"@type\":\"ImageObject\",\"inLanguage\":\"es\",\"@id\":\"https:\/\/www.participacionciudadana.org\/web\/equipo-pc\/pablo-villacis-coordinador-del-proyecto-amazonia-transparente\/#primaryimage\",\"url\":\"https:\/\/www.participacionciudadana.org\/web\/wp-content\/uploads\/2022\/01\/PabloVillacis.jpeg\",\"contentUrl\":\"https:\/\/www.participacionciudadana.org\/web\/wp-content\/uploads\/2022\/01\/PabloVillacis.jpeg\",\"width\":172,\"height\":203},{\"@type\":\"BreadcrumbList\",\"@id\":\"https:\/\/www.participacionciudadana.org\/web\/equipo-pc\/pablo-villacis-coordinador-del-proyecto-amazonia-transparente\/#breadcrumb\",\"itemListElement\":[{\"@type\":\"ListItem\",\"position\":1,\"name\":\"Portada\",\"item\":\"https:\/\/www.participacionciudadana.org\/web\/\"},{\"@type\":\"ListItem\",\"position\":2,\"name\":\"Equipo PC\",\"item\":\"https:\/\/www.participacionciudadana.org\/web\/equipo-pc\/\"},{\"@type\":\"ListItem\",\"position\":3,\"name\":\"Pablo Villac\u00eds &#8211; Coordinador del Proyecto Amazon\u00eda Transparente\"}]},{\"@type\":\"WebSite\",\"@id\":\"https:\/\/www.participacionciudadana.org\/web\/#website\",\"url\":\"https:\/\/www.participacionciudadana.org\/web\/\",\"name\":\"Participaci\u00f3n Ciudadana\",\"description\":\"Comprometidos con la democracia\",\"publisher\":{\"@id\":\"https:\/\/www.participacionciudadana.org\/web\/#organization\"},\"potentialAction\":[{\"@type\":\"SearchAction\",\"target\":{\"@type\":\"EntryPoint\",\"urlTemplate\":\"https:\/\/www.participacionciudadana.org\/web\/?s={search_term_string}\"},\"query-input\":{\"@type\":\"PropertyValueSpecification\",\"valueRequired\":true,\"valueName\":\"search_term_string\"}}],\"inLanguage\":\"es\"},{\"@type\":\"Organization\",\"@id\":\"https:\/\/www.participacionciudadana.org\/web\/#organization\",\"name\":\"Participaci\u00f3n Ciudadana\",\"url\":\"https:\/\/www.participacionciudadana.org\/web\/\",\"logo\":{\"@type\":\"ImageObject\",\"inLanguage\":\"es\",\"@id\":\"https:\/\/www.participacionciudadana.org\/web\/#\/schema\/logo\/image\/\",\"url\":\"https:\/\/www.participacionciudadana.org\/web\/wp-content\/uploads\/2021\/11\/cropped-logo_pc-1.png\",\"contentUrl\":\"https:\/\/www.participacionciudadana.org\/web\/wp-content\/uploads\/2021\/11\/cropped-logo_pc-1.png\",\"width\":340,\"height\":114,\"caption\":\"Participaci\u00f3n Ciudadana\"},\"image\":{\"@id\":\"https:\/\/www.participacionciudadana.org\/web\/#\/schema\/logo\/image\/\"},\"sameAs\":[\"https:\/\/www.facebook.com\/ParticipacionPC\/\",\"https:\/\/x.com\/ParticipacionPC\"]}]}<\/script>\n<!-- \/ Yoast SEO plugin. -->","yoast_head_json":{"title":"Pablo Villac\u00eds - Coordinador del Proyecto Amazon\u00eda Transparente - Participaci\u00f3n Ciudadana","robots":{"index":"index","follow":"follow","max-snippet":"max-snippet:-1","max-image-preview":"max-image-preview:large","max-video-preview":"max-video-preview:-1"},"canonical":"https:\/\/www.participacionciudadana.org\/web\/equipo-pc\/pablo-villacis-coordinador-del-proyecto-amazonia-transparente\/","og_locale":"es_ES","og_type":"article","og_title":"Pablo Villac\u00eds - Coordinador del Proyecto Amazon\u00eda Transparente - Participaci\u00f3n Ciudadana","og_description":"Es Licenciado en Comunicador Social de la Flacso-Quito, de la Universidad Central y especializado en Estudios Latinoamericanos por la Universidad Andina. Con 24 a\u00f1os de experiencia profesional en distintas \u00e1reas como la Comunicaci\u00f3n para el Desarrollo en Organizaciones de la Sociedad Civil, comunicaci\u00f3n institucional, asesor\u00eda pol\u00edtica, periodismo de investigaci\u00f3n y digital. Trabaj\u00f3 en el centro [&hellip;]","og_url":"https:\/\/www.participacionciudadana.org\/web\/equipo-pc\/pablo-villacis-coordinador-del-proyecto-amazonia-transparente\/","og_site_name":"Participaci\u00f3n Ciudadana","article_publisher":"https:\/\/www.facebook.com\/ParticipacionPC\/","article_modified_time":"2022-01-06T04:42:58+00:00","og_image":[{"width":172,"height":203,"url":"https:\/\/www.participacionciudadana.org\/web\/wp-content\/uploads\/2022\/01\/PabloVillacis.jpeg","type":"image\/jpeg"}],"twitter_card":"summary_large_image","twitter_site":"@ParticipacionPC","twitter_misc":{"Tiempo de lectura":"1 minuto"},"schema":{"@context":"https:\/\/schema.org","@graph":[{"@type":"WebPage","@id":"https:\/\/www.participacionciudadana.org\/web\/equipo-pc\/pablo-villacis-coordinador-del-proyecto-amazonia-transparente\/","url":"https:\/\/www.participacionciudadana.org\/web\/equipo-pc\/pablo-villacis-coordinador-del-proyecto-amazonia-transparente\/","name":"Pablo Villac\u00eds - Coordinador del Proyecto Amazon\u00eda Transparente - Participaci\u00f3n Ciudadana","isPartOf":{"@id":"https:\/\/www.participacionciudadana.org\/web\/#website"},"primaryImageOfPage":{"@id":"https:\/\/www.participacionciudadana.org\/web\/equipo-pc\/pablo-villacis-coordinador-del-proyecto-amazonia-transparente\/#primaryimage"},"image":{"@id":"https:\/\/www.participacionciudadana.org\/web\/equipo-pc\/pablo-villacis-coordinador-del-proyecto-amazonia-transparente\/#primaryimage"},"thumbnailUrl":"https:\/\/www.participacionciudadana.org\/web\/wp-content\/uploads\/2022\/01\/PabloVillacis.jpeg","datePublished":"2022-01-06T04:11:32+00:00","dateModified":"2022-01-06T04:42:58+00:00","breadcrumb":{"@id":"https:\/\/www.participacionciudadana.org\/web\/equipo-pc\/pablo-villacis-coordinador-del-proyecto-amazonia-transparente\/#breadcrumb"},"inLanguage":"es","potentialAction":[{"@type":"ReadAction","target":["https:\/\/www.participacionciudadana.org\/web\/equipo-pc\/pablo-villacis-coordinador-del-proyecto-amazonia-transparente\/"]}]},{"@type":"ImageObject","inLanguage":"es","@id":"https:\/\/www.participacionciudadana.org\/web\/equipo-pc\/pablo-villacis-coordinador-del-proyecto-amazonia-transparente\/#primaryimage","url":"https:\/\/www.participacionciudadana.org\/web\/wp-content\/uploads\/2022\/01\/PabloVillacis.jpeg","contentUrl":"https:\/\/www.participacionciudadana.org\/web\/wp-content\/uploads\/2022\/01\/PabloVillacis.jpeg","width":172,"height":203},{"@type":"BreadcrumbList","@id":"https:\/\/www.participacionciudadana.org\/web\/equipo-pc\/pablo-villacis-coordinador-del-proyecto-amazonia-transparente\/#breadcrumb","itemListElement":[{"@type":"ListItem","position":1,"name":"Portada","item":"https:\/\/www.participacionciudadana.org\/web\/"},{"@type":"ListItem","position":2,"name":"Equipo PC","item":"https:\/\/www.participacionciudadana.org\/web\/equipo-pc\/"},{"@type":"ListItem","position":3,"name":"Pablo Villac\u00eds &#8211; Coordinador del Proyecto Amazon\u00eda Transparente"}]},{"@type":"WebSite","@id":"https:\/\/www.participacionciudadana.org\/web\/#website","url":"https:\/\/www.participacionciudadana.org\/web\/","name":"Participaci\u00f3n Ciudadana","description":"Comprometidos con la democracia","publisher":{"@id":"https:\/\/www.participacionciudadana.org\/web\/#organization"},"potentialAction":[{"@type":"SearchAction","target":{"@type":"EntryPoint","urlTemplate":"https:\/\/www.participacionciudadana.org\/web\/?s={search_term_string}"},"query-input":{"@type":"PropertyValueSpecification","valueRequired":true,"valueName":"search_term_string"}}],"inLanguage":"es"},{"@type":"Organization","@id":"https:\/\/www.participacionciudadana.org\/web\/#organization","name":"Participaci\u00f3n Ciudadana","url":"https:\/\/www.participacionciudadana.org\/web\/","logo":{"@type":"ImageObject","inLanguage":"es","@id":"https:\/\/www.participacionciudadana.org\/web\/#\/schema\/logo\/image\/","url":"https:\/\/www.participacionciudadana.org\/web\/wp-content\/uploads\/2021\/11\/cropped-logo_pc-1.png","contentUrl":"https:\/\/www.participacionciudadana.org\/web\/wp-content\/uploads\/2021\/11\/cropped-logo_pc-1.png","width":340,"height":114,"caption":"Participaci\u00f3n Ciudadana"},"image":{"@id":"https:\/\/www.participacionciudadana.org\/web\/#\/schema\/logo\/image\/"},"sameAs":["https:\/\/www.facebook.com\/ParticipacionPC\/","https:\/\/x.com\/ParticipacionPC"]}]}},"_links":{"self":[{"href":"https:\/\/www.participacionciudadana.org\/web\/wp-json\/wp\/v2\/pages\/1488","targetHints":{"allow":["GET"]}}],"collection":[{"href":"https:\/\/www.participacionciudadana.org\/web\/wp-json\/wp\/v2\/pages"}],"about":[{"href":"https:\/\/www.participacionciudadana.org\/web\/wp-json\/wp\/v2\/types\/page"}],"author":[{"embeddable":true,"href":"https:\/\/www.participacionciudadana.org\/web\/wp-json\/wp\/v2\/users\/1"}],"replies":[{"embeddable":true,"href":"https:\/\/www.participacionciudadana.org\/web\/wp-json\/wp\/v2\/comments?post=1488"}],"version-history":[{"count":0,"href":"https:\/\/www.participacionciudadana.org\/web\/wp-json\/wp\/v2\/pages\/1488\/revisions"}],"up":[{"embeddable":true,"href":"https:\/\/www.participacionciudadana.org\/web\/wp-json\/wp\/v2\/pages\/1463"}],"wp:featuredmedia":[{"embeddable":true,"href":"https:\/\/www.participacionciudadana.org\/web\/wp-json\/wp\/v2\/media\/1489"}],"wp:attachment":[{"href":"https:\/\/www.participacionciudadana.org\/web\/wp-json\/wp\/v2\/media?parent=1488"}],"curies":[{"name":"wp","href":"https:\/\/api.w.org\/{rel}","templated":true}]}}