{"id":2694,"date":"2022-01-10T11:10:12","date_gmt":"2022-01-10T16:10:12","guid":{"rendered":"https:\/\/www.participacionciudadana.org\/web\/?page_id=2694"},"modified":"2026-02-24T15:12:17","modified_gmt":"2026-02-24T20:12:17","slug":"publicaciones","status":"publish","type":"page","link":"https:\/\/www.participacionciudadana.org\/web\/publicaciones\/","title":{"rendered":"Publicaciones"},"content":{"rendered":"\t\t<div data-elementor-type=\"wp-page\" data-elementor-id=\"2694\" class=\"elementor elementor-2694\">\n\t\t\t\t\t\t<section class=\"elementor-section elementor-top-section elementor-element elementor-element-b563e45 elementor-section-boxed elementor-section-height-default elementor-section-height-default\" data-id=\"b563e45\" data-element_type=\"section\">\n\t\t\t\t\t\t<div class=\"elementor-container elementor-column-gap-default\">\n\t\t\t\t\t<div class=\"elementor-column elementor-col-100 elementor-top-column elementor-element elementor-element-b30bce3\" data-id=\"b30bce3\" data-element_type=\"column\">\n\t\t\t<div class=\"elementor-widget-wrap elementor-element-populated\">\n\t\t\t\t\t\t<div class=\"elementor-element elementor-element-2d67e54 elementor-widget elementor-widget-heading\" data-id=\"2d67e54\" data-element_type=\"widget\" data-widget_type=\"heading.default\">\n\t\t\t\t<div class=\"elementor-widget-container\">\n\t\t\t\t\t<h2 class=\"elementor-heading-title elementor-size-default\">Publicaciones de Participaci\u00f3n Ciudadana<\/h2>\t\t\t\t<\/div>\n\t\t\t\t<\/div>\n\t\t\t\t\t<\/div>\n\t\t<\/div>\n\t\t\t\t\t<\/div>\n\t\t<\/section>\n\t\t\t\t<section class=\"elementor-section elementor-top-section elementor-element elementor-element-8bc28c6 elementor-section-boxed elementor-section-height-default elementor-section-height-default\" data-id=\"8bc28c6\" data-element_type=\"section\">\n\t\t\t\t\t\t<div class=\"elementor-container elementor-column-gap-default\">\n\t\t\t\t\t<div class=\"elementor-column elementor-col-100 elementor-top-column elementor-element elementor-element-e54a137\" data-id=\"e54a137\" data-element_type=\"column\">\n\t\t\t<div class=\"elementor-widget-wrap elementor-element-populated\">\n\t\t\t\t\t\t<div class=\"elementor-element elementor-element-241b3f4 elementor-widget elementor-widget-image\" data-id=\"241b3f4\" data-element_type=\"widget\" data-widget_type=\"image.default\">\n\t\t\t\t<div class=\"elementor-widget-container\">\n\t\t\t\t\t\t\t\t\t\t\t\t\t\t\t\t<a href=\"https:\/\/www.participacionciudadana.org\/web\/wp-content\/uploads\/2023\/02\/Revista-PC-20-anos-ok-1.pdf\" target=\"_blank\">\n\t\t\t\t\t\t\t<img fetchpriority=\"high\" decoding=\"async\" width=\"1024\" height=\"576\" src=\"https:\/\/www.participacionciudadana.org\/web\/wp-content\/uploads\/2023\/02\/Cover-revista20anos-pc-1024x576.png\" class=\"attachment-large size-large wp-image-4766\" alt=\"\" srcset=\"https:\/\/www.participacionciudadana.org\/web\/wp-content\/uploads\/2023\/02\/Cover-revista20anos-pc-1024x576.png 1024w, https:\/\/www.participacionciudadana.org\/web\/wp-content\/uploads\/2023\/02\/Cover-revista20anos-pc-300x169.png 300w, https:\/\/www.participacionciudadana.org\/web\/wp-content\/uploads\/2023\/02\/Cover-revista20anos-pc-768x432.png 768w, https:\/\/www.participacionciudadana.org\/web\/wp-content\/uploads\/2023\/02\/Cover-revista20anos-pc-1536x864.png 1536w, https:\/\/www.participacionciudadana.org\/web\/wp-content\/uploads\/2023\/02\/Cover-revista20anos-pc.png 1920w\" sizes=\"(max-width: 1024px) 100vw, 1024px\" \/>\t\t\t\t\t\t\t\t<\/a>\n\t\t\t\t\t\t\t\t\t\t\t\t\t\t\t<\/div>\n\t\t\t\t<\/div>\n\t\t\t\t\t<\/div>\n\t\t<\/div>\n\t\t\t\t\t<\/div>\n\t\t<\/section>\n\t\t\t\t<section class=\"elementor-section elementor-top-section elementor-element elementor-element-1b4467c elementor-section-boxed elementor-section-height-default elementor-section-height-default\" data-id=\"1b4467c\" data-element_type=\"section\">\n\t\t\t\t\t\t<div class=\"elementor-container elementor-column-gap-default\">\n\t\t\t\t\t<div class=\"elementor-column elementor-col-33 elementor-top-column elementor-element elementor-element-1422155\" data-id=\"1422155\" data-element_type=\"column\">\n\t\t\t<div class=\"elementor-widget-wrap\">\n\t\t\t\t\t\t\t<\/div>\n\t\t<\/div>\n\t\t\t\t<div class=\"elementor-column elementor-col-33 elementor-top-column elementor-element elementor-element-81ae384\" data-id=\"81ae384\" data-element_type=\"column\">\n\t\t\t<div class=\"elementor-widget-wrap elementor-element-populated\">\n\t\t\t\t\t\t<div class=\"elementor-element elementor-element-c8dccc7 elementor-widget__width-initial elementor-widget elementor-widget-image\" data-id=\"c8dccc7\" data-element_type=\"widget\" data-widget_type=\"image.default\">\n\t\t\t\t<div class=\"elementor-widget-container\">\n\t\t\t\t\t\t\t\t\t\t\t\t<figure class=\"wp-caption\">\n\t\t\t\t\t\t\t\t\t\t\t<a href=\"https:\/\/www.participacionciudadana.org\/web\/wp-content\/uploads\/2026\/02\/Presentacion-situacion-fiscal-2025-y-PGE-2026.pdf\">\n\t\t\t\t\t\t\t<img decoding=\"async\" width=\"1024\" height=\"944\" src=\"https:\/\/www.participacionciudadana.org\/web\/wp-content\/uploads\/2026\/02\/pge-2026-1024x944.png\" class=\"attachment-large size-large wp-image-7884\" alt=\"\" srcset=\"https:\/\/www.participacionciudadana.org\/web\/wp-content\/uploads\/2026\/02\/pge-2026-1024x944.png 1024w, https:\/\/www.participacionciudadana.org\/web\/wp-content\/uploads\/2026\/02\/pge-2026-300x277.png 300w, https:\/\/www.participacionciudadana.org\/web\/wp-content\/uploads\/2026\/02\/pge-2026-768x708.png 768w, https:\/\/www.participacionciudadana.org\/web\/wp-content\/uploads\/2026\/02\/pge-2026.png 1500w\" sizes=\"(max-width: 1024px) 100vw, 1024px\" \/>\t\t\t\t\t\t\t\t<\/a>\n\t\t\t\t\t\t\t\t\t\t\t<figcaption class=\"widget-image-caption wp-caption-text\">An\u00e1lisis de la situaci\u00f3n fiscal de Ecuador 2025 - 2026<\/figcaption>\n\t\t\t\t\t\t\t\t\t\t<\/figure>\n\t\t\t\t\t\t\t\t\t<\/div>\n\t\t\t\t<\/div>\n\t\t\t\t\t<\/div>\n\t\t<\/div>\n\t\t\t\t<div class=\"elementor-column elementor-col-33 elementor-top-column elementor-element elementor-element-9a5d0ab\" data-id=\"9a5d0ab\" data-element_type=\"column\">\n\t\t\t<div class=\"elementor-widget-wrap\">\n\t\t\t\t\t\t\t<\/div>\n\t\t<\/div>\n\t\t\t\t\t<\/div>\n\t\t<\/section>\n\t\t\t\t<section class=\"elementor-section elementor-top-section elementor-element elementor-element-2e1801a elementor-section-boxed elementor-section-height-default elementor-section-height-default\" data-id=\"2e1801a\" data-element_type=\"section\">\n\t\t\t\t\t\t<div class=\"elementor-container elementor-column-gap-default\">\n\t\t\t\t\t<div class=\"elementor-column elementor-col-50 elementor-top-column elementor-element elementor-element-2de9751\" data-id=\"2de9751\" data-element_type=\"column\">\n\t\t\t<div class=\"elementor-widget-wrap elementor-element-populated\">\n\t\t\t\t\t\t<div class=\"elementor-element elementor-element-84f6b0e elementor-widget elementor-widget-image\" data-id=\"84f6b0e\" data-element_type=\"widget\" data-widget_type=\"image.default\">\n\t\t\t\t<div class=\"elementor-widget-container\">\n\t\t\t\t\t\t\t\t\t\t\t\t<figure class=\"wp-caption\">\n\t\t\t\t\t\t\t\t\t\t\t<a href=\"https:\/\/www.participacionciudadana.org\/web\/wp-content\/uploads\/2025\/06\/Situacion-fiscal-2024-y-perspectivas-2025.pdf\">\n\t\t\t\t\t\t\t<img decoding=\"async\" width=\"1024\" height=\"785\" src=\"https:\/\/www.participacionciudadana.org\/web\/wp-content\/uploads\/2025\/06\/resultado-fiscal-20254-1-1024x785.png\" class=\"attachment-large size-large wp-image-7668\" alt=\"\" srcset=\"https:\/\/www.participacionciudadana.org\/web\/wp-content\/uploads\/2025\/06\/resultado-fiscal-20254-1-1024x785.png 1024w, https:\/\/www.participacionciudadana.org\/web\/wp-content\/uploads\/2025\/06\/resultado-fiscal-20254-1-300x230.png 300w, https:\/\/www.participacionciudadana.org\/web\/wp-content\/uploads\/2025\/06\/resultado-fiscal-20254-1-768x589.png 768w, https:\/\/www.participacionciudadana.org\/web\/wp-content\/uploads\/2025\/06\/resultado-fiscal-20254-1.png 1500w\" sizes=\"(max-width: 1024px) 100vw, 1024px\" \/>\t\t\t\t\t\t\t\t<\/a>\n\t\t\t\t\t\t\t\t\t\t\t<figcaption class=\"widget-image-caption wp-caption-text\">Ecuador: Situaci\u00f3n Fiscal 2024 y las perspectivas para 2025<\/figcaption>\n\t\t\t\t\t\t\t\t\t\t<\/figure>\n\t\t\t\t\t\t\t\t\t<\/div>\n\t\t\t\t<\/div>\n\t\t\t\t\t<\/div>\n\t\t<\/div>\n\t\t\t\t<div class=\"elementor-column elementor-col-50 elementor-top-column elementor-element elementor-element-b072bd3\" data-id=\"b072bd3\" data-element_type=\"column\">\n\t\t\t<div class=\"elementor-widget-wrap elementor-element-populated\">\n\t\t\t\t\t\t<div class=\"elementor-element elementor-element-7ee7069 elementor-widget__width-initial elementor-widget elementor-widget-image\" data-id=\"7ee7069\" data-element_type=\"widget\" data-widget_type=\"image.default\">\n\t\t\t\t<div class=\"elementor-widget-container\">\n\t\t\t\t\t\t\t\t\t\t\t\t<figure class=\"wp-caption\">\n\t\t\t\t\t\t\t\t\t\t\t<a href=\"https:\/\/www.participacionciudadana.org\/web\/wp-content\/uploads\/2025\/03\/Analisis-de-la-situacion-fiscal-en-2024-y-perspectivas-para-2025.pdf\">\n\t\t\t\t\t\t\t<img loading=\"lazy\" decoding=\"async\" width=\"1024\" height=\"785\" src=\"https:\/\/www.participacionciudadana.org\/web\/wp-content\/uploads\/2025\/03\/analisis-2024-1-1024x785.png\" class=\"attachment-large size-large wp-image-7524\" alt=\"\" srcset=\"https:\/\/www.participacionciudadana.org\/web\/wp-content\/uploads\/2025\/03\/analisis-2024-1-1024x785.png 1024w, https:\/\/www.participacionciudadana.org\/web\/wp-content\/uploads\/2025\/03\/analisis-2024-1-300x230.png 300w, https:\/\/www.participacionciudadana.org\/web\/wp-content\/uploads\/2025\/03\/analisis-2024-1-768x589.png 768w, https:\/\/www.participacionciudadana.org\/web\/wp-content\/uploads\/2025\/03\/analisis-2024-1.png 1500w\" sizes=\"(max-width: 1024px) 100vw, 1024px\" \/>\t\t\t\t\t\t\t\t<\/a>\n\t\t\t\t\t\t\t\t\t\t\t<figcaption class=\"widget-image-caption wp-caption-text\">An\u00e1lisis de la situaci\u00f3n fiscal 2024 y perspectivas para el 2025<\/figcaption>\n\t\t\t\t\t\t\t\t\t\t<\/figure>\n\t\t\t\t\t\t\t\t\t<\/div>\n\t\t\t\t<\/div>\n\t\t\t\t\t<\/div>\n\t\t<\/div>\n\t\t\t\t\t<\/div>\n\t\t<\/section>\n\t\t\t\t<section class=\"elementor-section elementor-top-section elementor-element elementor-element-0817d55 elementor-section-boxed elementor-section-height-default elementor-section-height-default\" data-id=\"0817d55\" data-element_type=\"section\">\n\t\t\t\t\t\t<div class=\"elementor-container elementor-column-gap-default\">\n\t\t\t\t\t<div class=\"elementor-column elementor-col-50 elementor-top-column elementor-element elementor-element-9d49619\" data-id=\"9d49619\" data-element_type=\"column\">\n\t\t\t<div class=\"elementor-widget-wrap elementor-element-populated\">\n\t\t\t\t\t\t<div class=\"elementor-element elementor-element-9674700 elementor-widget elementor-widget-image\" data-id=\"9674700\" data-element_type=\"widget\" data-widget_type=\"image.default\">\n\t\t\t\t<div class=\"elementor-widget-container\">\n\t\t\t\t\t\t\t\t\t\t\t\t<figure class=\"wp-caption\">\n\t\t\t\t\t\t\t\t\t\t\t<a href=\"https:\/\/www.participacionciudadana.org\/web\/wp-content\/uploads\/2022\/01\/Analisis_Relacionamiento_del_Presidente_con_la_Asamblea_Nacional.pdf\">\n\t\t\t\t\t\t\t<img loading=\"lazy\" decoding=\"async\" width=\"1024\" height=\"785\" src=\"https:\/\/www.participacionciudadana.org\/web\/wp-content\/uploads\/2022\/01\/PortadaAnalisis_Relacionamiento_del_Presidente_con_la_Asamblea_Nacional-1024x785.png\" class=\"attachment-large size-large wp-image-2696\" alt=\"\" srcset=\"https:\/\/www.participacionciudadana.org\/web\/wp-content\/uploads\/2022\/01\/PortadaAnalisis_Relacionamiento_del_Presidente_con_la_Asamblea_Nacional-1024x785.png 1024w, https:\/\/www.participacionciudadana.org\/web\/wp-content\/uploads\/2022\/01\/PortadaAnalisis_Relacionamiento_del_Presidente_con_la_Asamblea_Nacional-300x230.png 300w, https:\/\/www.participacionciudadana.org\/web\/wp-content\/uploads\/2022\/01\/PortadaAnalisis_Relacionamiento_del_Presidente_con_la_Asamblea_Nacional-768x589.png 768w, https:\/\/www.participacionciudadana.org\/web\/wp-content\/uploads\/2022\/01\/PortadaAnalisis_Relacionamiento_del_Presidente_con_la_Asamblea_Nacional.png 1500w\" sizes=\"(max-width: 1024px) 100vw, 1024px\" \/>\t\t\t\t\t\t\t\t<\/a>\n\t\t\t\t\t\t\t\t\t\t\t<figcaption class=\"widget-image-caption wp-caption-text\">Analisis del relacionamiento del Presidente con la Asamblea Nacional<\/figcaption>\n\t\t\t\t\t\t\t\t\t\t<\/figure>\n\t\t\t\t\t\t\t\t\t<\/div>\n\t\t\t\t<\/div>\n\t\t\t\t\t<\/div>\n\t\t<\/div>\n\t\t\t\t<div class=\"elementor-column elementor-col-50 elementor-top-column elementor-element elementor-element-d658d5b\" data-id=\"d658d5b\" data-element_type=\"column\">\n\t\t\t<div class=\"elementor-widget-wrap elementor-element-populated\">\n\t\t\t\t\t\t<div class=\"elementor-element elementor-element-d4c2b72 elementor-widget elementor-widget-image\" data-id=\"d4c2b72\" data-element_type=\"widget\" data-widget_type=\"image.default\">\n\t\t\t\t<div class=\"elementor-widget-container\">\n\t\t\t\t\t\t\t\t\t\t\t\t<figure class=\"wp-caption\">\n\t\t\t\t\t\t\t\t\t\t\t<a href=\"https:\/\/www.participacionciudadana.org\/web\/publicaciones\/publicaciones-jovenes-liderando\/\">\n\t\t\t\t\t\t\t<img loading=\"lazy\" decoding=\"async\" width=\"1024\" height=\"785\" src=\"https:\/\/www.participacionciudadana.org\/web\/wp-content\/uploads\/2022\/05\/JovenesLiderando3.png\" class=\"attachment-large size-large wp-image-3493\" alt=\"\" srcset=\"https:\/\/www.participacionciudadana.org\/web\/wp-content\/uploads\/2022\/05\/JovenesLiderando3.png 1024w, https:\/\/www.participacionciudadana.org\/web\/wp-content\/uploads\/2022\/05\/JovenesLiderando3-300x230.png 300w, https:\/\/www.participacionciudadana.org\/web\/wp-content\/uploads\/2022\/05\/JovenesLiderando3-768x589.png 768w\" sizes=\"(max-width: 1024px) 100vw, 1024px\" \/>\t\t\t\t\t\t\t\t<\/a>\n\t\t\t\t\t\t\t\t\t\t\t<figcaption class=\"widget-image-caption wp-caption-text\">Revista J\u00f3venes Liderando<\/figcaption>\n\t\t\t\t\t\t\t\t\t\t<\/figure>\n\t\t\t\t\t\t\t\t\t<\/div>\n\t\t\t\t<\/div>\n\t\t\t\t\t<\/div>\n\t\t<\/div>\n\t\t\t\t\t<\/div>\n\t\t<\/section>\n\t\t\t\t<section class=\"elementor-section elementor-top-section elementor-element elementor-element-ca05884 elementor-section-boxed elementor-section-height-default elementor-section-height-default\" data-id=\"ca05884\" data-element_type=\"section\">\n\t\t\t\t\t\t<div class=\"elementor-container elementor-column-gap-default\">\n\t\t\t\t\t<div class=\"elementor-column elementor-col-50 elementor-top-column elementor-element elementor-element-3248503\" data-id=\"3248503\" data-element_type=\"column\">\n\t\t\t<div class=\"elementor-widget-wrap elementor-element-populated\">\n\t\t\t\t\t\t<div class=\"elementor-element elementor-element-16c0d1d elementor-widget elementor-widget-image\" data-id=\"16c0d1d\" data-element_type=\"widget\" data-widget_type=\"image.default\">\n\t\t\t\t<div class=\"elementor-widget-container\">\n\t\t\t\t\t\t\t\t\t\t\t\t<figure class=\"wp-caption\">\n\t\t\t\t\t\t\t\t\t\t\t<a href=\"https:\/\/www.participacionciudadana.org\/web\/publicaciones\/publicaciones-pensando-en-democracia\/\">\n\t\t\t\t\t\t\t<img loading=\"lazy\" decoding=\"async\" width=\"1024\" height=\"785\" src=\"https:\/\/www.participacionciudadana.org\/web\/wp-content\/uploads\/2023\/02\/pensando-en-democracia-9.png\" class=\"attachment-large size-large wp-image-4854\" alt=\"\" srcset=\"https:\/\/www.participacionciudadana.org\/web\/wp-content\/uploads\/2023\/02\/pensando-en-democracia-9.png 1024w, https:\/\/www.participacionciudadana.org\/web\/wp-content\/uploads\/2023\/02\/pensando-en-democracia-9-300x230.png 300w, https:\/\/www.participacionciudadana.org\/web\/wp-content\/uploads\/2023\/02\/pensando-en-democracia-9-768x589.png 768w\" sizes=\"(max-width: 1024px) 100vw, 1024px\" \/>\t\t\t\t\t\t\t\t<\/a>\n\t\t\t\t\t\t\t\t\t\t\t<figcaption class=\"widget-image-caption wp-caption-text\">Pensando en Democracia<\/figcaption>\n\t\t\t\t\t\t\t\t\t\t<\/figure>\n\t\t\t\t\t\t\t\t\t<\/div>\n\t\t\t\t<\/div>\n\t\t\t\t\t<\/div>\n\t\t<\/div>\n\t\t\t\t<div class=\"elementor-column elementor-col-50 elementor-top-column elementor-element elementor-element-169cc46\" data-id=\"169cc46\" data-element_type=\"column\">\n\t\t\t<div class=\"elementor-widget-wrap elementor-element-populated\">\n\t\t\t\t\t\t<div class=\"elementor-element elementor-element-bc71157 elementor-widget elementor-widget-image\" data-id=\"bc71157\" data-element_type=\"widget\" data-widget_type=\"image.default\">\n\t\t\t\t<div class=\"elementor-widget-container\">\n\t\t\t\t\t\t\t\t\t\t\t\t<figure class=\"wp-caption\">\n\t\t\t\t\t\t\t\t\t\t\t<a href=\"https:\/\/www.participacionciudadana.org\/web\/wp-content\/uploads\/2022\/01\/C\u00a2mo-se-ve-la-participaci\u00a2n-pol\u00b0tica-de-la-mujer-en-Ecuador.pdf\">\n\t\t\t\t\t\t\t<img loading=\"lazy\" decoding=\"async\" width=\"1024\" height=\"785\" src=\"https:\/\/www.participacionciudadana.org\/web\/wp-content\/uploads\/2022\/01\/PortadaComoSeVeLaParticipacionPoliticaDeLaMujere-1024x785.png\" class=\"attachment-large size-large wp-image-2761\" alt=\"\" srcset=\"https:\/\/www.participacionciudadana.org\/web\/wp-content\/uploads\/2022\/01\/PortadaComoSeVeLaParticipacionPoliticaDeLaMujere-1024x785.png 1024w, https:\/\/www.participacionciudadana.org\/web\/wp-content\/uploads\/2022\/01\/PortadaComoSeVeLaParticipacionPoliticaDeLaMujere-300x230.png 300w, https:\/\/www.participacionciudadana.org\/web\/wp-content\/uploads\/2022\/01\/PortadaComoSeVeLaParticipacionPoliticaDeLaMujere-768x589.png 768w, https:\/\/www.participacionciudadana.org\/web\/wp-content\/uploads\/2022\/01\/PortadaComoSeVeLaParticipacionPoliticaDeLaMujere.png 1500w\" sizes=\"(max-width: 1024px) 100vw, 1024px\" \/>\t\t\t\t\t\t\t\t<\/a>\n\t\t\t\t\t\t\t\t\t\t\t<figcaption class=\"widget-image-caption wp-caption-text\">\u00bfC\u00f3mo se ve la participaci\u00f3n pol\u00edtica de la mujer en Ecuador?<\/figcaption>\n\t\t\t\t\t\t\t\t\t\t<\/figure>\n\t\t\t\t\t\t\t\t\t<\/div>\n\t\t\t\t<\/div>\n\t\t\t\t\t<\/div>\n\t\t<\/div>\n\t\t\t\t\t<\/div>\n\t\t<\/section>\n\t\t\t\t<section class=\"elementor-section elementor-top-section elementor-element elementor-element-cc9c51f elementor-section-boxed elementor-section-height-default elementor-section-height-default\" data-id=\"cc9c51f\" data-element_type=\"section\">\n\t\t\t\t\t\t<div class=\"elementor-container elementor-column-gap-default\">\n\t\t\t\t\t<div class=\"elementor-column elementor-col-50 elementor-top-column elementor-element elementor-element-64350b2\" data-id=\"64350b2\" data-element_type=\"column\">\n\t\t\t<div class=\"elementor-widget-wrap elementor-element-populated\">\n\t\t\t\t\t\t<div class=\"elementor-element elementor-element-aa7dfc0 elementor-widget elementor-widget-image\" data-id=\"aa7dfc0\" data-element_type=\"widget\" data-widget_type=\"image.default\">\n\t\t\t\t<div class=\"elementor-widget-container\">\n\t\t\t\t\t\t\t\t\t\t\t\t<figure class=\"wp-caption\">\n\t\t\t\t\t\t\t\t\t\t\t<a href=\"https:\/\/www.participacionciudadana.org\/web\/wp-content\/uploads\/2022\/01\/Mujeres-ind\u00b0genas-equidad-y-lucha-contra-la-violencia-de-gC\u0327nero-Shugul\u00b0-K.-2021.pdf\">\n\t\t\t\t\t\t\t<img loading=\"lazy\" decoding=\"async\" width=\"1024\" height=\"785\" src=\"https:\/\/www.participacionciudadana.org\/web\/wp-content\/uploads\/2022\/01\/PortadaMujeresIndigenasIgualdad-1024x785.png\" class=\"attachment-large size-large wp-image-2762\" alt=\"\" srcset=\"https:\/\/www.participacionciudadana.org\/web\/wp-content\/uploads\/2022\/01\/PortadaMujeresIndigenasIgualdad-1024x785.png 1024w, https:\/\/www.participacionciudadana.org\/web\/wp-content\/uploads\/2022\/01\/PortadaMujeresIndigenasIgualdad-300x230.png 300w, https:\/\/www.participacionciudadana.org\/web\/wp-content\/uploads\/2022\/01\/PortadaMujeresIndigenasIgualdad-768x589.png 768w, https:\/\/www.participacionciudadana.org\/web\/wp-content\/uploads\/2022\/01\/PortadaMujeresIndigenasIgualdad.png 1500w\" sizes=\"(max-width: 1024px) 100vw, 1024px\" \/>\t\t\t\t\t\t\t\t<\/a>\n\t\t\t\t\t\t\t\t\t\t\t<figcaption class=\"widget-image-caption wp-caption-text\">Mujeres ind\u00edgenas, equidad y lucha contra la violencia de g\u00e9nero<\/figcaption>\n\t\t\t\t\t\t\t\t\t\t<\/figure>\n\t\t\t\t\t\t\t\t\t<\/div>\n\t\t\t\t<\/div>\n\t\t\t\t\t<\/div>\n\t\t<\/div>\n\t\t\t\t<div class=\"elementor-column elementor-col-50 elementor-top-column elementor-element elementor-element-fa8a8c6\" data-id=\"fa8a8c6\" data-element_type=\"column\">\n\t\t\t<div class=\"elementor-widget-wrap elementor-element-populated\">\n\t\t\t\t\t\t<div class=\"elementor-element elementor-element-c9b0ed3 elementor-widget elementor-widget-image\" data-id=\"c9b0ed3\" data-element_type=\"widget\" data-widget_type=\"image.default\">\n\t\t\t\t<div class=\"elementor-widget-container\">\n\t\t\t\t\t\t\t\t\t\t\t\t<figure class=\"wp-caption\">\n\t\t\t\t\t\t\t\t\t\t\t<a href=\"https:\/\/www.participacionciudadana.org\/web\/wp-content\/uploads\/2022\/01\/MUJERES-POL\u00f7TICA-E-IGUALDAD-corregido.pdf\">\n\t\t\t\t\t\t\t<img loading=\"lazy\" decoding=\"async\" width=\"1024\" height=\"785\" src=\"https:\/\/www.participacionciudadana.org\/web\/wp-content\/uploads\/2022\/01\/PortadaMujeresPoliticaEIgualdad-1024x785.png\" class=\"attachment-large size-large wp-image-2763\" alt=\"\" srcset=\"https:\/\/www.participacionciudadana.org\/web\/wp-content\/uploads\/2022\/01\/PortadaMujeresPoliticaEIgualdad-1024x785.png 1024w, https:\/\/www.participacionciudadana.org\/web\/wp-content\/uploads\/2022\/01\/PortadaMujeresPoliticaEIgualdad-300x230.png 300w, https:\/\/www.participacionciudadana.org\/web\/wp-content\/uploads\/2022\/01\/PortadaMujeresPoliticaEIgualdad-768x589.png 768w, https:\/\/www.participacionciudadana.org\/web\/wp-content\/uploads\/2022\/01\/PortadaMujeresPoliticaEIgualdad.png 1500w\" sizes=\"(max-width: 1024px) 100vw, 1024px\" \/>\t\t\t\t\t\t\t\t<\/a>\n\t\t\t\t\t\t\t\t\t\t\t<figcaption class=\"widget-image-caption wp-caption-text\">Mujeres, pol\u00edtica e igualdad<\/figcaption>\n\t\t\t\t\t\t\t\t\t\t<\/figure>\n\t\t\t\t\t\t\t\t\t<\/div>\n\t\t\t\t<\/div>\n\t\t\t\t\t<\/div>\n\t\t<\/div>\n\t\t\t\t\t<\/div>\n\t\t<\/section>\n\t\t\t\t<section class=\"elementor-section elementor-top-section elementor-element elementor-element-0f0e6c8 elementor-section-boxed elementor-section-height-default elementor-section-height-default\" data-id=\"0f0e6c8\" data-element_type=\"section\">\n\t\t\t\t\t\t<div class=\"elementor-container elementor-column-gap-default\">\n\t\t\t\t\t<div class=\"elementor-column elementor-col-50 elementor-top-column elementor-element elementor-element-61056bc\" data-id=\"61056bc\" data-element_type=\"column\">\n\t\t\t<div class=\"elementor-widget-wrap elementor-element-populated\">\n\t\t\t\t\t\t<div class=\"elementor-element elementor-element-3a386aa elementor-widget elementor-widget-image\" data-id=\"3a386aa\" data-element_type=\"widget\" data-widget_type=\"image.default\">\n\t\t\t\t<div class=\"elementor-widget-container\">\n\t\t\t\t\t\t\t\t\t\t\t\t<figure class=\"wp-caption\">\n\t\t\t\t\t\t\t\t\t\t\t<a href=\"https:\/\/www.participacionciudadana.org\/web\/wp-content\/uploads\/2022\/01\/NELSON-NOGALES-ULTIMA-CORRECCIn.pdf\">\n\t\t\t\t\t\t\t<img loading=\"lazy\" decoding=\"async\" width=\"1024\" height=\"785\" src=\"https:\/\/www.participacionciudadana.org\/web\/wp-content\/uploads\/2022\/01\/PortadaLaTransparenciaYAccesoALaInformacionElectoral-1024x785.png\" class=\"attachment-large size-large wp-image-2764\" alt=\"\" srcset=\"https:\/\/www.participacionciudadana.org\/web\/wp-content\/uploads\/2022\/01\/PortadaLaTransparenciaYAccesoALaInformacionElectoral-1024x785.png 1024w, https:\/\/www.participacionciudadana.org\/web\/wp-content\/uploads\/2022\/01\/PortadaLaTransparenciaYAccesoALaInformacionElectoral-300x230.png 300w, https:\/\/www.participacionciudadana.org\/web\/wp-content\/uploads\/2022\/01\/PortadaLaTransparenciaYAccesoALaInformacionElectoral-768x589.png 768w, https:\/\/www.participacionciudadana.org\/web\/wp-content\/uploads\/2022\/01\/PortadaLaTransparenciaYAccesoALaInformacionElectoral.png 1500w\" sizes=\"(max-width: 1024px) 100vw, 1024px\" \/>\t\t\t\t\t\t\t\t<\/a>\n\t\t\t\t\t\t\t\t\t\t\t<figcaption class=\"widget-image-caption wp-caption-text\">La transparencia y acceso a la informaci\u00f3n en la Regi\u00f3n Andina<\/figcaption>\n\t\t\t\t\t\t\t\t\t\t<\/figure>\n\t\t\t\t\t\t\t\t\t<\/div>\n\t\t\t\t<\/div>\n\t\t\t\t\t<\/div>\n\t\t<\/div>\n\t\t\t\t<div class=\"elementor-column elementor-col-50 elementor-top-column elementor-element elementor-element-d572b31\" data-id=\"d572b31\" data-element_type=\"column\">\n\t\t\t<div class=\"elementor-widget-wrap elementor-element-populated\">\n\t\t\t\t\t\t<div class=\"elementor-element elementor-element-dcda746 elementor-widget elementor-widget-image\" data-id=\"dcda746\" data-element_type=\"widget\" data-widget_type=\"image.default\">\n\t\t\t\t<div class=\"elementor-widget-container\">\n\t\t\t\t\t\t\t\t\t\t\t\t<figure class=\"wp-caption\">\n\t\t\t\t\t\t\t\t\t\t\t<a href=\"https:\/\/www.participacionciudadana.org\/web\/wp-content\/uploads\/2022\/01\/PACTO-FISCAL-RROSERO-PCIUDADANA.pdf\">\n\t\t\t\t\t\t\t<img loading=\"lazy\" decoding=\"async\" width=\"1024\" height=\"785\" src=\"https:\/\/www.participacionciudadana.org\/web\/wp-content\/uploads\/2022\/01\/PortadaPactoPoliticoFiscal-1024x785.png\" class=\"attachment-large size-large wp-image-2765\" alt=\"\" srcset=\"https:\/\/www.participacionciudadana.org\/web\/wp-content\/uploads\/2022\/01\/PortadaPactoPoliticoFiscal-1024x785.png 1024w, https:\/\/www.participacionciudadana.org\/web\/wp-content\/uploads\/2022\/01\/PortadaPactoPoliticoFiscal-300x230.png 300w, https:\/\/www.participacionciudadana.org\/web\/wp-content\/uploads\/2022\/01\/PortadaPactoPoliticoFiscal-768x589.png 768w, https:\/\/www.participacionciudadana.org\/web\/wp-content\/uploads\/2022\/01\/PortadaPactoPoliticoFiscal.png 1500w\" sizes=\"(max-width: 1024px) 100vw, 1024px\" \/>\t\t\t\t\t\t\t\t<\/a>\n\t\t\t\t\t\t\t\t\t\t\t<figcaption class=\"widget-image-caption wp-caption-text\">Pacto pol\u00edtico fiscal por el derecho humano de ni\u00f1as y mujeres a una vida libre de violencias<\/figcaption>\n\t\t\t\t\t\t\t\t\t\t<\/figure>\n\t\t\t\t\t\t\t\t\t<\/div>\n\t\t\t\t<\/div>\n\t\t\t\t\t<\/div>\n\t\t<\/div>\n\t\t\t\t\t<\/div>\n\t\t<\/section>\n\t\t\t\t<section class=\"elementor-section elementor-top-section elementor-element elementor-element-6967492 elementor-section-boxed elementor-section-height-default elementor-section-height-default\" data-id=\"6967492\" data-element_type=\"section\">\n\t\t\t\t\t\t<div class=\"elementor-container elementor-column-gap-default\">\n\t\t\t\t\t<div class=\"elementor-column elementor-col-50 elementor-top-column elementor-element elementor-element-9afa949\" data-id=\"9afa949\" data-element_type=\"column\">\n\t\t\t<div class=\"elementor-widget-wrap elementor-element-populated\">\n\t\t\t\t\t\t<div class=\"elementor-element elementor-element-7e5d831 elementor-widget elementor-widget-image\" data-id=\"7e5d831\" data-element_type=\"widget\" data-widget_type=\"image.default\">\n\t\t\t\t<div class=\"elementor-widget-container\">\n\t\t\t\t\t\t\t\t\t\t\t\t<figure class=\"wp-caption\">\n\t\t\t\t\t\t\t\t\t\t\t<a href=\"https:\/\/www.participacionciudadana.org\/web\/wp-content\/uploads\/2022\/01\/PAREJA-DIAZ-Paper_Consejo-Consultivo.pdf\">\n\t\t\t\t\t\t\t<img loading=\"lazy\" decoding=\"async\" width=\"1024\" height=\"785\" src=\"https:\/\/www.participacionciudadana.org\/web\/wp-content\/uploads\/2022\/01\/PortadaMedidasLegislativasPendientes-1024x785.png\" class=\"attachment-large size-large wp-image-2766\" alt=\"\" srcset=\"https:\/\/www.participacionciudadana.org\/web\/wp-content\/uploads\/2022\/01\/PortadaMedidasLegislativasPendientes-1024x785.png 1024w, https:\/\/www.participacionciudadana.org\/web\/wp-content\/uploads\/2022\/01\/PortadaMedidasLegislativasPendientes-300x230.png 300w, https:\/\/www.participacionciudadana.org\/web\/wp-content\/uploads\/2022\/01\/PortadaMedidasLegislativasPendientes-768x589.png 768w, https:\/\/www.participacionciudadana.org\/web\/wp-content\/uploads\/2022\/01\/PortadaMedidasLegislativasPendientes.png 1500w\" sizes=\"(max-width: 1024px) 100vw, 1024px\" \/>\t\t\t\t\t\t\t\t<\/a>\n\t\t\t\t\t\t\t\t\t\t\t<figcaption class=\"widget-image-caption wp-caption-text\">Medidas legislativas pendientes para dar cumplimiento a los DD.HH. de ni\u00f1as y mujeres en el Ecuador<\/figcaption>\n\t\t\t\t\t\t\t\t\t\t<\/figure>\n\t\t\t\t\t\t\t\t\t<\/div>\n\t\t\t\t<\/div>\n\t\t\t\t\t<\/div>\n\t\t<\/div>\n\t\t\t\t<div class=\"elementor-column elementor-col-50 elementor-top-column elementor-element elementor-element-083acbd\" data-id=\"083acbd\" data-element_type=\"column\">\n\t\t\t<div class=\"elementor-widget-wrap elementor-element-populated\">\n\t\t\t\t\t\t<div class=\"elementor-element elementor-element-f9ca1f1 elementor-widget elementor-widget-image\" data-id=\"f9ca1f1\" data-element_type=\"widget\" data-widget_type=\"image.default\">\n\t\t\t\t<div class=\"elementor-widget-container\">\n\t\t\t\t\t\t\t\t\t\t\t\t<figure class=\"wp-caption\">\n\t\t\t\t\t\t\t\t\t\t\t<a href=\"https:\/\/www.participacionciudadana.org\/web\/wp-content\/uploads\/2022\/01\/POL\u00f7TICA-DE-DATOS-ABIERTOS-EN-ECUADOR-FINAL-5.pdf\">\n\t\t\t\t\t\t\t<img loading=\"lazy\" decoding=\"async\" width=\"1024\" height=\"785\" src=\"https:\/\/www.participacionciudadana.org\/web\/wp-content\/uploads\/2022\/01\/PortadaPoliticaDeDatosAbiertosEnEcuador-1024x785.png\" class=\"attachment-large size-large wp-image-2767\" alt=\"\" srcset=\"https:\/\/www.participacionciudadana.org\/web\/wp-content\/uploads\/2022\/01\/PortadaPoliticaDeDatosAbiertosEnEcuador-1024x785.png 1024w, https:\/\/www.participacionciudadana.org\/web\/wp-content\/uploads\/2022\/01\/PortadaPoliticaDeDatosAbiertosEnEcuador-300x230.png 300w, https:\/\/www.participacionciudadana.org\/web\/wp-content\/uploads\/2022\/01\/PortadaPoliticaDeDatosAbiertosEnEcuador-768x589.png 768w, https:\/\/www.participacionciudadana.org\/web\/wp-content\/uploads\/2022\/01\/PortadaPoliticaDeDatosAbiertosEnEcuador.png 1500w\" sizes=\"(max-width: 1024px) 100vw, 1024px\" \/>\t\t\t\t\t\t\t\t<\/a>\n\t\t\t\t\t\t\t\t\t\t\t<figcaption class=\"widget-image-caption wp-caption-text\">Pol\u00edtica de datos abiertos en Ecuador: herramientas para la toma de decisiones, fomentar la participaci\u00f3n ciudadana y prevenci\u00f3n de la corrupci\u00f3n<\/figcaption>\n\t\t\t\t\t\t\t\t\t\t<\/figure>\n\t\t\t\t\t\t\t\t\t<\/div>\n\t\t\t\t<\/div>\n\t\t\t\t\t<\/div>\n\t\t<\/div>\n\t\t\t\t\t<\/div>\n\t\t<\/section>\n\t\t\t\t<section class=\"elementor-section elementor-top-section elementor-element elementor-element-a91bc16 elementor-section-boxed elementor-section-height-default elementor-section-height-default\" data-id=\"a91bc16\" data-element_type=\"section\">\n\t\t\t\t\t\t<div class=\"elementor-container elementor-column-gap-default\">\n\t\t\t\t\t<div class=\"elementor-column elementor-col-50 elementor-top-column elementor-element elementor-element-b4e851d\" data-id=\"b4e851d\" data-element_type=\"column\">\n\t\t\t<div class=\"elementor-widget-wrap elementor-element-populated\">\n\t\t\t\t\t\t<div class=\"elementor-element elementor-element-baec5b4 elementor-widget elementor-widget-image\" data-id=\"baec5b4\" data-element_type=\"widget\" data-widget_type=\"image.default\">\n\t\t\t\t<div class=\"elementor-widget-container\">\n\t\t\t\t\t\t\t\t\t\t\t\t<figure class=\"wp-caption\">\n\t\t\t\t\t\t\t\t\t\t\t<a href=\"https:\/\/www.participacionciudadana.org\/web\/wp-content\/uploads\/2022\/01\/Rec-Asamblea-Nacional.pdf\">\n\t\t\t\t\t\t\t<img loading=\"lazy\" decoding=\"async\" width=\"1024\" height=\"785\" src=\"https:\/\/www.participacionciudadana.org\/web\/wp-content\/uploads\/2022\/01\/PortadaReconfiguracionEnLaAsambleaNacional-1024x785.png\" class=\"attachment-large size-large wp-image-2768\" alt=\"\" srcset=\"https:\/\/www.participacionciudadana.org\/web\/wp-content\/uploads\/2022\/01\/PortadaReconfiguracionEnLaAsambleaNacional-1024x785.png 1024w, https:\/\/www.participacionciudadana.org\/web\/wp-content\/uploads\/2022\/01\/PortadaReconfiguracionEnLaAsambleaNacional-300x230.png 300w, https:\/\/www.participacionciudadana.org\/web\/wp-content\/uploads\/2022\/01\/PortadaReconfiguracionEnLaAsambleaNacional-768x589.png 768w, https:\/\/www.participacionciudadana.org\/web\/wp-content\/uploads\/2022\/01\/PortadaReconfiguracionEnLaAsambleaNacional.png 1500w\" sizes=\"(max-width: 1024px) 100vw, 1024px\" \/>\t\t\t\t\t\t\t\t<\/a>\n\t\t\t\t\t\t\t\t\t\t\t<figcaption class=\"widget-image-caption wp-caption-text\">Reconfiguracion de la Asamblea Nacional: an\u00e1lisis del cambio en el comportamiento del electorado en las elecciones de 2021<\/figcaption>\n\t\t\t\t\t\t\t\t\t\t<\/figure>\n\t\t\t\t\t\t\t\t\t<\/div>\n\t\t\t\t<\/div>\n\t\t\t\t\t<\/div>\n\t\t<\/div>\n\t\t\t\t<div class=\"elementor-column elementor-col-50 elementor-top-column elementor-element elementor-element-8ec6df0\" data-id=\"8ec6df0\" data-element_type=\"column\">\n\t\t\t<div class=\"elementor-widget-wrap elementor-element-populated\">\n\t\t\t\t\t\t<div class=\"elementor-element elementor-element-1cc98c5 elementor-widget elementor-widget-image\" data-id=\"1cc98c5\" data-element_type=\"widget\" data-widget_type=\"image.default\">\n\t\t\t\t<div class=\"elementor-widget-container\">\n\t\t\t\t\t\t\t\t\t\t\t\t<figure class=\"wp-caption\">\n\t\t\t\t\t\t\t\t\t\t\t<a href=\"https:\/\/www.participacionciudadana.org\/web\/wp-content\/uploads\/2022\/01\/SANTIAGO-BASABE-MUJERES-LEGISLADORAS2.pdf\">\n\t\t\t\t\t\t\t<img loading=\"lazy\" decoding=\"async\" width=\"1024\" height=\"785\" src=\"https:\/\/www.participacionciudadana.org\/web\/wp-content\/uploads\/2022\/01\/PortadaLaRepresentacionFemeninaEnLaLegislatura-1024x785.png\" class=\"attachment-large size-large wp-image-2769\" alt=\"\" srcset=\"https:\/\/www.participacionciudadana.org\/web\/wp-content\/uploads\/2022\/01\/PortadaLaRepresentacionFemeninaEnLaLegislatura-1024x785.png 1024w, https:\/\/www.participacionciudadana.org\/web\/wp-content\/uploads\/2022\/01\/PortadaLaRepresentacionFemeninaEnLaLegislatura-300x230.png 300w, https:\/\/www.participacionciudadana.org\/web\/wp-content\/uploads\/2022\/01\/PortadaLaRepresentacionFemeninaEnLaLegislatura-768x589.png 768w, https:\/\/www.participacionciudadana.org\/web\/wp-content\/uploads\/2022\/01\/PortadaLaRepresentacionFemeninaEnLaLegislatura.png 1500w\" sizes=\"(max-width: 1024px) 100vw, 1024px\" \/>\t\t\t\t\t\t\t\t<\/a>\n\t\t\t\t\t\t\t\t\t\t\t<figcaption class=\"widget-image-caption wp-caption-text\">La representaci\u00f3n femenina en la legislatura: el caso ecuatoriano<\/figcaption>\n\t\t\t\t\t\t\t\t\t\t<\/figure>\n\t\t\t\t\t\t\t\t\t<\/div>\n\t\t\t\t<\/div>\n\t\t\t\t\t<\/div>\n\t\t<\/div>\n\t\t\t\t\t<\/div>\n\t\t<\/section>\n\t\t\t\t<section class=\"elementor-section elementor-top-section elementor-element elementor-element-4f44dd7 elementor-section-boxed elementor-section-height-default elementor-section-height-default\" data-id=\"4f44dd7\" data-element_type=\"section\">\n\t\t\t\t\t\t<div class=\"elementor-container elementor-column-gap-default\">\n\t\t\t\t\t<div class=\"elementor-column elementor-col-50 elementor-top-column elementor-element elementor-element-5729682\" data-id=\"5729682\" data-element_type=\"column\">\n\t\t\t<div class=\"elementor-widget-wrap elementor-element-populated\">\n\t\t\t\t\t\t<div class=\"elementor-element elementor-element-0a321ce elementor-widget elementor-widget-image\" data-id=\"0a321ce\" data-element_type=\"widget\" data-widget_type=\"image.default\">\n\t\t\t\t<div class=\"elementor-widget-container\">\n\t\t\t\t\t\t\t\t\t\t\t\t<figure class=\"wp-caption\">\n\t\t\t\t\t\t\t\t\t\t\t<a href=\"https:\/\/www.participacionciudadana.org\/web\/wp-content\/uploads\/2022\/04\/LAPOP-EC-SPA-Report-2021-3-29.pdf\">\n\t\t\t\t\t\t\t<img loading=\"lazy\" decoding=\"async\" width=\"1024\" height=\"785\" src=\"https:\/\/www.participacionciudadana.org\/web\/wp-content\/uploads\/2022\/05\/1652474983-1024x785.png\" class=\"attachment-large size-large wp-image-3438\" alt=\"\" srcset=\"https:\/\/www.participacionciudadana.org\/web\/wp-content\/uploads\/2022\/05\/1652474983-1024x785.png 1024w, https:\/\/www.participacionciudadana.org\/web\/wp-content\/uploads\/2022\/05\/1652474983-300x230.png 300w, https:\/\/www.participacionciudadana.org\/web\/wp-content\/uploads\/2022\/05\/1652474983-768x589.png 768w, https:\/\/www.participacionciudadana.org\/web\/wp-content\/uploads\/2022\/05\/1652474983-e1703687449204.png 550w\" sizes=\"(max-width: 1024px) 100vw, 1024px\" \/>\t\t\t\t\t\t\t\t<\/a>\n\t\t\t\t\t\t\t\t\t\t\t<figcaption class=\"widget-image-caption wp-caption-text\">Cultura pol\u00edtica de la democracia en el Ecuador y en las Am\u00e9ricas 2021<\/figcaption>\n\t\t\t\t\t\t\t\t\t\t<\/figure>\n\t\t\t\t\t\t\t\t\t<\/div>\n\t\t\t\t<\/div>\n\t\t\t\t\t<\/div>\n\t\t<\/div>\n\t\t\t\t<div class=\"elementor-column elementor-col-50 elementor-top-column elementor-element elementor-element-8707bd3\" data-id=\"8707bd3\" data-element_type=\"column\">\n\t\t\t<div class=\"elementor-widget-wrap elementor-element-populated\">\n\t\t\t\t\t\t<div class=\"elementor-element elementor-element-ccb8e16 elementor-widget elementor-widget-image\" data-id=\"ccb8e16\" data-element_type=\"widget\" data-widget_type=\"image.default\">\n\t\t\t\t<div class=\"elementor-widget-container\">\n\t\t\t\t\t\t\t\t\t\t\t\t<figure class=\"wp-caption\">\n\t\t\t\t\t\t\t\t\t\t\t<a href=\"https:\/\/www.participacionciudadana.org\/web\/wp-content\/uploads\/2022\/07\/ABECU2021-Informe-especial-PC-transparencia.v1.pdf\">\n\t\t\t\t\t\t\t<img loading=\"lazy\" decoding=\"async\" width=\"1024\" height=\"785\" src=\"https:\/\/www.participacionciudadana.org\/web\/wp-content\/uploads\/2022\/07\/InformeEspecial1-1024x785.png\" class=\"attachment-large size-large wp-image-3678\" alt=\"\" srcset=\"https:\/\/www.participacionciudadana.org\/web\/wp-content\/uploads\/2022\/07\/InformeEspecial1-1024x785.png 1024w, https:\/\/www.participacionciudadana.org\/web\/wp-content\/uploads\/2022\/07\/InformeEspecial1-300x230.png 300w, https:\/\/www.participacionciudadana.org\/web\/wp-content\/uploads\/2022\/07\/InformeEspecial1-768x589.png 768w, https:\/\/www.participacionciudadana.org\/web\/wp-content\/uploads\/2022\/07\/InformeEspecial1.png 1500w\" sizes=\"(max-width: 1024px) 100vw, 1024px\" \/>\t\t\t\t\t\t\t\t<\/a>\n\t\t\t\t\t\t\t\t\t\t\t<figcaption class=\"widget-image-caption wp-caption-text\">2021 Bar\u00f3metro de las Am\u00e9ricas: Informe Especial Ecuador - Transparencia<\/figcaption>\n\t\t\t\t\t\t\t\t\t\t<\/figure>\n\t\t\t\t\t\t\t\t\t<\/div>\n\t\t\t\t<\/div>\n\t\t\t\t\t<\/div>\n\t\t<\/div>\n\t\t\t\t\t<\/div>\n\t\t<\/section>\n\t\t\t\t<section class=\"elementor-section elementor-top-section elementor-element elementor-element-2f99682 elementor-section-boxed elementor-section-height-default elementor-section-height-default\" data-id=\"2f99682\" data-element_type=\"section\">\n\t\t\t\t\t\t<div class=\"elementor-container elementor-column-gap-default\">\n\t\t\t\t\t<div class=\"elementor-column elementor-col-50 elementor-top-column elementor-element elementor-element-e334314\" data-id=\"e334314\" data-element_type=\"column\">\n\t\t\t<div class=\"elementor-widget-wrap elementor-element-populated\">\n\t\t\t\t\t\t<div class=\"elementor-element elementor-element-3c03167 elementor-widget elementor-widget-image\" data-id=\"3c03167\" data-element_type=\"widget\" data-widget_type=\"image.default\">\n\t\t\t\t<div class=\"elementor-widget-container\">\n\t\t\t\t\t\t\t\t\t\t\t\t<figure class=\"wp-caption\">\n\t\t\t\t\t\t\t\t\t\t\t<a href=\"https:\/\/www.participacionciudadana.org\/web\/wp-content\/uploads\/2022\/07\/ABECU2021-Informe-especial-PC-legitimidad.v2.pdf\">\n\t\t\t\t\t\t\t<img loading=\"lazy\" decoding=\"async\" width=\"1024\" height=\"785\" src=\"https:\/\/www.participacionciudadana.org\/web\/wp-content\/uploads\/2022\/07\/InformeEspecial2-1024x785.png\" class=\"attachment-large size-large wp-image-3679\" alt=\"\" srcset=\"https:\/\/www.participacionciudadana.org\/web\/wp-content\/uploads\/2022\/07\/InformeEspecial2-1024x785.png 1024w, https:\/\/www.participacionciudadana.org\/web\/wp-content\/uploads\/2022\/07\/InformeEspecial2-300x230.png 300w, https:\/\/www.participacionciudadana.org\/web\/wp-content\/uploads\/2022\/07\/InformeEspecial2-768x589.png 768w, https:\/\/www.participacionciudadana.org\/web\/wp-content\/uploads\/2022\/07\/InformeEspecial2.png 1500w\" sizes=\"(max-width: 1024px) 100vw, 1024px\" \/>\t\t\t\t\t\t\t\t<\/a>\n\t\t\t\t\t\t\t\t\t\t\t<figcaption class=\"widget-image-caption wp-caption-text\">Bar\u00f3metro de las Am\u00e9ricas 2021: Legitimidad del sistema pol\u00edtico ecuatoriano y confianza interpersonal<\/figcaption>\n\t\t\t\t\t\t\t\t\t\t<\/figure>\n\t\t\t\t\t\t\t\t\t<\/div>\n\t\t\t\t<\/div>\n\t\t\t\t\t<\/div>\n\t\t<\/div>\n\t\t\t\t<div class=\"elementor-column elementor-col-50 elementor-top-column elementor-element elementor-element-bcb334e\" data-id=\"bcb334e\" data-element_type=\"column\">\n\t\t\t<div class=\"elementor-widget-wrap elementor-element-populated\">\n\t\t\t\t\t\t<div class=\"elementor-element elementor-element-3ec8dfe elementor-widget elementor-widget-image\" data-id=\"3ec8dfe\" data-element_type=\"widget\" data-widget_type=\"image.default\">\n\t\t\t\t<div class=\"elementor-widget-container\">\n\t\t\t\t\t\t\t\t\t\t\t\t<figure class=\"wp-caption\">\n\t\t\t\t\t\t\t\t\t\t\t<a href=\"https:\/\/www.participacionciudadana.org\/web\/wp-content\/uploads\/2022\/07\/ABECU2021-Informe-especial-PC-genero.v3.pdf\">\n\t\t\t\t\t\t\t<img loading=\"lazy\" decoding=\"async\" width=\"1024\" height=\"785\" src=\"https:\/\/www.participacionciudadana.org\/web\/wp-content\/uploads\/2022\/07\/InformeEspecial3-1024x785.png\" class=\"attachment-large size-large wp-image-3680\" alt=\"\" srcset=\"https:\/\/www.participacionciudadana.org\/web\/wp-content\/uploads\/2022\/07\/InformeEspecial3-1024x785.png 1024w, https:\/\/www.participacionciudadana.org\/web\/wp-content\/uploads\/2022\/07\/InformeEspecial3-300x230.png 300w, https:\/\/www.participacionciudadana.org\/web\/wp-content\/uploads\/2022\/07\/InformeEspecial3-768x589.png 768w, https:\/\/www.participacionciudadana.org\/web\/wp-content\/uploads\/2022\/07\/InformeEspecial3.png 1500w\" sizes=\"(max-width: 1024px) 100vw, 1024px\" \/>\t\t\t\t\t\t\t\t<\/a>\n\t\t\t\t\t\t\t\t\t\t\t<figcaption class=\"widget-image-caption wp-caption-text\">2021 Bar\u00f3metro de las Am\u00e9ricas: Impacto del g\u00e9nero en la opini\u00f3n p\u00fablica ecuatoriana<\/figcaption>\n\t\t\t\t\t\t\t\t\t\t<\/figure>\n\t\t\t\t\t\t\t\t\t<\/div>\n\t\t\t\t<\/div>\n\t\t\t\t\t<\/div>\n\t\t<\/div>\n\t\t\t\t\t<\/div>\n\t\t<\/section>\n\t\t\t\t<section class=\"elementor-section elementor-top-section elementor-element elementor-element-cf289ec elementor-section-boxed elementor-section-height-default elementor-section-height-default\" data-id=\"cf289ec\" data-element_type=\"section\">\n\t\t\t\t\t\t<div class=\"elementor-container elementor-column-gap-default\">\n\t\t\t\t\t<div class=\"elementor-column elementor-col-50 elementor-top-column elementor-element elementor-element-b0b7f1d\" data-id=\"b0b7f1d\" data-element_type=\"column\">\n\t\t\t<div class=\"elementor-widget-wrap elementor-element-populated\">\n\t\t\t\t\t\t<div class=\"elementor-element elementor-element-6bd3794 elementor-widget elementor-widget-image\" data-id=\"6bd3794\" data-element_type=\"widget\" data-widget_type=\"image.default\">\n\t\t\t\t<div class=\"elementor-widget-container\">\n\t\t\t\t\t\t\t\t\t\t\t\t<figure class=\"wp-caption\">\n\t\t\t\t\t\t\t\t\t\t\t<a href=\"https:\/\/www.participacionciudadana.org\/web\/publicaciones\/las-industrias-extractivas\/\">\n\t\t\t\t\t\t\t<img loading=\"lazy\" decoding=\"async\" width=\"1024\" height=\"785\" src=\"https:\/\/www.participacionciudadana.org\/web\/wp-content\/uploads\/2022\/06\/LasIndustriasExtractivas-1024x785.png\" class=\"attachment-large size-large wp-image-3523\" alt=\"\" srcset=\"https:\/\/www.participacionciudadana.org\/web\/wp-content\/uploads\/2022\/06\/LasIndustriasExtractivas-1024x785.png 1024w, https:\/\/www.participacionciudadana.org\/web\/wp-content\/uploads\/2022\/06\/LasIndustriasExtractivas-300x230.png 300w, https:\/\/www.participacionciudadana.org\/web\/wp-content\/uploads\/2022\/06\/LasIndustriasExtractivas-768x589.png 768w, https:\/\/www.participacionciudadana.org\/web\/wp-content\/uploads\/2022\/06\/LasIndustriasExtractivas.png 1500w\" sizes=\"(max-width: 1024px) 100vw, 1024px\" \/>\t\t\t\t\t\t\t\t<\/a>\n\t\t\t\t\t\t\t\t\t\t\t<figcaption class=\"widget-image-caption wp-caption-text\">La Transparencia en las industrias extractivas<\/figcaption>\n\t\t\t\t\t\t\t\t\t\t<\/figure>\n\t\t\t\t\t\t\t\t\t<\/div>\n\t\t\t\t<\/div>\n\t\t\t\t\t<\/div>\n\t\t<\/div>\n\t\t\t\t<div class=\"elementor-column elementor-col-50 elementor-top-column elementor-element elementor-element-027daaf\" data-id=\"027daaf\" data-element_type=\"column\">\n\t\t\t<div class=\"elementor-widget-wrap elementor-element-populated\">\n\t\t\t\t\t\t<div class=\"elementor-element elementor-element-cc4a34f elementor-widget elementor-widget-image\" data-id=\"cc4a34f\" data-element_type=\"widget\" data-widget_type=\"image.default\">\n\t\t\t\t<div class=\"elementor-widget-container\">\n\t\t\t\t\t\t\t\t\t\t\t\t<figure class=\"wp-caption\">\n\t\t\t\t\t\t\t\t\t\t\t<a href=\"https:\/\/www.participacionciudadana.org\/web\/wp-content\/uploads\/2022\/07\/Estudio-empleo-femenino-y-pymes-01.pdf\">\n\t\t\t\t\t\t\t<img loading=\"lazy\" decoding=\"async\" width=\"1024\" height=\"785\" src=\"https:\/\/www.participacionciudadana.org\/web\/wp-content\/uploads\/2022\/07\/ImpactoEmpleoFemenino-1024x785.png\" class=\"attachment-large size-large wp-image-3674\" alt=\"\" srcset=\"https:\/\/www.participacionciudadana.org\/web\/wp-content\/uploads\/2022\/07\/ImpactoEmpleoFemenino-1024x785.png 1024w, https:\/\/www.participacionciudadana.org\/web\/wp-content\/uploads\/2022\/07\/ImpactoEmpleoFemenino-300x230.png 300w, https:\/\/www.participacionciudadana.org\/web\/wp-content\/uploads\/2022\/07\/ImpactoEmpleoFemenino-768x589.png 768w, https:\/\/www.participacionciudadana.org\/web\/wp-content\/uploads\/2022\/07\/ImpactoEmpleoFemenino.png 1500w\" sizes=\"(max-width: 1024px) 100vw, 1024px\" \/>\t\t\t\t\t\t\t\t<\/a>\n\t\t\t\t\t\t\t\t\t\t\t<figcaption class=\"widget-image-caption wp-caption-text\">Impacto de la pandemia en el empleo femenino en micro y peque\u00f1as empresas <\/figcaption>\n\t\t\t\t\t\t\t\t\t\t<\/figure>\n\t\t\t\t\t\t\t\t\t<\/div>\n\t\t\t\t<\/div>\n\t\t\t\t\t<\/div>\n\t\t<\/div>\n\t\t\t\t\t<\/div>\n\t\t<\/section>\n\t\t\t\t<section class=\"elementor-section elementor-top-section elementor-element elementor-element-f50f887 elementor-section-boxed elementor-section-height-default elementor-section-height-default\" data-id=\"f50f887\" data-element_type=\"section\">\n\t\t\t\t\t\t<div class=\"elementor-container elementor-column-gap-default\">\n\t\t\t\t\t<div class=\"elementor-column elementor-col-50 elementor-top-column elementor-element elementor-element-ea38aa8\" data-id=\"ea38aa8\" data-element_type=\"column\">\n\t\t\t<div class=\"elementor-widget-wrap elementor-element-populated\">\n\t\t\t\t\t\t<div class=\"elementor-element elementor-element-10090c1 elementor-widget elementor-widget-image\" data-id=\"10090c1\" data-element_type=\"widget\" data-widget_type=\"image.default\">\n\t\t\t\t<div class=\"elementor-widget-container\">\n\t\t\t\t\t\t\t\t\t\t\t\t<figure class=\"wp-caption\">\n\t\t\t\t\t\t\t\t\t\t\t<a href=\"https:\/\/www.participacionciudadana.org\/web\/wp-content\/uploads\/2022\/02\/Guia-de-prevencion.pdf\">\n\t\t\t\t\t\t\t<img loading=\"lazy\" decoding=\"async\" width=\"1024\" height=\"785\" src=\"https:\/\/www.participacionciudadana.org\/web\/wp-content\/uploads\/2022\/08\/Gui\u0301a-de-prevencio\u0301n-1024x785.png\" class=\"attachment-large size-large wp-image-3760\" alt=\"\" srcset=\"https:\/\/www.participacionciudadana.org\/web\/wp-content\/uploads\/2022\/08\/Gui\u0301a-de-prevencio\u0301n-1024x785.png 1024w, https:\/\/www.participacionciudadana.org\/web\/wp-content\/uploads\/2022\/08\/Gui\u0301a-de-prevencio\u0301n-300x230.png 300w, https:\/\/www.participacionciudadana.org\/web\/wp-content\/uploads\/2022\/08\/Gui\u0301a-de-prevencio\u0301n-768x589.png 768w, https:\/\/www.participacionciudadana.org\/web\/wp-content\/uploads\/2022\/08\/Gui\u0301a-de-prevencio\u0301n.png 1500w\" sizes=\"(max-width: 1024px) 100vw, 1024px\" \/>\t\t\t\t\t\t\t\t<\/a>\n\t\t\t\t\t\t\t\t\t\t\t<figcaption class=\"widget-image-caption wp-caption-text\">Gu\u00eda para la prevenci\u00f3n y erradicaci\u00f3n de la violencia de g\u00e9nero en el Ecuador<\/figcaption>\n\t\t\t\t\t\t\t\t\t\t<\/figure>\n\t\t\t\t\t\t\t\t\t<\/div>\n\t\t\t\t<\/div>\n\t\t\t\t\t<\/div>\n\t\t<\/div>\n\t\t\t\t<div class=\"elementor-column elementor-col-50 elementor-top-column elementor-element elementor-element-1fca7dc\" data-id=\"1fca7dc\" data-element_type=\"column\">\n\t\t\t<div class=\"elementor-widget-wrap elementor-element-populated\">\n\t\t\t\t\t\t<div class=\"elementor-element elementor-element-337a727 elementor-widget elementor-widget-image\" data-id=\"337a727\" data-element_type=\"widget\" data-widget_type=\"image.default\">\n\t\t\t\t<div class=\"elementor-widget-container\">\n\t\t\t\t\t\t\t\t\t\t\t\t<figure class=\"wp-caption\">\n\t\t\t\t\t\t\t\t\t\t\t<a href=\"https:\/\/www.participacionciudadana.org\/web\/wp-content\/uploads\/2022\/08\/INCIDENCIA-PACTO-FISCAL-PC.pdf\">\n\t\t\t\t\t\t\t<img loading=\"lazy\" decoding=\"async\" width=\"1024\" height=\"785\" src=\"https:\/\/www.participacionciudadana.org\/web\/wp-content\/uploads\/2022\/08\/INCIDENCIA-PACTO-FISCAL-PC-1024x785.png\" class=\"attachment-large size-large wp-image-3761\" alt=\"\" srcset=\"https:\/\/www.participacionciudadana.org\/web\/wp-content\/uploads\/2022\/08\/INCIDENCIA-PACTO-FISCAL-PC-1024x785.png 1024w, https:\/\/www.participacionciudadana.org\/web\/wp-content\/uploads\/2022\/08\/INCIDENCIA-PACTO-FISCAL-PC-300x230.png 300w, https:\/\/www.participacionciudadana.org\/web\/wp-content\/uploads\/2022\/08\/INCIDENCIA-PACTO-FISCAL-PC-768x589.png 768w, https:\/\/www.participacionciudadana.org\/web\/wp-content\/uploads\/2022\/08\/INCIDENCIA-PACTO-FISCAL-PC.png 1500w\" sizes=\"(max-width: 1024px) 100vw, 1024px\" \/>\t\t\t\t\t\t\t\t<\/a>\n\t\t\t\t\t\t\t\t\t\t\t<figcaption class=\"widget-image-caption wp-caption-text\">Incidencia por el derecho humano de ni\u00f1as y mujeres a una vida libre de violencia<\/figcaption>\n\t\t\t\t\t\t\t\t\t\t<\/figure>\n\t\t\t\t\t\t\t\t\t<\/div>\n\t\t\t\t<\/div>\n\t\t\t\t\t<\/div>\n\t\t<\/div>\n\t\t\t\t\t<\/div>\n\t\t<\/section>\n\t\t\t\t<section class=\"elementor-section elementor-top-section elementor-element elementor-element-fe095de elementor-section-boxed elementor-section-height-default elementor-section-height-default\" data-id=\"fe095de\" data-element_type=\"section\">\n\t\t\t\t\t\t<div class=\"elementor-container elementor-column-gap-default\">\n\t\t\t\t\t<div class=\"elementor-column elementor-col-50 elementor-top-column elementor-element elementor-element-10a54e5\" data-id=\"10a54e5\" data-element_type=\"column\">\n\t\t\t<div class=\"elementor-widget-wrap elementor-element-populated\">\n\t\t\t\t\t\t<div class=\"elementor-element elementor-element-652ebd1 elementor-widget elementor-widget-image\" data-id=\"652ebd1\" data-element_type=\"widget\" data-widget_type=\"image.default\">\n\t\t\t\t<div class=\"elementor-widget-container\">\n\t\t\t\t\t\t\t\t\t\t\t\t<figure class=\"wp-caption\">\n\t\t\t\t\t\t\t\t\t\t\t<a href=\"https:\/\/www.participacionciudadana.org\/web\/wp-content\/uploads\/2022\/08\/PAREJA-DIAZ_Ana\u0301lisis-CEDAW.pdf\">\n\t\t\t\t\t\t\t<img loading=\"lazy\" decoding=\"async\" width=\"1024\" height=\"785\" src=\"https:\/\/www.participacionciudadana.org\/web\/wp-content\/uploads\/2022\/08\/la-evaluacion-al-estado-1024x785.png\" class=\"attachment-large size-large wp-image-3762\" alt=\"\" srcset=\"https:\/\/www.participacionciudadana.org\/web\/wp-content\/uploads\/2022\/08\/la-evaluacion-al-estado-1024x785.png 1024w, https:\/\/www.participacionciudadana.org\/web\/wp-content\/uploads\/2022\/08\/la-evaluacion-al-estado-300x230.png 300w, https:\/\/www.participacionciudadana.org\/web\/wp-content\/uploads\/2022\/08\/la-evaluacion-al-estado-768x589.png 768w, https:\/\/www.participacionciudadana.org\/web\/wp-content\/uploads\/2022\/08\/la-evaluacion-al-estado.png 1500w\" sizes=\"(max-width: 1024px) 100vw, 1024px\" \/>\t\t\t\t\t\t\t\t<\/a>\n\t\t\t\t\t\t\t\t\t\t\t<figcaption class=\"widget-image-caption wp-caption-text\">La evaluaci\u00f3n al estado ecuatoriano por parte del Comit\u00e9 para la Eliminaci\u00f3n de la Discriminaci\u00f3n contra la Mujer<\/figcaption>\n\t\t\t\t\t\t\t\t\t\t<\/figure>\n\t\t\t\t\t\t\t\t\t<\/div>\n\t\t\t\t<\/div>\n\t\t\t\t\t<\/div>\n\t\t<\/div>\n\t\t\t\t<div class=\"elementor-column elementor-col-50 elementor-top-column elementor-element elementor-element-cf3fdd7\" data-id=\"cf3fdd7\" data-element_type=\"column\">\n\t\t\t<div class=\"elementor-widget-wrap elementor-element-populated\">\n\t\t\t\t\t\t<div class=\"elementor-element elementor-element-7eb815a elementor-widget elementor-widget-image\" data-id=\"7eb815a\" data-element_type=\"widget\" data-widget_type=\"image.default\">\n\t\t\t\t<div class=\"elementor-widget-container\">\n\t\t\t\t\t\t\t\t\t\t\t\t<figure class=\"wp-caption\">\n\t\t\t\t\t\t\t\t\t\t\t<a href=\"https:\/\/www.participacionciudadana.org\/web\/wp-content\/uploads\/2022\/08\/La-lucha-amazo\u0301nica-tiene-rostro-de-mujer-KOYA.pdf\">\n\t\t\t\t\t\t\t<img loading=\"lazy\" decoding=\"async\" width=\"1024\" height=\"785\" src=\"https:\/\/www.participacionciudadana.org\/web\/wp-content\/uploads\/2022\/08\/La-lucha-amazo\u0301nica-tiene-rostro-de-mujer-KOYA-1024x785.png\" class=\"attachment-large size-large wp-image-3763\" alt=\"\" srcset=\"https:\/\/www.participacionciudadana.org\/web\/wp-content\/uploads\/2022\/08\/La-lucha-amazo\u0301nica-tiene-rostro-de-mujer-KOYA-1024x785.png 1024w, https:\/\/www.participacionciudadana.org\/web\/wp-content\/uploads\/2022\/08\/La-lucha-amazo\u0301nica-tiene-rostro-de-mujer-KOYA-300x230.png 300w, https:\/\/www.participacionciudadana.org\/web\/wp-content\/uploads\/2022\/08\/La-lucha-amazo\u0301nica-tiene-rostro-de-mujer-KOYA-768x589.png 768w, https:\/\/www.participacionciudadana.org\/web\/wp-content\/uploads\/2022\/08\/La-lucha-amazo\u0301nica-tiene-rostro-de-mujer-KOYA.png 1500w\" sizes=\"(max-width: 1024px) 100vw, 1024px\" \/>\t\t\t\t\t\t\t\t<\/a>\n\t\t\t\t\t\t\t\t\t\t\t<figcaption class=\"widget-image-caption wp-caption-text\">La lucha amaz\u00f3nica tiene rostro de mujer<\/figcaption>\n\t\t\t\t\t\t\t\t\t\t<\/figure>\n\t\t\t\t\t\t\t\t\t<\/div>\n\t\t\t\t<\/div>\n\t\t\t\t\t<\/div>\n\t\t<\/div>\n\t\t\t\t\t<\/div>\n\t\t<\/section>\n\t\t\t\t<section class=\"elementor-section elementor-top-section elementor-element elementor-element-11b0574 elementor-section-boxed elementor-section-height-default elementor-section-height-default\" data-id=\"11b0574\" data-element_type=\"section\">\n\t\t\t\t\t\t<div class=\"elementor-container elementor-column-gap-default\">\n\t\t\t\t\t<div class=\"elementor-column elementor-col-50 elementor-top-column elementor-element elementor-element-b722f29\" data-id=\"b722f29\" data-element_type=\"column\">\n\t\t\t<div class=\"elementor-widget-wrap elementor-element-populated\">\n\t\t\t\t\t\t<div class=\"elementor-element elementor-element-db31aef elementor-widget elementor-widget-image\" data-id=\"db31aef\" data-element_type=\"widget\" data-widget_type=\"image.default\">\n\t\t\t\t<div class=\"elementor-widget-container\">\n\t\t\t\t\t\t\t\t\t\t\t\t<figure class=\"wp-caption\">\n\t\t\t\t\t\t\t\t\t\t\t<a href=\"https:\/\/www.participacionciudadana.org\/web\/wp-content\/uploads\/2022\/08\/PARIDAD-EN-ECUADOR-1.pdf\">\n\t\t\t\t\t\t\t<img loading=\"lazy\" decoding=\"async\" width=\"1024\" height=\"785\" src=\"https:\/\/www.participacionciudadana.org\/web\/wp-content\/uploads\/2022\/08\/paridad-en-ecuador-1024x785.png\" class=\"attachment-large size-large wp-image-3764\" alt=\"\" srcset=\"https:\/\/www.participacionciudadana.org\/web\/wp-content\/uploads\/2022\/08\/paridad-en-ecuador-1024x785.png 1024w, https:\/\/www.participacionciudadana.org\/web\/wp-content\/uploads\/2022\/08\/paridad-en-ecuador-300x230.png 300w, https:\/\/www.participacionciudadana.org\/web\/wp-content\/uploads\/2022\/08\/paridad-en-ecuador-768x589.png 768w, https:\/\/www.participacionciudadana.org\/web\/wp-content\/uploads\/2022\/08\/paridad-en-ecuador.png 1500w\" sizes=\"(max-width: 1024px) 100vw, 1024px\" \/>\t\t\t\t\t\t\t\t<\/a>\n\t\t\t\t\t\t\t\t\t\t\t<figcaption class=\"widget-image-caption wp-caption-text\">Paridad en Ecuador<\/figcaption>\n\t\t\t\t\t\t\t\t\t\t<\/figure>\n\t\t\t\t\t\t\t\t\t<\/div>\n\t\t\t\t<\/div>\n\t\t\t\t\t<\/div>\n\t\t<\/div>\n\t\t\t\t<div class=\"elementor-column elementor-col-50 elementor-top-column elementor-element elementor-element-5614787\" data-id=\"5614787\" data-element_type=\"column\">\n\t\t\t<div class=\"elementor-widget-wrap elementor-element-populated\">\n\t\t\t\t\t\t<div class=\"elementor-element elementor-element-6ef8a9e elementor-widget elementor-widget-image\" data-id=\"6ef8a9e\" data-element_type=\"widget\" data-widget_type=\"image.default\">\n\t\t\t\t<div class=\"elementor-widget-container\">\n\t\t\t\t\t\t\t\t\t\t\t\t<figure class=\"wp-caption\">\n\t\t\t\t\t\t\t\t\t\t\t<a href=\"https:\/\/www.participacionciudadana.org\/web\/wp-content\/uploads\/2022\/08\/Estudio-apertura-comercial-y-desempen\u0303o-econo\u0301mico.pdf\">\n\t\t\t\t\t\t\t<img loading=\"lazy\" decoding=\"async\" width=\"1024\" height=\"785\" src=\"https:\/\/www.participacionciudadana.org\/web\/wp-content\/uploads\/2022\/08\/Importancia-de-los-acuerdos-comerciales-para-America-Latina-1024x785.png\" class=\"attachment-large size-large wp-image-3793\" alt=\"\" srcset=\"https:\/\/www.participacionciudadana.org\/web\/wp-content\/uploads\/2022\/08\/Importancia-de-los-acuerdos-comerciales-para-America-Latina-1024x785.png 1024w, https:\/\/www.participacionciudadana.org\/web\/wp-content\/uploads\/2022\/08\/Importancia-de-los-acuerdos-comerciales-para-America-Latina-300x230.png 300w, https:\/\/www.participacionciudadana.org\/web\/wp-content\/uploads\/2022\/08\/Importancia-de-los-acuerdos-comerciales-para-America-Latina-768x589.png 768w, https:\/\/www.participacionciudadana.org\/web\/wp-content\/uploads\/2022\/08\/Importancia-de-los-acuerdos-comerciales-para-America-Latina.png 1500w\" sizes=\"(max-width: 1024px) 100vw, 1024px\" \/>\t\t\t\t\t\t\t\t<\/a>\n\t\t\t\t\t\t\t\t\t\t\t<figcaption class=\"widget-image-caption wp-caption-text\">Importancia de los acuerdos comerciales para Am\u00e9rica Latina<\/figcaption>\n\t\t\t\t\t\t\t\t\t\t<\/figure>\n\t\t\t\t\t\t\t\t\t<\/div>\n\t\t\t\t<\/div>\n\t\t\t\t\t<\/div>\n\t\t<\/div>\n\t\t\t\t\t<\/div>\n\t\t<\/section>\n\t\t\t\t<section class=\"elementor-section elementor-top-section elementor-element elementor-element-9995760 elementor-section-boxed elementor-section-height-default elementor-section-height-default\" data-id=\"9995760\" data-element_type=\"section\">\n\t\t\t\t\t\t<div class=\"elementor-container elementor-column-gap-default\">\n\t\t\t\t\t<div class=\"elementor-column elementor-col-50 elementor-top-column elementor-element elementor-element-cbebba1\" data-id=\"cbebba1\" data-element_type=\"column\">\n\t\t\t<div class=\"elementor-widget-wrap elementor-element-populated\">\n\t\t\t\t\t\t<div class=\"elementor-element elementor-element-036552a elementor-widget elementor-widget-image\" data-id=\"036552a\" data-element_type=\"widget\" data-widget_type=\"image.default\">\n\t\t\t\t<div class=\"elementor-widget-container\">\n\t\t\t\t\t\t\t\t\t\t\t\t<figure class=\"wp-caption\">\n\t\t\t\t\t\t\t\t\t\t\t<a href=\"https:\/\/www.participacionciudadana.org\/web\/wp-content\/uploads\/2023\/03\/GUIA-DE-LECCIONES-APRENDIDAS.pdf\">\n\t\t\t\t\t\t\t<img loading=\"lazy\" decoding=\"async\" width=\"1024\" height=\"785\" src=\"https:\/\/www.participacionciudadana.org\/web\/wp-content\/uploads\/2023\/03\/Guia-de-elecciones-aprendidas-1024x785.png\" class=\"attachment-large size-large wp-image-4941\" alt=\"\" srcset=\"https:\/\/www.participacionciudadana.org\/web\/wp-content\/uploads\/2023\/03\/Guia-de-elecciones-aprendidas-1024x785.png 1024w, https:\/\/www.participacionciudadana.org\/web\/wp-content\/uploads\/2023\/03\/Guia-de-elecciones-aprendidas-300x230.png 300w, https:\/\/www.participacionciudadana.org\/web\/wp-content\/uploads\/2023\/03\/Guia-de-elecciones-aprendidas-768x589.png 768w, https:\/\/www.participacionciudadana.org\/web\/wp-content\/uploads\/2023\/03\/Guia-de-elecciones-aprendidas.png 1500w\" sizes=\"(max-width: 1024px) 100vw, 1024px\" \/>\t\t\t\t\t\t\t\t<\/a>\n\t\t\t\t\t\t\t\t\t\t\t<figcaption class=\"widget-image-caption wp-caption-text\">Gu\u00eda de lecciones aprendidas<\/figcaption>\n\t\t\t\t\t\t\t\t\t\t<\/figure>\n\t\t\t\t\t\t\t\t\t<\/div>\n\t\t\t\t<\/div>\n\t\t\t\t\t<\/div>\n\t\t<\/div>\n\t\t\t\t<div class=\"elementor-column elementor-col-50 elementor-top-column elementor-element elementor-element-07ef6d9\" data-id=\"07ef6d9\" data-element_type=\"column\">\n\t\t\t<div class=\"elementor-widget-wrap elementor-element-populated\">\n\t\t\t\t\t\t<div class=\"elementor-element elementor-element-d2bed7f elementor-widget elementor-widget-image\" data-id=\"d2bed7f\" data-element_type=\"widget\" data-widget_type=\"image.default\">\n\t\t\t\t<div class=\"elementor-widget-container\">\n\t\t\t\t\t\t\t\t\t\t\t\t<figure class=\"wp-caption\">\n\t\t\t\t\t\t\t\t\t\t\t<a href=\"https:\/\/www.participacionciudadana.org\/web\/wp-content\/uploads\/2023\/12\/Revista-LOTAIP-Final.pdf\">\n\t\t\t\t\t\t\t<img loading=\"lazy\" decoding=\"async\" width=\"1024\" height=\"785\" src=\"https:\/\/www.participacionciudadana.org\/web\/wp-content\/uploads\/2023\/12\/impulso-a-la-transparencia-1024x785.png\" class=\"attachment-large size-large wp-image-6620\" alt=\"\" srcset=\"https:\/\/www.participacionciudadana.org\/web\/wp-content\/uploads\/2023\/12\/impulso-a-la-transparencia-1024x785.png 1024w, https:\/\/www.participacionciudadana.org\/web\/wp-content\/uploads\/2023\/12\/impulso-a-la-transparencia-300x230.png 300w, https:\/\/www.participacionciudadana.org\/web\/wp-content\/uploads\/2023\/12\/impulso-a-la-transparencia-768x589.png 768w, https:\/\/www.participacionciudadana.org\/web\/wp-content\/uploads\/2023\/12\/impulso-a-la-transparencia.png 1500w\" sizes=\"(max-width: 1024px) 100vw, 1024px\" \/>\t\t\t\t\t\t\t\t<\/a>\n\t\t\t\t\t\t\t\t\t\t\t<figcaption class=\"widget-image-caption wp-caption-text\">Revista Impulso a la Transparencia 2020 - 2022<\/figcaption>\n\t\t\t\t\t\t\t\t\t\t<\/figure>\n\t\t\t\t\t\t\t\t\t<\/div>\n\t\t\t\t<\/div>\n\t\t\t\t\t<\/div>\n\t\t<\/div>\n\t\t\t\t\t<\/div>\n\t\t<\/section>\n\t\t\t\t<section class=\"elementor-section elementor-top-section elementor-element elementor-element-1d18ba3 elementor-section-boxed elementor-section-height-default elementor-section-height-default\" data-id=\"1d18ba3\" data-element_type=\"section\">\n\t\t\t\t\t\t<div class=\"elementor-container elementor-column-gap-default\">\n\t\t\t\t\t<div class=\"elementor-column elementor-col-50 elementor-top-column elementor-element elementor-element-0b08376\" data-id=\"0b08376\" data-element_type=\"column\">\n\t\t\t<div class=\"elementor-widget-wrap elementor-element-populated\">\n\t\t\t\t\t\t<div class=\"elementor-element elementor-element-5d74c89 elementor-widget elementor-widget-image\" data-id=\"5d74c89\" data-element_type=\"widget\" data-widget_type=\"image.default\">\n\t\t\t\t<div class=\"elementor-widget-container\">\n\t\t\t\t\t\t\t\t\t\t\t\t<figure class=\"wp-caption\">\n\t\t\t\t\t\t\t\t\t\t\t<a href=\"https:\/\/www.participacionciudadana.org\/web\/wp-content\/uploads\/2023\/12\/EITI-GUIA-2023-cv.pdf\">\n\t\t\t\t\t\t\t<img loading=\"lazy\" decoding=\"async\" width=\"1024\" height=\"785\" src=\"https:\/\/www.participacionciudadana.org\/web\/wp-content\/uploads\/2023\/12\/eiti-guia-2023-1024x785.png\" class=\"attachment-large size-large wp-image-6630\" alt=\"\" srcset=\"https:\/\/www.participacionciudadana.org\/web\/wp-content\/uploads\/2023\/12\/eiti-guia-2023-1024x785.png 1024w, https:\/\/www.participacionciudadana.org\/web\/wp-content\/uploads\/2023\/12\/eiti-guia-2023-300x230.png 300w, https:\/\/www.participacionciudadana.org\/web\/wp-content\/uploads\/2023\/12\/eiti-guia-2023-768x589.png 768w, https:\/\/www.participacionciudadana.org\/web\/wp-content\/uploads\/2023\/12\/eiti-guia-2023.png 1500w\" sizes=\"(max-width: 1024px) 100vw, 1024px\" \/>\t\t\t\t\t\t\t\t<\/a>\n\t\t\t\t\t\t\t\t\t\t\t<figcaption class=\"widget-image-caption wp-caption-text\">Est\u00e1ndar EITI: alcance. importancia y aplicaci\u00f3n<\/figcaption>\n\t\t\t\t\t\t\t\t\t\t<\/figure>\n\t\t\t\t\t\t\t\t\t<\/div>\n\t\t\t\t<\/div>\n\t\t\t\t\t<\/div>\n\t\t<\/div>\n\t\t\t\t<div class=\"elementor-column elementor-col-50 elementor-top-column elementor-element elementor-element-375304c\" data-id=\"375304c\" data-element_type=\"column\">\n\t\t\t<div class=\"elementor-widget-wrap elementor-element-populated\">\n\t\t\t\t\t\t<div class=\"elementor-element elementor-element-ae7484c elementor-widget elementor-widget-image\" data-id=\"ae7484c\" data-element_type=\"widget\" data-widget_type=\"image.default\">\n\t\t\t\t<div class=\"elementor-widget-container\">\n\t\t\t\t\t\t\t\t\t\t\t\t<figure class=\"wp-caption\">\n\t\t\t\t\t\t\t\t\t\t\t<a href=\"https:\/\/www.participacionciudadana.org\/web\/wp-content\/uploads\/2023\/12\/Estudio-Empleo-Joven-Publicacion.pdf\">\n\t\t\t\t\t\t\t<img loading=\"lazy\" decoding=\"async\" width=\"1024\" height=\"785\" src=\"https:\/\/www.participacionciudadana.org\/web\/wp-content\/uploads\/2023\/12\/estudio-empleo-joven-1024x785.png\" class=\"attachment-large size-large wp-image-6639\" alt=\"\" srcset=\"https:\/\/www.participacionciudadana.org\/web\/wp-content\/uploads\/2023\/12\/estudio-empleo-joven-1024x785.png 1024w, https:\/\/www.participacionciudadana.org\/web\/wp-content\/uploads\/2023\/12\/estudio-empleo-joven-300x230.png 300w, https:\/\/www.participacionciudadana.org\/web\/wp-content\/uploads\/2023\/12\/estudio-empleo-joven-768x589.png 768w, https:\/\/www.participacionciudadana.org\/web\/wp-content\/uploads\/2023\/12\/estudio-empleo-joven.png 1500w\" sizes=\"(max-width: 1024px) 100vw, 1024px\" \/>\t\t\t\t\t\t\t\t<\/a>\n\t\t\t\t\t\t\t\t\t\t\t<figcaption class=\"widget-image-caption wp-caption-text\">Empleo joven en Ecuador: diagn\u00f3stico y propuestas<\/figcaption>\n\t\t\t\t\t\t\t\t\t\t<\/figure>\n\t\t\t\t\t\t\t\t\t<\/div>\n\t\t\t\t<\/div>\n\t\t\t\t\t<\/div>\n\t\t<\/div>\n\t\t\t\t\t<\/div>\n\t\t<\/section>\n\t\t\t\t<section class=\"elementor-section elementor-top-section elementor-element elementor-element-d1f8ba1 elementor-section-boxed elementor-section-height-default elementor-section-height-default\" data-id=\"d1f8ba1\" data-element_type=\"section\">\n\t\t\t\t\t\t<div class=\"elementor-container elementor-column-gap-default\">\n\t\t\t\t\t<div class=\"elementor-column elementor-col-50 elementor-top-column elementor-element elementor-element-61c78ac\" data-id=\"61c78ac\" data-element_type=\"column\">\n\t\t\t<div class=\"elementor-widget-wrap elementor-element-populated\">\n\t\t\t\t\t\t<div class=\"elementor-element elementor-element-a267d22 elementor-widget elementor-widget-image\" data-id=\"a267d22\" data-element_type=\"widget\" data-widget_type=\"image.default\">\n\t\t\t\t<div class=\"elementor-widget-container\">\n\t\t\t\t\t\t\t\t\t\t\t\t<figure class=\"wp-caption\">\n\t\t\t\t\t\t\t\t\t\t\t<a href=\"https:\/\/www.participacionciudadana.org\/web\/wp-content\/uploads\/2024\/01\/Revista-LOTAIP-2022-2023-final-final_compressed.pdf\">\n\t\t\t\t\t\t\t<img loading=\"lazy\" decoding=\"async\" width=\"1024\" height=\"785\" src=\"https:\/\/www.participacionciudadana.org\/web\/wp-content\/uploads\/2024\/01\/impulso-a-la-democracia-cover-1024x785.png\" class=\"attachment-large size-large wp-image-6698\" alt=\"\" srcset=\"https:\/\/www.participacionciudadana.org\/web\/wp-content\/uploads\/2024\/01\/impulso-a-la-democracia-cover-1024x785.png 1024w, https:\/\/www.participacionciudadana.org\/web\/wp-content\/uploads\/2024\/01\/impulso-a-la-democracia-cover-300x230.png 300w, https:\/\/www.participacionciudadana.org\/web\/wp-content\/uploads\/2024\/01\/impulso-a-la-democracia-cover-768x589.png 768w, https:\/\/www.participacionciudadana.org\/web\/wp-content\/uploads\/2024\/01\/impulso-a-la-democracia-cover.png 1500w\" sizes=\"(max-width: 1024px) 100vw, 1024px\" \/>\t\t\t\t\t\t\t\t<\/a>\n\t\t\t\t\t\t\t\t\t\t\t<figcaption class=\"widget-image-caption wp-caption-text\">Impulso a la Transparencia 2022 - 2023<\/figcaption>\n\t\t\t\t\t\t\t\t\t\t<\/figure>\n\t\t\t\t\t\t\t\t\t<\/div>\n\t\t\t\t<\/div>\n\t\t\t\t\t<\/div>\n\t\t<\/div>\n\t\t\t\t<div class=\"elementor-column elementor-col-50 elementor-top-column elementor-element elementor-element-57955b2\" data-id=\"57955b2\" data-element_type=\"column\">\n\t\t\t<div class=\"elementor-widget-wrap elementor-element-populated\">\n\t\t\t\t\t\t<div class=\"elementor-element elementor-element-e8faf22 elementor-widget elementor-widget-image\" data-id=\"e8faf22\" data-element_type=\"widget\" data-widget_type=\"image.default\">\n\t\t\t\t<div class=\"elementor-widget-container\">\n\t\t\t\t\t\t\t\t\t\t\t\t<figure class=\"wp-caption\">\n\t\t\t\t\t\t\t\t\t\t\t<a href=\"https:\/\/www.participacionciudadana.org\/web\/wp-content\/uploads\/2024\/02\/LAPOP_INFORME_ECUADOR_29ENE_ALTA.pdf\">\n\t\t\t\t\t\t\t<img loading=\"lazy\" decoding=\"async\" width=\"1024\" height=\"785\" src=\"https:\/\/www.participacionciudadana.org\/web\/wp-content\/uploads\/2024\/02\/informe-lapop-1024x785.png\" class=\"attachment-large size-large wp-image-6759\" alt=\"\" srcset=\"https:\/\/www.participacionciudadana.org\/web\/wp-content\/uploads\/2024\/02\/informe-lapop-1024x785.png 1024w, https:\/\/www.participacionciudadana.org\/web\/wp-content\/uploads\/2024\/02\/informe-lapop-300x230.png 300w, https:\/\/www.participacionciudadana.org\/web\/wp-content\/uploads\/2024\/02\/informe-lapop-768x589.png 768w, https:\/\/www.participacionciudadana.org\/web\/wp-content\/uploads\/2024\/02\/informe-lapop.png 1500w\" sizes=\"(max-width: 1024px) 100vw, 1024px\" \/>\t\t\t\t\t\t\t\t<\/a>\n\t\t\t\t\t\t\t\t\t\t\t<figcaption class=\"widget-image-caption wp-caption-text\">Informe LAPOP 2023<\/figcaption>\n\t\t\t\t\t\t\t\t\t\t<\/figure>\n\t\t\t\t\t\t\t\t\t<\/div>\n\t\t\t\t<\/div>\n\t\t\t\t\t<\/div>\n\t\t<\/div>\n\t\t\t\t\t<\/div>\n\t\t<\/section>\n\t\t\t\t<section class=\"elementor-section elementor-top-section elementor-element elementor-element-ed8e4ab elementor-section-boxed elementor-section-height-default elementor-section-height-default\" data-id=\"ed8e4ab\" data-element_type=\"section\">\n\t\t\t\t\t\t<div class=\"elementor-container elementor-column-gap-default\">\n\t\t\t\t\t<div class=\"elementor-column elementor-col-50 elementor-top-column elementor-element elementor-element-4a41807\" data-id=\"4a41807\" data-element_type=\"column\">\n\t\t\t<div class=\"elementor-widget-wrap elementor-element-populated\">\n\t\t\t\t\t\t<div class=\"elementor-element elementor-element-17c5396 elementor-widget elementor-widget-image\" data-id=\"17c5396\" data-element_type=\"widget\" data-widget_type=\"image.default\">\n\t\t\t\t<div class=\"elementor-widget-container\">\n\t\t\t\t\t\t\t\t\t\t\t\t<figure class=\"wp-caption\">\n\t\t\t\t\t\t\t\t\t\t\t<a href=\"https:\/\/www.participacionciudadana.org\/web\/wp-content\/uploads\/2024\/05\/Informe-Exploratorio-Industria-Extractiva-Participacion-Ciudadana-final.pdf\">\n\t\t\t\t\t\t\t<img loading=\"lazy\" decoding=\"async\" width=\"1024\" height=\"785\" src=\"https:\/\/www.participacionciudadana.org\/web\/wp-content\/uploads\/2024\/05\/informe-exploratorio-1024x785.png\" class=\"attachment-large size-large wp-image-6931\" alt=\"\" srcset=\"https:\/\/www.participacionciudadana.org\/web\/wp-content\/uploads\/2024\/05\/informe-exploratorio-1024x785.png 1024w, https:\/\/www.participacionciudadana.org\/web\/wp-content\/uploads\/2024\/05\/informe-exploratorio-300x230.png 300w, https:\/\/www.participacionciudadana.org\/web\/wp-content\/uploads\/2024\/05\/informe-exploratorio-768x589.png 768w, https:\/\/www.participacionciudadana.org\/web\/wp-content\/uploads\/2024\/05\/informe-exploratorio.png 1500w\" sizes=\"(max-width: 1024px) 100vw, 1024px\" \/>\t\t\t\t\t\t\t\t<\/a>\n\t\t\t\t\t\t\t\t\t\t\t<figcaption class=\"widget-image-caption wp-caption-text\">Estudio sobre impuestos, regal\u00edas, y divulgaci\u00f3n en la industria extractiva<\/figcaption>\n\t\t\t\t\t\t\t\t\t\t<\/figure>\n\t\t\t\t\t\t\t\t\t<\/div>\n\t\t\t\t<\/div>\n\t\t\t\t\t<\/div>\n\t\t<\/div>\n\t\t\t\t<div class=\"elementor-column elementor-col-50 elementor-top-column elementor-element elementor-element-71fee45\" data-id=\"71fee45\" data-element_type=\"column\">\n\t\t\t<div class=\"elementor-widget-wrap elementor-element-populated\">\n\t\t\t\t\t\t<div class=\"elementor-element elementor-element-ff0c6f3 elementor-widget elementor-widget-image\" data-id=\"ff0c6f3\" data-element_type=\"widget\" data-widget_type=\"image.default\">\n\t\t\t\t<div class=\"elementor-widget-container\">\n\t\t\t\t\t\t\t\t\t\t\t\t<figure class=\"wp-caption\">\n\t\t\t\t\t\t\t\t\t\t\t<a href=\"https:\/\/www.participacionciudadana.org\/web\/wp-content\/uploads\/2024\/05\/INFORME-CUALITATIVO-LIDERES-Y-POBLACION-EN-ZONA-DE-INFLUENCIA-Ecuador-2024-final.pdf\">\n\t\t\t\t\t\t\t<img loading=\"lazy\" decoding=\"async\" width=\"1024\" height=\"785\" src=\"https:\/\/www.participacionciudadana.org\/web\/wp-content\/uploads\/2024\/05\/informe-cualitativo-1024x785.png\" class=\"attachment-large size-large wp-image-6932\" alt=\"\" srcset=\"https:\/\/www.participacionciudadana.org\/web\/wp-content\/uploads\/2024\/05\/informe-cualitativo-1024x785.png 1024w, https:\/\/www.participacionciudadana.org\/web\/wp-content\/uploads\/2024\/05\/informe-cualitativo-300x230.png 300w, https:\/\/www.participacionciudadana.org\/web\/wp-content\/uploads\/2024\/05\/informe-cualitativo-768x589.png 768w, https:\/\/www.participacionciudadana.org\/web\/wp-content\/uploads\/2024\/05\/informe-cualitativo.png 1500w\" sizes=\"(max-width: 1024px) 100vw, 1024px\" \/>\t\t\t\t\t\t\t\t<\/a>\n\t\t\t\t\t\t\t\t\t\t\t<figcaption class=\"widget-image-caption wp-caption-text\">Estudio sector industrial extractivo.<\/figcaption>\n\t\t\t\t\t\t\t\t\t\t<\/figure>\n\t\t\t\t\t\t\t\t\t<\/div>\n\t\t\t\t<\/div>\n\t\t\t\t\t<\/div>\n\t\t<\/div>\n\t\t\t\t\t<\/div>\n\t\t<\/section>\n\t\t\t\t<section class=\"elementor-section elementor-top-section elementor-element elementor-element-7c41cbe elementor-section-boxed elementor-section-height-default elementor-section-height-default\" data-id=\"7c41cbe\" data-element_type=\"section\">\n\t\t\t\t\t\t<div class=\"elementor-container elementor-column-gap-default\">\n\t\t\t\t\t<div class=\"elementor-column elementor-col-50 elementor-top-column elementor-element elementor-element-900cc53\" data-id=\"900cc53\" data-element_type=\"column\">\n\t\t\t<div class=\"elementor-widget-wrap elementor-element-populated\">\n\t\t\t\t\t\t<div class=\"elementor-element elementor-element-e2e2181 elementor-widget elementor-widget-image\" data-id=\"e2e2181\" data-element_type=\"widget\" data-widget_type=\"image.default\">\n\t\t\t\t<div class=\"elementor-widget-container\">\n\t\t\t\t\t\t\t\t\t\t\t\t<figure class=\"wp-caption\">\n\t\t\t\t\t\t\t\t\t\t\t<a href=\"https:\/\/www.participacionciudadana.org\/web\/wp-content\/uploads\/2024\/09\/Estudio-Cordes-Finanzas-GADM.pdf\">\n\t\t\t\t\t\t\t<img loading=\"lazy\" decoding=\"async\" width=\"1024\" height=\"785\" src=\"https:\/\/www.participacionciudadana.org\/web\/wp-content\/uploads\/2024\/09\/analisis-de-finanzas-GADs-municipales-1024x785.png\" class=\"attachment-large size-large wp-image-7127\" alt=\"\" srcset=\"https:\/\/www.participacionciudadana.org\/web\/wp-content\/uploads\/2024\/09\/analisis-de-finanzas-GADs-municipales-1024x785.png 1024w, https:\/\/www.participacionciudadana.org\/web\/wp-content\/uploads\/2024\/09\/analisis-de-finanzas-GADs-municipales-300x230.png 300w, https:\/\/www.participacionciudadana.org\/web\/wp-content\/uploads\/2024\/09\/analisis-de-finanzas-GADs-municipales-768x589.png 768w, https:\/\/www.participacionciudadana.org\/web\/wp-content\/uploads\/2024\/09\/analisis-de-finanzas-GADs-municipales.png 1500w\" sizes=\"(max-width: 1024px) 100vw, 1024px\" \/>\t\t\t\t\t\t\t\t<\/a>\n\t\t\t\t\t\t\t\t\t\t\t<figcaption class=\"widget-image-caption wp-caption-text\">An\u00e1lisis de las Finanzas de los GAD<\/figcaption>\n\t\t\t\t\t\t\t\t\t\t<\/figure>\n\t\t\t\t\t\t\t\t\t<\/div>\n\t\t\t\t<\/div>\n\t\t\t\t\t<\/div>\n\t\t<\/div>\n\t\t\t\t<div class=\"elementor-column elementor-col-50 elementor-top-column elementor-element elementor-element-29e3a4b\" data-id=\"29e3a4b\" data-element_type=\"column\">\n\t\t\t<div class=\"elementor-widget-wrap\">\n\t\t\t\t\t\t\t<\/div>\n\t\t<\/div>\n\t\t\t\t\t<\/div>\n\t\t<\/section>\n\t\t\t\t<\/div>\n\t\t","protected":false},"excerpt":{"rendered":"<p>Publicaciones de Participaci\u00f3n Ciudadana An\u00e1lisis de la situaci\u00f3n fiscal de Ecuador 2025 &#8211; 2026 Ecuador: Situaci\u00f3n Fiscal 2024 y las perspectivas para 2025 An\u00e1lisis de la situaci\u00f3n fiscal 2024 y perspectivas para el 2025 Analisis del relacionamiento del Presidente con la Asamblea Nacional Revista J\u00f3venes Liderando Pensando en Democracia \u00bfC\u00f3mo se ve la participaci\u00f3n pol\u00edtica [&hellip;]<\/p>\n","protected":false},"author":1,"featured_media":0,"parent":0,"menu_order":0,"comment_status":"closed","ping_status":"closed","template":"","meta":{"site-sidebar-layout":"no-sidebar","site-content-layout":"page-builder","ast-site-content-layout":"default","site-content-style":"default","site-sidebar-style":"default","ast-global-header-display":"","ast-banner-title-visibility":"","ast-main-header-display":"","ast-hfb-above-header-display":"","ast-hfb-below-header-display":"","ast-hfb-mobile-header-display":"","site-post-title":"disabled","ast-breadcrumbs-content":"","ast-featured-img":"disabled","footer-sml-layout":"","ast-disable-related-posts":"","theme-transparent-header-meta":"","adv-header-id-meta":"","stick-header-meta":"","header-above-stick-meta":"","header-main-stick-meta":"","header-below-stick-meta":"","astra-migrate-meta-layouts":"default","ast-page-background-enabled":"default","ast-page-background-meta":{"desktop":{"background-color":"","background-image":"","background-repeat":"repeat","background-position":"center center","background-size":"auto","background-attachment":"scroll","background-type":"","background-media":"","overlay-type":"","overlay-color":"","overlay-opacity":"","overlay-gradient":""},"tablet":{"background-color":"","background-image":"","background-repeat":"repeat","background-position":"center center","background-size":"auto","background-attachment":"scroll","background-type":"","background-media":"","overlay-type":"","overlay-color":"","overlay-opacity":"","overlay-gradient":""},"mobile":{"background-color":"","background-image":"","background-repeat":"repeat","background-position":"center center","background-size":"auto","background-attachment":"scroll","background-type":"","background-media":"","overlay-type":"","overlay-color":"","overlay-opacity":"","overlay-gradient":""}},"ast-content-background-meta":{"desktop":{"background-color":"var(--ast-global-color-5)","background-image":"","background-repeat":"repeat","background-position":"center center","background-size":"auto","background-attachment":"scroll","background-type":"","background-media":"","overlay-type":"","overlay-color":"","overlay-opacity":"","overlay-gradient":""},"tablet":{"background-color":"var(--ast-global-color-5)","background-image":"","background-repeat":"repeat","background-position":"center center","background-size":"auto","background-attachment":"scroll","background-type":"","background-media":"","overlay-type":"","overlay-color":"","overlay-opacity":"","overlay-gradient":""},"mobile":{"background-color":"var(--ast-global-color-5)","background-image":"","background-repeat":"repeat","background-position":"center center","background-size":"auto","background-attachment":"scroll","background-type":"","background-media":"","overlay-type":"","overlay-color":"","overlay-opacity":"","overlay-gradient":""}},"_joinchat":[],"footnotes":""},"class_list":["post-2694","page","type-page","status-publish","hentry"],"yoast_head":"<!-- This site is optimized with the Yoast SEO plugin v26.5 - https:\/\/yoast.com\/wordpress\/plugins\/seo\/ -->\n<title>Publicaciones - Participaci\u00f3n Ciudadana<\/title>\n<meta name=\"robots\" content=\"index, follow, max-snippet:-1, max-image-preview:large, max-video-preview:-1\" \/>\n<link rel=\"canonical\" href=\"https:\/\/www.participacionciudadana.org\/web\/publicaciones\/\" \/>\n<meta property=\"og:locale\" content=\"es_ES\" \/>\n<meta property=\"og:type\" content=\"article\" \/>\n<meta property=\"og:title\" content=\"Publicaciones - Participaci\u00f3n Ciudadana\" \/>\n<meta property=\"og:description\" content=\"Publicaciones de Participaci\u00f3n Ciudadana An\u00e1lisis de la situaci\u00f3n fiscal de Ecuador 2025 &#8211; 2026 Ecuador: Situaci\u00f3n Fiscal 2024 y las perspectivas para 2025 An\u00e1lisis de la situaci\u00f3n fiscal 2024 y perspectivas para el 2025 Analisis del relacionamiento del Presidente con la Asamblea Nacional Revista J\u00f3venes Liderando Pensando en Democracia \u00bfC\u00f3mo se ve la participaci\u00f3n pol\u00edtica [&hellip;]\" \/>\n<meta property=\"og:url\" content=\"https:\/\/www.participacionciudadana.org\/web\/publicaciones\/\" \/>\n<meta property=\"og:site_name\" content=\"Participaci\u00f3n Ciudadana\" \/>\n<meta property=\"article:publisher\" content=\"https:\/\/www.facebook.com\/ParticipacionPC\/\" \/>\n<meta property=\"article:modified_time\" content=\"2026-02-24T20:12:17+00:00\" \/>\n<meta property=\"og:image\" content=\"https:\/\/www.participacionciudadana.org\/web\/wp-content\/uploads\/2023\/02\/Cover-revista20anos-pc-1024x576.png\" \/>\n\t<meta property=\"og:image:width\" content=\"1024\" \/>\n\t<meta property=\"og:image:height\" content=\"576\" \/>\n\t<meta property=\"og:image:type\" content=\"image\/png\" \/>\n<meta name=\"twitter:card\" content=\"summary_large_image\" \/>\n<meta name=\"twitter:site\" content=\"@ParticipacionPC\" \/>\n<meta name=\"twitter:label1\" content=\"Tiempo de lectura\" \/>\n\t<meta name=\"twitter:data1\" content=\"10 minutos\" \/>\n<script type=\"application\/ld+json\" class=\"yoast-schema-graph\">{\"@context\":\"https:\/\/schema.org\",\"@graph\":[{\"@type\":\"WebPage\",\"@id\":\"https:\/\/www.participacionciudadana.org\/web\/publicaciones\/\",\"url\":\"https:\/\/www.participacionciudadana.org\/web\/publicaciones\/\",\"name\":\"Publicaciones - Participaci\u00f3n Ciudadana\",\"isPartOf\":{\"@id\":\"https:\/\/www.participacionciudadana.org\/web\/#website\"},\"primaryImageOfPage\":{\"@id\":\"https:\/\/www.participacionciudadana.org\/web\/publicaciones\/#primaryimage\"},\"image\":{\"@id\":\"https:\/\/www.participacionciudadana.org\/web\/publicaciones\/#primaryimage\"},\"thumbnailUrl\":\"https:\/\/www.participacionciudadana.org\/web\/wp-content\/uploads\/2023\/02\/Cover-revista20anos-pc-1024x576.png\",\"datePublished\":\"2022-01-10T16:10:12+00:00\",\"dateModified\":\"2026-02-24T20:12:17+00:00\",\"breadcrumb\":{\"@id\":\"https:\/\/www.participacionciudadana.org\/web\/publicaciones\/#breadcrumb\"},\"inLanguage\":\"es\",\"potentialAction\":[{\"@type\":\"ReadAction\",\"target\":[\"https:\/\/www.participacionciudadana.org\/web\/publicaciones\/\"]}]},{\"@type\":\"ImageObject\",\"inLanguage\":\"es\",\"@id\":\"https:\/\/www.participacionciudadana.org\/web\/publicaciones\/#primaryimage\",\"url\":\"https:\/\/www.participacionciudadana.org\/web\/wp-content\/uploads\/2023\/02\/Cover-revista20anos-pc.png\",\"contentUrl\":\"https:\/\/www.participacionciudadana.org\/web\/wp-content\/uploads\/2023\/02\/Cover-revista20anos-pc.png\",\"width\":1920,\"height\":1080},{\"@type\":\"BreadcrumbList\",\"@id\":\"https:\/\/www.participacionciudadana.org\/web\/publicaciones\/#breadcrumb\",\"itemListElement\":[{\"@type\":\"ListItem\",\"position\":1,\"name\":\"Portada\",\"item\":\"https:\/\/www.participacionciudadana.org\/web\/\"},{\"@type\":\"ListItem\",\"position\":2,\"name\":\"Publicaciones\"}]},{\"@type\":\"WebSite\",\"@id\":\"https:\/\/www.participacionciudadana.org\/web\/#website\",\"url\":\"https:\/\/www.participacionciudadana.org\/web\/\",\"name\":\"Participaci\u00f3n Ciudadana\",\"description\":\"Comprometidos con la democracia\",\"publisher\":{\"@id\":\"https:\/\/www.participacionciudadana.org\/web\/#organization\"},\"potentialAction\":[{\"@type\":\"SearchAction\",\"target\":{\"@type\":\"EntryPoint\",\"urlTemplate\":\"https:\/\/www.participacionciudadana.org\/web\/?s={search_term_string}\"},\"query-input\":{\"@type\":\"PropertyValueSpecification\",\"valueRequired\":true,\"valueName\":\"search_term_string\"}}],\"inLanguage\":\"es\"},{\"@type\":\"Organization\",\"@id\":\"https:\/\/www.participacionciudadana.org\/web\/#organization\",\"name\":\"Participaci\u00f3n Ciudadana\",\"url\":\"https:\/\/www.participacionciudadana.org\/web\/\",\"logo\":{\"@type\":\"ImageObject\",\"inLanguage\":\"es\",\"@id\":\"https:\/\/www.participacionciudadana.org\/web\/#\/schema\/logo\/image\/\",\"url\":\"https:\/\/www.participacionciudadana.org\/web\/wp-content\/uploads\/2021\/11\/cropped-logo_pc-1.png\",\"contentUrl\":\"https:\/\/www.participacionciudadana.org\/web\/wp-content\/uploads\/2021\/11\/cropped-logo_pc-1.png\",\"width\":340,\"height\":114,\"caption\":\"Participaci\u00f3n Ciudadana\"},\"image\":{\"@id\":\"https:\/\/www.participacionciudadana.org\/web\/#\/schema\/logo\/image\/\"},\"sameAs\":[\"https:\/\/www.facebook.com\/ParticipacionPC\/\",\"https:\/\/x.com\/ParticipacionPC\"]}]}<\/script>\n<!-- \/ Yoast SEO plugin. -->","yoast_head_json":{"title":"Publicaciones - Participaci\u00f3n Ciudadana","robots":{"index":"index","follow":"follow","max-snippet":"max-snippet:-1","max-image-preview":"max-image-preview:large","max-video-preview":"max-video-preview:-1"},"canonical":"https:\/\/www.participacionciudadana.org\/web\/publicaciones\/","og_locale":"es_ES","og_type":"article","og_title":"Publicaciones - Participaci\u00f3n Ciudadana","og_description":"Publicaciones de Participaci\u00f3n Ciudadana An\u00e1lisis de la situaci\u00f3n fiscal de Ecuador 2025 &#8211; 2026 Ecuador: Situaci\u00f3n Fiscal 2024 y las perspectivas para 2025 An\u00e1lisis de la situaci\u00f3n fiscal 2024 y perspectivas para el 2025 Analisis del relacionamiento del Presidente con la Asamblea Nacional Revista J\u00f3venes Liderando Pensando en Democracia \u00bfC\u00f3mo se ve la participaci\u00f3n pol\u00edtica [&hellip;]","og_url":"https:\/\/www.participacionciudadana.org\/web\/publicaciones\/","og_site_name":"Participaci\u00f3n Ciudadana","article_publisher":"https:\/\/www.facebook.com\/ParticipacionPC\/","article_modified_time":"2026-02-24T20:12:17+00:00","og_image":[{"width":1024,"height":576,"url":"https:\/\/www.participacionciudadana.org\/web\/wp-content\/uploads\/2023\/02\/Cover-revista20anos-pc-1024x576.png","type":"image\/png"}],"twitter_card":"summary_large_image","twitter_site":"@ParticipacionPC","twitter_misc":{"Tiempo de lectura":"10 minutos"},"schema":{"@context":"https:\/\/schema.org","@graph":[{"@type":"WebPage","@id":"https:\/\/www.participacionciudadana.org\/web\/publicaciones\/","url":"https:\/\/www.participacionciudadana.org\/web\/publicaciones\/","name":"Publicaciones - Participaci\u00f3n Ciudadana","isPartOf":{"@id":"https:\/\/www.participacionciudadana.org\/web\/#website"},"primaryImageOfPage":{"@id":"https:\/\/www.participacionciudadana.org\/web\/publicaciones\/#primaryimage"},"image":{"@id":"https:\/\/www.participacionciudadana.org\/web\/publicaciones\/#primaryimage"},"thumbnailUrl":"https:\/\/www.participacionciudadana.org\/web\/wp-content\/uploads\/2023\/02\/Cover-revista20anos-pc-1024x576.png","datePublished":"2022-01-10T16:10:12+00:00","dateModified":"2026-02-24T20:12:17+00:00","breadcrumb":{"@id":"https:\/\/www.participacionciudadana.org\/web\/publicaciones\/#breadcrumb"},"inLanguage":"es","potentialAction":[{"@type":"ReadAction","target":["https:\/\/www.participacionciudadana.org\/web\/publicaciones\/"]}]},{"@type":"ImageObject","inLanguage":"es","@id":"https:\/\/www.participacionciudadana.org\/web\/publicaciones\/#primaryimage","url":"https:\/\/www.participacionciudadana.org\/web\/wp-content\/uploads\/2023\/02\/Cover-revista20anos-pc.png","contentUrl":"https:\/\/www.participacionciudadana.org\/web\/wp-content\/uploads\/2023\/02\/Cover-revista20anos-pc.png","width":1920,"height":1080},{"@type":"BreadcrumbList","@id":"https:\/\/www.participacionciudadana.org\/web\/publicaciones\/#breadcrumb","itemListElement":[{"@type":"ListItem","position":1,"name":"Portada","item":"https:\/\/www.participacionciudadana.org\/web\/"},{"@type":"ListItem","position":2,"name":"Publicaciones"}]},{"@type":"WebSite","@id":"https:\/\/www.participacionciudadana.org\/web\/#website","url":"https:\/\/www.participacionciudadana.org\/web\/","name":"Participaci\u00f3n Ciudadana","description":"Comprometidos con la democracia","publisher":{"@id":"https:\/\/www.participacionciudadana.org\/web\/#organization"},"potentialAction":[{"@type":"SearchAction","target":{"@type":"EntryPoint","urlTemplate":"https:\/\/www.participacionciudadana.org\/web\/?s={search_term_string}"},"query-input":{"@type":"PropertyValueSpecification","valueRequired":true,"valueName":"search_term_string"}}],"inLanguage":"es"},{"@type":"Organization","@id":"https:\/\/www.participacionciudadana.org\/web\/#organization","name":"Participaci\u00f3n Ciudadana","url":"https:\/\/www.participacionciudadana.org\/web\/","logo":{"@type":"ImageObject","inLanguage":"es","@id":"https:\/\/www.participacionciudadana.org\/web\/#\/schema\/logo\/image\/","url":"https:\/\/www.participacionciudadana.org\/web\/wp-content\/uploads\/2021\/11\/cropped-logo_pc-1.png","contentUrl":"https:\/\/www.participacionciudadana.org\/web\/wp-content\/uploads\/2021\/11\/cropped-logo_pc-1.png","width":340,"height":114,"caption":"Participaci\u00f3n Ciudadana"},"image":{"@id":"https:\/\/www.participacionciudadana.org\/web\/#\/schema\/logo\/image\/"},"sameAs":["https:\/\/www.facebook.com\/ParticipacionPC\/","https:\/\/x.com\/ParticipacionPC"]}]}},"_links":{"self":[{"href":"https:\/\/www.participacionciudadana.org\/web\/wp-json\/wp\/v2\/pages\/2694","targetHints":{"allow":["GET"]}}],"collection":[{"href":"https:\/\/www.participacionciudadana.org\/web\/wp-json\/wp\/v2\/pages"}],"about":[{"href":"https:\/\/www.participacionciudadana.org\/web\/wp-json\/wp\/v2\/types\/page"}],"author":[{"embeddable":true,"href":"https:\/\/www.participacionciudadana.org\/web\/wp-json\/wp\/v2\/users\/1"}],"replies":[{"embeddable":true,"href":"https:\/\/www.participacionciudadana.org\/web\/wp-json\/wp\/v2\/comments?post=2694"}],"version-history":[{"count":21,"href":"https:\/\/www.participacionciudadana.org\/web\/wp-json\/wp\/v2\/pages\/2694\/revisions"}],"predecessor-version":[{"id":7887,"href":"https:\/\/www.participacionciudadana.org\/web\/wp-json\/wp\/v2\/pages\/2694\/revisions\/7887"}],"wp:attachment":[{"href":"https:\/\/www.participacionciudadana.org\/web\/wp-json\/wp\/v2\/media?parent=2694"}],"curies":[{"name":"wp","href":"https:\/\/api.w.org\/{rel}","templated":true}]}}