{"id":2891,"date":"2022-01-24T11:47:36","date_gmt":"2022-01-24T16:47:36","guid":{"rendered":"https:\/\/www.participacionciudadana.org\/web\/?page_id=2891"},"modified":"2022-07-14T10:39:57","modified_gmt":"2022-07-14T15:39:57","slug":"podcast","status":"publish","type":"page","link":"https:\/\/www.participacionciudadana.org\/web\/podcast\/","title":{"rendered":"Podcast"},"content":{"rendered":"<div class=\"pt-cv-wrapper\"><div class=\"pt-cv-view pt-cv-collapsible\" id=\"pt-cv-view-ca7acbec8u\"><div data-id=\"pt-cv-page-1\" class=\"pt-cv-page\" data-cvc=\"1\"><div class=\"panel-group\" id=\"5f0c0fafz2\"><div class=\"panel panel-default pt-cv-content-item pt-cv-2-col\" >\r\n<div class=\"panel-heading pt-cv-title\">\r\n    <a class=\"panel-title\" data-toggle=\"cvcollapse\" data-parent=\"#5f0c0fafz2\" data-target=\"#ca1111foal\" href='https:\/\/www.participacionciudadana.org\/web\/podcast\/y-la-democracia-que-2\/y-la-democracia-que-la-importancia-del-desarrollo-sostenible-y-la-cooperacion-imternacional\/' onclick='event.preventDefault()'>\r\n\t\t\u00bfY la Democracia qu\u00e9? &#8211;  La importancia del desarrollo sostenible y la cooperaci\u00f3n imternacional\t<\/a>\r\n\t<\/div>\r\n<div id=\"ca1111foal\" class=\"panel-collapse collapse in\">\r\n\t<div class=\"panel-body\">\r\n\t\t<a href=\"https:\/\/www.participacionciudadana.org\/web\/podcast\/y-la-democracia-que-2\/y-la-democracia-que-la-importancia-del-desarrollo-sostenible-y-la-cooperacion-imternacional\/\" class=\"_self pt-cv-href-thumbnail pt-cv-thumb-left\" target=\"_self\" ><\/a>\n<div class=\"pt-cv-content\">\n<figure class=\"wp-block-embed is-type-rich is-provider-spotify wp-block-embed-spotify wp-embed-aspect-21-9 wp-has-aspect-ratio\"><div class=\"wp-block-embed__wrapper\">\n<iframe title=\"Spotify Embed: El desarrollo sostenible: desafios actuales\" style=\"border-radius: 12px\" width=\"100%\" height=\"152\" frameborder=\"0\" allowfullscreen allow=\"autoplay; clipboard-write; encrypted-media; fullscreen; picture-in-picture\" loading=\"lazy\" src=\"https:\/\/open.spotify.com\/embed\/episode\/4tvm3sNHjZuEIYJn1iyXQk?si=1b-GAB-ERhuUbZPJQCWNAg&#038;utm_source=oembed\"><\/iframe>\n<\/div><\/figure>\n<\/div>\t<\/div>\r\n<\/div><\/div>\n<div class=\"panel panel-default pt-cv-content-item pt-cv-2-col\" >\r\n<div class=\"panel-heading pt-cv-title\">\r\n    <a class=\"panel-title\" data-toggle=\"cvcollapse\" data-parent=\"#5f0c0fafz2\" data-target=\"#1901bacnm7\" href='https:\/\/www.participacionciudadana.org\/web\/podcast\/y-la-democracia-que-2\/y-la-democracia-que-guia-para-la-prevencion-y-erradicacion-de-la-violencia-de-genero-en-el-ecuador\/' onclick='event.preventDefault()'>\r\n\t\t\u00bfY la Democracia qu\u00e9? &#8211; Gu\u00eda para la prevenci\u00f3n y erradicaci\u00f3n de la violencia de g\u00e9nero en el ecuador\t<\/a>\r\n\t<\/div>\r\n<div id=\"1901bacnm7\" class=\"panel-collapse collapse \">\r\n\t<div class=\"panel-body\">\r\n\t\t<a href=\"https:\/\/www.participacionciudadana.org\/web\/podcast\/y-la-democracia-que-2\/y-la-democracia-que-guia-para-la-prevencion-y-erradicacion-de-la-violencia-de-genero-en-el-ecuador\/\" class=\"_self pt-cv-href-thumbnail pt-cv-thumb-left\" target=\"_self\" ><\/a>\n<div class=\"pt-cv-content\">\n<figure class=\"wp-block-embed is-type-rich is-provider-spotify wp-block-embed-spotify wp-embed-aspect-21-9 wp-has-aspect-ratio\"><div class=\"wp-block-embed__wrapper\">\n<iframe title=\"Spotify Embed: Gu\u00eda para la prevenci\u00f3n y erradicaci\u00f3n de la violencia de g\u00e9nero en el Ecuador\" style=\"border-radius: 12px\" width=\"100%\" height=\"152\" frameborder=\"0\" allowfullscreen allow=\"autoplay; clipboard-write; encrypted-media; fullscreen; picture-in-picture\" loading=\"lazy\" src=\"https:\/\/open.spotify.com\/embed\/episode\/2ZLVO1j58PxFtlQKYiENMz?si=uySVufI7RZ2O7Ww8E7OVnw&#038;context=spotify%3Ashow%3A7tHxXYTsbDP5zHOsJsgVKU&#038;utm_source=oembed\"><\/iframe>\n<\/div><\/figure>\n<\/div>\t<\/div>\r\n<\/div><\/div>\n<div class=\"panel panel-default pt-cv-content-item pt-cv-2-col\" >\r\n<div class=\"panel-heading pt-cv-title\">\r\n    <a class=\"panel-title\" data-toggle=\"cvcollapse\" data-parent=\"#5f0c0fafz2\" data-target=\"#d61a73e9cx\" href='https:\/\/www.participacionciudadana.org\/web\/podcast\/y-la-democracia-que-2\/y-la-democracia-que-la-igualdad-de-las-mujeres-en-la-politica-publica\/' onclick='event.preventDefault()'>\r\n\t\t\u00bfY la Democracia qu\u00e9? &#8211; La igualdad de las mujeres en la pol\u00edtica p\u00fablica\t<\/a>\r\n\t<\/div>\r\n<div id=\"d61a73e9cx\" class=\"panel-collapse collapse \">\r\n\t<div class=\"panel-body\">\r\n\t\t<a href=\"https:\/\/www.participacionciudadana.org\/web\/podcast\/y-la-democracia-que-2\/y-la-democracia-que-la-igualdad-de-las-mujeres-en-la-politica-publica\/\" class=\"_self pt-cv-href-thumbnail pt-cv-thumb-left\" target=\"_self\" ><\/a>\n<div class=\"pt-cv-content\">\n<figure class=\"wp-block-embed is-type-rich is-provider-spotify wp-block-embed-spotify wp-embed-aspect-21-9 wp-has-aspect-ratio\"><div class=\"wp-block-embed__wrapper\">\n<iframe title=\"Spotify Embed: \u00bfCu\u00e1les son los desaf\u00edos en la implementaci\u00f3n de pol\u00edticas p\u00fablicas para la igualdad de g\u00e9nero en Ecuador?\" style=\"border-radius: 12px\" width=\"100%\" height=\"152\" frameborder=\"0\" allowfullscreen allow=\"autoplay; clipboard-write; encrypted-media; fullscreen; picture-in-picture\" loading=\"lazy\" src=\"https:\/\/open.spotify.com\/embed\/episode\/4g6EDZ2Y2FN2DNpuGSxD4z?si=6OwPKKsOQL2php2P1-K3hQ&#038;context=spotify%3Ashow%3A7tHxXYTsbDP5zHOsJsgVKU&#038;utm_source=oembed\"><\/iframe>\n<\/div><\/figure>\n<\/div>\t<\/div>\r\n<\/div><\/div>\n<div class=\"panel panel-default pt-cv-content-item pt-cv-2-col\" >\r\n<div class=\"panel-heading pt-cv-title\">\r\n    <a class=\"panel-title\" data-toggle=\"cvcollapse\" data-parent=\"#5f0c0fafz2\" data-target=\"#b929cc9vkl\" href='https:\/\/www.participacionciudadana.org\/web\/podcast\/y-la-democracia-que-2\/y-la-democracia-que-comunicacion-digital-efectiva\/' onclick='event.preventDefault()'>\r\n\t\t\u00bfY la democracia -qu\u00e9? &#8211; Comunicaci\u00f3n digital efectiva\t<\/a>\r\n\t<\/div>\r\n<div id=\"b929cc9vkl\" class=\"panel-collapse collapse \">\r\n\t<div class=\"panel-body\">\r\n\t\t<a href=\"https:\/\/www.participacionciudadana.org\/web\/podcast\/y-la-democracia-que-2\/y-la-democracia-que-comunicacion-digital-efectiva\/\" class=\"_self pt-cv-href-thumbnail pt-cv-thumb-left\" target=\"_self\" ><\/a>\n<div class=\"pt-cv-content\">\n<p>Isabel Proa\u00f1o<\/p>\n\n\n\n<figure class=\"wp-block-embed is-type-rich is-provider-spotify wp-block-embed-spotify wp-embed-aspect-21-9 wp-has-aspect-ratio\"><div class=\"wp-block-embed__wrapper\">\n<iframe title=\"Spotify Embed: Comunicaci\u00f3n digital efectiva\" style=\"border-radius: 12px\" width=\"100%\" height=\"152\" frameborder=\"0\" allowfullscreen allow=\"autoplay; clipboard-write; encrypted-media; fullscreen; picture-in-picture\" loading=\"lazy\" src=\"https:\/\/open.spotify.com\/embed\/episode\/1eb9eehGRZRlOVibcJxGHX?si=84259bad1aa142dd&#038;utm_source=oembed\"><\/iframe>\n<\/div><\/figure>\n<\/div>\t<\/div>\r\n<\/div><\/div>\n<div class=\"panel panel-default pt-cv-content-item pt-cv-2-col\" >\r\n<div class=\"panel-heading pt-cv-title\">\r\n    <a class=\"panel-title\" data-toggle=\"cvcollapse\" data-parent=\"#5f0c0fafz2\" data-target=\"#77152954bs\" href='https:\/\/www.participacionciudadana.org\/web\/podcast\/y-la-democracia-que-2\/y-la-democracia-que-la-resolucion-de-conflictos\/' onclick='event.preventDefault()'>\r\n\t\t\u00bfY la democracia qu\u00e9? &#8211; La resoluci\u00f3n de conflictos\t<\/a>\r\n\t<\/div>\r\n<div id=\"77152954bs\" class=\"panel-collapse collapse \">\r\n\t<div class=\"panel-body\">\r\n\t\t<a href=\"https:\/\/www.participacionciudadana.org\/web\/podcast\/y-la-democracia-que-2\/y-la-democracia-que-la-resolucion-de-conflictos\/\" class=\"_self pt-cv-href-thumbnail pt-cv-thumb-left\" target=\"_self\" ><\/a>\n<div class=\"pt-cv-content\">\n<p>Jorge Zalles<\/p>\n\n\n\n<figure class=\"wp-block-embed is-type-rich is-provider-spotify wp-block-embed-spotify wp-embed-aspect-21-9 wp-has-aspect-ratio\"><div class=\"wp-block-embed__wrapper\">\n<iframe title=\"Spotify Embed: La resoluci\u00f3n de conflictos\" style=\"border-radius: 12px\" width=\"100%\" height=\"152\" frameborder=\"0\" allowfullscreen allow=\"autoplay; clipboard-write; encrypted-media; fullscreen; picture-in-picture\" loading=\"lazy\" src=\"https:\/\/open.spotify.com\/embed\/episode\/0yuXDj4UhGYWcw1LuOs4Wl?si=375a7d86695f4315&#038;utm_source=oembed\"><\/iframe>\n<\/div><\/figure>\n<\/div>\t<\/div>\r\n<\/div><\/div>\n<div class=\"panel panel-default pt-cv-content-item pt-cv-2-col\" >\r\n<div class=\"panel-heading pt-cv-title\">\r\n    <a class=\"panel-title\" data-toggle=\"cvcollapse\" data-parent=\"#5f0c0fafz2\" data-target=\"#6d3f40etkw\" href='https:\/\/www.participacionciudadana.org\/web\/podcast\/y-la-democracia-que-2\/y-la-democracia-que\/' onclick='event.preventDefault()'>\r\n\t\t\u00bfY la democracia qu\u00e9? &#8211; Participaci\u00f3n Ciudadana y Control Social\t<\/a>\r\n\t<\/div>\r\n<div id=\"6d3f40etkw\" class=\"panel-collapse collapse \">\r\n\t<div class=\"panel-body\">\r\n\t\t<a href=\"https:\/\/www.participacionciudadana.org\/web\/podcast\/y-la-democracia-que-2\/y-la-democracia-que\/\" class=\"_self pt-cv-href-thumbnail pt-cv-thumb-left\" target=\"_self\" ><\/a>\n<div class=\"pt-cv-content\">\n<p>Sim\u00f3n Jaramillo<\/p>\n\n\n\n<figure class=\"wp-block-embed is-type-rich is-provider-spotify wp-block-embed-spotify wp-embed-aspect-21-9 wp-has-aspect-ratio\"><div class=\"wp-block-embed__wrapper\">\n<iframe title=\"Spotify Embed: Participaci\u00f3n Ciudadana y Control Social\" style=\"border-radius: 12px\" width=\"100%\" height=\"152\" frameborder=\"0\" allowfullscreen allow=\"autoplay; clipboard-write; encrypted-media; fullscreen; picture-in-picture\" loading=\"lazy\" src=\"https:\/\/open.spotify.com\/embed\/episode\/4oUBqXYyHoh2aoFc15EIDO?si=xEG_wG0KRZyUn7Ff92fByw&#038;utm_source=oembed\"><\/iframe> \n<\/div><\/figure>\n<\/div>\t<\/div>\r\n<\/div><\/div>\n<div class=\"panel panel-default pt-cv-content-item pt-cv-2-col\" >\r\n<div class=\"panel-heading pt-cv-title\">\r\n    <a class=\"panel-title\" data-toggle=\"cvcollapse\" data-parent=\"#5f0c0fafz2\" data-target=\"#b0f5ae1tcx\" href='https:\/\/www.participacionciudadana.org\/web\/podcast\/y-la-democracia-que-2\/y-la-democracia-que-jovenes-liderando-iii\/' onclick='event.preventDefault()'>\r\n\t\t\u00bfY la democracia qu\u00e9? &#8211; J\u00f3venes Liderando III\t<\/a>\r\n\t<\/div>\r\n<div id=\"b0f5ae1tcx\" class=\"panel-collapse collapse \">\r\n\t<div class=\"panel-body\">\r\n\t\t<a href=\"https:\/\/www.participacionciudadana.org\/web\/podcast\/y-la-democracia-que-2\/y-la-democracia-que-jovenes-liderando-iii\/\" class=\"_self pt-cv-href-thumbnail pt-cv-thumb-left\" target=\"_self\" ><\/a>\n<div class=\"pt-cv-content\">\n<p>Ruth Hidalgo<\/p>\n\n\n\n<figure class=\"wp-block-embed is-type-rich is-provider-spotify wp-block-embed-spotify wp-embed-aspect-21-9 wp-has-aspect-ratio\"><div class=\"wp-block-embed__wrapper\">\n<iframe title=\"Spotify Embed: J\u00f3venes Liderando III\" style=\"border-radius: 12px\" width=\"100%\" height=\"152\" frameborder=\"0\" allowfullscreen allow=\"autoplay; clipboard-write; encrypted-media; fullscreen; picture-in-picture\" loading=\"lazy\" src=\"https:\/\/open.spotify.com\/embed\/episode\/43bSJBEiZ6IGABJkwZjVBV?si=37aaf18e867c40d2&#038;utm_source=oembed\"><\/iframe>\n<\/div><\/figure>\n<\/div>\t<\/div>\r\n<\/div><\/div><\/div><\/div><\/div><\/div>\n\n\n<div class=\"pt-cv-wrapper\"><div class=\"pt-cv-view pt-cv-collapsible\" id=\"pt-cv-view-fc8ceb72dz\"><div data-id=\"pt-cv-page-1\" class=\"pt-cv-page\" data-cvc=\"1\"><div class=\"panel-group\" id=\"066ec6f8nm\"><div class=\"panel panel-default pt-cv-content-item pt-cv-1-col\" >\r\n<div class=\"panel-heading pt-cv-title\">\r\n    <a class=\"panel-title\" data-toggle=\"cvcollapse\" data-parent=\"#066ec6f8nm\" data-target=\"#0764b3cq6c\" href='https:\/\/www.participacionciudadana.org\/web\/podcast\/la-democracia-es-con-mujeres\/la-democracia-es-con-mujeres-reformas-electorales\/' onclick='event.preventDefault()'>\r\n\t\tLa democracia es con mujeres &#8211; Reformas Electorales\t<\/a>\r\n\t<\/div>\r\n<div id=\"0764b3cq6c\" class=\"panel-collapse collapse in\">\r\n\t<div class=\"panel-body\">\r\n\t\t<a href=\"https:\/\/www.participacionciudadana.org\/web\/podcast\/la-democracia-es-con-mujeres\/la-democracia-es-con-mujeres-reformas-electorales\/\" class=\"_self pt-cv-href-thumbnail pt-cv-thumb-default\" target=\"_self\" ><\/a>\n<div class=\"pt-cv-content\">\n<p>Ruth Hidalgo<\/p>\n\n\n\n<figure class=\"wp-block-embed is-type-rich is-provider-spotify wp-block-embed-spotify wp-embed-aspect-21-9 wp-has-aspect-ratio\"><div class=\"wp-block-embed__wrapper\">\n<iframe title=\"Spotify Embed: Reformas Electorales\" style=\"border-radius: 12px\" width=\"100%\" height=\"152\" frameborder=\"0\" allowfullscreen allow=\"autoplay; clipboard-write; encrypted-media; fullscreen; picture-in-picture\" loading=\"lazy\" src=\"https:\/\/open.spotify.com\/embed\/episode\/55hu84a9djtvQ9cGTn1HH6?si=92f625589cad4c32&#038;utm_source=oembed\"><\/iframe>\n<\/div><\/figure>\n<\/div>\t<\/div>\r\n<\/div><\/div>\n<div class=\"panel panel-default pt-cv-content-item pt-cv-1-col\" >\r\n<div class=\"panel-heading pt-cv-title\">\r\n    <a class=\"panel-title\" data-toggle=\"cvcollapse\" data-parent=\"#066ec6f8nm\" data-target=\"#f315204cxn\" href='https:\/\/www.participacionciudadana.org\/web\/podcast\/la-democracia-es-con-mujeres\/la-democracia-es-con-mujeres-mujeres-indigenas-equidad-y-lucha-contra-la-violencia-de-genero-kichwa\/' onclick='event.preventDefault()'>\r\n\t\tLa democracia es con mujeres &#8211; Mujeres ind\u00edgenas, equidad y lucha contra la violencia de g\u00e9nero (Kichwa)\t<\/a>\r\n\t<\/div>\r\n<div id=\"f315204cxn\" class=\"panel-collapse collapse \">\r\n\t<div class=\"panel-body\">\r\n\t\t<a href=\"https:\/\/www.participacionciudadana.org\/web\/podcast\/la-democracia-es-con-mujeres\/la-democracia-es-con-mujeres-mujeres-indigenas-equidad-y-lucha-contra-la-violencia-de-genero-kichwa\/\" class=\"_self pt-cv-href-thumbnail pt-cv-thumb-default\" target=\"_self\" ><\/a>\n<div class=\"pt-cv-content\">\n<p>Lourdes Tuqu\u00e9rrez Maigua<\/p>\n\n\n\n<figure class=\"wp-block-embed is-type-rich is-provider-spotify wp-block-embed-spotify wp-embed-aspect-21-9 wp-has-aspect-ratio\"><div class=\"wp-block-embed__wrapper\">\n<iframe title=\"Spotify Embed: Mujeres ind\u00edgenas, equidad y lucha contra la violencia de g\u00e9nero (Kichwa).\" style=\"border-radius: 12px\" width=\"100%\" height=\"152\" frameborder=\"0\" allowfullscreen allow=\"autoplay; clipboard-write; encrypted-media; fullscreen; picture-in-picture\" loading=\"lazy\" src=\"https:\/\/open.spotify.com\/embed\/episode\/7CwXBdkL6t9YvFcjHLXA20?si=NmHht_vCTI6nAoXnBtgu5w&#038;utm_source=oembed\"><\/iframe> \n<\/div><\/figure>\n<\/div>\t<\/div>\r\n<\/div><\/div>\n<div class=\"panel panel-default pt-cv-content-item pt-cv-1-col\" >\r\n<div class=\"panel-heading pt-cv-title\">\r\n    <a class=\"panel-title\" data-toggle=\"cvcollapse\" data-parent=\"#066ec6f8nm\" data-target=\"#8969194xl4\" href='https:\/\/www.participacionciudadana.org\/web\/podcast\/la-democracia-es-con-mujeres\/la-democracia-es-con-mujeres-medidas-legislativas-pendientes-para-dar-cumplimiento-a-los-ddhh-de-ninas-y-mujeres-en-ecuador\/' onclick='event.preventDefault()'>\r\n\t\tLa democracia es con mujeres &#8211; Medidas legislativas pendientes para dar cumplimiento a los DDHH de ni\u00f1as y mujeres en Ecuador\t<\/a>\r\n\t<\/div>\r\n<div id=\"8969194xl4\" class=\"panel-collapse collapse \">\r\n\t<div class=\"panel-body\">\r\n\t\t<a href=\"https:\/\/www.participacionciudadana.org\/web\/podcast\/la-democracia-es-con-mujeres\/la-democracia-es-con-mujeres-medidas-legislativas-pendientes-para-dar-cumplimiento-a-los-ddhh-de-ninas-y-mujeres-en-ecuador\/\" class=\"_self pt-cv-href-thumbnail pt-cv-thumb-default\" target=\"_self\" ><\/a>\n<div class=\"pt-cv-content\">\n<p>Ana \u00c1lava<\/p>\n\n\n\n<figure class=\"wp-block-embed is-type-rich is-provider-spotify wp-block-embed-spotify wp-embed-aspect-21-9 wp-has-aspect-ratio\"><div class=\"wp-block-embed__wrapper\">\n<iframe title=\"Spotify Embed: Medidas legislativas pendientes para dar cumplimiento a los DDHH de ni\u00f1as y mujeres en Ecuador\" style=\"border-radius: 12px\" width=\"100%\" height=\"152\" frameborder=\"0\" allowfullscreen allow=\"autoplay; clipboard-write; encrypted-media; fullscreen; picture-in-picture\" loading=\"lazy\" src=\"https:\/\/open.spotify.com\/embed\/episode\/00VRRt1qfq2gPDqJzpJLyK?si=d9535b92f79a478d&#038;utm_source=oembed\"><\/iframe>\n<\/div><\/figure>\n<\/div>\t<\/div>\r\n<\/div><\/div>\n<div class=\"panel panel-default pt-cv-content-item pt-cv-1-col\" >\r\n<div class=\"panel-heading pt-cv-title\">\r\n    <a class=\"panel-title\" data-toggle=\"cvcollapse\" data-parent=\"#066ec6f8nm\" data-target=\"#82fd4b07g2\" href='https:\/\/www.participacionciudadana.org\/web\/podcast\/la-democracia-es-con-mujeres\/la-democracia-es-con-mujeres-pacto-politico-fiscal-por-el-derecho-de-mujeres-y-ninas-a-una-vida-libre-de-violencia\/' onclick='event.preventDefault()'>\r\n\t\tLa democracia es con mujeres &#8211; Pacto pol\u00edtico fiscal por el derecho de mujeres y ni\u00f1as a una vida libre de violencia\t<\/a>\r\n\t<\/div>\r\n<div id=\"82fd4b07g2\" class=\"panel-collapse collapse \">\r\n\t<div class=\"panel-body\">\r\n\t\t<a href=\"https:\/\/www.participacionciudadana.org\/web\/podcast\/la-democracia-es-con-mujeres\/la-democracia-es-con-mujeres-pacto-politico-fiscal-por-el-derecho-de-mujeres-y-ninas-a-una-vida-libre-de-violencia\/\" class=\"_self pt-cv-href-thumbnail pt-cv-thumb-default\" target=\"_self\" ><\/a>\n<div class=\"pt-cv-content\">\n<p>Virginia Paredes<\/p>\n\n\n\n<figure class=\"wp-block-embed is-type-rich is-provider-spotify wp-block-embed-spotify wp-embed-aspect-21-9 wp-has-aspect-ratio\"><div class=\"wp-block-embed__wrapper\">\n<iframe title=\"Spotify Embed: Pacto pol\u00edtico fiscal por el derecho de mujeres y ni\u00f1as a una vida libre de violencia\" style=\"border-radius: 12px\" width=\"100%\" height=\"152\" frameborder=\"0\" allowfullscreen allow=\"autoplay; clipboard-write; encrypted-media; fullscreen; picture-in-picture\" loading=\"lazy\" src=\"https:\/\/open.spotify.com\/embed\/episode\/2Igg2CsO7HRjrZ5OWBQoZw?si=394b03aa062a4db8&#038;utm_source=oembed\"><\/iframe> \n<\/div><\/figure>\n<\/div>\t<\/div>\r\n<\/div><\/div>\n<div class=\"panel panel-default pt-cv-content-item pt-cv-1-col\" >\r\n<div class=\"panel-heading pt-cv-title\">\r\n    <a class=\"panel-title\" data-toggle=\"cvcollapse\" data-parent=\"#066ec6f8nm\" data-target=\"#30429b2xyw\" href='https:\/\/www.participacionciudadana.org\/web\/podcast\/la-democracia-es-con-mujeres\/la-democracia-es-con-mujeres-mujeres-indigenas-equidad-y-lucha-contra-la-violencia-de-genero\/' onclick='event.preventDefault()'>\r\n\t\tLa democracia es con mujeres &#8211; Mujeres ind\u00edgenas, equidad y lucha contra la violencia de g\u00e9nero\t<\/a>\r\n\t<\/div>\r\n<div id=\"30429b2xyw\" class=\"panel-collapse collapse \">\r\n\t<div class=\"panel-body\">\r\n\t\t<a href=\"https:\/\/www.participacionciudadana.org\/web\/podcast\/la-democracia-es-con-mujeres\/la-democracia-es-con-mujeres-mujeres-indigenas-equidad-y-lucha-contra-la-violencia-de-genero\/\" class=\"_self pt-cv-href-thumbnail pt-cv-thumb-default\" target=\"_self\" ><\/a>\n<div class=\"pt-cv-content\">\n<p>Koya Shugul\u00ed<\/p>\n\n\n\n<figure class=\"wp-block-embed is-type-rich is-provider-spotify wp-block-embed-spotify wp-embed-aspect-21-9 wp-has-aspect-ratio\"><div class=\"wp-block-embed__wrapper\">\n <iframe title=\"Spotify Embed: Mujeres ind\u00edgenas, equidad y lucha contra la violencia de g\u00e9nero\" style=\"border-radius: 12px\" width=\"100%\" height=\"152\" frameborder=\"0\" allowfullscreen allow=\"autoplay; clipboard-write; encrypted-media; fullscreen; picture-in-picture\" loading=\"lazy\" src=\"https:\/\/open.spotify.com\/embed\/episode\/2C45lHlhP2E4e43LqFixGK?si=a8949b0a7d9f44a3&#038;utm_source=oembed\"><\/iframe>\n<\/div><\/figure>\n<\/div>\t<\/div>\r\n<\/div><\/div>\n<div class=\"panel panel-default pt-cv-content-item pt-cv-1-col\" >\r\n<div class=\"panel-heading pt-cv-title\">\r\n    <a class=\"panel-title\" data-toggle=\"cvcollapse\" data-parent=\"#066ec6f8nm\" data-target=\"#08a7879qgo\" href='https:\/\/www.participacionciudadana.org\/web\/podcast\/la-democracia-es-con-mujeres\/la-democracia-es-con-mujeres-como-se-ve-la-participacion-politica-de-las-mujeres-en-el-ecuador\/' onclick='event.preventDefault()'>\r\n\t\tLa democracia es con mujeres &#8211; \u00bfC\u00f3mo se ve la participaci\u00f3n pol\u00edtica de las mujeres en el Ecuador?\t<\/a>\r\n\t<\/div>\r\n<div id=\"08a7879qgo\" class=\"panel-collapse collapse \">\r\n\t<div class=\"panel-body\">\r\n\t\t<a href=\"https:\/\/www.participacionciudadana.org\/web\/podcast\/la-democracia-es-con-mujeres\/la-democracia-es-con-mujeres-como-se-ve-la-participacion-politica-de-las-mujeres-en-el-ecuador\/\" class=\"_self pt-cv-href-thumbnail pt-cv-thumb-default\" target=\"_self\" ><\/a>\n<div class=\"pt-cv-content\">\n<p>Arturo Moscoso<\/p>\n\n\n\n<figure class=\"wp-block-embed is-type-rich is-provider-spotify wp-block-embed-spotify wp-embed-aspect-21-9 wp-has-aspect-ratio\"><div class=\"wp-block-embed__wrapper\">\n<iframe title=\"Spotify Embed: C\u00f3mo se ve la participaci\u00f3n pol\u00edtica de las mujeres en Ecuador?\" style=\"border-radius: 12px\" width=\"100%\" height=\"152\" frameborder=\"0\" allowfullscreen allow=\"autoplay; clipboard-write; encrypted-media; fullscreen; picture-in-picture\" loading=\"lazy\" src=\"https:\/\/open.spotify.com\/embed\/episode\/553248UgqLgOtie8NiFjIB?si=78092f40a80f4f38&#038;utm_source=oembed\"><\/iframe>\n<\/div><\/figure>\n<\/div>\t<\/div>\r\n<\/div><\/div><\/div><\/div><\/div><\/div>\n","protected":false},"excerpt":{"rendered":"","protected":false},"author":1,"featured_media":0,"parent":0,"menu_order":0,"comment_status":"closed","ping_status":"closed","template":"","meta":{"site-sidebar-layout":"default","site-content-layout":"","ast-site-content-layout":"default","site-content-style":"default","site-sidebar-style":"default","ast-global-header-display":"","ast-banner-title-visibility":"","ast-main-header-display":"","ast-hfb-above-header-display":"","ast-hfb-below-header-display":"","ast-hfb-mobile-header-display":"","site-post-title":"","ast-breadcrumbs-content":"","ast-featured-img":"","footer-sml-layout":"","ast-disable-related-posts":"","theme-transparent-header-meta":"","adv-header-id-meta":"","stick-header-meta":"","header-above-stick-meta":"","header-main-stick-meta":"","header-below-stick-meta":"","astra-migrate-meta-layouts":"default","ast-page-background-enabled":"default","ast-page-background-meta":{"desktop":{"background-color":"","background-image":"","background-repeat":"repeat","background-position":"center center","background-size":"auto","background-attachment":"scroll","background-type":"","background-media":"","overlay-type":"","overlay-color":"","overlay-opacity":"","overlay-gradient":""},"tablet":{"background-color":"","background-image":"","background-repeat":"repeat","background-position":"center center","background-size":"auto","background-attachment":"scroll","background-type":"","background-media":"","overlay-type":"","overlay-color":"","overlay-opacity":"","overlay-gradient":""},"mobile":{"background-color":"","background-image":"","background-repeat":"repeat","background-position":"center center","background-size":"auto","background-attachment":"scroll","background-type":"","background-media":"","overlay-type":"","overlay-color":"","overlay-opacity":"","overlay-gradient":""}},"ast-content-background-meta":{"desktop":{"background-color":"var(--ast-global-color-5)","background-image":"","background-repeat":"repeat","background-position":"center center","background-size":"auto","background-attachment":"scroll","background-type":"","background-media":"","overlay-type":"","overlay-color":"","overlay-opacity":"","overlay-gradient":""},"tablet":{"background-color":"var(--ast-global-color-5)","background-image":"","background-repeat":"repeat","background-position":"center center","background-size":"auto","background-attachment":"scroll","background-type":"","background-media":"","overlay-type":"","overlay-color":"","overlay-opacity":"","overlay-gradient":""},"mobile":{"background-color":"var(--ast-global-color-5)","background-image":"","background-repeat":"repeat","background-position":"center center","background-size":"auto","background-attachment":"scroll","background-type":"","background-media":"","overlay-type":"","overlay-color":"","overlay-opacity":"","overlay-gradient":""}},"_joinchat":[],"footnotes":""},"class_list":["post-2891","page","type-page","status-publish","hentry"],"yoast_head":"<!-- This site is optimized with the Yoast SEO plugin v26.5 - https:\/\/yoast.com\/wordpress\/plugins\/seo\/ -->\n<title>Podcast - Participaci\u00f3n Ciudadana<\/title>\n<meta name=\"robots\" content=\"index, follow, max-snippet:-1, max-image-preview:large, max-video-preview:-1\" \/>\n<link rel=\"canonical\" href=\"https:\/\/www.participacionciudadana.org\/web\/podcast\/\" \/>\n<meta property=\"og:locale\" content=\"es_ES\" \/>\n<meta property=\"og:type\" content=\"article\" \/>\n<meta property=\"og:title\" content=\"Podcast - Participaci\u00f3n Ciudadana\" \/>\n<meta property=\"og:url\" content=\"https:\/\/www.participacionciudadana.org\/web\/podcast\/\" \/>\n<meta property=\"og:site_name\" content=\"Participaci\u00f3n Ciudadana\" \/>\n<meta property=\"article:publisher\" content=\"https:\/\/www.facebook.com\/ParticipacionPC\/\" \/>\n<meta property=\"article:modified_time\" content=\"2022-07-14T15:39:57+00:00\" \/>\n<meta name=\"twitter:card\" content=\"summary_large_image\" \/>\n<meta name=\"twitter:site\" content=\"@ParticipacionPC\" \/>\n<script type=\"application\/ld+json\" class=\"yoast-schema-graph\">{\"@context\":\"https:\/\/schema.org\",\"@graph\":[{\"@type\":\"WebPage\",\"@id\":\"https:\/\/www.participacionciudadana.org\/web\/podcast\/\",\"url\":\"https:\/\/www.participacionciudadana.org\/web\/podcast\/\",\"name\":\"Podcast - Participaci\u00f3n Ciudadana\",\"isPartOf\":{\"@id\":\"https:\/\/www.participacionciudadana.org\/web\/#website\"},\"datePublished\":\"2022-01-24T16:47:36+00:00\",\"dateModified\":\"2022-07-14T15:39:57+00:00\",\"breadcrumb\":{\"@id\":\"https:\/\/www.participacionciudadana.org\/web\/podcast\/#breadcrumb\"},\"inLanguage\":\"es\",\"potentialAction\":[{\"@type\":\"ReadAction\",\"target\":[\"https:\/\/www.participacionciudadana.org\/web\/podcast\/\"]}]},{\"@type\":\"BreadcrumbList\",\"@id\":\"https:\/\/www.participacionciudadana.org\/web\/podcast\/#breadcrumb\",\"itemListElement\":[{\"@type\":\"ListItem\",\"position\":1,\"name\":\"Portada\",\"item\":\"https:\/\/www.participacionciudadana.org\/web\/\"},{\"@type\":\"ListItem\",\"position\":2,\"name\":\"Podcast\"}]},{\"@type\":\"WebSite\",\"@id\":\"https:\/\/www.participacionciudadana.org\/web\/#website\",\"url\":\"https:\/\/www.participacionciudadana.org\/web\/\",\"name\":\"Participaci\u00f3n Ciudadana\",\"description\":\"Comprometidos con la democracia\",\"publisher\":{\"@id\":\"https:\/\/www.participacionciudadana.org\/web\/#organization\"},\"potentialAction\":[{\"@type\":\"SearchAction\",\"target\":{\"@type\":\"EntryPoint\",\"urlTemplate\":\"https:\/\/www.participacionciudadana.org\/web\/?s={search_term_string}\"},\"query-input\":{\"@type\":\"PropertyValueSpecification\",\"valueRequired\":true,\"valueName\":\"search_term_string\"}}],\"inLanguage\":\"es\"},{\"@type\":\"Organization\",\"@id\":\"https:\/\/www.participacionciudadana.org\/web\/#organization\",\"name\":\"Participaci\u00f3n Ciudadana\",\"url\":\"https:\/\/www.participacionciudadana.org\/web\/\",\"logo\":{\"@type\":\"ImageObject\",\"inLanguage\":\"es\",\"@id\":\"https:\/\/www.participacionciudadana.org\/web\/#\/schema\/logo\/image\/\",\"url\":\"https:\/\/www.participacionciudadana.org\/web\/wp-content\/uploads\/2021\/11\/cropped-logo_pc-1.png\",\"contentUrl\":\"https:\/\/www.participacionciudadana.org\/web\/wp-content\/uploads\/2021\/11\/cropped-logo_pc-1.png\",\"width\":340,\"height\":114,\"caption\":\"Participaci\u00f3n Ciudadana\"},\"image\":{\"@id\":\"https:\/\/www.participacionciudadana.org\/web\/#\/schema\/logo\/image\/\"},\"sameAs\":[\"https:\/\/www.facebook.com\/ParticipacionPC\/\",\"https:\/\/x.com\/ParticipacionPC\"]}]}<\/script>\n<!-- \/ Yoast SEO plugin. -->","yoast_head_json":{"title":"Podcast - Participaci\u00f3n Ciudadana","robots":{"index":"index","follow":"follow","max-snippet":"max-snippet:-1","max-image-preview":"max-image-preview:large","max-video-preview":"max-video-preview:-1"},"canonical":"https:\/\/www.participacionciudadana.org\/web\/podcast\/","og_locale":"es_ES","og_type":"article","og_title":"Podcast - Participaci\u00f3n Ciudadana","og_url":"https:\/\/www.participacionciudadana.org\/web\/podcast\/","og_site_name":"Participaci\u00f3n Ciudadana","article_publisher":"https:\/\/www.facebook.com\/ParticipacionPC\/","article_modified_time":"2022-07-14T15:39:57+00:00","twitter_card":"summary_large_image","twitter_site":"@ParticipacionPC","schema":{"@context":"https:\/\/schema.org","@graph":[{"@type":"WebPage","@id":"https:\/\/www.participacionciudadana.org\/web\/podcast\/","url":"https:\/\/www.participacionciudadana.org\/web\/podcast\/","name":"Podcast - Participaci\u00f3n Ciudadana","isPartOf":{"@id":"https:\/\/www.participacionciudadana.org\/web\/#website"},"datePublished":"2022-01-24T16:47:36+00:00","dateModified":"2022-07-14T15:39:57+00:00","breadcrumb":{"@id":"https:\/\/www.participacionciudadana.org\/web\/podcast\/#breadcrumb"},"inLanguage":"es","potentialAction":[{"@type":"ReadAction","target":["https:\/\/www.participacionciudadana.org\/web\/podcast\/"]}]},{"@type":"BreadcrumbList","@id":"https:\/\/www.participacionciudadana.org\/web\/podcast\/#breadcrumb","itemListElement":[{"@type":"ListItem","position":1,"name":"Portada","item":"https:\/\/www.participacionciudadana.org\/web\/"},{"@type":"ListItem","position":2,"name":"Podcast"}]},{"@type":"WebSite","@id":"https:\/\/www.participacionciudadana.org\/web\/#website","url":"https:\/\/www.participacionciudadana.org\/web\/","name":"Participaci\u00f3n Ciudadana","description":"Comprometidos con la democracia","publisher":{"@id":"https:\/\/www.participacionciudadana.org\/web\/#organization"},"potentialAction":[{"@type":"SearchAction","target":{"@type":"EntryPoint","urlTemplate":"https:\/\/www.participacionciudadana.org\/web\/?s={search_term_string}"},"query-input":{"@type":"PropertyValueSpecification","valueRequired":true,"valueName":"search_term_string"}}],"inLanguage":"es"},{"@type":"Organization","@id":"https:\/\/www.participacionciudadana.org\/web\/#organization","name":"Participaci\u00f3n Ciudadana","url":"https:\/\/www.participacionciudadana.org\/web\/","logo":{"@type":"ImageObject","inLanguage":"es","@id":"https:\/\/www.participacionciudadana.org\/web\/#\/schema\/logo\/image\/","url":"https:\/\/www.participacionciudadana.org\/web\/wp-content\/uploads\/2021\/11\/cropped-logo_pc-1.png","contentUrl":"https:\/\/www.participacionciudadana.org\/web\/wp-content\/uploads\/2021\/11\/cropped-logo_pc-1.png","width":340,"height":114,"caption":"Participaci\u00f3n Ciudadana"},"image":{"@id":"https:\/\/www.participacionciudadana.org\/web\/#\/schema\/logo\/image\/"},"sameAs":["https:\/\/www.facebook.com\/ParticipacionPC\/","https:\/\/x.com\/ParticipacionPC"]}]}},"_links":{"self":[{"href":"https:\/\/www.participacionciudadana.org\/web\/wp-json\/wp\/v2\/pages\/2891","targetHints":{"allow":["GET"]}}],"collection":[{"href":"https:\/\/www.participacionciudadana.org\/web\/wp-json\/wp\/v2\/pages"}],"about":[{"href":"https:\/\/www.participacionciudadana.org\/web\/wp-json\/wp\/v2\/types\/page"}],"author":[{"embeddable":true,"href":"https:\/\/www.participacionciudadana.org\/web\/wp-json\/wp\/v2\/users\/1"}],"replies":[{"embeddable":true,"href":"https:\/\/www.participacionciudadana.org\/web\/wp-json\/wp\/v2\/comments?post=2891"}],"version-history":[{"count":0,"href":"https:\/\/www.participacionciudadana.org\/web\/wp-json\/wp\/v2\/pages\/2891\/revisions"}],"wp:attachment":[{"href":"https:\/\/www.participacionciudadana.org\/web\/wp-json\/wp\/v2\/media?parent=2891"}],"curies":[{"name":"wp","href":"https:\/\/api.w.org\/{rel}","templated":true}]}}