{"id":3998,"date":"2022-10-28T15:16:55","date_gmt":"2022-10-28T20:16:55","guid":{"rendered":"https:\/\/www.participacionciudadana.org\/web\/?page_id=3998"},"modified":"2024-02-14T12:39:46","modified_gmt":"2024-02-14T17:39:46","slug":"articulos-pensando-en-democracia","status":"publish","type":"page","link":"https:\/\/www.participacionciudadana.org\/web\/articulos-pensando-en-democracia\/","title":{"rendered":"Art\u00edculos Pensando en Democracia"},"content":{"rendered":"\t\t<div data-elementor-type=\"wp-page\" data-elementor-id=\"3998\" class=\"elementor elementor-3998\">\n\t\t\t\t\t\t<section class=\"elementor-section elementor-top-section elementor-element elementor-element-6afb96a elementor-section-boxed elementor-section-height-default elementor-section-height-default\" data-id=\"6afb96a\" data-element_type=\"section\">\n\t\t\t\t\t\t<div class=\"elementor-container elementor-column-gap-default\">\n\t\t\t\t\t<div class=\"elementor-column elementor-col-100 elementor-top-column elementor-element elementor-element-76ded6f\" data-id=\"76ded6f\" data-element_type=\"column\">\n\t\t\t<div class=\"elementor-widget-wrap elementor-element-populated\">\n\t\t\t\t\t\t<div class=\"elementor-element elementor-element-787dfa5 elementor-widget elementor-widget-heading\" data-id=\"787dfa5\" data-element_type=\"widget\" data-widget_type=\"heading.default\">\n\t\t\t\t<div class=\"elementor-widget-container\">\n\t\t\t\t\t<h2 class=\"elementor-heading-title elementor-size-default\">Art\u00edculos Pensando en Democracia<\/h2>\t\t\t\t<\/div>\n\t\t\t\t<\/div>\n\t\t\t\t\t<\/div>\n\t\t<\/div>\n\t\t\t\t\t<\/div>\n\t\t<\/section>\n\t\t\t\t<section class=\"elementor-section elementor-top-section elementor-element elementor-element-1f133e9 elementor-section-boxed elementor-section-height-default elementor-section-height-default\" data-id=\"1f133e9\" data-element_type=\"section\">\n\t\t\t\t\t\t<div class=\"elementor-container elementor-column-gap-default\">\n\t\t\t\t\t<div class=\"elementor-column elementor-col-50 elementor-top-column elementor-element elementor-element-b92ac80\" data-id=\"b92ac80\" data-element_type=\"column\">\n\t\t\t<div class=\"elementor-widget-wrap elementor-element-populated\">\n\t\t\t\t\t\t<div class=\"elementor-element elementor-element-dc1033d elementor-widget elementor-widget-image\" data-id=\"dc1033d\" data-element_type=\"widget\" data-widget_type=\"image.default\">\n\t\t\t\t<div class=\"elementor-widget-container\">\n\t\t\t\t\t\t\t\t\t\t\t\t\t\t\t\t<a href=\"https:\/\/www.participacionciudadana.org\/web\/wp-content\/uploads\/2022\/10\/conversatorio-y-la-democracia-que.pdf\">\n\t\t\t\t\t\t\t<img fetchpriority=\"high\" decoding=\"async\" width=\"391\" height=\"555\" src=\"https:\/\/www.participacionciudadana.org\/web\/wp-content\/uploads\/2022\/10\/2022-10-28-15_18_01-Window.png\" class=\"attachment-large size-large wp-image-4000\" alt=\"\" srcset=\"https:\/\/www.participacionciudadana.org\/web\/wp-content\/uploads\/2022\/10\/2022-10-28-15_18_01-Window.png 391w, https:\/\/www.participacionciudadana.org\/web\/wp-content\/uploads\/2022\/10\/2022-10-28-15_18_01-Window-211x300.png 211w\" sizes=\"(max-width: 391px) 100vw, 391px\" \/>\t\t\t\t\t\t\t\t<\/a>\n\t\t\t\t\t\t\t\t\t\t\t\t\t\t\t<\/div>\n\t\t\t\t<\/div>\n\t\t\t\t\t<\/div>\n\t\t<\/div>\n\t\t\t\t<div class=\"elementor-column elementor-col-50 elementor-top-column elementor-element elementor-element-a546987\" data-id=\"a546987\" data-element_type=\"column\">\n\t\t\t<div class=\"elementor-widget-wrap elementor-element-populated\">\n\t\t\t\t\t\t<div class=\"elementor-element elementor-element-c1073d4 elementor-widget elementor-widget-heading\" data-id=\"c1073d4\" data-element_type=\"widget\" data-widget_type=\"heading.default\">\n\t\t\t\t<div class=\"elementor-widget-container\">\n\t\t\t\t\t<h3 class=\"elementor-heading-title elementor-size-default\"><a href=\"https:\/\/www.participacionciudadana.org\/web\/wp-content\/uploads\/2022\/10\/conversatorio-y-la-democracia-que.pdf\">Primer di\u00e1logo: \u00bfy la democracia qu\u00e9?<\/a><\/h3>\t\t\t\t<\/div>\n\t\t\t\t<\/div>\n\t\t\t\t<div class=\"elementor-element elementor-element-601b556 elementor-widget elementor-widget-text-editor\" data-id=\"601b556\" data-element_type=\"widget\" data-widget_type=\"text-editor.default\">\n\t\t\t\t<div class=\"elementor-widget-container\">\n\t\t\t\t\t\t\t\t\t<p>La Corporaci\u00f3n Participaci\u00f3n Ciudadana en colaboraci\u00f3n con la Escuela de Ciencias Pol\u00edticas y Relaciones Internacionales de la UDLA, inauguraron el espacio de reflexi\u00f3n #YLaDemocraciaQu\u00e9, una serie de di\u00e1logos, profundos y pluralistas sobre temas de inter\u00e9s nacional. En este marco, la revista Pensando en Democracia recoge en el presente art\u00edculo un resumen del di\u00e1logo sobre las \u201cPerspectivas electorales de 2023\u201d.<\/p>\t\t\t\t\t\t\t\t<\/div>\n\t\t\t\t<\/div>\n\t\t\t\t\t<\/div>\n\t\t<\/div>\n\t\t\t\t\t<\/div>\n\t\t<\/section>\n\t\t\t\t<section class=\"elementor-section elementor-top-section elementor-element elementor-element-1d0c267 elementor-section-boxed elementor-section-height-default elementor-section-height-default\" data-id=\"1d0c267\" data-element_type=\"section\">\n\t\t\t\t\t\t<div class=\"elementor-container elementor-column-gap-default\">\n\t\t\t\t\t<div class=\"elementor-column elementor-col-50 elementor-top-column elementor-element elementor-element-2d5dba2\" data-id=\"2d5dba2\" data-element_type=\"column\">\n\t\t\t<div class=\"elementor-widget-wrap elementor-element-populated\">\n\t\t\t\t\t\t<div class=\"elementor-element elementor-element-49d558f elementor-widget elementor-widget-image\" data-id=\"49d558f\" data-element_type=\"widget\" data-widget_type=\"image.default\">\n\t\t\t\t<div class=\"elementor-widget-container\">\n\t\t\t\t\t\t\t\t\t\t\t\t\t\t\t\t<a href=\"https:\/\/www.participacionciudadana.org\/web\/wp-content\/uploads\/2023\/03\/Cuales-fueron-los-cambios-a-la-Ley-de-Comunicacion.pdf\">\n\t\t\t\t\t\t\t<img decoding=\"async\" width=\"391\" height=\"561\" src=\"https:\/\/www.participacionciudadana.org\/web\/wp-content\/uploads\/2023\/03\/cambios-ley-comunicacion.png\" class=\"attachment-large size-large wp-image-4881\" alt=\"\" srcset=\"https:\/\/www.participacionciudadana.org\/web\/wp-content\/uploads\/2023\/03\/cambios-ley-comunicacion.png 391w, https:\/\/www.participacionciudadana.org\/web\/wp-content\/uploads\/2023\/03\/cambios-ley-comunicacion-209x300.png 209w\" sizes=\"(max-width: 391px) 100vw, 391px\" \/>\t\t\t\t\t\t\t\t<\/a>\n\t\t\t\t\t\t\t\t\t\t\t\t\t\t\t<\/div>\n\t\t\t\t<\/div>\n\t\t\t\t\t<\/div>\n\t\t<\/div>\n\t\t\t\t<div class=\"elementor-column elementor-col-50 elementor-top-column elementor-element elementor-element-90f3bde\" data-id=\"90f3bde\" data-element_type=\"column\">\n\t\t\t<div class=\"elementor-widget-wrap elementor-element-populated\">\n\t\t\t\t\t\t<div class=\"elementor-element elementor-element-b2f624d elementor-widget elementor-widget-heading\" data-id=\"b2f624d\" data-element_type=\"widget\" data-widget_type=\"heading.default\">\n\t\t\t\t<div class=\"elementor-widget-container\">\n\t\t\t\t\t<h3 class=\"elementor-heading-title elementor-size-default\"><a href=\"https:\/\/www.participacionciudadana.org\/web\/wp-content\/uploads\/2023\/03\/Cuales-fueron-los-cambios-a-la-Ley-de-Comunicacion.pdf\">\u00bfCu\u00e1les fueron los cambios a la Ley de Comunicaci\u00f3n?<\/a><\/h3>\t\t\t\t<\/div>\n\t\t\t\t<\/div>\n\t\t\t\t<div class=\"elementor-element elementor-element-4acf48d elementor-widget elementor-widget-text-editor\" data-id=\"4acf48d\" data-element_type=\"widget\" data-widget_type=\"text-editor.default\">\n\t\t\t\t<div class=\"elementor-widget-container\">\n\t\t\t\t\t\t\t\t\t<p>Art\u00edculo de Mar\u00eda Camila Posso Ibag\u00f3n<\/p>\t\t\t\t\t\t\t\t<\/div>\n\t\t\t\t<\/div>\n\t\t\t\t\t<\/div>\n\t\t<\/div>\n\t\t\t\t\t<\/div>\n\t\t<\/section>\n\t\t\t\t<section class=\"elementor-section elementor-top-section elementor-element elementor-element-0b9412b elementor-section-boxed elementor-section-height-default elementor-section-height-default\" data-id=\"0b9412b\" data-element_type=\"section\">\n\t\t\t\t\t\t<div class=\"elementor-container elementor-column-gap-default\">\n\t\t\t\t\t<div class=\"elementor-column elementor-col-50 elementor-top-column elementor-element elementor-element-2cb6cd2\" data-id=\"2cb6cd2\" data-element_type=\"column\">\n\t\t\t<div class=\"elementor-widget-wrap elementor-element-populated\">\n\t\t\t\t\t\t<div class=\"elementor-element elementor-element-4fd6e2d elementor-widget elementor-widget-image\" data-id=\"4fd6e2d\" data-element_type=\"widget\" data-widget_type=\"image.default\">\n\t\t\t\t<div class=\"elementor-widget-container\">\n\t\t\t\t\t\t\t\t\t\t\t\t\t\t\t\t<a href=\"https:\/\/www.participacionciudadana.org\/web\/wp-content\/uploads\/2023\/04\/ENTREVISTA-ACNUR.pdf\">\n\t\t\t\t\t\t\t<img decoding=\"async\" width=\"396\" height=\"584\" src=\"https:\/\/www.participacionciudadana.org\/web\/wp-content\/uploads\/2023\/04\/entrevista-acnur.jpg\" class=\"attachment-large size-large wp-image-5232\" alt=\"\" srcset=\"https:\/\/www.participacionciudadana.org\/web\/wp-content\/uploads\/2023\/04\/entrevista-acnur.jpg 396w, https:\/\/www.participacionciudadana.org\/web\/wp-content\/uploads\/2023\/04\/entrevista-acnur-203x300.jpg 203w\" sizes=\"(max-width: 396px) 100vw, 396px\" \/>\t\t\t\t\t\t\t\t<\/a>\n\t\t\t\t\t\t\t\t\t\t\t\t\t\t\t<\/div>\n\t\t\t\t<\/div>\n\t\t\t\t\t<\/div>\n\t\t<\/div>\n\t\t\t\t<div class=\"elementor-column elementor-col-50 elementor-top-column elementor-element elementor-element-d7e89b6\" data-id=\"d7e89b6\" data-element_type=\"column\">\n\t\t\t<div class=\"elementor-widget-wrap elementor-element-populated\">\n\t\t\t\t\t\t<div class=\"elementor-element elementor-element-509f699 elementor-widget elementor-widget-heading\" data-id=\"509f699\" data-element_type=\"widget\" data-widget_type=\"heading.default\">\n\t\t\t\t<div class=\"elementor-widget-container\">\n\t\t\t\t\t<h3 class=\"elementor-heading-title elementor-size-default\"><a href=\"https:\/\/www.participacionciudadana.org\/web\/wp-content\/uploads\/2023\/04\/ENTREVISTA-ACNUR.pdf\">ECUADOR, EL TERCER PA\u00cdS DE ACOGIDA DE MIGRANTES DE LA REGI\u00d3N\n<\/a><\/h3>\t\t\t\t<\/div>\n\t\t\t\t<\/div>\n\t\t\t\t<div class=\"elementor-element elementor-element-d9c550b elementor-widget elementor-widget-text-editor\" data-id=\"d9c550b\" data-element_type=\"widget\" data-widget_type=\"text-editor.default\">\n\t\t\t\t<div class=\"elementor-widget-container\">\n\t\t\t\t\t\t\t\t\t<p>Entrevista a Magda Medina<\/p>\t\t\t\t\t\t\t\t<\/div>\n\t\t\t\t<\/div>\n\t\t\t\t\t<\/div>\n\t\t<\/div>\n\t\t\t\t\t<\/div>\n\t\t<\/section>\n\t\t\t\t<section class=\"elementor-section elementor-top-section elementor-element elementor-element-d4bbe6c elementor-section-boxed elementor-section-height-default elementor-section-height-default\" data-id=\"d4bbe6c\" data-element_type=\"section\">\n\t\t\t\t\t\t<div class=\"elementor-container elementor-column-gap-default\">\n\t\t\t\t\t<div class=\"elementor-column elementor-col-50 elementor-top-column elementor-element elementor-element-b64af95\" data-id=\"b64af95\" data-element_type=\"column\">\n\t\t\t<div class=\"elementor-widget-wrap elementor-element-populated\">\n\t\t\t\t\t\t<div class=\"elementor-element elementor-element-5a79c27 elementor-widget elementor-widget-image\" data-id=\"5a79c27\" data-element_type=\"widget\" data-widget_type=\"image.default\">\n\t\t\t\t<div class=\"elementor-widget-container\">\n\t\t\t\t\t\t\t\t\t\t\t\t\t\t\t\t<a href=\"https:\/\/www.participacionciudadana.org\/web\/wp-content\/uploads\/2023\/07\/Argumentos-a-favor-y-en-contra-Consulta-Popular-del-Yasuni-2.pdf\">\n\t\t\t\t\t\t\t<img loading=\"lazy\" decoding=\"async\" width=\"800\" height=\"801\" src=\"https:\/\/www.participacionciudadana.org\/web\/wp-content\/uploads\/2023\/07\/argumentos-yasuni1.jpeg\" class=\"attachment-large size-large wp-image-5687\" alt=\"\" srcset=\"https:\/\/www.participacionciudadana.org\/web\/wp-content\/uploads\/2023\/07\/argumentos-yasuni1.jpeg 800w, https:\/\/www.participacionciudadana.org\/web\/wp-content\/uploads\/2023\/07\/argumentos-yasuni1-300x300.jpeg 300w, https:\/\/www.participacionciudadana.org\/web\/wp-content\/uploads\/2023\/07\/argumentos-yasuni1-150x150.jpeg 150w, https:\/\/www.participacionciudadana.org\/web\/wp-content\/uploads\/2023\/07\/argumentos-yasuni1-768x769.jpeg 768w, https:\/\/www.participacionciudadana.org\/web\/wp-content\/uploads\/2023\/07\/argumentos-yasuni1-600x600.jpeg 600w\" sizes=\"(max-width: 800px) 100vw, 800px\" \/>\t\t\t\t\t\t\t\t<\/a>\n\t\t\t\t\t\t\t\t\t\t\t\t\t\t\t<\/div>\n\t\t\t\t<\/div>\n\t\t\t\t\t<\/div>\n\t\t<\/div>\n\t\t\t\t<div class=\"elementor-column elementor-col-50 elementor-top-column elementor-element elementor-element-2734079\" data-id=\"2734079\" data-element_type=\"column\">\n\t\t\t<div class=\"elementor-widget-wrap elementor-element-populated\">\n\t\t\t\t\t\t<div class=\"elementor-element elementor-element-a48c8fb elementor-widget elementor-widget-heading\" data-id=\"a48c8fb\" data-element_type=\"widget\" data-widget_type=\"heading.default\">\n\t\t\t\t<div class=\"elementor-widget-container\">\n\t\t\t\t\t<h3 class=\"elementor-heading-title elementor-size-default\"><a href=\"https:\/\/www.participacionciudadana.org\/web\/wp-content\/uploads\/2023\/07\/Argumentos-a-favor-y-en-contra-Consulta-Popular-del-Yasuni-2.pdf\">Argumentos a favor y en contra de la consulta por el Yasun\u00ed<\/a><\/h3>\t\t\t\t<\/div>\n\t\t\t\t<\/div>\n\t\t\t\t\t<\/div>\n\t\t<\/div>\n\t\t\t\t\t<\/div>\n\t\t<\/section>\n\t\t\t\t<section class=\"elementor-section elementor-top-section elementor-element elementor-element-12e6979 elementor-section-boxed elementor-section-height-default elementor-section-height-default\" data-id=\"12e6979\" data-element_type=\"section\">\n\t\t\t\t\t\t<div class=\"elementor-container elementor-column-gap-default\">\n\t\t\t\t\t<div class=\"elementor-column elementor-col-50 elementor-top-column elementor-element elementor-element-3ec0e74\" data-id=\"3ec0e74\" data-element_type=\"column\">\n\t\t\t<div class=\"elementor-widget-wrap elementor-element-populated\">\n\t\t\t\t\t\t<div class=\"elementor-element elementor-element-d97bdbe elementor-widget elementor-widget-image\" data-id=\"d97bdbe\" data-element_type=\"widget\" data-widget_type=\"image.default\">\n\t\t\t\t<div class=\"elementor-widget-container\">\n\t\t\t\t\t\t\t\t\t\t\t\t\t\t\t\t<a href=\"https:\/\/www.participacionciudadana.org\/web\/wp-content\/uploads\/2023\/07\/ARTICULO-5-TEMAS-URGENTES-CAMPANA-ELECTORAL.pdf\">\n\t\t\t\t\t\t\t<img loading=\"lazy\" decoding=\"async\" width=\"1000\" height=\"1000\" src=\"https:\/\/www.participacionciudadana.org\/web\/wp-content\/uploads\/2023\/07\/placa-5-temas.jpeg\" class=\"attachment-large size-large wp-image-5715\" alt=\"\" srcset=\"https:\/\/www.participacionciudadana.org\/web\/wp-content\/uploads\/2023\/07\/placa-5-temas.jpeg 1000w, https:\/\/www.participacionciudadana.org\/web\/wp-content\/uploads\/2023\/07\/placa-5-temas-300x300.jpeg 300w, https:\/\/www.participacionciudadana.org\/web\/wp-content\/uploads\/2023\/07\/placa-5-temas-150x150.jpeg 150w, https:\/\/www.participacionciudadana.org\/web\/wp-content\/uploads\/2023\/07\/placa-5-temas-768x768.jpeg 768w, https:\/\/www.participacionciudadana.org\/web\/wp-content\/uploads\/2023\/07\/placa-5-temas-600x600.jpeg 600w\" sizes=\"(max-width: 1000px) 100vw, 1000px\" \/>\t\t\t\t\t\t\t\t<\/a>\n\t\t\t\t\t\t\t\t\t\t\t\t\t\t\t<\/div>\n\t\t\t\t<\/div>\n\t\t\t\t\t<\/div>\n\t\t<\/div>\n\t\t\t\t<div class=\"elementor-column elementor-col-50 elementor-top-column elementor-element elementor-element-800ffcc\" data-id=\"800ffcc\" data-element_type=\"column\">\n\t\t\t<div class=\"elementor-widget-wrap elementor-element-populated\">\n\t\t\t\t\t\t<div class=\"elementor-element elementor-element-e2a0957 elementor-widget elementor-widget-heading\" data-id=\"e2a0957\" data-element_type=\"widget\" data-widget_type=\"heading.default\">\n\t\t\t\t<div class=\"elementor-widget-container\">\n\t\t\t\t\t<h3 class=\"elementor-heading-title elementor-size-default\"><a href=\"https:\/\/www.participacionciudadana.org\/web\/wp-content\/uploads\/2023\/07\/ARTICULO-5-TEMAS-URGENTES-CAMPANA-ELECTORAL.pdf\">\u00bfCu\u00e1les son los temas urgentes que el ciudadano\ndebe demandar de los candidatos?<\/a><\/h3>\t\t\t\t<\/div>\n\t\t\t\t<\/div>\n\t\t\t\t\t<\/div>\n\t\t<\/div>\n\t\t\t\t\t<\/div>\n\t\t<\/section>\n\t\t\t\t<section class=\"elementor-section elementor-top-section elementor-element elementor-element-7bf172f elementor-section-boxed elementor-section-height-default elementor-section-height-default\" data-id=\"7bf172f\" data-element_type=\"section\">\n\t\t\t\t\t\t<div class=\"elementor-container elementor-column-gap-default\">\n\t\t\t\t\t<div class=\"elementor-column elementor-col-50 elementor-top-column elementor-element elementor-element-da7dd24\" data-id=\"da7dd24\" data-element_type=\"column\">\n\t\t\t<div class=\"elementor-widget-wrap elementor-element-populated\">\n\t\t\t\t\t\t<div class=\"elementor-element elementor-element-2467d70 elementor-widget elementor-widget-image\" data-id=\"2467d70\" data-element_type=\"widget\" data-widget_type=\"image.default\">\n\t\t\t\t<div class=\"elementor-widget-container\">\n\t\t\t\t\t\t\t\t\t\t\t\t\t\t\t\t<a href=\"https:\/\/www.participacionciudadana.org\/web\/wp-content\/uploads\/2023\/09\/Elecciones-en-el-exterior.pdf\">\n\t\t\t\t\t\t\t<img loading=\"lazy\" decoding=\"async\" width=\"800\" height=\"801\" src=\"https:\/\/www.participacionciudadana.org\/web\/wp-content\/uploads\/2023\/09\/elecciones-en-el-exterior.jpg\" class=\"attachment-large size-large wp-image-6118\" alt=\"\" srcset=\"https:\/\/www.participacionciudadana.org\/web\/wp-content\/uploads\/2023\/09\/elecciones-en-el-exterior.jpg 800w, https:\/\/www.participacionciudadana.org\/web\/wp-content\/uploads\/2023\/09\/elecciones-en-el-exterior-300x300.jpg 300w, https:\/\/www.participacionciudadana.org\/web\/wp-content\/uploads\/2023\/09\/elecciones-en-el-exterior-150x150.jpg 150w, https:\/\/www.participacionciudadana.org\/web\/wp-content\/uploads\/2023\/09\/elecciones-en-el-exterior-768x769.jpg 768w, https:\/\/www.participacionciudadana.org\/web\/wp-content\/uploads\/2023\/09\/elecciones-en-el-exterior-600x600.jpg 600w\" sizes=\"(max-width: 800px) 100vw, 800px\" \/>\t\t\t\t\t\t\t\t<\/a>\n\t\t\t\t\t\t\t\t\t\t\t\t\t\t\t<\/div>\n\t\t\t\t<\/div>\n\t\t\t\t\t<\/div>\n\t\t<\/div>\n\t\t\t\t<div class=\"elementor-column elementor-col-50 elementor-top-column elementor-element elementor-element-eb20d62\" data-id=\"eb20d62\" data-element_type=\"column\">\n\t\t\t<div class=\"elementor-widget-wrap elementor-element-populated\">\n\t\t\t\t\t\t<div class=\"elementor-element elementor-element-7f33d96 elementor-widget elementor-widget-heading\" data-id=\"7f33d96\" data-element_type=\"widget\" data-widget_type=\"heading.default\">\n\t\t\t\t<div class=\"elementor-widget-container\">\n\t\t\t\t\t<h3 class=\"elementor-heading-title elementor-size-default\"><a href=\"https:\/\/www.participacionciudadana.org\/web\/wp-content\/uploads\/2023\/09\/Elecciones-en-el-exterior.pdf\">Desaf\u00edos en las elecciones en el exterior<\/a><\/h3>\t\t\t\t<\/div>\n\t\t\t\t<\/div>\n\t\t\t\t\t<\/div>\n\t\t<\/div>\n\t\t\t\t\t<\/div>\n\t\t<\/section>\n\t\t\t\t<section class=\"elementor-section elementor-top-section elementor-element elementor-element-6fa3e34 elementor-section-boxed elementor-section-height-default elementor-section-height-default\" data-id=\"6fa3e34\" data-element_type=\"section\">\n\t\t\t\t\t\t<div class=\"elementor-container elementor-column-gap-default\">\n\t\t\t\t\t<div class=\"elementor-column elementor-col-50 elementor-top-column elementor-element elementor-element-f790453\" data-id=\"f790453\" data-element_type=\"column\">\n\t\t\t<div class=\"elementor-widget-wrap elementor-element-populated\">\n\t\t\t\t\t\t<div class=\"elementor-element elementor-element-5de75f8 elementor-widget elementor-widget-image\" data-id=\"5de75f8\" data-element_type=\"widget\" data-widget_type=\"image.default\">\n\t\t\t\t<div class=\"elementor-widget-container\">\n\t\t\t\t\t\t\t\t\t\t\t\t\t\t\t\t<a href=\"https:\/\/www.participacionciudadana.org\/web\/2023\/09\/27\/que-le-espera-al-pais-despues-del-15-de-octubre\/\">\n\t\t\t\t\t\t\t<img loading=\"lazy\" decoding=\"async\" width=\"1024\" height=\"678\" src=\"https:\/\/www.participacionciudadana.org\/web\/wp-content\/uploads\/2023\/09\/Y-LA-DEMOCRACIA-QUE-27-09-1024x678.jpg\" class=\"attachment-large size-large wp-image-6210\" alt=\"\" srcset=\"https:\/\/www.participacionciudadana.org\/web\/wp-content\/uploads\/2023\/09\/Y-LA-DEMOCRACIA-QUE-27-09-1024x678.jpg 1024w, https:\/\/www.participacionciudadana.org\/web\/wp-content\/uploads\/2023\/09\/Y-LA-DEMOCRACIA-QUE-27-09-300x199.jpg 300w, https:\/\/www.participacionciudadana.org\/web\/wp-content\/uploads\/2023\/09\/Y-LA-DEMOCRACIA-QUE-27-09-768x508.jpg 768w, https:\/\/www.participacionciudadana.org\/web\/wp-content\/uploads\/2023\/09\/Y-LA-DEMOCRACIA-QUE-27-09-1536x1017.jpg 1536w, https:\/\/www.participacionciudadana.org\/web\/wp-content\/uploads\/2023\/09\/Y-LA-DEMOCRACIA-QUE-27-09.jpg 1600w\" sizes=\"(max-width: 1024px) 100vw, 1024px\" \/>\t\t\t\t\t\t\t\t<\/a>\n\t\t\t\t\t\t\t\t\t\t\t\t\t\t\t<\/div>\n\t\t\t\t<\/div>\n\t\t\t\t\t<\/div>\n\t\t<\/div>\n\t\t\t\t<div class=\"elementor-column elementor-col-50 elementor-top-column elementor-element elementor-element-a389561\" data-id=\"a389561\" data-element_type=\"column\">\n\t\t\t<div class=\"elementor-widget-wrap elementor-element-populated\">\n\t\t\t\t\t\t<div class=\"elementor-element elementor-element-00fb51f elementor-widget elementor-widget-heading\" data-id=\"00fb51f\" data-element_type=\"widget\" data-widget_type=\"heading.default\">\n\t\t\t\t<div class=\"elementor-widget-container\">\n\t\t\t\t\t<h3 class=\"elementor-heading-title elementor-size-default\"><a href=\"https:\/\/www.participacionciudadana.org\/web\/2023\/09\/27\/que-le-espera-al-pais-despues-del-15-de-octubre\/\">\u00bfQu\u00e9 le espera al pa\u00eds despu\u00e9s del 15 de octubre? <\/a><\/h3>\t\t\t\t<\/div>\n\t\t\t\t<\/div>\n\t\t\t\t<div class=\"elementor-element elementor-element-11f2576 elementor-widget elementor-widget-text-editor\" data-id=\"11f2576\" data-element_type=\"widget\" data-widget_type=\"text-editor.default\">\n\t\t\t\t<div class=\"elementor-widget-container\">\n\t\t\t\t\t\t\t\t\t<p>En &#8220;Y La Democracia Qu\u00e9&#8221; analizamos las perspectivas que se vislumbran en Ecuador, despu\u00e9s de la celebraci\u00f3n de la segunda vuelta electoral. El conversatorio cont\u00f3 con la participaci\u00f3n e interesantes reflexiones de:Carla Maldonado, Andr\u00e9s Jaramillo, Gabriella Guerrero, Medardo Oleas y Ruth Hidalgo.<\/p>\t\t\t\t\t\t\t\t<\/div>\n\t\t\t\t<\/div>\n\t\t\t\t\t<\/div>\n\t\t<\/div>\n\t\t\t\t\t<\/div>\n\t\t<\/section>\n\t\t\t\t<section class=\"elementor-section elementor-top-section elementor-element elementor-element-6e50d34 elementor-section-boxed elementor-section-height-default elementor-section-height-default\" data-id=\"6e50d34\" data-element_type=\"section\">\n\t\t\t\t\t\t<div class=\"elementor-container elementor-column-gap-default\">\n\t\t\t\t\t<div class=\"elementor-column elementor-col-50 elementor-top-column elementor-element elementor-element-64035f5\" data-id=\"64035f5\" data-element_type=\"column\">\n\t\t\t<div class=\"elementor-widget-wrap elementor-element-populated\">\n\t\t\t\t\t\t<div class=\"elementor-element elementor-element-3b4dc26 elementor-widget elementor-widget-image\" data-id=\"3b4dc26\" data-element_type=\"widget\" data-widget_type=\"image.default\">\n\t\t\t\t<div class=\"elementor-widget-container\">\n\t\t\t\t\t\t\t\t\t\t\t\t\t\t\t\t<a href=\"https:\/\/www.participacionciudadana.org\/web\/wp-content\/uploads\/2024\/01\/ARTICULO-DANIEL-MONTALVO-VIOLENCIA-EN-ECUADOR.pdf\">\n\t\t\t\t\t\t\t<img loading=\"lazy\" decoding=\"async\" width=\"391\" height=\"558\" src=\"https:\/\/www.participacionciudadana.org\/web\/wp-content\/uploads\/2024\/01\/ecuador-registra-niveles-altos-crimen1.png\" class=\"attachment-large size-large wp-image-6740\" alt=\"\" srcset=\"https:\/\/www.participacionciudadana.org\/web\/wp-content\/uploads\/2024\/01\/ecuador-registra-niveles-altos-crimen1.png 391w, https:\/\/www.participacionciudadana.org\/web\/wp-content\/uploads\/2024\/01\/ecuador-registra-niveles-altos-crimen1-210x300.png 210w\" sizes=\"(max-width: 391px) 100vw, 391px\" \/>\t\t\t\t\t\t\t\t<\/a>\n\t\t\t\t\t\t\t\t\t\t\t\t\t\t\t<\/div>\n\t\t\t\t<\/div>\n\t\t\t\t\t<\/div>\n\t\t<\/div>\n\t\t\t\t<div class=\"elementor-column elementor-col-50 elementor-top-column elementor-element elementor-element-8706a5b\" data-id=\"8706a5b\" data-element_type=\"column\">\n\t\t\t<div class=\"elementor-widget-wrap elementor-element-populated\">\n\t\t\t\t\t\t<div class=\"elementor-element elementor-element-e01304b elementor-widget elementor-widget-heading\" data-id=\"e01304b\" data-element_type=\"widget\" data-widget_type=\"heading.default\">\n\t\t\t\t<div class=\"elementor-widget-container\">\n\t\t\t\t\t<h3 class=\"elementor-heading-title elementor-size-default\"><a href=\"https:\/\/www.participacionciudadana.org\/web\/wp-content\/uploads\/2024\/01\/ARTICULO-DANIEL-MONTALVO-VIOLENCIA-EN-ECUADOR.pdf\">Datos del Bar\u00f3metro de las Am\u00e9ricas sobre la inseguridad en Ecuador en 2023<\/a><\/h3>\t\t\t\t<\/div>\n\t\t\t\t<\/div>\n\t\t\t\t\t<\/div>\n\t\t<\/div>\n\t\t\t\t\t<\/div>\n\t\t<\/section>\n\t\t\t\t<section class=\"elementor-section elementor-top-section elementor-element elementor-element-19a101c elementor-section-boxed elementor-section-height-default elementor-section-height-default\" data-id=\"19a101c\" data-element_type=\"section\">\n\t\t\t\t\t\t<div class=\"elementor-container elementor-column-gap-default\">\n\t\t\t\t\t<div class=\"elementor-column elementor-col-50 elementor-top-column elementor-element elementor-element-19f8915\" data-id=\"19f8915\" data-element_type=\"column\">\n\t\t\t<div class=\"elementor-widget-wrap elementor-element-populated\">\n\t\t\t\t\t\t<div class=\"elementor-element elementor-element-742432e elementor-widget elementor-widget-image\" data-id=\"742432e\" data-element_type=\"widget\" data-widget_type=\"image.default\">\n\t\t\t\t<div class=\"elementor-widget-container\">\n\t\t\t\t\t\t\t\t\t\t\t\t\t\t\t\t<a href=\"https:\/\/www.participacionciudadana.org\/web\/wp-content\/uploads\/2024\/02\/X-SPACE-Mejora-la-seguridad-la-consulta-popular.pdf\">\n\t\t\t\t\t\t\t<img loading=\"lazy\" decoding=\"async\" width=\"392\" height=\"554\" src=\"https:\/\/www.participacionciudadana.org\/web\/wp-content\/uploads\/2024\/02\/2024-02-14-12_35_43-Window.png\" class=\"attachment-large size-large wp-image-6828\" alt=\"\" srcset=\"https:\/\/www.participacionciudadana.org\/web\/wp-content\/uploads\/2024\/02\/2024-02-14-12_35_43-Window.png 392w, https:\/\/www.participacionciudadana.org\/web\/wp-content\/uploads\/2024\/02\/2024-02-14-12_35_43-Window-212x300.png 212w\" sizes=\"(max-width: 392px) 100vw, 392px\" \/>\t\t\t\t\t\t\t\t<\/a>\n\t\t\t\t\t\t\t\t\t\t\t\t\t\t\t<\/div>\n\t\t\t\t<\/div>\n\t\t\t\t\t<\/div>\n\t\t<\/div>\n\t\t\t\t<div class=\"elementor-column elementor-col-50 elementor-top-column elementor-element elementor-element-e7e25d1\" data-id=\"e7e25d1\" data-element_type=\"column\">\n\t\t\t<div class=\"elementor-widget-wrap elementor-element-populated\">\n\t\t\t\t\t\t<div class=\"elementor-element elementor-element-9f4ace1 elementor-widget elementor-widget-heading\" data-id=\"9f4ace1\" data-element_type=\"widget\" data-widget_type=\"heading.default\">\n\t\t\t\t<div class=\"elementor-widget-container\">\n\t\t\t\t\t<h3 class=\"elementor-heading-title elementor-size-default\"><a href=\"https:\/\/www.participacionciudadana.org\/web\/wp-content\/uploads\/2024\/02\/X-SPACE-Mejora-la-seguridad-la-consulta-popular.pdf\">X SPACE: \u00bfMejora la seguridad la consulta popular?<\/a><\/h3>\t\t\t\t<\/div>\n\t\t\t\t<\/div>\n\t\t\t\t\t<\/div>\n\t\t<\/div>\n\t\t\t\t\t<\/div>\n\t\t<\/section>\n\t\t\t\t<\/div>\n\t\t","protected":false},"excerpt":{"rendered":"<p>Art\u00edculos Pensando en Democracia Primer di\u00e1logo: \u00bfy la democracia qu\u00e9? La Corporaci\u00f3n Participaci\u00f3n Ciudadana en colaboraci\u00f3n con la Escuela de Ciencias Pol\u00edticas y Relaciones Internacionales de la UDLA, inauguraron el espacio de reflexi\u00f3n #YLaDemocraciaQu\u00e9, una serie de di\u00e1logos, profundos y pluralistas sobre temas de inter\u00e9s nacional. En este marco, la revista Pensando en Democracia recoge [&hellip;]<\/p>\n","protected":false},"author":1,"featured_media":0,"parent":0,"menu_order":0,"comment_status":"closed","ping_status":"closed","template":"","meta":{"site-sidebar-layout":"no-sidebar","site-content-layout":"page-builder","ast-site-content-layout":"default","site-content-style":"default","site-sidebar-style":"default","ast-global-header-display":"","ast-banner-title-visibility":"","ast-main-header-display":"","ast-hfb-above-header-display":"","ast-hfb-below-header-display":"","ast-hfb-mobile-header-display":"","site-post-title":"disabled","ast-breadcrumbs-content":"","ast-featured-img":"disabled","footer-sml-layout":"","ast-disable-related-posts":"","theme-transparent-header-meta":"","adv-header-id-meta":"","stick-header-meta":"","header-above-stick-meta":"","header-main-stick-meta":"","header-below-stick-meta":"","astra-migrate-meta-layouts":"default","ast-page-background-enabled":"default","ast-page-background-meta":{"desktop":{"background-color":"","background-image":"","background-repeat":"repeat","background-position":"center center","background-size":"auto","background-attachment":"scroll","background-type":"","background-media":"","overlay-type":"","overlay-color":"","overlay-opacity":"","overlay-gradient":""},"tablet":{"background-color":"","background-image":"","background-repeat":"repeat","background-position":"center center","background-size":"auto","background-attachment":"scroll","background-type":"","background-media":"","overlay-type":"","overlay-color":"","overlay-opacity":"","overlay-gradient":""},"mobile":{"background-color":"","background-image":"","background-repeat":"repeat","background-position":"center center","background-size":"auto","background-attachment":"scroll","background-type":"","background-media":"","overlay-type":"","overlay-color":"","overlay-opacity":"","overlay-gradient":""}},"ast-content-background-meta":{"desktop":{"background-color":"var(--ast-global-color-5)","background-image":"","background-repeat":"repeat","background-position":"center center","background-size":"auto","background-attachment":"scroll","background-type":"","background-media":"","overlay-type":"","overlay-color":"","overlay-opacity":"","overlay-gradient":""},"tablet":{"background-color":"var(--ast-global-color-5)","background-image":"","background-repeat":"repeat","background-position":"center center","background-size":"auto","background-attachment":"scroll","background-type":"","background-media":"","overlay-type":"","overlay-color":"","overlay-opacity":"","overlay-gradient":""},"mobile":{"background-color":"var(--ast-global-color-5)","background-image":"","background-repeat":"repeat","background-position":"center center","background-size":"auto","background-attachment":"scroll","background-type":"","background-media":"","overlay-type":"","overlay-color":"","overlay-opacity":"","overlay-gradient":""}},"_joinchat":[],"footnotes":""},"class_list":["post-3998","page","type-page","status-publish","hentry"],"yoast_head":"<!-- This site is optimized with the Yoast SEO plugin v26.5 - https:\/\/yoast.com\/wordpress\/plugins\/seo\/ -->\n<title>Art\u00edculos Pensando en Democracia - Participaci\u00f3n Ciudadana<\/title>\n<meta name=\"robots\" content=\"index, follow, max-snippet:-1, max-image-preview:large, max-video-preview:-1\" \/>\n<link rel=\"canonical\" href=\"https:\/\/www.participacionciudadana.org\/web\/articulos-pensando-en-democracia\/\" \/>\n<meta property=\"og:locale\" content=\"es_ES\" \/>\n<meta property=\"og:type\" content=\"article\" \/>\n<meta property=\"og:title\" content=\"Art\u00edculos Pensando en Democracia - Participaci\u00f3n Ciudadana\" \/>\n<meta property=\"og:description\" content=\"Art\u00edculos Pensando en Democracia Primer di\u00e1logo: \u00bfy la democracia qu\u00e9? La Corporaci\u00f3n Participaci\u00f3n Ciudadana en colaboraci\u00f3n con la Escuela de Ciencias Pol\u00edticas y Relaciones Internacionales de la UDLA, inauguraron el espacio de reflexi\u00f3n #YLaDemocraciaQu\u00e9, una serie de di\u00e1logos, profundos y pluralistas sobre temas de inter\u00e9s nacional. En este marco, la revista Pensando en Democracia recoge [&hellip;]\" \/>\n<meta property=\"og:url\" content=\"https:\/\/www.participacionciudadana.org\/web\/articulos-pensando-en-democracia\/\" \/>\n<meta property=\"og:site_name\" content=\"Participaci\u00f3n Ciudadana\" \/>\n<meta property=\"article:publisher\" content=\"https:\/\/www.facebook.com\/ParticipacionPC\/\" \/>\n<meta property=\"article:modified_time\" content=\"2024-02-14T17:39:46+00:00\" \/>\n<meta property=\"og:image\" content=\"https:\/\/www.participacionciudadana.org\/web\/wp-content\/uploads\/2022\/10\/2022-10-28-15_18_01-Window.png\" \/>\n<meta name=\"twitter:card\" content=\"summary_large_image\" \/>\n<meta name=\"twitter:site\" content=\"@ParticipacionPC\" \/>\n<meta name=\"twitter:label1\" content=\"Tiempo de lectura\" \/>\n\t<meta name=\"twitter:data1\" content=\"3 minutos\" \/>\n<script type=\"application\/ld+json\" class=\"yoast-schema-graph\">{\"@context\":\"https:\/\/schema.org\",\"@graph\":[{\"@type\":\"WebPage\",\"@id\":\"https:\/\/www.participacionciudadana.org\/web\/articulos-pensando-en-democracia\/\",\"url\":\"https:\/\/www.participacionciudadana.org\/web\/articulos-pensando-en-democracia\/\",\"name\":\"Art\u00edculos Pensando en Democracia - Participaci\u00f3n Ciudadana\",\"isPartOf\":{\"@id\":\"https:\/\/www.participacionciudadana.org\/web\/#website\"},\"primaryImageOfPage\":{\"@id\":\"https:\/\/www.participacionciudadana.org\/web\/articulos-pensando-en-democracia\/#primaryimage\"},\"image\":{\"@id\":\"https:\/\/www.participacionciudadana.org\/web\/articulos-pensando-en-democracia\/#primaryimage\"},\"thumbnailUrl\":\"https:\/\/www.participacionciudadana.org\/web\/wp-content\/uploads\/2022\/10\/2022-10-28-15_18_01-Window.png\",\"datePublished\":\"2022-10-28T20:16:55+00:00\",\"dateModified\":\"2024-02-14T17:39:46+00:00\",\"breadcrumb\":{\"@id\":\"https:\/\/www.participacionciudadana.org\/web\/articulos-pensando-en-democracia\/#breadcrumb\"},\"inLanguage\":\"es\",\"potentialAction\":[{\"@type\":\"ReadAction\",\"target\":[\"https:\/\/www.participacionciudadana.org\/web\/articulos-pensando-en-democracia\/\"]}]},{\"@type\":\"ImageObject\",\"inLanguage\":\"es\",\"@id\":\"https:\/\/www.participacionciudadana.org\/web\/articulos-pensando-en-democracia\/#primaryimage\",\"url\":\"https:\/\/www.participacionciudadana.org\/web\/wp-content\/uploads\/2022\/10\/2022-10-28-15_18_01-Window.png\",\"contentUrl\":\"https:\/\/www.participacionciudadana.org\/web\/wp-content\/uploads\/2022\/10\/2022-10-28-15_18_01-Window.png\",\"width\":391,\"height\":555},{\"@type\":\"BreadcrumbList\",\"@id\":\"https:\/\/www.participacionciudadana.org\/web\/articulos-pensando-en-democracia\/#breadcrumb\",\"itemListElement\":[{\"@type\":\"ListItem\",\"position\":1,\"name\":\"Portada\",\"item\":\"https:\/\/www.participacionciudadana.org\/web\/\"},{\"@type\":\"ListItem\",\"position\":2,\"name\":\"Art\u00edculos Pensando en Democracia\"}]},{\"@type\":\"WebSite\",\"@id\":\"https:\/\/www.participacionciudadana.org\/web\/#website\",\"url\":\"https:\/\/www.participacionciudadana.org\/web\/\",\"name\":\"Participaci\u00f3n Ciudadana\",\"description\":\"Comprometidos con la democracia\",\"publisher\":{\"@id\":\"https:\/\/www.participacionciudadana.org\/web\/#organization\"},\"potentialAction\":[{\"@type\":\"SearchAction\",\"target\":{\"@type\":\"EntryPoint\",\"urlTemplate\":\"https:\/\/www.participacionciudadana.org\/web\/?s={search_term_string}\"},\"query-input\":{\"@type\":\"PropertyValueSpecification\",\"valueRequired\":true,\"valueName\":\"search_term_string\"}}],\"inLanguage\":\"es\"},{\"@type\":\"Organization\",\"@id\":\"https:\/\/www.participacionciudadana.org\/web\/#organization\",\"name\":\"Participaci\u00f3n Ciudadana\",\"url\":\"https:\/\/www.participacionciudadana.org\/web\/\",\"logo\":{\"@type\":\"ImageObject\",\"inLanguage\":\"es\",\"@id\":\"https:\/\/www.participacionciudadana.org\/web\/#\/schema\/logo\/image\/\",\"url\":\"https:\/\/www.participacionciudadana.org\/web\/wp-content\/uploads\/2021\/11\/cropped-logo_pc-1.png\",\"contentUrl\":\"https:\/\/www.participacionciudadana.org\/web\/wp-content\/uploads\/2021\/11\/cropped-logo_pc-1.png\",\"width\":340,\"height\":114,\"caption\":\"Participaci\u00f3n Ciudadana\"},\"image\":{\"@id\":\"https:\/\/www.participacionciudadana.org\/web\/#\/schema\/logo\/image\/\"},\"sameAs\":[\"https:\/\/www.facebook.com\/ParticipacionPC\/\",\"https:\/\/x.com\/ParticipacionPC\"]}]}<\/script>\n<!-- \/ Yoast SEO plugin. -->","yoast_head_json":{"title":"Art\u00edculos Pensando en Democracia - Participaci\u00f3n Ciudadana","robots":{"index":"index","follow":"follow","max-snippet":"max-snippet:-1","max-image-preview":"max-image-preview:large","max-video-preview":"max-video-preview:-1"},"canonical":"https:\/\/www.participacionciudadana.org\/web\/articulos-pensando-en-democracia\/","og_locale":"es_ES","og_type":"article","og_title":"Art\u00edculos Pensando en Democracia - Participaci\u00f3n Ciudadana","og_description":"Art\u00edculos Pensando en Democracia Primer di\u00e1logo: \u00bfy la democracia qu\u00e9? La Corporaci\u00f3n Participaci\u00f3n Ciudadana en colaboraci\u00f3n con la Escuela de Ciencias Pol\u00edticas y Relaciones Internacionales de la UDLA, inauguraron el espacio de reflexi\u00f3n #YLaDemocraciaQu\u00e9, una serie de di\u00e1logos, profundos y pluralistas sobre temas de inter\u00e9s nacional. En este marco, la revista Pensando en Democracia recoge [&hellip;]","og_url":"https:\/\/www.participacionciudadana.org\/web\/articulos-pensando-en-democracia\/","og_site_name":"Participaci\u00f3n Ciudadana","article_publisher":"https:\/\/www.facebook.com\/ParticipacionPC\/","article_modified_time":"2024-02-14T17:39:46+00:00","og_image":[{"url":"https:\/\/www.participacionciudadana.org\/web\/wp-content\/uploads\/2022\/10\/2022-10-28-15_18_01-Window.png","type":"","width":"","height":""}],"twitter_card":"summary_large_image","twitter_site":"@ParticipacionPC","twitter_misc":{"Tiempo de lectura":"3 minutos"},"schema":{"@context":"https:\/\/schema.org","@graph":[{"@type":"WebPage","@id":"https:\/\/www.participacionciudadana.org\/web\/articulos-pensando-en-democracia\/","url":"https:\/\/www.participacionciudadana.org\/web\/articulos-pensando-en-democracia\/","name":"Art\u00edculos Pensando en Democracia - Participaci\u00f3n Ciudadana","isPartOf":{"@id":"https:\/\/www.participacionciudadana.org\/web\/#website"},"primaryImageOfPage":{"@id":"https:\/\/www.participacionciudadana.org\/web\/articulos-pensando-en-democracia\/#primaryimage"},"image":{"@id":"https:\/\/www.participacionciudadana.org\/web\/articulos-pensando-en-democracia\/#primaryimage"},"thumbnailUrl":"https:\/\/www.participacionciudadana.org\/web\/wp-content\/uploads\/2022\/10\/2022-10-28-15_18_01-Window.png","datePublished":"2022-10-28T20:16:55+00:00","dateModified":"2024-02-14T17:39:46+00:00","breadcrumb":{"@id":"https:\/\/www.participacionciudadana.org\/web\/articulos-pensando-en-democracia\/#breadcrumb"},"inLanguage":"es","potentialAction":[{"@type":"ReadAction","target":["https:\/\/www.participacionciudadana.org\/web\/articulos-pensando-en-democracia\/"]}]},{"@type":"ImageObject","inLanguage":"es","@id":"https:\/\/www.participacionciudadana.org\/web\/articulos-pensando-en-democracia\/#primaryimage","url":"https:\/\/www.participacionciudadana.org\/web\/wp-content\/uploads\/2022\/10\/2022-10-28-15_18_01-Window.png","contentUrl":"https:\/\/www.participacionciudadana.org\/web\/wp-content\/uploads\/2022\/10\/2022-10-28-15_18_01-Window.png","width":391,"height":555},{"@type":"BreadcrumbList","@id":"https:\/\/www.participacionciudadana.org\/web\/articulos-pensando-en-democracia\/#breadcrumb","itemListElement":[{"@type":"ListItem","position":1,"name":"Portada","item":"https:\/\/www.participacionciudadana.org\/web\/"},{"@type":"ListItem","position":2,"name":"Art\u00edculos Pensando en Democracia"}]},{"@type":"WebSite","@id":"https:\/\/www.participacionciudadana.org\/web\/#website","url":"https:\/\/www.participacionciudadana.org\/web\/","name":"Participaci\u00f3n Ciudadana","description":"Comprometidos con la democracia","publisher":{"@id":"https:\/\/www.participacionciudadana.org\/web\/#organization"},"potentialAction":[{"@type":"SearchAction","target":{"@type":"EntryPoint","urlTemplate":"https:\/\/www.participacionciudadana.org\/web\/?s={search_term_string}"},"query-input":{"@type":"PropertyValueSpecification","valueRequired":true,"valueName":"search_term_string"}}],"inLanguage":"es"},{"@type":"Organization","@id":"https:\/\/www.participacionciudadana.org\/web\/#organization","name":"Participaci\u00f3n Ciudadana","url":"https:\/\/www.participacionciudadana.org\/web\/","logo":{"@type":"ImageObject","inLanguage":"es","@id":"https:\/\/www.participacionciudadana.org\/web\/#\/schema\/logo\/image\/","url":"https:\/\/www.participacionciudadana.org\/web\/wp-content\/uploads\/2021\/11\/cropped-logo_pc-1.png","contentUrl":"https:\/\/www.participacionciudadana.org\/web\/wp-content\/uploads\/2021\/11\/cropped-logo_pc-1.png","width":340,"height":114,"caption":"Participaci\u00f3n Ciudadana"},"image":{"@id":"https:\/\/www.participacionciudadana.org\/web\/#\/schema\/logo\/image\/"},"sameAs":["https:\/\/www.facebook.com\/ParticipacionPC\/","https:\/\/x.com\/ParticipacionPC"]}]}},"_links":{"self":[{"href":"https:\/\/www.participacionciudadana.org\/web\/wp-json\/wp\/v2\/pages\/3998","targetHints":{"allow":["GET"]}}],"collection":[{"href":"https:\/\/www.participacionciudadana.org\/web\/wp-json\/wp\/v2\/pages"}],"about":[{"href":"https:\/\/www.participacionciudadana.org\/web\/wp-json\/wp\/v2\/types\/page"}],"author":[{"embeddable":true,"href":"https:\/\/www.participacionciudadana.org\/web\/wp-json\/wp\/v2\/users\/1"}],"replies":[{"embeddable":true,"href":"https:\/\/www.participacionciudadana.org\/web\/wp-json\/wp\/v2\/comments?post=3998"}],"version-history":[{"count":12,"href":"https:\/\/www.participacionciudadana.org\/web\/wp-json\/wp\/v2\/pages\/3998\/revisions"}],"predecessor-version":[{"id":6835,"href":"https:\/\/www.participacionciudadana.org\/web\/wp-json\/wp\/v2\/pages\/3998\/revisions\/6835"}],"wp:attachment":[{"href":"https:\/\/www.participacionciudadana.org\/web\/wp-json\/wp\/v2\/media?parent=3998"}],"curies":[{"name":"wp","href":"https:\/\/api.w.org\/{rel}","templated":true}]}}