{"id":4037,"date":"2022-11-11T09:58:49","date_gmt":"2022-11-11T14:58:49","guid":{"rendered":"https:\/\/www.participacionciudadana.org\/web\/?page_id=4037"},"modified":"2023-02-01T09:25:53","modified_gmt":"2023-02-01T14:25:53","slug":"elecciones-2023","status":"publish","type":"page","link":"https:\/\/www.participacionciudadana.org\/web\/elecciones-2023\/","title":{"rendered":"Elecciones 2023"},"content":{"rendered":"\t\t<div data-elementor-type=\"wp-page\" data-elementor-id=\"4037\" class=\"elementor elementor-4037\">\n\t\t\t\t\t\t<section class=\"elementor-section elementor-top-section elementor-element elementor-element-02a33e3 elementor-section-boxed elementor-section-height-default elementor-section-height-default\" data-id=\"02a33e3\" data-element_type=\"section\">\n\t\t\t\t\t\t<div class=\"elementor-container elementor-column-gap-default\">\n\t\t\t\t\t<div class=\"elementor-column elementor-col-100 elementor-top-column elementor-element elementor-element-08a4ca0\" data-id=\"08a4ca0\" data-element_type=\"column\">\n\t\t\t<div class=\"elementor-widget-wrap elementor-element-populated\">\n\t\t\t\t\t\t<div class=\"elementor-element elementor-element-98acc7e elementor-widget elementor-widget-heading\" data-id=\"98acc7e\" data-element_type=\"widget\" data-widget_type=\"heading.default\">\n\t\t\t\t<div class=\"elementor-widget-container\">\n\t\t\t\t\t<h2 class=\"elementor-heading-title elementor-size-default\">Elecciones 2023<\/h2>\t\t\t\t<\/div>\n\t\t\t\t<\/div>\n\t\t\t\t\t<\/div>\n\t\t<\/div>\n\t\t\t\t\t<\/div>\n\t\t<\/section>\n\t\t\t\t<section class=\"elementor-section elementor-top-section elementor-element elementor-element-1f05b7e elementor-section-boxed elementor-section-height-default elementor-section-height-default\" data-id=\"1f05b7e\" data-element_type=\"section\">\n\t\t\t\t\t\t<div class=\"elementor-container elementor-column-gap-default\">\n\t\t\t\t\t<div class=\"elementor-column elementor-col-100 elementor-top-column elementor-element elementor-element-8ecfbab\" data-id=\"8ecfbab\" data-element_type=\"column\">\n\t\t\t<div class=\"elementor-widget-wrap elementor-element-populated\">\n\t\t\t\t\t\t<div class=\"elementor-element elementor-element-caa27c4 elementor-widget elementor-widget-image\" data-id=\"caa27c4\" data-element_type=\"widget\" data-widget_type=\"image.default\">\n\t\t\t\t<div class=\"elementor-widget-container\">\n\t\t\t\t\t\t\t\t\t\t\t\t\t\t\t<img loading=\"lazy\" decoding=\"async\" width=\"1024\" height=\"288\" src=\"https:\/\/www.participacionciudadana.org\/web\/wp-content\/uploads\/2022\/11\/PulsoElecciones-1024x288.png\" class=\"attachment-large size-large wp-image-4065\" alt=\"\" srcset=\"https:\/\/www.participacionciudadana.org\/web\/wp-content\/uploads\/2022\/11\/PulsoElecciones-1024x288.png 1024w, https:\/\/www.participacionciudadana.org\/web\/wp-content\/uploads\/2022\/11\/PulsoElecciones-300x84.png 300w, https:\/\/www.participacionciudadana.org\/web\/wp-content\/uploads\/2022\/11\/PulsoElecciones-768x216.png 768w, https:\/\/www.participacionciudadana.org\/web\/wp-content\/uploads\/2022\/11\/PulsoElecciones.png 1312w\" sizes=\"(max-width: 1024px) 100vw, 1024px\" \/>\t\t\t\t\t\t\t\t\t\t\t\t\t\t\t<\/div>\n\t\t\t\t<\/div>\n\t\t\t\t<div class=\"elementor-element elementor-element-93f0210 elementor-widget elementor-widget-video\" data-id=\"93f0210\" data-element_type=\"widget\" data-settings=\"{&quot;video_type&quot;:&quot;hosted&quot;,&quot;autoplay&quot;:&quot;yes&quot;,&quot;controls&quot;:&quot;yes&quot;}\" data-widget_type=\"video.default\">\n\t\t\t\t<div class=\"elementor-widget-container\">\n\t\t\t\t\t\t\t<div class=\"e-hosted-video elementor-wrapper elementor-open-inline\">\n\t\t\t\t\t<video class=\"elementor-video\" src=\"https:\/\/www.participacionciudadana.org\/web\/wp-content\/uploads\/2022\/12\/pc-elecciones-2023-final-1.mp4\" autoplay=\"\" controls=\"\" controlsList=\"nodownload\"><\/video>\n\t\t\t\t<\/div>\n\t\t\t\t\t\t<\/div>\n\t\t\t\t<\/div>\n\t\t\t\t\t<\/div>\n\t\t<\/div>\n\t\t\t\t\t<\/div>\n\t\t<\/section>\n\t\t\t\t<section class=\"elementor-section elementor-top-section elementor-element elementor-element-d91c49e elementor-hidden-tablet elementor-hidden-mobile elementor-section-boxed elementor-section-height-default elementor-section-height-default\" data-id=\"d91c49e\" data-element_type=\"section\">\n\t\t\t\t\t\t<div class=\"elementor-container elementor-column-gap-default\">\n\t\t\t\t\t<div class=\"elementor-column elementor-col-33 elementor-top-column elementor-element elementor-element-8b6e8a3\" data-id=\"8b6e8a3\" data-element_type=\"column\">\n\t\t\t<div class=\"elementor-widget-wrap elementor-element-populated\">\n\t\t\t\t\t\t<div class=\"elementor-element elementor-element-df9bdeb elementor-widget elementor-widget-image\" data-id=\"df9bdeb\" data-element_type=\"widget\" data-widget_type=\"image.default\">\n\t\t\t\t<div class=\"elementor-widget-container\">\n\t\t\t\t\t\t\t\t\t\t\t\t\t\t\t<img loading=\"lazy\" decoding=\"async\" width=\"994\" height=\"283\" src=\"https:\/\/www.participacionciudadana.org\/web\/wp-content\/uploads\/2022\/11\/logo-observacion-electoral.png\" class=\"attachment-large size-large wp-image-4047\" alt=\"\" srcset=\"https:\/\/www.participacionciudadana.org\/web\/wp-content\/uploads\/2022\/11\/logo-observacion-electoral.png 994w, https:\/\/www.participacionciudadana.org\/web\/wp-content\/uploads\/2022\/11\/logo-observacion-electoral-300x85.png 300w, https:\/\/www.participacionciudadana.org\/web\/wp-content\/uploads\/2022\/11\/logo-observacion-electoral-768x219.png 768w\" sizes=\"(max-width: 994px) 100vw, 994px\" \/>\t\t\t\t\t\t\t\t\t\t\t\t\t\t\t<\/div>\n\t\t\t\t<\/div>\n\t\t\t\t\t<\/div>\n\t\t<\/div>\n\t\t\t\t<div class=\"elementor-column elementor-col-33 elementor-top-column elementor-element elementor-element-d329fa1\" data-id=\"d329fa1\" data-element_type=\"column\">\n\t\t\t<div class=\"elementor-widget-wrap\">\n\t\t\t\t\t\t\t<\/div>\n\t\t<\/div>\n\t\t\t\t<div class=\"elementor-column elementor-col-33 elementor-top-column elementor-element elementor-element-bc1f5e0\" data-id=\"bc1f5e0\" data-element_type=\"column\">\n\t\t\t<div class=\"elementor-widget-wrap elementor-element-populated\">\n\t\t\t\t\t\t<div class=\"elementor-element elementor-element-d398dcc elementor-widget elementor-widget-image\" data-id=\"d398dcc\" data-element_type=\"widget\" data-widget_type=\"image.default\">\n\t\t\t\t<div class=\"elementor-widget-container\">\n\t\t\t\t\t\t\t\t\t\t\t\t\t\t\t<img loading=\"lazy\" decoding=\"async\" width=\"992\" height=\"227\" src=\"https:\/\/www.participacionciudadana.org\/web\/wp-content\/uploads\/2022\/11\/logo-monitoreo-medios.png\" class=\"attachment-large size-large wp-image-4046\" alt=\"\" srcset=\"https:\/\/www.participacionciudadana.org\/web\/wp-content\/uploads\/2022\/11\/logo-monitoreo-medios.png 992w, https:\/\/www.participacionciudadana.org\/web\/wp-content\/uploads\/2022\/11\/logo-monitoreo-medios-300x69.png 300w, https:\/\/www.participacionciudadana.org\/web\/wp-content\/uploads\/2022\/11\/logo-monitoreo-medios-768x176.png 768w\" sizes=\"(max-width: 992px) 100vw, 992px\" \/>\t\t\t\t\t\t\t\t\t\t\t\t\t\t\t<\/div>\n\t\t\t\t<\/div>\n\t\t\t\t\t<\/div>\n\t\t<\/div>\n\t\t\t\t\t<\/div>\n\t\t<\/section>\n\t\t\t\t<section class=\"elementor-section elementor-top-section elementor-element elementor-element-cdef456 elementor-hidden-desktop elementor-section-boxed elementor-section-height-default elementor-section-height-default\" data-id=\"cdef456\" data-element_type=\"section\">\n\t\t\t\t\t\t<div class=\"elementor-container elementor-column-gap-default\">\n\t\t\t\t\t<div class=\"elementor-column elementor-col-33 elementor-top-column elementor-element elementor-element-06ac2e9\" data-id=\"06ac2e9\" data-element_type=\"column\">\n\t\t\t<div class=\"elementor-widget-wrap\">\n\t\t\t\t\t\t\t<\/div>\n\t\t<\/div>\n\t\t\t\t<div class=\"elementor-column elementor-col-33 elementor-top-column elementor-element elementor-element-de1fb26\" data-id=\"de1fb26\" data-element_type=\"column\">\n\t\t\t<div class=\"elementor-widget-wrap elementor-element-populated\">\n\t\t\t\t\t\t<div class=\"elementor-element elementor-element-eabbf64 elementor-widget elementor-widget-image\" data-id=\"eabbf64\" data-element_type=\"widget\" data-widget_type=\"image.default\">\n\t\t\t\t<div class=\"elementor-widget-container\">\n\t\t\t\t\t\t\t\t\t\t\t\t\t\t\t<img decoding=\"async\" src=\"https:\/\/www.participacionciudadana.org\/web\/wp-content\/uploads\/elementor\/thumbs\/logo-observacion-electoral-pxk8zuzcq5hqow1m7jh8nbcvperm0salx8sscts7xs.png\" title=\"logo-observacion-electoral\" alt=\"logo-observacion-electoral\" loading=\"lazy\" \/>\t\t\t\t\t\t\t\t\t\t\t\t\t\t\t<\/div>\n\t\t\t\t<\/div>\n\t\t\t\t\t<\/div>\n\t\t<\/div>\n\t\t\t\t<div class=\"elementor-column elementor-col-33 elementor-top-column elementor-element elementor-element-34579c0\" data-id=\"34579c0\" data-element_type=\"column\">\n\t\t\t<div class=\"elementor-widget-wrap elementor-element-populated\">\n\t\t\t\t\t\t<div class=\"elementor-element elementor-element-75e3253 elementor-widget elementor-widget-image\" data-id=\"75e3253\" data-element_type=\"widget\" data-widget_type=\"image.default\">\n\t\t\t\t<div class=\"elementor-widget-container\">\n\t\t\t\t\t\t\t\t\t\t\t\t\t\t\t<img decoding=\"async\" src=\"https:\/\/www.participacionciudadana.org\/web\/wp-content\/uploads\/elementor\/thumbs\/logo-monitoreo-medios-pxk8zr7zytcleg72thuqdcb1bva55zvokq6ufpxsjm.png\" title=\"logo-monitoreo-medios\" alt=\"logo-monitoreo-medios\" loading=\"lazy\" \/>\t\t\t\t\t\t\t\t\t\t\t\t\t\t\t<\/div>\n\t\t\t\t<\/div>\n\t\t\t\t\t<\/div>\n\t\t<\/div>\n\t\t\t\t\t<\/div>\n\t\t<\/section>\n\t\t\t\t<section class=\"elementor-section elementor-top-section elementor-element elementor-element-e5ce9e5 elementor-section-boxed elementor-section-height-default elementor-section-height-default\" data-id=\"e5ce9e5\" data-element_type=\"section\">\n\t\t\t\t\t\t<div class=\"elementor-container elementor-column-gap-default\">\n\t\t\t\t\t<div class=\"elementor-column elementor-col-100 elementor-top-column elementor-element elementor-element-123a1b2\" data-id=\"123a1b2\" data-element_type=\"column\">\n\t\t\t<div class=\"elementor-widget-wrap elementor-element-populated\">\n\t\t\t\t\t\t<div class=\"elementor-element elementor-element-35f39a3 hfe-nav-menu__align-justify hfe-submenu-icon-arrow hfe-submenu-animation-none hfe-link-redirect-child hfe-nav-menu__breakpoint-tablet elementor-widget elementor-widget-navigation-menu\" data-id=\"35f39a3\" data-element_type=\"widget\" data-settings=\"{&quot;padding_horizontal_menu_item&quot;:{&quot;unit&quot;:&quot;px&quot;,&quot;size&quot;:15,&quot;sizes&quot;:[]},&quot;padding_horizontal_menu_item_tablet&quot;:{&quot;unit&quot;:&quot;px&quot;,&quot;size&quot;:&quot;&quot;,&quot;sizes&quot;:[]},&quot;padding_horizontal_menu_item_mobile&quot;:{&quot;unit&quot;:&quot;px&quot;,&quot;size&quot;:&quot;&quot;,&quot;sizes&quot;:[]},&quot;padding_vertical_menu_item&quot;:{&quot;unit&quot;:&quot;px&quot;,&quot;size&quot;:15,&quot;sizes&quot;:[]},&quot;padding_vertical_menu_item_tablet&quot;:{&quot;unit&quot;:&quot;px&quot;,&quot;size&quot;:&quot;&quot;,&quot;sizes&quot;:[]},&quot;padding_vertical_menu_item_mobile&quot;:{&quot;unit&quot;:&quot;px&quot;,&quot;size&quot;:&quot;&quot;,&quot;sizes&quot;:[]},&quot;menu_space_between&quot;:{&quot;unit&quot;:&quot;px&quot;,&quot;size&quot;:&quot;&quot;,&quot;sizes&quot;:[]},&quot;menu_space_between_tablet&quot;:{&quot;unit&quot;:&quot;px&quot;,&quot;size&quot;:&quot;&quot;,&quot;sizes&quot;:[]},&quot;menu_space_between_mobile&quot;:{&quot;unit&quot;:&quot;px&quot;,&quot;size&quot;:&quot;&quot;,&quot;sizes&quot;:[]},&quot;menu_row_space&quot;:{&quot;unit&quot;:&quot;px&quot;,&quot;size&quot;:&quot;&quot;,&quot;sizes&quot;:[]},&quot;menu_row_space_tablet&quot;:{&quot;unit&quot;:&quot;px&quot;,&quot;size&quot;:&quot;&quot;,&quot;sizes&quot;:[]},&quot;menu_row_space_mobile&quot;:{&quot;unit&quot;:&quot;px&quot;,&quot;size&quot;:&quot;&quot;,&quot;sizes&quot;:[]},&quot;dropdown_border_radius&quot;:{&quot;unit&quot;:&quot;px&quot;,&quot;top&quot;:&quot;&quot;,&quot;right&quot;:&quot;&quot;,&quot;bottom&quot;:&quot;&quot;,&quot;left&quot;:&quot;&quot;,&quot;isLinked&quot;:true},&quot;dropdown_border_radius_tablet&quot;:{&quot;unit&quot;:&quot;px&quot;,&quot;top&quot;:&quot;&quot;,&quot;right&quot;:&quot;&quot;,&quot;bottom&quot;:&quot;&quot;,&quot;left&quot;:&quot;&quot;,&quot;isLinked&quot;:true},&quot;dropdown_border_radius_mobile&quot;:{&quot;unit&quot;:&quot;px&quot;,&quot;top&quot;:&quot;&quot;,&quot;right&quot;:&quot;&quot;,&quot;bottom&quot;:&quot;&quot;,&quot;left&quot;:&quot;&quot;,&quot;isLinked&quot;:true},&quot;width_dropdown_item&quot;:{&quot;unit&quot;:&quot;px&quot;,&quot;size&quot;:&quot;220&quot;,&quot;sizes&quot;:[]},&quot;width_dropdown_item_tablet&quot;:{&quot;unit&quot;:&quot;px&quot;,&quot;size&quot;:&quot;&quot;,&quot;sizes&quot;:[]},&quot;width_dropdown_item_mobile&quot;:{&quot;unit&quot;:&quot;px&quot;,&quot;size&quot;:&quot;&quot;,&quot;sizes&quot;:[]},&quot;padding_horizontal_dropdown_item&quot;:{&quot;unit&quot;:&quot;px&quot;,&quot;size&quot;:&quot;&quot;,&quot;sizes&quot;:[]},&quot;padding_horizontal_dropdown_item_tablet&quot;:{&quot;unit&quot;:&quot;px&quot;,&quot;size&quot;:&quot;&quot;,&quot;sizes&quot;:[]},&quot;padding_horizontal_dropdown_item_mobile&quot;:{&quot;unit&quot;:&quot;px&quot;,&quot;size&quot;:&quot;&quot;,&quot;sizes&quot;:[]},&quot;padding_vertical_dropdown_item&quot;:{&quot;unit&quot;:&quot;px&quot;,&quot;size&quot;:15,&quot;sizes&quot;:[]},&quot;padding_vertical_dropdown_item_tablet&quot;:{&quot;unit&quot;:&quot;px&quot;,&quot;size&quot;:&quot;&quot;,&quot;sizes&quot;:[]},&quot;padding_vertical_dropdown_item_mobile&quot;:{&quot;unit&quot;:&quot;px&quot;,&quot;size&quot;:&quot;&quot;,&quot;sizes&quot;:[]},&quot;distance_from_menu&quot;:{&quot;unit&quot;:&quot;px&quot;,&quot;size&quot;:&quot;&quot;,&quot;sizes&quot;:[]},&quot;distance_from_menu_tablet&quot;:{&quot;unit&quot;:&quot;px&quot;,&quot;size&quot;:&quot;&quot;,&quot;sizes&quot;:[]},&quot;distance_from_menu_mobile&quot;:{&quot;unit&quot;:&quot;px&quot;,&quot;size&quot;:&quot;&quot;,&quot;sizes&quot;:[]},&quot;toggle_size&quot;:{&quot;unit&quot;:&quot;px&quot;,&quot;size&quot;:&quot;&quot;,&quot;sizes&quot;:[]},&quot;toggle_size_tablet&quot;:{&quot;unit&quot;:&quot;px&quot;,&quot;size&quot;:&quot;&quot;,&quot;sizes&quot;:[]},&quot;toggle_size_mobile&quot;:{&quot;unit&quot;:&quot;px&quot;,&quot;size&quot;:&quot;&quot;,&quot;sizes&quot;:[]},&quot;toggle_border_width&quot;:{&quot;unit&quot;:&quot;px&quot;,&quot;size&quot;:&quot;&quot;,&quot;sizes&quot;:[]},&quot;toggle_border_width_tablet&quot;:{&quot;unit&quot;:&quot;px&quot;,&quot;size&quot;:&quot;&quot;,&quot;sizes&quot;:[]},&quot;toggle_border_width_mobile&quot;:{&quot;unit&quot;:&quot;px&quot;,&quot;size&quot;:&quot;&quot;,&quot;sizes&quot;:[]},&quot;toggle_border_radius&quot;:{&quot;unit&quot;:&quot;px&quot;,&quot;size&quot;:&quot;&quot;,&quot;sizes&quot;:[]},&quot;toggle_border_radius_tablet&quot;:{&quot;unit&quot;:&quot;px&quot;,&quot;size&quot;:&quot;&quot;,&quot;sizes&quot;:[]},&quot;toggle_border_radius_mobile&quot;:{&quot;unit&quot;:&quot;px&quot;,&quot;size&quot;:&quot;&quot;,&quot;sizes&quot;:[]}}\" data-widget_type=\"navigation-menu.default\">\n\t\t\t\t<div class=\"elementor-widget-container\">\n\t\t\t\t\t\t\t\t<div class=\"hfe-nav-menu hfe-layout-horizontal hfe-nav-menu-layout horizontal hfe-pointer__none\" data-layout=\"horizontal\">\n\t\t\t\t<div role=\"button\" class=\"hfe-nav-menu__toggle elementor-clickable\" tabindex=\"0\" aria-label=\"Menu Toggle\">\n\t\t\t\t\t<span class=\"screen-reader-text\">Men\u00fa<\/span>\n\t\t\t\t\t<div class=\"hfe-nav-menu-icon\">\n\t\t\t\t\t\t<i aria-hidden=\"true\"  class=\"fas fa-align-justify\"><\/i>\t\t\t\t\t<\/div>\n\t\t\t\t<\/div>\n\t\t\t\t<nav class=\"hfe-nav-menu__layout-horizontal hfe-nav-menu__submenu-arrow\" data-toggle-icon=\"&lt;i aria-hidden=&quot;true&quot; tabindex=&quot;0&quot; class=&quot;fas fa-align-justify&quot;&gt;&lt;\/i&gt;\" data-close-icon=\"&lt;i aria-hidden=&quot;true&quot; tabindex=&quot;0&quot; class=&quot;far fa-window-close&quot;&gt;&lt;\/i&gt;\" data-full-width=\"yes\">\n\t\t\t\t\t<ul id=\"menu-1-35f39a3\" class=\"hfe-nav-menu\"><li id=\"menu-item-4060\" class=\"menu-item menu-item-type-custom menu-item-object-custom parent hfe-creative-menu\"><a href=\"https:\/\/www.participacionciudadana.org\/web\/elecciones-2023\/\" class = \"hfe-menu-item\">Elecciones 2023<\/a><\/li>\n<li id=\"menu-item-4221\" class=\"menu-item menu-item-type-post_type menu-item-object-page parent hfe-creative-menu\"><a href=\"https:\/\/www.participacionciudadana.org\/web\/voto-responsable-2023\/\" class = \"hfe-menu-item\">Antes de votar: Piensa bien<\/a><\/li>\n<li id=\"menu-item-4051\" class=\"menu-item menu-item-type-custom menu-item-object-custom parent hfe-creative-menu\"><a href=\"https:\/\/www.participacionciudadana.org\/web\/elecciones-2023\/#reportes-monitoreo\" class = \"hfe-menu-item\">Monitoreos<\/a><\/li>\n<li id=\"menu-item-4052\" class=\"menu-item menu-item-type-custom menu-item-object-custom parent hfe-creative-menu\"><a href=\"https:\/\/www.participacionciudadana.org\/web\/elecciones-2023\/\" class = \"hfe-menu-item\">Campa\u00f1as<\/a><\/li>\n<li id=\"menu-item-4229\" class=\"menu-item menu-item-type-post_type menu-item-object-page parent hfe-creative-menu\"><a href=\"https:\/\/www.participacionciudadana.org\/web\/boletines-elecciones-2023\/\" class = \"hfe-menu-item\">Boletines de prensa<\/a><\/li>\n<\/ul> \n\t\t\t\t<\/nav>\n\t\t\t<\/div>\n\t\t\t\t\t\t\t<\/div>\n\t\t\t\t<\/div>\n\t\t\t\t\t<\/div>\n\t\t<\/div>\n\t\t\t\t\t<\/div>\n\t\t<\/section>\n\t\t\t\t<section class=\"elementor-section elementor-top-section elementor-element elementor-element-371f8f3 elementor-section-boxed elementor-section-height-default elementor-section-height-default\" data-id=\"371f8f3\" data-element_type=\"section\">\n\t\t\t\t\t\t<div class=\"elementor-container elementor-column-gap-default\">\n\t\t\t\t\t<div class=\"elementor-column elementor-col-100 elementor-top-column elementor-element elementor-element-9785571\" data-id=\"9785571\" data-element_type=\"column\">\n\t\t\t<div class=\"elementor-widget-wrap elementor-element-populated\">\n\t\t\t\t\t\t<div class=\"elementor-element elementor-element-21cc343 elementor-widget elementor-widget-text-editor\" data-id=\"21cc343\" data-element_type=\"widget\" data-widget_type=\"text-editor.default\">\n\t\t\t\t<div class=\"elementor-widget-container\">\n\t\t\t\t\t\t\t\t\t<p>La Corporaci\u00f3n Participaci\u00f3n Ciudadana, como una organizaci\u00f3n de la sociedad civil, comprometida con la transparencia, la vigilancia a la gesti\u00f3n p\u00fablica y la participaci\u00f3n ciudadana, acompa\u00f1ar\u00e1 todas las etapas correspondientes al proceso electoral, que se llevar\u00e1 a cabo el pr\u00f3ximo 5 de febrero de 2023, en el que se elegir\u00e1n a las dignidades de prefectos\/as y viceprefectos\/as; alcaldes \/ alcaldesas; concejales urbanos y rurales, vocales der las juntas parroquiales rurales y consejeros del Consejo de Participaci\u00f3n Ciudadana y Control Social.<\/p><p>El Centro de Monitoreo de PC, lleva a cabo una serie monitoreos, con el objetivo de brindarle a la ciudadan\u00eda informaci\u00f3n de relevancia. Los monitoreos que se realizan son:<\/p>\t\t\t\t\t\t\t\t<\/div>\n\t\t\t\t<\/div>\n\t\t\t\t\t<\/div>\n\t\t<\/div>\n\t\t\t\t\t<\/div>\n\t\t<\/section>\n\t\t\t\t<section class=\"elementor-section elementor-top-section elementor-element elementor-element-0c56273 elementor-section-boxed elementor-section-height-default elementor-section-height-default\" data-id=\"0c56273\" data-element_type=\"section\">\n\t\t\t\t\t\t<div class=\"elementor-container elementor-column-gap-default\">\n\t\t\t\t\t<div class=\"elementor-column elementor-col-100 elementor-top-column elementor-element elementor-element-794ad94\" data-id=\"794ad94\" data-element_type=\"column\">\n\t\t\t<div class=\"elementor-widget-wrap elementor-element-populated\">\n\t\t\t\t\t\t<div class=\"elementor-element elementor-element-2b85639 elementor-widget elementor-widget-shortcode\" data-id=\"2b85639\" data-element_type=\"widget\" data-widget_type=\"shortcode.default\">\n\t\t\t\t<div class=\"elementor-widget-container\">\n\t\t\t\t\t\t\t<div class=\"elementor-shortcode\"><div class=\"pt-cv-wrapper\"><div class=\"pt-cv-view pt-cv-collapsible\" id=\"pt-cv-view-07bc27f0cd\"><div data-id=\"pt-cv-page-1\" class=\"pt-cv-page\" data-cvc=\"1\"><div class=\"panel-group\" id=\"cc011e8vy1\"><div class=\"panel panel-default pt-cv-content-item pt-cv-1-col\" >\r\n<div class=\"panel-heading pt-cv-title\">\r\n    <a class=\"panel-title\" data-toggle=\"cvcollapse\" data-parent=\"#cc011e8vy1\" data-target=\"#c9c2e528u9\" href='https:\/\/www.participacionciudadana.org\/web\/elecciones-2023\/publicidad-oficial\/' onclick='event.preventDefault()'>\r\n\t\tPublicidad oficial\t<\/a>\r\n\t<\/div>\r\n<div id=\"c9c2e528u9\" class=\"panel-collapse collapse in\">\r\n\t<div class=\"panel-body\">\r\n\t\t<a href=\"https:\/\/www.participacionciudadana.org\/web\/elecciones-2023\/publicidad-oficial\/\" class=\"_self pt-cv-href-thumbnail pt-cv-thumb-default\" target=\"_self\" ><\/a>\n<div class=\"pt-cv-content\"><ul>\n<li>Monitoreo de las entidades del Estado que difunden publicidad en medios de comunicaci\u00f3n, antes durante y despu\u00e9s de la campa\u00f1a electoral. En el marco del proceso electoral de 2023, el Centro de Monitoreo de PC monitorear\u00e1 los canales de televisi\u00f3n, de se\u00f1al nacional.<\/li>\n<li>Vigilancia al cumplimiento del art\u00edculo 219 del C\u00f3digo de la Democracia, que proh\u00edbe a las autoridades p\u00fablicas difundir su nombre en las obras o proyectos.<\/li>\n<\/ul>\n\n\n<figure class=\"wp-block-gallery has-nested-images columns-default is-cropped wp-block-gallery-1 is-layout-flex wp-block-gallery-is-layout-flex\">\n<figure class=\"wp-block-image size-large\"><img fetchpriority=\"high\" fetchpriority=\"high\" decoding=\"async\" width=\"360\" height=\"201\" data-id=\"4177\" src=\"https:\/\/www.participacionciudadana.org\/web\/wp-content\/uploads\/2022\/12\/PublicidadOficial01.jpeg\" alt=\"\" class=\"wp-image-4177\" srcset=\"https:\/\/www.participacionciudadana.org\/web\/wp-content\/uploads\/2022\/12\/PublicidadOficial01.jpeg 360w, https:\/\/www.participacionciudadana.org\/web\/wp-content\/uploads\/2022\/12\/PublicidadOficial01-300x168.jpeg 300w\" sizes=\"(max-width: 360px) 100vw, 360px\" \/><\/figure>\n\n\n\n<figure class=\"wp-block-image size-large\"><img decoding=\"async\" width=\"360\" height=\"201\" data-id=\"4178\" src=\"https:\/\/www.participacionciudadana.org\/web\/wp-content\/uploads\/2022\/12\/PublicidadOficial02.jpeg\" alt=\"\" class=\"wp-image-4178\" srcset=\"https:\/\/www.participacionciudadana.org\/web\/wp-content\/uploads\/2022\/12\/PublicidadOficial02.jpeg 360w, https:\/\/www.participacionciudadana.org\/web\/wp-content\/uploads\/2022\/12\/PublicidadOficial02-300x168.jpeg 300w\" sizes=\"(max-width: 360px) 100vw, 360px\" \/><\/figure>\n<\/figure>\n\n\n\n<figure class=\"wp-block-gallery has-nested-images columns-default is-cropped wp-block-gallery-2 is-layout-flex wp-block-gallery-is-layout-flex\">\n<figure class=\"wp-block-image size-large\"><img decoding=\"async\" width=\"360\" height=\"201\" data-id=\"4179\" src=\"https:\/\/www.participacionciudadana.org\/web\/wp-content\/uploads\/2022\/12\/PublicidadOficial03.jpeg\" alt=\"\" class=\"wp-image-4179\" srcset=\"https:\/\/www.participacionciudadana.org\/web\/wp-content\/uploads\/2022\/12\/PublicidadOficial03.jpeg 360w, https:\/\/www.participacionciudadana.org\/web\/wp-content\/uploads\/2022\/12\/PublicidadOficial03-300x168.jpeg 300w\" sizes=\"(max-width: 360px) 100vw, 360px\" \/><\/figure>\n\n\n\n<figure class=\"wp-block-image size-large\"><img loading=\"lazy\" loading=\"lazy\" decoding=\"async\" width=\"360\" height=\"201\" data-id=\"4176\" src=\"https:\/\/www.participacionciudadana.org\/web\/wp-content\/uploads\/2022\/12\/PublicidadOficial04.jpeg\" alt=\"\" class=\"wp-image-4176\" srcset=\"https:\/\/www.participacionciudadana.org\/web\/wp-content\/uploads\/2022\/12\/PublicidadOficial04.jpeg 360w, https:\/\/www.participacionciudadana.org\/web\/wp-content\/uploads\/2022\/12\/PublicidadOficial04-300x168.jpeg 300w\" sizes=\"auto, (max-width: 360px) 100vw, 360px\" \/><\/figure>\n<\/figure>\n<\/div>\t<\/div>\r\n<\/div><\/div>\n<div class=\"panel panel-default pt-cv-content-item pt-cv-1-col\" >\r\n<div class=\"panel-heading pt-cv-title\">\r\n    <a class=\"panel-title\" data-toggle=\"cvcollapse\" data-parent=\"#cc011e8vy1\" data-target=\"#6e53b5bl0j\" href='https:\/\/www.participacionciudadana.org\/web\/elecciones-2023\/publicidad-electoral-en-medios-de-comunicacion\/' onclick='event.preventDefault()'>\r\n\t\tPublicidad electoral en medios de comunicaci\u00f3n\t<\/a>\r\n\t<\/div>\r\n<div id=\"6e53b5bl0j\" class=\"panel-collapse collapse \">\r\n\t<div class=\"panel-body\">\r\n\t\t<a href=\"https:\/\/www.participacionciudadana.org\/web\/elecciones-2023\/publicidad-electoral-en-medios-de-comunicacion\/\" class=\"_self pt-cv-href-thumbnail pt-cv-thumb-default\" target=\"_self\" ><\/a>\n<div class=\"pt-cv-content\"><ul>\n<li>Verificamos que la publicidad electoral est\u00e9 dentro de las franjas asignadas por el CNE.<\/li>\n<li>Verificamos que la publicidad electoral cumpla con normas electorales, en temas como, por ejemplo, la no utilizaci\u00f3n de ni\u00f1os en spots electorales.<\/li>\n<\/ul>\n\n\n<div class=\"wp-block-columns is-layout-flex wp-container-core-columns-is-layout-28f84493 wp-block-columns-is-layout-flex\">\n<div class=\"wp-block-column is-layout-flow wp-block-column-is-layout-flow\">\n<figure class=\"wp-block-image aligncenter size-full is-resized\"><img loading=\"lazy\" loading=\"lazy\" decoding=\"async\" src=\"https:\/\/www.participacionciudadana.org\/web\/wp-content\/uploads\/2022\/12\/PublicidadElectoral01.jpeg\" alt=\"\" class=\"wp-image-4193\" width=\"379\" height=\"185\" srcset=\"https:\/\/www.participacionciudadana.org\/web\/wp-content\/uploads\/2022\/12\/PublicidadElectoral01.jpeg 937w, https:\/\/www.participacionciudadana.org\/web\/wp-content\/uploads\/2022\/12\/PublicidadElectoral01-300x147.jpeg 300w, https:\/\/www.participacionciudadana.org\/web\/wp-content\/uploads\/2022\/12\/PublicidadElectoral01-768x375.jpeg 768w\" sizes=\"auto, (max-width: 379px) 100vw, 379px\" \/><\/figure>\n<\/div>\n<\/div>\n<\/div>\t<\/div>\r\n<\/div><\/div>\n<div class=\"panel panel-default pt-cv-content-item pt-cv-1-col\" >\r\n<div class=\"panel-heading pt-cv-title\">\r\n    <a class=\"panel-title\" data-toggle=\"cvcollapse\" data-parent=\"#cc011e8vy1\" data-target=\"#08ec38adn2\" href='https:\/\/www.participacionciudadana.org\/web\/elecciones-2023\/monitoreo-del-proceso-electoral-2023\/' onclick='event.preventDefault()'>\r\n\t\tMonitoreo del proceso electoral 2023\t<\/a>\r\n\t<\/div>\r\n<div id=\"08ec38adn2\" class=\"panel-collapse collapse \">\r\n\t<div class=\"panel-body\">\r\n\t\t<a href=\"https:\/\/www.participacionciudadana.org\/web\/elecciones-2023\/monitoreo-del-proceso-electoral-2023\/\" class=\"_self pt-cv-href-thumbnail pt-cv-thumb-default\" target=\"_self\" ><\/a>\n<div class=\"pt-cv-content\"><ul>\n<li>Monitoreo a la violencia pol\u00edtica de g\u00e9nero en contra de candidatas en Twitter.<\/li>\n<li>Vigilancia al cumplimiento sobre las normas de paridad en el encabezamiento de listas de candidatos (30 por ciento) en determinadas provincias.<\/li>\n<\/ul>\n\n\n<figure class=\"wp-block-gallery has-nested-images columns-default is-cropped wp-block-gallery-3 is-layout-flex wp-block-gallery-is-layout-flex\">\n<figure class=\"wp-block-image size-large\"><img loading=\"lazy\" loading=\"lazy\" decoding=\"async\" width=\"680\" height=\"680\" data-id=\"4191\" src=\"https:\/\/www.participacionciudadana.org\/web\/wp-content\/uploads\/2022\/12\/Monitoreo01.jpeg\" alt=\"\" class=\"wp-image-4191\" srcset=\"https:\/\/www.participacionciudadana.org\/web\/wp-content\/uploads\/2022\/12\/Monitoreo01.jpeg 680w, https:\/\/www.participacionciudadana.org\/web\/wp-content\/uploads\/2022\/12\/Monitoreo01-300x300.jpeg 300w, https:\/\/www.participacionciudadana.org\/web\/wp-content\/uploads\/2022\/12\/Monitoreo01-150x150.jpeg 150w, https:\/\/www.participacionciudadana.org\/web\/wp-content\/uploads\/2022\/12\/Monitoreo01-600x600.jpeg 600w\" sizes=\"auto, (max-width: 680px) 100vw, 680px\" \/><\/figure>\n\n\n\n<figure class=\"wp-block-image size-large\"><img loading=\"lazy\" loading=\"lazy\" decoding=\"async\" width=\"680\" height=\"680\" data-id=\"4192\" src=\"https:\/\/www.participacionciudadana.org\/web\/wp-content\/uploads\/2022\/12\/Monitoreo02.jpeg\" alt=\"\" class=\"wp-image-4192\" srcset=\"https:\/\/www.participacionciudadana.org\/web\/wp-content\/uploads\/2022\/12\/Monitoreo02.jpeg 680w, https:\/\/www.participacionciudadana.org\/web\/wp-content\/uploads\/2022\/12\/Monitoreo02-300x300.jpeg 300w, https:\/\/www.participacionciudadana.org\/web\/wp-content\/uploads\/2022\/12\/Monitoreo02-150x150.jpeg 150w, https:\/\/www.participacionciudadana.org\/web\/wp-content\/uploads\/2022\/12\/Monitoreo02-600x600.jpeg 600w\" sizes=\"auto, (max-width: 680px) 100vw, 680px\" \/><\/figure>\n<\/figure>\n<\/div>\t<\/div>\r\n<\/div><\/div><\/div><\/div><\/div><\/div><\/div>\n\t\t\t\t\t\t<\/div>\n\t\t\t\t<\/div>\n\t\t\t\t<div class=\"elementor-element elementor-element-963d2bf elementor-widget elementor-widget-text-editor\" data-id=\"963d2bf\" data-element_type=\"widget\" data-widget_type=\"text-editor.default\">\n\t\t\t\t<div class=\"elementor-widget-container\">\n\t\t\t\t\t\t\t\t\t<p>Adicional, se continuar\u00e1 con el monitoreo permanente que la Corporaci\u00f3n Participaci\u00f3n Ciudadana realiza a la violencia pol\u00edtica en Twitter, contra mujeres inmersas en el \u00e1mbito pol\u00edtico y de relevancia p\u00fablica, mismo que viene realiz\u00e1ndose desde diciembre de 2019.<\/p>\t\t\t\t\t\t\t\t<\/div>\n\t\t\t\t<\/div>\n\t\t\t\t\t<\/div>\n\t\t<\/div>\n\t\t\t\t\t<\/div>\n\t\t<\/section>\n\t\t\t\t<section class=\"elementor-section elementor-top-section elementor-element elementor-element-cd6bbd8 elementor-section-boxed elementor-section-height-default elementor-section-height-default\" data-id=\"cd6bbd8\" data-element_type=\"section\">\n\t\t\t\t\t\t<div class=\"elementor-container elementor-column-gap-default\">\n\t\t\t\t\t<div class=\"elementor-column elementor-col-100 elementor-top-column elementor-element elementor-element-c6bea4b\" data-id=\"c6bea4b\" data-element_type=\"column\">\n\t\t\t<div class=\"elementor-widget-wrap elementor-element-populated\">\n\t\t\t\t\t\t<div class=\"elementor-element elementor-element-224d414 elementor-widget elementor-widget-image\" data-id=\"224d414\" data-element_type=\"widget\" data-widget_type=\"image.default\">\n\t\t\t\t<div class=\"elementor-widget-container\">\n\t\t\t\t\t\t\t\t\t\t\t\t\t\t\t<img decoding=\"async\" src=\"https:\/\/www.participacionciudadana.org\/web\/wp-content\/uploads\/elementor\/thumbs\/Adicional01-pyvjq0yphrlxheoa4or6vvqs6vfk7q8m7m3gu2abog.jpeg\" title=\"Adicional01\" alt=\"Adicional01\" loading=\"lazy\" \/>\t\t\t\t\t\t\t\t\t\t\t\t\t\t\t<\/div>\n\t\t\t\t<\/div>\n\t\t\t\t\t<\/div>\n\t\t<\/div>\n\t\t\t\t\t<\/div>\n\t\t<\/section>\n\t\t\t\t<section class=\"elementor-section elementor-top-section elementor-element elementor-element-ac6c46c elementor-section-boxed elementor-section-height-default elementor-section-height-default\" data-id=\"ac6c46c\" data-element_type=\"section\">\n\t\t\t\t\t\t<div class=\"elementor-container elementor-column-gap-default\">\n\t\t\t\t\t<div class=\"elementor-column elementor-col-100 elementor-top-column elementor-element elementor-element-e1a19f1\" data-id=\"e1a19f1\" data-element_type=\"column\">\n\t\t\t<div class=\"elementor-widget-wrap elementor-element-populated\">\n\t\t\t\t\t\t<div class=\"elementor-element elementor-element-0168c4f elementor-widget-divider--view-line elementor-widget elementor-widget-divider\" data-id=\"0168c4f\" data-element_type=\"widget\" data-widget_type=\"divider.default\">\n\t\t\t\t<div class=\"elementor-widget-container\">\n\t\t\t\t\t\t\t<div class=\"elementor-divider\">\n\t\t\t<span class=\"elementor-divider-separator\">\n\t\t\t\t\t\t<\/span>\n\t\t<\/div>\n\t\t\t\t\t\t<\/div>\n\t\t\t\t<\/div>\n\t\t\t\t<div class=\"elementor-element elementor-element-94aa3bb elementor-widget elementor-widget-heading\" data-id=\"94aa3bb\" data-element_type=\"widget\" id=\"reportes-monitoreo\" data-widget_type=\"heading.default\">\n\t\t\t\t<div class=\"elementor-widget-container\">\n\t\t\t\t\t<h2 class=\"elementor-heading-title elementor-size-default\">Monitoreo sobre paridad e inclusi\u00f3n<\/h2>\t\t\t\t<\/div>\n\t\t\t\t<\/div>\n\t\t\t\t\t<\/div>\n\t\t<\/div>\n\t\t\t\t\t<\/div>\n\t\t<\/section>\n\t\t\t\t<section class=\"elementor-section elementor-top-section elementor-element elementor-element-4e2d1a3 elementor-section-boxed elementor-section-height-default elementor-section-height-default\" data-id=\"4e2d1a3\" data-element_type=\"section\">\n\t\t\t\t\t\t<div class=\"elementor-container elementor-column-gap-default\">\n\t\t\t\t\t<div class=\"elementor-column elementor-col-100 elementor-top-column elementor-element elementor-element-a37b810\" data-id=\"a37b810\" data-element_type=\"column\">\n\t\t\t<div class=\"elementor-widget-wrap elementor-element-populated\">\n\t\t\t\t\t\t<div class=\"elementor-element elementor-element-9ef2fab elementor-widget elementor-widget-shortcode\" data-id=\"9ef2fab\" data-element_type=\"widget\" data-widget_type=\"shortcode.default\">\n\t\t\t\t<div class=\"elementor-widget-container\">\n\t\t\t\t\t\t\t<div class=\"elementor-shortcode\"><div class=\"pt-cv-wrapper\"><div class=\"pt-cv-view pt-cv-grid pt-cv-colsys\" id=\"pt-cv-view-0a83bd4alc\"><div data-id=\"pt-cv-page-1\" class=\"pt-cv-page\" data-cvc=\"2\"><div class=\"col-md-6 col-sm-6 col-xs-12 pt-cv-content-item pt-cv-1-col\" ><div class='pt-cv-ifield'><a href=\"https:\/\/www.participacionciudadana.org\/web\/2023\/01\/24\/informe-de-cumplimiento-de-las-normas-sobre-paridad-e-inclusion-para-la-dignidad-de-alcaldes-en-la-provincia-del-azuay\/\" class=\"_self pt-cv-href-thumbnail pt-cv-thumb-default\" target=\"_self\" ><img loading=\"lazy\" decoding=\"async\" width=\"300\" height=\"300\" src=\"https:\/\/www.participacionciudadana.org\/web\/wp-content\/uploads\/2023\/01\/1IAZUAY-300x300.jpg\" class=\"pt-cv-thumbnail\" alt=\"\" srcset=\"https:\/\/www.participacionciudadana.org\/web\/wp-content\/uploads\/2023\/01\/1IAZUAY-300x300.jpg 300w, https:\/\/www.participacionciudadana.org\/web\/wp-content\/uploads\/2023\/01\/1IAZUAY-150x150.jpg 150w, https:\/\/www.participacionciudadana.org\/web\/wp-content\/uploads\/2023\/01\/1IAZUAY-768x768.jpg 768w, https:\/\/www.participacionciudadana.org\/web\/wp-content\/uploads\/2023\/01\/1IAZUAY-600x600.jpg 600w, https:\/\/www.participacionciudadana.org\/web\/wp-content\/uploads\/2023\/01\/1IAZUAY.jpg 800w\" sizes=\"(max-width: 300px) 100vw, 300px\" \/><\/a>\n<h4 class=\"pt-cv-title\"><a href=\"https:\/\/www.participacionciudadana.org\/web\/2023\/01\/24\/informe-de-cumplimiento-de-las-normas-sobre-paridad-e-inclusion-para-la-dignidad-de-alcaldes-en-la-provincia-del-azuay\/\" class=\"_self\" target=\"_self\" >Informe de cumplimiento de las normas sobre paridad e inclusi\u00f3n para la dignidad de alcaldes, en la provincia del Azuay<\/a><\/h4>\n<div class=\"pt-cv-content\">El Centro de Monitoreo de la Corporaci\u00f3n Participaci\u00f3n Ciudadana presenta el informe de cumplimiento de las normas sobre paridad e ...<br \/><div class=\"pt-cv-rmwrap\"><a href=\"https:\/\/www.participacionciudadana.org\/web\/2023\/01\/24\/informe-de-cumplimiento-de-las-normas-sobre-paridad-e-inclusion-para-la-dignidad-de-alcaldes-en-la-provincia-del-azuay\/\" class=\"_self pt-cv-readmore btn btn-success\" target=\"_self\">Leer M\u00e1s<\/a><\/div><\/div><\/div><\/div>\n<div class=\"col-md-6 col-sm-6 col-xs-12 pt-cv-content-item pt-cv-1-col\" ><div class='pt-cv-ifield'><a href=\"https:\/\/www.participacionciudadana.org\/web\/2023\/01\/17\/reporte-de-cumplimiento-sobre-paridad-e-inclusion-en-guayas\/\" class=\"_self pt-cv-href-thumbnail pt-cv-thumb-default\" target=\"_self\" ><img loading=\"lazy\" decoding=\"async\" width=\"300\" height=\"300\" src=\"https:\/\/www.participacionciudadana.org\/web\/wp-content\/uploads\/2023\/01\/1IG-300x300.jpg\" class=\"pt-cv-thumbnail\" alt=\"\" srcset=\"https:\/\/www.participacionciudadana.org\/web\/wp-content\/uploads\/2023\/01\/1IG-300x300.jpg 300w, https:\/\/www.participacionciudadana.org\/web\/wp-content\/uploads\/2023\/01\/1IG-150x150.jpg 150w, https:\/\/www.participacionciudadana.org\/web\/wp-content\/uploads\/2023\/01\/1IG-768x768.jpg 768w, https:\/\/www.participacionciudadana.org\/web\/wp-content\/uploads\/2023\/01\/1IG-600x600.jpg 600w, https:\/\/www.participacionciudadana.org\/web\/wp-content\/uploads\/2023\/01\/1IG.jpg 800w\" sizes=\"(max-width: 300px) 100vw, 300px\" \/><\/a>\n<h4 class=\"pt-cv-title\"><a href=\"https:\/\/www.participacionciudadana.org\/web\/2023\/01\/17\/reporte-de-cumplimiento-sobre-paridad-e-inclusion-en-guayas\/\" class=\"_self\" target=\"_self\" >Reporte de cumplimiento sobre paridad e inclusi\u00f3n en Guayas<\/a><\/h4>\n<div class=\"pt-cv-content\">El Centro de Monitoreo de la Corporaci\u00f3n Participaci\u00f3n Ciudadana presenta el informe de cumplimiento a las normas sobre paridad e ...<br \/><div class=\"pt-cv-rmwrap\"><a href=\"https:\/\/www.participacionciudadana.org\/web\/2023\/01\/17\/reporte-de-cumplimiento-sobre-paridad-e-inclusion-en-guayas\/\" class=\"_self pt-cv-readmore btn btn-success\" target=\"_self\">Leer M\u00e1s<\/a><\/div><\/div><\/div><\/div>\n<div class=\"col-md-6 col-sm-6 col-xs-12 pt-cv-content-item pt-cv-1-col\" ><div class='pt-cv-ifield'><a href=\"https:\/\/www.participacionciudadana.org\/web\/2023\/01\/11\/reporte-de-cumplimiento-sobre-paridad-e-inclusion-en-pichincha\/\" class=\"_self pt-cv-href-thumbnail pt-cv-thumb-default\" target=\"_self\" ><img loading=\"lazy\" decoding=\"async\" width=\"300\" height=\"300\" src=\"https:\/\/www.participacionciudadana.org\/web\/wp-content\/uploads\/2023\/01\/1fb-300x300.jpg\" class=\"pt-cv-thumbnail\" alt=\"\" srcset=\"https:\/\/www.participacionciudadana.org\/web\/wp-content\/uploads\/2023\/01\/1fb-300x300.jpg 300w, https:\/\/www.participacionciudadana.org\/web\/wp-content\/uploads\/2023\/01\/1fb-150x150.jpg 150w, https:\/\/www.participacionciudadana.org\/web\/wp-content\/uploads\/2023\/01\/1fb-768x768.jpg 768w, https:\/\/www.participacionciudadana.org\/web\/wp-content\/uploads\/2023\/01\/1fb-600x600.jpg 600w, https:\/\/www.participacionciudadana.org\/web\/wp-content\/uploads\/2023\/01\/1fb.jpg 800w\" sizes=\"(max-width: 300px) 100vw, 300px\" \/><\/a>\n<h4 class=\"pt-cv-title\"><a href=\"https:\/\/www.participacionciudadana.org\/web\/2023\/01\/11\/reporte-de-cumplimiento-sobre-paridad-e-inclusion-en-pichincha\/\" class=\"_self\" target=\"_self\" >Reporte de cumplimiento sobre paridad e inclusi\u00f3n en Pichincha<\/a><\/h4>\n<div class=\"pt-cv-content\">El Centro de Monitoreo de la Corporaci\u00f3n Participaci\u00f3n Ciudadana (PC) presenta el informe de cumplimiento de las normas sobre paridad ...<br \/><div class=\"pt-cv-rmwrap\"><a href=\"https:\/\/www.participacionciudadana.org\/web\/2023\/01\/11\/reporte-de-cumplimiento-sobre-paridad-e-inclusion-en-pichincha\/\" class=\"_self pt-cv-readmore btn btn-success\" target=\"_self\">Leer M\u00e1s<\/a><\/div><\/div><\/div><\/div><\/div><\/div><\/div><\/div>\n\t\t\t\t\t\t<\/div>\n\t\t\t\t<\/div>\n\t\t\t\t<div class=\"elementor-element elementor-element-c3ac2dc elementor-widget elementor-widget-heading\" data-id=\"c3ac2dc\" data-element_type=\"widget\" data-widget_type=\"heading.default\">\n\t\t\t\t<div class=\"elementor-widget-container\">\n\t\t\t\t\t<h2 class=\"elementor-heading-title elementor-size-default\">Monitoreo al fondo de promoci\u00f3n electoral<\/h2>\t\t\t\t<\/div>\n\t\t\t\t<\/div>\n\t\t\t\t<div class=\"elementor-element elementor-element-ed88e29 elementor-widget elementor-widget-shortcode\" data-id=\"ed88e29\" data-element_type=\"widget\" data-widget_type=\"shortcode.default\">\n\t\t\t\t<div class=\"elementor-widget-container\">\n\t\t\t\t\t\t\t<div class=\"elementor-shortcode\"><div class=\"pt-cv-wrapper\"><div class=\"pt-cv-view pt-cv-grid pt-cv-colsys\" id=\"pt-cv-view-015212e2e0\"><div data-id=\"pt-cv-page-1\" class=\"pt-cv-page\" data-cvc=\"2\"><div class=\"col-md-6 col-sm-6 col-xs-12 pt-cv-content-item pt-cv-1-col\" ><div class='pt-cv-ifield'><a href=\"https:\/\/www.participacionciudadana.org\/web\/2023\/02\/07\/informe-final-de-promocion-electoral\/\" class=\"_self pt-cv-href-thumbnail pt-cv-thumb-default\" target=\"_self\" ><img loading=\"lazy\" decoding=\"async\" width=\"300\" height=\"300\" src=\"https:\/\/www.participacionciudadana.org\/web\/wp-content\/uploads\/2023\/02\/1I-1-300x300.jpg\" class=\"pt-cv-thumbnail\" alt=\"\" srcset=\"https:\/\/www.participacionciudadana.org\/web\/wp-content\/uploads\/2023\/02\/1I-1-300x300.jpg 300w, https:\/\/www.participacionciudadana.org\/web\/wp-content\/uploads\/2023\/02\/1I-1-150x150.jpg 150w, https:\/\/www.participacionciudadana.org\/web\/wp-content\/uploads\/2023\/02\/1I-1-768x768.jpg 768w, https:\/\/www.participacionciudadana.org\/web\/wp-content\/uploads\/2023\/02\/1I-1-600x600.jpg 600w, https:\/\/www.participacionciudadana.org\/web\/wp-content\/uploads\/2023\/02\/1I-1.jpg 800w\" sizes=\"(max-width: 300px) 100vw, 300px\" \/><\/a>\n<h4 class=\"pt-cv-title\"><a href=\"https:\/\/www.participacionciudadana.org\/web\/2023\/02\/07\/informe-final-de-promocion-electoral\/\" class=\"_self\" target=\"_self\" >Informe final de promoci\u00f3n electoral<\/a><\/h4>\n<div class=\"pt-cv-content\">El Centro de Monitoreo de Medios de la Corporaci\u00f3n Participaci\u00f3n Ciudadana presenta el informe final de promoci\u00f3n electoral. En este ...<br \/><div class=\"pt-cv-rmwrap\"><a href=\"https:\/\/www.participacionciudadana.org\/web\/2023\/02\/07\/informe-final-de-promocion-electoral\/\" class=\"_self pt-cv-readmore btn btn-success\" target=\"_self\">Leer M\u00e1s<\/a><\/div><\/div><\/div><\/div>\n<div class=\"col-md-6 col-sm-6 col-xs-12 pt-cv-content-item pt-cv-1-col\" ><div class='pt-cv-ifield'><a href=\"https:\/\/www.participacionciudadana.org\/web\/2023\/01\/26\/tercer-informe-sobre-la-utilizacion-del-fondo-de-promocion-electoral\/\" class=\"_self pt-cv-href-thumbnail pt-cv-thumb-default\" target=\"_self\" ><img loading=\"lazy\" decoding=\"async\" width=\"300\" height=\"300\" src=\"https:\/\/www.participacionciudadana.org\/web\/wp-content\/uploads\/2023\/01\/1IPROM-300x300.jpeg\" class=\"pt-cv-thumbnail\" alt=\"\" srcset=\"https:\/\/www.participacionciudadana.org\/web\/wp-content\/uploads\/2023\/01\/1IPROM-300x300.jpeg 300w, https:\/\/www.participacionciudadana.org\/web\/wp-content\/uploads\/2023\/01\/1IPROM-150x150.jpeg 150w, https:\/\/www.participacionciudadana.org\/web\/wp-content\/uploads\/2023\/01\/1IPROM-768x768.jpeg 768w, https:\/\/www.participacionciudadana.org\/web\/wp-content\/uploads\/2023\/01\/1IPROM-600x600.jpeg 600w, https:\/\/www.participacionciudadana.org\/web\/wp-content\/uploads\/2023\/01\/1IPROM.jpeg 800w\" sizes=\"(max-width: 300px) 100vw, 300px\" \/><\/a>\n<h4 class=\"pt-cv-title\"><a href=\"https:\/\/www.participacionciudadana.org\/web\/2023\/01\/26\/tercer-informe-sobre-la-utilizacion-del-fondo-de-promocion-electoral\/\" class=\"_self\" target=\"_self\" >Tercer informe sobre la utilizaci\u00f3n del Fondo de Promoci\u00f3n Electoral<\/a><\/h4>\n<div class=\"pt-cv-content\">El Centro de Monitoreo de Medios de la Corporaci\u00f3n Participaci\u00f3n Ciudadana presenta el informe de la tercera semana de campa\u00f1a ...<br \/><div class=\"pt-cv-rmwrap\"><a href=\"https:\/\/www.participacionciudadana.org\/web\/2023\/01\/26\/tercer-informe-sobre-la-utilizacion-del-fondo-de-promocion-electoral\/\" class=\"_self pt-cv-readmore btn btn-success\" target=\"_self\">Leer M\u00e1s<\/a><\/div><\/div><\/div><\/div>\n<div class=\"col-md-6 col-sm-6 col-xs-12 pt-cv-content-item pt-cv-1-col\" ><div class='pt-cv-ifield'><a href=\"https:\/\/www.participacionciudadana.org\/web\/2023\/01\/19\/segundo-informe-sobre-la-utilizacion-del-fondo-de-promocion-electoral\/\" class=\"_self pt-cv-href-thumbnail pt-cv-thumb-default\" target=\"_self\" ><img loading=\"lazy\" decoding=\"async\" width=\"300\" height=\"300\" src=\"https:\/\/www.participacionciudadana.org\/web\/wp-content\/uploads\/2023\/01\/1I-PROMO-ELECTORAL-300x300.jpg\" class=\"pt-cv-thumbnail\" alt=\"\" srcset=\"https:\/\/www.participacionciudadana.org\/web\/wp-content\/uploads\/2023\/01\/1I-PROMO-ELECTORAL-300x300.jpg 300w, https:\/\/www.participacionciudadana.org\/web\/wp-content\/uploads\/2023\/01\/1I-PROMO-ELECTORAL-150x150.jpg 150w, https:\/\/www.participacionciudadana.org\/web\/wp-content\/uploads\/2023\/01\/1I-PROMO-ELECTORAL-768x768.jpg 768w, https:\/\/www.participacionciudadana.org\/web\/wp-content\/uploads\/2023\/01\/1I-PROMO-ELECTORAL-600x600.jpg 600w, https:\/\/www.participacionciudadana.org\/web\/wp-content\/uploads\/2023\/01\/1I-PROMO-ELECTORAL.jpg 800w\" sizes=\"(max-width: 300px) 100vw, 300px\" \/><\/a>\n<h4 class=\"pt-cv-title\"><a href=\"https:\/\/www.participacionciudadana.org\/web\/2023\/01\/19\/segundo-informe-sobre-la-utilizacion-del-fondo-de-promocion-electoral\/\" class=\"_self\" target=\"_self\" >Segundo informe sobre la utilizaci\u00f3n del Fondo de Promoci\u00f3n Electoral<\/a><\/h4>\n<div class=\"pt-cv-content\">El Centro de Monitoreo de Medios de la Corporaci\u00f3n Participaci\u00f3n Ciudadana presenta el informe de la segunda semana de campa\u00f1a ...<br \/><div class=\"pt-cv-rmwrap\"><a href=\"https:\/\/www.participacionciudadana.org\/web\/2023\/01\/19\/segundo-informe-sobre-la-utilizacion-del-fondo-de-promocion-electoral\/\" class=\"_self pt-cv-readmore btn btn-success\" target=\"_self\">Leer M\u00e1s<\/a><\/div><\/div><\/div><\/div>\n<div class=\"col-md-6 col-sm-6 col-xs-12 pt-cv-content-item pt-cv-1-col\" ><div class='pt-cv-ifield'><a href=\"https:\/\/www.participacionciudadana.org\/web\/2023\/01\/16\/primer-informe-sobre-la-utilizacion-del-fondo-de-promocion-electoral-2\/\" class=\"_self pt-cv-href-thumbnail pt-cv-thumb-default\" target=\"_self\" ><img loading=\"lazy\" decoding=\"async\" width=\"300\" height=\"170\" src=\"https:\/\/www.participacionciudadana.org\/web\/wp-content\/uploads\/2023\/01\/1PT-300x170.jpg\" class=\"pt-cv-thumbnail\" alt=\"\" srcset=\"https:\/\/www.participacionciudadana.org\/web\/wp-content\/uploads\/2023\/01\/1PT-300x170.jpg 300w, https:\/\/www.participacionciudadana.org\/web\/wp-content\/uploads\/2023\/01\/1PT.jpg 702w\" sizes=\"(max-width: 300px) 100vw, 300px\" \/><\/a>\n<h4 class=\"pt-cv-title\"><a href=\"https:\/\/www.participacionciudadana.org\/web\/2023\/01\/16\/primer-informe-sobre-la-utilizacion-del-fondo-de-promocion-electoral-2\/\" class=\"_self\" target=\"_self\" >Primer informe sobre la utilizaci\u00f3n del Fondo de Promoci\u00f3n Electoral<\/a><\/h4>\n<div class=\"pt-cv-content\">El Centro de Monitoreo de Medios de la Corporaci\u00f3n Participaci\u00f3n Ciudadana presenta el informe de los primeros seis d\u00edas de ...<br \/><div class=\"pt-cv-rmwrap\"><a href=\"https:\/\/www.participacionciudadana.org\/web\/2023\/01\/16\/primer-informe-sobre-la-utilizacion-del-fondo-de-promocion-electoral-2\/\" class=\"_self pt-cv-readmore btn btn-success\" target=\"_self\">Leer M\u00e1s<\/a><\/div><\/div><\/div><\/div><\/div><\/div><\/div><\/div>\n\t\t\t\t\t\t<\/div>\n\t\t\t\t<\/div>\n\t\t\t\t<div class=\"elementor-element elementor-element-2f9b011 elementor-widget elementor-widget-heading\" data-id=\"2f9b011\" data-element_type=\"widget\" data-widget_type=\"heading.default\">\n\t\t\t\t<div class=\"elementor-widget-container\">\n\t\t\t\t\t<h2 class=\"elementor-heading-title elementor-size-default\">Monitoreo de violencia pol\u00edtica contra candidatas en Twitter<\/h2>\t\t\t\t<\/div>\n\t\t\t\t<\/div>\n\t\t\t\t<div class=\"elementor-element elementor-element-c590772 elementor-widget elementor-widget-shortcode\" data-id=\"c590772\" data-element_type=\"widget\" data-widget_type=\"shortcode.default\">\n\t\t\t\t<div class=\"elementor-widget-container\">\n\t\t\t\t\t\t\t<div class=\"elementor-shortcode\"><div class=\"pt-cv-wrapper\"><div class=\"pt-cv-view pt-cv-grid pt-cv-colsys\" id=\"pt-cv-view-bb71a537fz\"><div data-id=\"pt-cv-page-1\" class=\"pt-cv-page\" data-cvc=\"2\"><div class=\"col-md-6 col-sm-6 col-xs-12 pt-cv-content-item pt-cv-1-col\" ><div class='pt-cv-ifield'><a href=\"https:\/\/www.participacionciudadana.org\/web\/2023\/02\/04\/informe-final-de-monitoreo-de-violencia-politica-en-twitter-contra-candidatas\/\" class=\"_self pt-cv-href-thumbnail pt-cv-thumb-default\" target=\"_self\" ><img loading=\"lazy\" decoding=\"async\" width=\"300\" height=\"300\" src=\"https:\/\/www.participacionciudadana.org\/web\/wp-content\/uploads\/2023\/02\/2i-300x300.jpg\" class=\"pt-cv-thumbnail\" alt=\"\" srcset=\"https:\/\/www.participacionciudadana.org\/web\/wp-content\/uploads\/2023\/02\/2i-300x300.jpg 300w, https:\/\/www.participacionciudadana.org\/web\/wp-content\/uploads\/2023\/02\/2i-150x150.jpg 150w, https:\/\/www.participacionciudadana.org\/web\/wp-content\/uploads\/2023\/02\/2i-768x768.jpg 768w, https:\/\/www.participacionciudadana.org\/web\/wp-content\/uploads\/2023\/02\/2i-600x600.jpg 600w, https:\/\/www.participacionciudadana.org\/web\/wp-content\/uploads\/2023\/02\/2i.jpg 800w\" sizes=\"(max-width: 300px) 100vw, 300px\" \/><\/a>\n<h4 class=\"pt-cv-title\"><a href=\"https:\/\/www.participacionciudadana.org\/web\/2023\/02\/04\/informe-final-de-monitoreo-de-violencia-politica-en-twitter-contra-candidatas\/\" class=\"_self\" target=\"_self\" >Informe final de monitoreo de violencia pol\u00edtica en Twitter contra candidatas<\/a><\/h4>\n<div class=\"pt-cv-content\">La Corporaci\u00f3n Participaci\u00f3n Ciudadana presenta el siguiente reporte de monitoreo sobre violencia pol\u00edtica contra candidatas durante la campa\u00f1a electoral para ...<br \/><div class=\"pt-cv-rmwrap\"><a href=\"https:\/\/www.participacionciudadana.org\/web\/2023\/02\/04\/informe-final-de-monitoreo-de-violencia-politica-en-twitter-contra-candidatas\/\" class=\"_self pt-cv-readmore btn btn-success\" target=\"_self\">Leer M\u00e1s<\/a><\/div><\/div><\/div><\/div>\n<div class=\"col-md-6 col-sm-6 col-xs-12 pt-cv-content-item pt-cv-1-col\" ><div class='pt-cv-ifield'><a href=\"https:\/\/www.participacionciudadana.org\/web\/2023\/01\/25\/monitoreo-de-violencia-politica-contra-candidatas-en-twitter-tercera-semana-de-campana-electoral\/\" class=\"_self pt-cv-href-thumbnail pt-cv-thumb-default\" target=\"_self\" ><img loading=\"lazy\" decoding=\"async\" width=\"300\" height=\"170\" src=\"https:\/\/www.participacionciudadana.org\/web\/wp-content\/uploads\/2023\/01\/1tV-300x170.jpg\" class=\"pt-cv-thumbnail\" alt=\"\" srcset=\"https:\/\/www.participacionciudadana.org\/web\/wp-content\/uploads\/2023\/01\/1tV-300x170.jpg 300w, https:\/\/www.participacionciudadana.org\/web\/wp-content\/uploads\/2023\/01\/1tV.jpg 702w\" sizes=\"(max-width: 300px) 100vw, 300px\" \/><\/a>\n<h4 class=\"pt-cv-title\"><a href=\"https:\/\/www.participacionciudadana.org\/web\/2023\/01\/25\/monitoreo-de-violencia-politica-contra-candidatas-en-twitter-tercera-semana-de-campana-electoral\/\" class=\"_self\" target=\"_self\" >Monitoreo de Violencia Pol\u00edtica contra Candidatas en Twitter (Tercera semana de campa\u00f1a electoral)<\/a><\/h4>\n<div class=\"pt-cv-content\">La Corporaci\u00f3n Participaci\u00f3n Ciudadana presenta el siguiente reporte de monitoreo sobre violencia pol\u00edtica contra candidatas durante la campa\u00f1a electoral para ...<br \/><div class=\"pt-cv-rmwrap\"><a href=\"https:\/\/www.participacionciudadana.org\/web\/2023\/01\/25\/monitoreo-de-violencia-politica-contra-candidatas-en-twitter-tercera-semana-de-campana-electoral\/\" class=\"_self pt-cv-readmore btn btn-success\" target=\"_self\">Leer M\u00e1s<\/a><\/div><\/div><\/div><\/div>\n<div class=\"col-md-6 col-sm-6 col-xs-12 pt-cv-content-item pt-cv-1-col\" ><div class='pt-cv-ifield'><a href=\"https:\/\/www.participacionciudadana.org\/web\/2023\/01\/18\/monitoreo-de-violencia-politica-contra-candidatas-en-twitter-segunda-semana-de-campana-electoral\/\" class=\"_self pt-cv-href-thumbnail pt-cv-thumb-default\" target=\"_self\" ><img loading=\"lazy\" decoding=\"async\" width=\"300\" height=\"300\" src=\"https:\/\/www.participacionciudadana.org\/web\/wp-content\/uploads\/2023\/01\/1VI-1-300x300.jpg\" class=\"pt-cv-thumbnail\" alt=\"\" srcset=\"https:\/\/www.participacionciudadana.org\/web\/wp-content\/uploads\/2023\/01\/1VI-1-300x300.jpg 300w, https:\/\/www.participacionciudadana.org\/web\/wp-content\/uploads\/2023\/01\/1VI-1-150x150.jpg 150w, https:\/\/www.participacionciudadana.org\/web\/wp-content\/uploads\/2023\/01\/1VI-1-768x768.jpg 768w, https:\/\/www.participacionciudadana.org\/web\/wp-content\/uploads\/2023\/01\/1VI-1-600x600.jpg 600w, https:\/\/www.participacionciudadana.org\/web\/wp-content\/uploads\/2023\/01\/1VI-1.jpg 800w\" sizes=\"(max-width: 300px) 100vw, 300px\" \/><\/a>\n<h4 class=\"pt-cv-title\"><a href=\"https:\/\/www.participacionciudadana.org\/web\/2023\/01\/18\/monitoreo-de-violencia-politica-contra-candidatas-en-twitter-segunda-semana-de-campana-electoral\/\" class=\"_self\" target=\"_self\" >Monitoreo de Violencia Pol\u00edtica contra Candidatas en Twitter (segunda semana de campa\u00f1a electoral)<\/a><\/h4>\n<div class=\"pt-cv-content\">La Corporaci\u00f3n Participaci\u00f3n Ciudadana presenta el siguiente reporte de monitoreo sobre violencia pol\u00edtica contra candidatas, durante la campa\u00f1a electoral para ...<br \/><div class=\"pt-cv-rmwrap\"><a href=\"https:\/\/www.participacionciudadana.org\/web\/2023\/01\/18\/monitoreo-de-violencia-politica-contra-candidatas-en-twitter-segunda-semana-de-campana-electoral\/\" class=\"_self pt-cv-readmore btn btn-success\" target=\"_self\">Leer M\u00e1s<\/a><\/div><\/div><\/div><\/div>\n<div class=\"col-md-6 col-sm-6 col-xs-12 pt-cv-content-item pt-cv-1-col\" ><div class='pt-cv-ifield'><a href=\"https:\/\/www.participacionciudadana.org\/web\/2023\/01\/13\/monitoreo-de-violencia-politica-contra-candidatas-en-twitter\/\" class=\"_self pt-cv-href-thumbnail pt-cv-thumb-default\" target=\"_self\" ><img loading=\"lazy\" decoding=\"async\" width=\"300\" height=\"170\" src=\"https:\/\/www.participacionciudadana.org\/web\/wp-content\/uploads\/2023\/01\/1v-300x170.jpg\" class=\"pt-cv-thumbnail\" alt=\"\" srcset=\"https:\/\/www.participacionciudadana.org\/web\/wp-content\/uploads\/2023\/01\/1v-300x170.jpg 300w, https:\/\/www.participacionciudadana.org\/web\/wp-content\/uploads\/2023\/01\/1v.jpg 702w\" sizes=\"(max-width: 300px) 100vw, 300px\" \/><\/a>\n<h4 class=\"pt-cv-title\"><a href=\"https:\/\/www.participacionciudadana.org\/web\/2023\/01\/13\/monitoreo-de-violencia-politica-contra-candidatas-en-twitter\/\" class=\"_self\" target=\"_self\" >Monitoreo de Violencia Pol\u00edtica contra Candidatas en Twitter<\/a><\/h4>\n<div class=\"pt-cv-content\">La Corporaci\u00f3n Participaci\u00f3n Ciudadana presenta el primer reporte de monitoreo sobre violencia pol\u00edtica contra candidatas, durante la campa\u00f1a electoral para ...<br \/><div class=\"pt-cv-rmwrap\"><a href=\"https:\/\/www.participacionciudadana.org\/web\/2023\/01\/13\/monitoreo-de-violencia-politica-contra-candidatas-en-twitter\/\" class=\"_self pt-cv-readmore btn btn-success\" target=\"_self\">Leer M\u00e1s<\/a><\/div><\/div><\/div><\/div><\/div><\/div><\/div><\/div>\n\t\t\t\t\t\t<\/div>\n\t\t\t\t<\/div>\n\t\t\t\t<div class=\"elementor-element elementor-element-2fdddb1 elementor-widget elementor-widget-heading\" data-id=\"2fdddb1\" data-element_type=\"widget\" data-widget_type=\"heading.default\">\n\t\t\t\t<div class=\"elementor-widget-container\">\n\t\t\t\t\t<h2 class=\"elementor-heading-title elementor-size-default\">Monitoreo de publicidad oficial<\/h2>\t\t\t\t<\/div>\n\t\t\t\t<\/div>\n\t\t\t\t<div class=\"elementor-element elementor-element-59939aa elementor-widget elementor-widget-shortcode\" data-id=\"59939aa\" data-element_type=\"widget\" data-widget_type=\"shortcode.default\">\n\t\t\t\t<div class=\"elementor-widget-container\">\n\t\t\t\t\t\t\t<div class=\"elementor-shortcode\"><div class=\"pt-cv-wrapper\"><div class=\"pt-cv-view pt-cv-grid pt-cv-colsys\" id=\"pt-cv-view-e6cb774if8\"><div data-id=\"pt-cv-page-1\" class=\"pt-cv-page\" data-cvc=\"2\"><div class=\"col-md-6 col-sm-6 col-xs-12 pt-cv-content-item pt-cv-1-col\" ><div class='pt-cv-ifield'><a href=\"https:\/\/www.participacionciudadana.org\/web\/2025\/10\/22\/780-minutos-en-publicidad-oficial-en-tv-se-difundieron-en-septiembre-de-2025\/\" class=\"_self pt-cv-href-thumbnail pt-cv-thumb-default\" target=\"_self\" ><img loading=\"lazy\" decoding=\"async\" width=\"300\" height=\"300\" src=\"https:\/\/www.participacionciudadana.org\/web\/wp-content\/uploads\/2025\/10\/Fact-sheet-monitoreo-publicidad-oficial-Septiembre-2025-1-300x300.jpg\" class=\"pt-cv-thumbnail\" alt=\"\" srcset=\"https:\/\/www.participacionciudadana.org\/web\/wp-content\/uploads\/2025\/10\/Fact-sheet-monitoreo-publicidad-oficial-Septiembre-2025-1-300x300.jpg 300w, https:\/\/www.participacionciudadana.org\/web\/wp-content\/uploads\/2025\/10\/Fact-sheet-monitoreo-publicidad-oficial-Septiembre-2025-1-150x150.jpg 150w, https:\/\/www.participacionciudadana.org\/web\/wp-content\/uploads\/2025\/10\/Fact-sheet-monitoreo-publicidad-oficial-Septiembre-2025-1.jpg 600w\" sizes=\"(max-width: 300px) 100vw, 300px\" \/><\/a>\n<h4 class=\"pt-cv-title\"><a href=\"https:\/\/www.participacionciudadana.org\/web\/2025\/10\/22\/780-minutos-en-publicidad-oficial-en-tv-se-difundieron-en-septiembre-de-2025\/\" class=\"_self\" target=\"_self\" >780 minutos en Publicidad Oficial en TV se difundieron en septiembre de 2025<\/a><\/h4>\n<div class=\"pt-cv-content\">El Centro de Monitoreo de Medios de la Corporaci\u00f3n Participaci\u00f3n Ciudadana presenta el informe de publicidad oficial, correspondiente al mes ...<br \/><div class=\"pt-cv-rmwrap\"><a href=\"https:\/\/www.participacionciudadana.org\/web\/2025\/10\/22\/780-minutos-en-publicidad-oficial-en-tv-se-difundieron-en-septiembre-de-2025\/\" class=\"_self pt-cv-readmore btn btn-success\" target=\"_self\">Leer M\u00e1s<\/a><\/div><\/div><\/div><\/div>\n<div class=\"col-md-6 col-sm-6 col-xs-12 pt-cv-content-item pt-cv-1-col\" ><div class='pt-cv-ifield'><a href=\"https:\/\/www.participacionciudadana.org\/web\/2025\/09\/10\/1521-minutos-en-publicidad-oficial-en-tv-se-difundieron-en-agosto-de-2025\/\" class=\"_self pt-cv-href-thumbnail pt-cv-thumb-default\" target=\"_self\" ><img loading=\"lazy\" decoding=\"async\" width=\"300\" height=\"300\" src=\"https:\/\/www.participacionciudadana.org\/web\/wp-content\/uploads\/2025\/09\/Fact-sheet-monitoreo-publicidad-oficial-agosto-2025-1-300x300.jpg\" class=\"pt-cv-thumbnail\" alt=\"\" srcset=\"https:\/\/www.participacionciudadana.org\/web\/wp-content\/uploads\/2025\/09\/Fact-sheet-monitoreo-publicidad-oficial-agosto-2025-1-300x300.jpg 300w, https:\/\/www.participacionciudadana.org\/web\/wp-content\/uploads\/2025\/09\/Fact-sheet-monitoreo-publicidad-oficial-agosto-2025-1-150x150.jpg 150w, https:\/\/www.participacionciudadana.org\/web\/wp-content\/uploads\/2025\/09\/Fact-sheet-monitoreo-publicidad-oficial-agosto-2025-1.jpg 600w\" sizes=\"(max-width: 300px) 100vw, 300px\" \/><\/a>\n<h4 class=\"pt-cv-title\"><a href=\"https:\/\/www.participacionciudadana.org\/web\/2025\/09\/10\/1521-minutos-en-publicidad-oficial-en-tv-se-difundieron-en-agosto-de-2025\/\" class=\"_self\" target=\"_self\" >1,521 minutos en Publicidad Oficial en TV se difundieron en agosto de 2025<\/a><\/h4>\n<div class=\"pt-cv-content\">El Centro de Monitoreo de Medios de la Corporaci\u00f3n Participaci\u00f3n Ciudadana presenta el informe de publicidad oficial, correspondiente al mes ...<br \/><div class=\"pt-cv-rmwrap\"><a href=\"https:\/\/www.participacionciudadana.org\/web\/2025\/09\/10\/1521-minutos-en-publicidad-oficial-en-tv-se-difundieron-en-agosto-de-2025\/\" class=\"_self pt-cv-readmore btn btn-success\" target=\"_self\">Leer M\u00e1s<\/a><\/div><\/div><\/div><\/div>\n<div class=\"col-md-6 col-sm-6 col-xs-12 pt-cv-content-item pt-cv-1-col\" ><div class='pt-cv-ifield'><a href=\"https:\/\/www.participacionciudadana.org\/web\/2025\/08\/15\/832-minutos-en-publicidad-oficial-se-difundio-julio-de-2025-en-tv\/\" class=\"_self pt-cv-href-thumbnail pt-cv-thumb-default\" target=\"_self\" ><img loading=\"lazy\" decoding=\"async\" width=\"300\" height=\"300\" src=\"https:\/\/www.participacionciudadana.org\/web\/wp-content\/uploads\/2025\/08\/REPORTE-DE-PUBLICIDAD-julio2025_Mesa-de-trabajo-1-copia-300x300.jpg\" class=\"pt-cv-thumbnail\" alt=\"\" srcset=\"https:\/\/www.participacionciudadana.org\/web\/wp-content\/uploads\/2025\/08\/REPORTE-DE-PUBLICIDAD-julio2025_Mesa-de-trabajo-1-copia-300x300.jpg 300w, https:\/\/www.participacionciudadana.org\/web\/wp-content\/uploads\/2025\/08\/REPORTE-DE-PUBLICIDAD-julio2025_Mesa-de-trabajo-1-copia-150x150.jpg 150w, https:\/\/www.participacionciudadana.org\/web\/wp-content\/uploads\/2025\/08\/REPORTE-DE-PUBLICIDAD-julio2025_Mesa-de-trabajo-1-copia.jpg 600w\" sizes=\"(max-width: 300px) 100vw, 300px\" \/><\/a>\n<h4 class=\"pt-cv-title\"><a href=\"https:\/\/www.participacionciudadana.org\/web\/2025\/08\/15\/832-minutos-en-publicidad-oficial-se-difundio-julio-de-2025-en-tv\/\" class=\"_self\" target=\"_self\" >832 minutos en Publicidad Oficial se difundi\u00f3 julio de 2025 en TV<\/a><\/h4>\n<div class=\"pt-cv-content\">El Centro de Monitoreo de Medios de la Corporaci\u00f3n Participaci\u00f3n Ciudadana presenta el informe de publicidad oficial, correspondiente al mes ...<br \/><div class=\"pt-cv-rmwrap\"><a href=\"https:\/\/www.participacionciudadana.org\/web\/2025\/08\/15\/832-minutos-en-publicidad-oficial-se-difundio-julio-de-2025-en-tv\/\" class=\"_self pt-cv-readmore btn btn-success\" target=\"_self\">Leer M\u00e1s<\/a><\/div><\/div><\/div><\/div>\n<div class=\"col-md-6 col-sm-6 col-xs-12 pt-cv-content-item pt-cv-1-col\" ><div class='pt-cv-ifield'><a href=\"https:\/\/www.participacionciudadana.org\/web\/2025\/07\/07\/959-minutos-en-publicidad-oficial-en-tv-se-difundieron-en-junio-de-2025\/\" class=\"_self pt-cv-href-thumbnail pt-cv-thumb-default\" target=\"_self\" ><img loading=\"lazy\" decoding=\"async\" width=\"300\" height=\"168\" src=\"https:\/\/www.participacionciudadana.org\/web\/wp-content\/uploads\/2025\/07\/RPO-junio-2025-x-1-300x168.jpg\" class=\"pt-cv-thumbnail\" alt=\"\" srcset=\"https:\/\/www.participacionciudadana.org\/web\/wp-content\/uploads\/2025\/07\/RPO-junio-2025-x-1-300x168.jpg 300w, https:\/\/www.participacionciudadana.org\/web\/wp-content\/uploads\/2025\/07\/RPO-junio-2025-x-1.jpg 600w\" sizes=\"(max-width: 300px) 100vw, 300px\" \/><\/a>\n<h4 class=\"pt-cv-title\"><a href=\"https:\/\/www.participacionciudadana.org\/web\/2025\/07\/07\/959-minutos-en-publicidad-oficial-en-tv-se-difundieron-en-junio-de-2025\/\" class=\"_self\" target=\"_self\" >959 minutos en Publicidad Oficial en TV se difundieron en junio de 2025<\/a><\/h4>\n<div class=\"pt-cv-content\">El Centro de Monitoreo de Medios de la Corporaci\u00f3n Participaci\u00f3n Ciudadana presenta el informe de publicidad oficial, correspondiente al mes ...<br \/><div class=\"pt-cv-rmwrap\"><a href=\"https:\/\/www.participacionciudadana.org\/web\/2025\/07\/07\/959-minutos-en-publicidad-oficial-en-tv-se-difundieron-en-junio-de-2025\/\" class=\"_self pt-cv-readmore btn btn-success\" target=\"_self\">Leer M\u00e1s<\/a><\/div><\/div><\/div><\/div>\n<div class=\"col-md-6 col-sm-6 col-xs-12 pt-cv-content-item pt-cv-1-col\" ><div class='pt-cv-ifield'><a href=\"https:\/\/www.participacionciudadana.org\/web\/2025\/06\/11\/509-minutos-en-publicidad-oficial-se-difundio-en-mayo-de-2025-en-tv\/\" class=\"_self pt-cv-href-thumbnail pt-cv-thumb-default\" target=\"_self\" ><img loading=\"lazy\" decoding=\"async\" width=\"300\" height=\"168\" src=\"https:\/\/www.participacionciudadana.org\/web\/wp-content\/uploads\/2025\/06\/RPO-mayo_Mesa-de-trabajo-1-1-300x168.jpg\" class=\"pt-cv-thumbnail\" alt=\"\" srcset=\"https:\/\/www.participacionciudadana.org\/web\/wp-content\/uploads\/2025\/06\/RPO-mayo_Mesa-de-trabajo-1-1-300x168.jpg 300w, https:\/\/www.participacionciudadana.org\/web\/wp-content\/uploads\/2025\/06\/RPO-mayo_Mesa-de-trabajo-1-1.jpg 600w\" sizes=\"(max-width: 300px) 100vw, 300px\" \/><\/a>\n<h4 class=\"pt-cv-title\"><a href=\"https:\/\/www.participacionciudadana.org\/web\/2025\/06\/11\/509-minutos-en-publicidad-oficial-se-difundio-en-mayo-de-2025-en-tv\/\" class=\"_self\" target=\"_self\" >509 minutos en Publicidad Oficial se difundi\u00f3 en mayo de 2025 en TV<\/a><\/h4>\n<div class=\"pt-cv-content\">El Centro de Monitoreo de Medios de la Corporaci\u00f3n Participaci\u00f3n Ciudadana presenta el informe de publicidad oficial, correspondiente al mes ...<br \/><div class=\"pt-cv-rmwrap\"><a href=\"https:\/\/www.participacionciudadana.org\/web\/2025\/06\/11\/509-minutos-en-publicidad-oficial-se-difundio-en-mayo-de-2025-en-tv\/\" class=\"_self pt-cv-readmore btn btn-success\" target=\"_self\">Leer M\u00e1s<\/a><\/div><\/div><\/div><\/div>\n<div class=\"col-md-6 col-sm-6 col-xs-12 pt-cv-content-item pt-cv-1-col\" ><div class='pt-cv-ifield'><a href=\"https:\/\/www.participacionciudadana.org\/web\/2025\/05\/07\/712-minutos-en-publicidad-oficial-se-difundio-en-abril-de-2025-en-tv\/\" class=\"_self pt-cv-href-thumbnail pt-cv-thumb-default\" target=\"_self\" ><img loading=\"lazy\" decoding=\"async\" width=\"300\" height=\"168\" src=\"https:\/\/www.participacionciudadana.org\/web\/wp-content\/uploads\/2025\/05\/Abril-2025-REPORTE-DE-PUBLICIDAD_Mesa-de-trabajo-1-300x168.jpg\" class=\"pt-cv-thumbnail\" alt=\"\" srcset=\"https:\/\/www.participacionciudadana.org\/web\/wp-content\/uploads\/2025\/05\/Abril-2025-REPORTE-DE-PUBLICIDAD_Mesa-de-trabajo-1-300x168.jpg 300w, https:\/\/www.participacionciudadana.org\/web\/wp-content\/uploads\/2025\/05\/Abril-2025-REPORTE-DE-PUBLICIDAD_Mesa-de-trabajo-1.jpg 600w\" sizes=\"(max-width: 300px) 100vw, 300px\" \/><\/a>\n<h4 class=\"pt-cv-title\"><a href=\"https:\/\/www.participacionciudadana.org\/web\/2025\/05\/07\/712-minutos-en-publicidad-oficial-se-difundio-en-abril-de-2025-en-tv\/\" class=\"_self\" target=\"_self\" >712 minutos en Publicidad Oficial se difundi\u00f3 en abril de 2025 en TV<\/a><\/h4>\n<div class=\"pt-cv-content\">El Centro de Monitoreo de Medios de la Corporaci\u00f3n Participaci\u00f3n Ciudadana presenta el informe de publicidad oficial, correspondiente al mes ...<br \/><div class=\"pt-cv-rmwrap\"><a href=\"https:\/\/www.participacionciudadana.org\/web\/2025\/05\/07\/712-minutos-en-publicidad-oficial-se-difundio-en-abril-de-2025-en-tv\/\" class=\"_self pt-cv-readmore btn btn-success\" target=\"_self\">Leer M\u00e1s<\/a><\/div><\/div><\/div><\/div>\n<div class=\"col-md-6 col-sm-6 col-xs-12 pt-cv-content-item pt-cv-1-col\" ><div class='pt-cv-ifield'><a href=\"https:\/\/www.participacionciudadana.org\/web\/2025\/04\/23\/407-minutos-en-publicidad-oficial-se-difundieron-en-marzo-de-2025\/\" class=\"_self pt-cv-href-thumbnail pt-cv-thumb-default\" target=\"_self\" ><img loading=\"lazy\" decoding=\"async\" width=\"300\" height=\"168\" src=\"https:\/\/www.participacionciudadana.org\/web\/wp-content\/uploads\/2025\/04\/REPORTE-DE-PUBLICIDAD-marzo-2025-02-1-300x168.jpg\" class=\"pt-cv-thumbnail\" alt=\"\" srcset=\"https:\/\/www.participacionciudadana.org\/web\/wp-content\/uploads\/2025\/04\/REPORTE-DE-PUBLICIDAD-marzo-2025-02-1-300x168.jpg 300w, https:\/\/www.participacionciudadana.org\/web\/wp-content\/uploads\/2025\/04\/REPORTE-DE-PUBLICIDAD-marzo-2025-02-1.jpg 600w\" sizes=\"(max-width: 300px) 100vw, 300px\" \/><\/a>\n<h4 class=\"pt-cv-title\"><a href=\"https:\/\/www.participacionciudadana.org\/web\/2025\/04\/23\/407-minutos-en-publicidad-oficial-se-difundieron-en-marzo-de-2025\/\" class=\"_self\" target=\"_self\" >407 minutos en Publicidad Oficial se difundieron en marzo de 2025<\/a><\/h4>\n<div class=\"pt-cv-content\">El Centro de Monitoreo de Medios de la Corporaci\u00f3n Participaci\u00f3n Ciudadana presenta el informe de publicidad oficial, correspondiente al mes ...<br \/><div class=\"pt-cv-rmwrap\"><a href=\"https:\/\/www.participacionciudadana.org\/web\/2025\/04\/23\/407-minutos-en-publicidad-oficial-se-difundieron-en-marzo-de-2025\/\" class=\"_self pt-cv-readmore btn btn-success\" target=\"_self\">Leer M\u00e1s<\/a><\/div><\/div><\/div><\/div>\n<div class=\"col-md-6 col-sm-6 col-xs-12 pt-cv-content-item pt-cv-1-col\" ><div class='pt-cv-ifield'><a href=\"https:\/\/www.participacionciudadana.org\/web\/2025\/03\/10\/690-minutos-en-publicidad-oficial-segun-el-monitoreo-en-febrero-de-2025\/\" class=\"_self pt-cv-href-thumbnail pt-cv-thumb-default\" target=\"_self\" ><img loading=\"lazy\" decoding=\"async\" width=\"300\" height=\"168\" src=\"https:\/\/www.participacionciudadana.org\/web\/wp-content\/uploads\/2025\/03\/FEBRERO-2025-REPORTE-DE-PUBLICIDAD_Mesa-de-trabajo-1-300x168.jpg\" class=\"pt-cv-thumbnail\" alt=\"\" srcset=\"https:\/\/www.participacionciudadana.org\/web\/wp-content\/uploads\/2025\/03\/FEBRERO-2025-REPORTE-DE-PUBLICIDAD_Mesa-de-trabajo-1-300x168.jpg 300w, https:\/\/www.participacionciudadana.org\/web\/wp-content\/uploads\/2025\/03\/FEBRERO-2025-REPORTE-DE-PUBLICIDAD_Mesa-de-trabajo-1.jpg 600w\" sizes=\"(max-width: 300px) 100vw, 300px\" \/><\/a>\n<h4 class=\"pt-cv-title\"><a href=\"https:\/\/www.participacionciudadana.org\/web\/2025\/03\/10\/690-minutos-en-publicidad-oficial-segun-el-monitoreo-en-febrero-de-2025\/\" class=\"_self\" target=\"_self\" >690 minutos en Publicidad Oficial, seg\u00fan el monitoreo en febrero de 2025<\/a><\/h4>\n<div class=\"pt-cv-content\">El Centro de Monitoreo de Medios de la Corporaci\u00f3n Participaci\u00f3n Ciudadana presenta el informe de publicidad oficial, correspondiente al mes ...<br \/><div class=\"pt-cv-rmwrap\"><a href=\"https:\/\/www.participacionciudadana.org\/web\/2025\/03\/10\/690-minutos-en-publicidad-oficial-segun-el-monitoreo-en-febrero-de-2025\/\" class=\"_self pt-cv-readmore btn btn-success\" target=\"_self\">Leer M\u00e1s<\/a><\/div><\/div><\/div><\/div>\n<div class=\"col-md-6 col-sm-6 col-xs-12 pt-cv-content-item pt-cv-1-col\" ><div class='pt-cv-ifield'><a href=\"https:\/\/www.participacionciudadana.org\/web\/2025\/02\/18\/1-296-minutos-en-publicidad-oficial-registra-el-monitoreo-en-enero-de-2025\/\" class=\"_self pt-cv-href-thumbnail pt-cv-thumb-default\" target=\"_self\" ><img loading=\"lazy\" decoding=\"async\" width=\"300\" height=\"168\" src=\"https:\/\/www.participacionciudadana.org\/web\/wp-content\/uploads\/2025\/02\/13-REPORTE-DE-PUBLICIDAD_Mesa-de-trabajo-1-300x168.jpg\" class=\"pt-cv-thumbnail\" alt=\"\" srcset=\"https:\/\/www.participacionciudadana.org\/web\/wp-content\/uploads\/2025\/02\/13-REPORTE-DE-PUBLICIDAD_Mesa-de-trabajo-1-300x168.jpg 300w, https:\/\/www.participacionciudadana.org\/web\/wp-content\/uploads\/2025\/02\/13-REPORTE-DE-PUBLICIDAD_Mesa-de-trabajo-1.jpg 600w\" sizes=\"(max-width: 300px) 100vw, 300px\" \/><\/a>\n<h4 class=\"pt-cv-title\"><a href=\"https:\/\/www.participacionciudadana.org\/web\/2025\/02\/18\/1-296-minutos-en-publicidad-oficial-registra-el-monitoreo-en-enero-de-2025\/\" class=\"_self\" target=\"_self\" >1.296 minutos en Publicidad Oficial registra el monitoreo en enero de 2025<\/a><\/h4>\n<div class=\"pt-cv-content\">El Centro de Monitoreo de Medios de la Corporaci\u00f3n Participaci\u00f3n Ciudadana presenta el informe de publicidad oficial, correspondiente al mes ...<br \/><div class=\"pt-cv-rmwrap\"><a href=\"https:\/\/www.participacionciudadana.org\/web\/2025\/02\/18\/1-296-minutos-en-publicidad-oficial-registra-el-monitoreo-en-enero-de-2025\/\" class=\"_self pt-cv-readmore btn btn-success\" target=\"_self\">Leer M\u00e1s<\/a><\/div><\/div><\/div><\/div>\n<div class=\"col-md-6 col-sm-6 col-xs-12 pt-cv-content-item pt-cv-1-col\" ><div class='pt-cv-ifield'><a href=\"https:\/\/www.participacionciudadana.org\/web\/2025\/01\/09\/628-minutos-en-publicidad-oficial-registra-el-monitoreo-de-diciembre-de-2024\/\" class=\"_self pt-cv-href-thumbnail pt-cv-thumb-default\" target=\"_self\" ><img loading=\"lazy\" decoding=\"async\" width=\"300\" height=\"168\" src=\"https:\/\/www.participacionciudadana.org\/web\/wp-content\/uploads\/2025\/01\/12-REPORTE-DE-PUBLICIDAD_Mesa-de-trabajo-1-300x168.jpg\" class=\"pt-cv-thumbnail\" alt=\"\" srcset=\"https:\/\/www.participacionciudadana.org\/web\/wp-content\/uploads\/2025\/01\/12-REPORTE-DE-PUBLICIDAD_Mesa-de-trabajo-1-300x168.jpg 300w, https:\/\/www.participacionciudadana.org\/web\/wp-content\/uploads\/2025\/01\/12-REPORTE-DE-PUBLICIDAD_Mesa-de-trabajo-1-1024x573.jpg 1024w, https:\/\/www.participacionciudadana.org\/web\/wp-content\/uploads\/2025\/01\/12-REPORTE-DE-PUBLICIDAD_Mesa-de-trabajo-1-768x429.jpg 768w, https:\/\/www.participacionciudadana.org\/web\/wp-content\/uploads\/2025\/01\/12-REPORTE-DE-PUBLICIDAD_Mesa-de-trabajo-1.jpg 1250w\" sizes=\"(max-width: 300px) 100vw, 300px\" \/><\/a>\n<h4 class=\"pt-cv-title\"><a href=\"https:\/\/www.participacionciudadana.org\/web\/2025\/01\/09\/628-minutos-en-publicidad-oficial-registra-el-monitoreo-de-diciembre-de-2024\/\" class=\"_self\" target=\"_self\" >628 minutos en Publicidad Oficial registra el monitoreo de diciembre de 2024<\/a><\/h4>\n<div class=\"pt-cv-content\">El Centro de Monitoreo de Medios de la Corporaci\u00f3n Participaci\u00f3n Ciudadana presenta el informe de publicidad oficial, correspondiente al mes ...<br \/><div class=\"pt-cv-rmwrap\"><a href=\"https:\/\/www.participacionciudadana.org\/web\/2025\/01\/09\/628-minutos-en-publicidad-oficial-registra-el-monitoreo-de-diciembre-de-2024\/\" class=\"_self pt-cv-readmore btn btn-success\" target=\"_self\">Leer M\u00e1s<\/a><\/div><\/div><\/div><\/div><\/div><\/div><\/div><\/div>\n\t\t\t\t\t\t<\/div>\n\t\t\t\t<\/div>\n\t\t\t\t\t<\/div>\n\t\t<\/div>\n\t\t\t\t\t<\/div>\n\t\t<\/section>\n\t\t\t\t<\/div>\n\t\t","protected":false},"excerpt":{"rendered":"<p>Elecciones 2023 https:\/\/www.participacionciudadana.org\/web\/wp-content\/uploads\/2022\/12\/pc-elecciones-2023-final-1.mp4 Elecciones 2023 Antes de votar: Piensa bien Monitoreos Campa\u00f1as Boletines de prensa La Corporaci\u00f3n Participaci\u00f3n Ciudadana, como una organizaci\u00f3n de la sociedad civil, comprometida con la transparencia, la vigilancia a la gesti\u00f3n p\u00fablica y la participaci\u00f3n ciudadana, acompa\u00f1ar\u00e1 todas las etapas correspondientes al proceso electoral, que se llevar\u00e1 a cabo el pr\u00f3ximo [&hellip;]<\/p>\n","protected":false},"author":1,"featured_media":0,"parent":0,"menu_order":0,"comment_status":"closed","ping_status":"closed","template":"","meta":{"site-sidebar-layout":"no-sidebar","site-content-layout":"page-builder","ast-site-content-layout":"default","site-content-style":"default","site-sidebar-style":"default","ast-global-header-display":"","ast-banner-title-visibility":"","ast-main-header-display":"","ast-hfb-above-header-display":"","ast-hfb-below-header-display":"","ast-hfb-mobile-header-display":"","site-post-title":"disabled","ast-breadcrumbs-content":"","ast-featured-img":"disabled","footer-sml-layout":"","ast-disable-related-posts":"","theme-transparent-header-meta":"","adv-header-id-meta":"","stick-header-meta":"","header-above-stick-meta":"","header-main-stick-meta":"","header-below-stick-meta":"","astra-migrate-meta-layouts":"default","ast-page-background-enabled":"default","ast-page-background-meta":{"desktop":{"background-color":"","background-image":"","background-repeat":"repeat","background-position":"center center","background-size":"auto","background-attachment":"scroll","background-type":"","background-media":"","overlay-type":"","overlay-color":"","overlay-opacity":"","overlay-gradient":""},"tablet":{"background-color":"","background-image":"","background-repeat":"repeat","background-position":"center center","background-size":"auto","background-attachment":"scroll","background-type":"","background-media":"","overlay-type":"","overlay-color":"","overlay-opacity":"","overlay-gradient":""},"mobile":{"background-color":"","background-image":"","background-repeat":"repeat","background-position":"center center","background-size":"auto","background-attachment":"scroll","background-type":"","background-media":"","overlay-type":"","overlay-color":"","overlay-opacity":"","overlay-gradient":""}},"ast-content-background-meta":{"desktop":{"background-color":"var(--ast-global-color-5)","background-image":"","background-repeat":"repeat","background-position":"center center","background-size":"auto","background-attachment":"scroll","background-type":"","background-media":"","overlay-type":"","overlay-color":"","overlay-opacity":"","overlay-gradient":""},"tablet":{"background-color":"var(--ast-global-color-5)","background-image":"","background-repeat":"repeat","background-position":"center center","background-size":"auto","background-attachment":"scroll","background-type":"","background-media":"","overlay-type":"","overlay-color":"","overlay-opacity":"","overlay-gradient":""},"mobile":{"background-color":"var(--ast-global-color-5)","background-image":"","background-repeat":"repeat","background-position":"center center","background-size":"auto","background-attachment":"scroll","background-type":"","background-media":"","overlay-type":"","overlay-color":"","overlay-opacity":"","overlay-gradient":""}},"_joinchat":[],"footnotes":""},"class_list":["post-4037","page","type-page","status-publish","hentry"],"yoast_head":"<!-- This site is optimized with the Yoast SEO plugin v26.5 - https:\/\/yoast.com\/wordpress\/plugins\/seo\/ -->\n<title>Elecciones 2023 - Participaci\u00f3n Ciudadana<\/title>\n<meta name=\"robots\" content=\"index, follow, max-snippet:-1, max-image-preview:large, max-video-preview:-1\" \/>\n<link rel=\"canonical\" href=\"https:\/\/www.participacionciudadana.org\/web\/elecciones-2023\/\" \/>\n<meta property=\"og:locale\" content=\"es_ES\" \/>\n<meta property=\"og:type\" content=\"article\" \/>\n<meta property=\"og:title\" content=\"Elecciones 2023 - Participaci\u00f3n Ciudadana\" \/>\n<meta property=\"og:description\" content=\"Elecciones 2023 https:\/\/www.participacionciudadana.org\/web\/wp-content\/uploads\/2022\/12\/pc-elecciones-2023-final-1.mp4 Elecciones 2023 Antes de votar: Piensa bien Monitoreos Campa\u00f1as Boletines de prensa La Corporaci\u00f3n Participaci\u00f3n Ciudadana, como una organizaci\u00f3n de la sociedad civil, comprometida con la transparencia, la vigilancia a la gesti\u00f3n p\u00fablica y la participaci\u00f3n ciudadana, acompa\u00f1ar\u00e1 todas las etapas correspondientes al proceso electoral, que se llevar\u00e1 a cabo el pr\u00f3ximo [&hellip;]\" \/>\n<meta property=\"og:url\" content=\"https:\/\/www.participacionciudadana.org\/web\/elecciones-2023\/\" \/>\n<meta property=\"og:site_name\" content=\"Participaci\u00f3n Ciudadana\" \/>\n<meta property=\"article:publisher\" content=\"https:\/\/www.facebook.com\/ParticipacionPC\/\" \/>\n<meta property=\"article:modified_time\" content=\"2023-02-01T14:25:53+00:00\" \/>\n<meta property=\"og:image\" content=\"https:\/\/www.participacionciudadana.org\/web\/wp-content\/uploads\/2022\/11\/PulsoElecciones-1024x288.png\" \/>\n<meta name=\"twitter:card\" content=\"summary_large_image\" \/>\n<meta name=\"twitter:site\" content=\"@ParticipacionPC\" \/>\n<meta name=\"twitter:label1\" content=\"Tiempo de lectura\" \/>\n\t<meta name=\"twitter:data1\" content=\"1 minuto\" \/>\n<script type=\"application\/ld+json\" class=\"yoast-schema-graph\">{\"@context\":\"https:\/\/schema.org\",\"@graph\":[{\"@type\":\"WebPage\",\"@id\":\"https:\/\/www.participacionciudadana.org\/web\/elecciones-2023\/\",\"url\":\"https:\/\/www.participacionciudadana.org\/web\/elecciones-2023\/\",\"name\":\"Elecciones 2023 - Participaci\u00f3n Ciudadana\",\"isPartOf\":{\"@id\":\"https:\/\/www.participacionciudadana.org\/web\/#website\"},\"primaryImageOfPage\":{\"@id\":\"https:\/\/www.participacionciudadana.org\/web\/elecciones-2023\/#primaryimage\"},\"image\":{\"@id\":\"https:\/\/www.participacionciudadana.org\/web\/elecciones-2023\/#primaryimage\"},\"thumbnailUrl\":\"https:\/\/www.participacionciudadana.org\/web\/wp-content\/uploads\/2022\/11\/PulsoElecciones-1024x288.png\",\"datePublished\":\"2022-11-11T14:58:49+00:00\",\"dateModified\":\"2023-02-01T14:25:53+00:00\",\"breadcrumb\":{\"@id\":\"https:\/\/www.participacionciudadana.org\/web\/elecciones-2023\/#breadcrumb\"},\"inLanguage\":\"es\",\"potentialAction\":[{\"@type\":\"ReadAction\",\"target\":[\"https:\/\/www.participacionciudadana.org\/web\/elecciones-2023\/\"]}]},{\"@type\":\"ImageObject\",\"inLanguage\":\"es\",\"@id\":\"https:\/\/www.participacionciudadana.org\/web\/elecciones-2023\/#primaryimage\",\"url\":\"https:\/\/www.participacionciudadana.org\/web\/wp-content\/uploads\/2022\/11\/PulsoElecciones.png\",\"contentUrl\":\"https:\/\/www.participacionciudadana.org\/web\/wp-content\/uploads\/2022\/11\/PulsoElecciones.png\",\"width\":1312,\"height\":369},{\"@type\":\"BreadcrumbList\",\"@id\":\"https:\/\/www.participacionciudadana.org\/web\/elecciones-2023\/#breadcrumb\",\"itemListElement\":[{\"@type\":\"ListItem\",\"position\":1,\"name\":\"Portada\",\"item\":\"https:\/\/www.participacionciudadana.org\/web\/\"},{\"@type\":\"ListItem\",\"position\":2,\"name\":\"Elecciones 2023\"}]},{\"@type\":\"WebSite\",\"@id\":\"https:\/\/www.participacionciudadana.org\/web\/#website\",\"url\":\"https:\/\/www.participacionciudadana.org\/web\/\",\"name\":\"Participaci\u00f3n Ciudadana\",\"description\":\"Comprometidos con la democracia\",\"publisher\":{\"@id\":\"https:\/\/www.participacionciudadana.org\/web\/#organization\"},\"potentialAction\":[{\"@type\":\"SearchAction\",\"target\":{\"@type\":\"EntryPoint\",\"urlTemplate\":\"https:\/\/www.participacionciudadana.org\/web\/?s={search_term_string}\"},\"query-input\":{\"@type\":\"PropertyValueSpecification\",\"valueRequired\":true,\"valueName\":\"search_term_string\"}}],\"inLanguage\":\"es\"},{\"@type\":\"Organization\",\"@id\":\"https:\/\/www.participacionciudadana.org\/web\/#organization\",\"name\":\"Participaci\u00f3n Ciudadana\",\"url\":\"https:\/\/www.participacionciudadana.org\/web\/\",\"logo\":{\"@type\":\"ImageObject\",\"inLanguage\":\"es\",\"@id\":\"https:\/\/www.participacionciudadana.org\/web\/#\/schema\/logo\/image\/\",\"url\":\"https:\/\/www.participacionciudadana.org\/web\/wp-content\/uploads\/2021\/11\/cropped-logo_pc-1.png\",\"contentUrl\":\"https:\/\/www.participacionciudadana.org\/web\/wp-content\/uploads\/2021\/11\/cropped-logo_pc-1.png\",\"width\":340,\"height\":114,\"caption\":\"Participaci\u00f3n Ciudadana\"},\"image\":{\"@id\":\"https:\/\/www.participacionciudadana.org\/web\/#\/schema\/logo\/image\/\"},\"sameAs\":[\"https:\/\/www.facebook.com\/ParticipacionPC\/\",\"https:\/\/x.com\/ParticipacionPC\"]}]}<\/script>\n<!-- \/ Yoast SEO plugin. -->","yoast_head_json":{"title":"Elecciones 2023 - Participaci\u00f3n Ciudadana","robots":{"index":"index","follow":"follow","max-snippet":"max-snippet:-1","max-image-preview":"max-image-preview:large","max-video-preview":"max-video-preview:-1"},"canonical":"https:\/\/www.participacionciudadana.org\/web\/elecciones-2023\/","og_locale":"es_ES","og_type":"article","og_title":"Elecciones 2023 - Participaci\u00f3n Ciudadana","og_description":"Elecciones 2023 https:\/\/www.participacionciudadana.org\/web\/wp-content\/uploads\/2022\/12\/pc-elecciones-2023-final-1.mp4 Elecciones 2023 Antes de votar: Piensa bien Monitoreos Campa\u00f1as Boletines de prensa La Corporaci\u00f3n Participaci\u00f3n Ciudadana, como una organizaci\u00f3n de la sociedad civil, comprometida con la transparencia, la vigilancia a la gesti\u00f3n p\u00fablica y la participaci\u00f3n ciudadana, acompa\u00f1ar\u00e1 todas las etapas correspondientes al proceso electoral, que se llevar\u00e1 a cabo el pr\u00f3ximo [&hellip;]","og_url":"https:\/\/www.participacionciudadana.org\/web\/elecciones-2023\/","og_site_name":"Participaci\u00f3n Ciudadana","article_publisher":"https:\/\/www.facebook.com\/ParticipacionPC\/","article_modified_time":"2023-02-01T14:25:53+00:00","og_image":[{"url":"https:\/\/www.participacionciudadana.org\/web\/wp-content\/uploads\/2022\/11\/PulsoElecciones-1024x288.png","type":"","width":"","height":""}],"twitter_card":"summary_large_image","twitter_site":"@ParticipacionPC","twitter_misc":{"Tiempo de lectura":"1 minuto"},"schema":{"@context":"https:\/\/schema.org","@graph":[{"@type":"WebPage","@id":"https:\/\/www.participacionciudadana.org\/web\/elecciones-2023\/","url":"https:\/\/www.participacionciudadana.org\/web\/elecciones-2023\/","name":"Elecciones 2023 - Participaci\u00f3n Ciudadana","isPartOf":{"@id":"https:\/\/www.participacionciudadana.org\/web\/#website"},"primaryImageOfPage":{"@id":"https:\/\/www.participacionciudadana.org\/web\/elecciones-2023\/#primaryimage"},"image":{"@id":"https:\/\/www.participacionciudadana.org\/web\/elecciones-2023\/#primaryimage"},"thumbnailUrl":"https:\/\/www.participacionciudadana.org\/web\/wp-content\/uploads\/2022\/11\/PulsoElecciones-1024x288.png","datePublished":"2022-11-11T14:58:49+00:00","dateModified":"2023-02-01T14:25:53+00:00","breadcrumb":{"@id":"https:\/\/www.participacionciudadana.org\/web\/elecciones-2023\/#breadcrumb"},"inLanguage":"es","potentialAction":[{"@type":"ReadAction","target":["https:\/\/www.participacionciudadana.org\/web\/elecciones-2023\/"]}]},{"@type":"ImageObject","inLanguage":"es","@id":"https:\/\/www.participacionciudadana.org\/web\/elecciones-2023\/#primaryimage","url":"https:\/\/www.participacionciudadana.org\/web\/wp-content\/uploads\/2022\/11\/PulsoElecciones.png","contentUrl":"https:\/\/www.participacionciudadana.org\/web\/wp-content\/uploads\/2022\/11\/PulsoElecciones.png","width":1312,"height":369},{"@type":"BreadcrumbList","@id":"https:\/\/www.participacionciudadana.org\/web\/elecciones-2023\/#breadcrumb","itemListElement":[{"@type":"ListItem","position":1,"name":"Portada","item":"https:\/\/www.participacionciudadana.org\/web\/"},{"@type":"ListItem","position":2,"name":"Elecciones 2023"}]},{"@type":"WebSite","@id":"https:\/\/www.participacionciudadana.org\/web\/#website","url":"https:\/\/www.participacionciudadana.org\/web\/","name":"Participaci\u00f3n Ciudadana","description":"Comprometidos con la democracia","publisher":{"@id":"https:\/\/www.participacionciudadana.org\/web\/#organization"},"potentialAction":[{"@type":"SearchAction","target":{"@type":"EntryPoint","urlTemplate":"https:\/\/www.participacionciudadana.org\/web\/?s={search_term_string}"},"query-input":{"@type":"PropertyValueSpecification","valueRequired":true,"valueName":"search_term_string"}}],"inLanguage":"es"},{"@type":"Organization","@id":"https:\/\/www.participacionciudadana.org\/web\/#organization","name":"Participaci\u00f3n Ciudadana","url":"https:\/\/www.participacionciudadana.org\/web\/","logo":{"@type":"ImageObject","inLanguage":"es","@id":"https:\/\/www.participacionciudadana.org\/web\/#\/schema\/logo\/image\/","url":"https:\/\/www.participacionciudadana.org\/web\/wp-content\/uploads\/2021\/11\/cropped-logo_pc-1.png","contentUrl":"https:\/\/www.participacionciudadana.org\/web\/wp-content\/uploads\/2021\/11\/cropped-logo_pc-1.png","width":340,"height":114,"caption":"Participaci\u00f3n Ciudadana"},"image":{"@id":"https:\/\/www.participacionciudadana.org\/web\/#\/schema\/logo\/image\/"},"sameAs":["https:\/\/www.facebook.com\/ParticipacionPC\/","https:\/\/x.com\/ParticipacionPC"]}]}},"_links":{"self":[{"href":"https:\/\/www.participacionciudadana.org\/web\/wp-json\/wp\/v2\/pages\/4037","targetHints":{"allow":["GET"]}}],"collection":[{"href":"https:\/\/www.participacionciudadana.org\/web\/wp-json\/wp\/v2\/pages"}],"about":[{"href":"https:\/\/www.participacionciudadana.org\/web\/wp-json\/wp\/v2\/types\/page"}],"author":[{"embeddable":true,"href":"https:\/\/www.participacionciudadana.org\/web\/wp-json\/wp\/v2\/users\/1"}],"replies":[{"embeddable":true,"href":"https:\/\/www.participacionciudadana.org\/web\/wp-json\/wp\/v2\/comments?post=4037"}],"version-history":[{"count":0,"href":"https:\/\/www.participacionciudadana.org\/web\/wp-json\/wp\/v2\/pages\/4037\/revisions"}],"wp:attachment":[{"href":"https:\/\/www.participacionciudadana.org\/web\/wp-json\/wp\/v2\/media?parent=4037"}],"curies":[{"name":"wp","href":"https:\/\/api.w.org\/{rel}","templated":true}]}}