{"id":5590,"date":"2023-06-23T12:53:31","date_gmt":"2023-06-23T17:53:31","guid":{"rendered":"https:\/\/www.participacionciudadana.org\/web\/?page_id=5590"},"modified":"2023-06-26T15:31:21","modified_gmt":"2023-06-26T20:31:21","slug":"pensando-en-democracia-edicion-11","status":"publish","type":"page","link":"https:\/\/www.participacionciudadana.org\/web\/pensando-en-democracia-edicion-11\/","title":{"rendered":"Pensando en democracia edici\u00f3n 11"},"content":{"rendered":"\t\t<div data-elementor-type=\"wp-page\" data-elementor-id=\"5590\" class=\"elementor elementor-5590\">\n\t\t\t\t\t\t<section class=\"elementor-section elementor-top-section elementor-element elementor-element-11d9209b elementor-section-boxed elementor-section-height-default elementor-section-height-default\" data-id=\"11d9209b\" data-element_type=\"section\" data-settings=\"{&quot;background_background&quot;:&quot;classic&quot;}\">\n\t\t\t\t\t\t\t<div class=\"elementor-background-overlay\"><\/div>\n\t\t\t\t\t\t\t<div class=\"elementor-container elementor-column-gap-default\">\n\t\t\t\t\t<div class=\"elementor-column elementor-col-100 elementor-top-column elementor-element elementor-element-35aead39\" data-id=\"35aead39\" data-element_type=\"column\">\n\t\t\t<div class=\"elementor-widget-wrap elementor-element-populated\">\n\t\t\t\t\t\t<section class=\"elementor-section elementor-inner-section elementor-element elementor-element-48a8bc93 elementor-section-boxed elementor-section-height-default elementor-section-height-default\" data-id=\"48a8bc93\" data-element_type=\"section\">\n\t\t\t\t\t\t<div class=\"elementor-container elementor-column-gap-default\">\n\t\t\t\t\t<div class=\"elementor-column elementor-col-33 elementor-inner-column elementor-element elementor-element-414bdfc2\" data-id=\"414bdfc2\" data-element_type=\"column\">\n\t\t\t<div class=\"elementor-widget-wrap\">\n\t\t\t\t\t\t\t<\/div>\n\t\t<\/div>\n\t\t\t\t<div class=\"elementor-column elementor-col-33 elementor-inner-column elementor-element elementor-element-1e06363b\" data-id=\"1e06363b\" data-element_type=\"column\">\n\t\t\t<div class=\"elementor-widget-wrap elementor-element-populated\">\n\t\t\t\t\t\t<div class=\"elementor-element elementor-element-27cbfe4f elementor-widget elementor-widget-image\" data-id=\"27cbfe4f\" data-element_type=\"widget\" data-widget_type=\"image.default\">\n\t\t\t\t<div class=\"elementor-widget-container\">\n\t\t\t\t\t\t\t\t\t\t\t\t\t\t\t<img decoding=\"async\" src=\"https:\/\/www.participacionciudadana.org\/web\/wp-content\/uploads\/elementor\/thumbs\/PENSANDO1-pgxxlmtb4nakuy0p3su7bz986vozqusp3u4vqdoc8c.png\" title=\"PENSANDO1\" alt=\"PENSANDO1\" loading=\"lazy\" \/>\t\t\t\t\t\t\t\t\t\t\t\t\t\t\t<\/div>\n\t\t\t\t<\/div>\n\t\t\t\t\t<\/div>\n\t\t<\/div>\n\t\t\t\t<div class=\"elementor-column elementor-col-33 elementor-inner-column elementor-element elementor-element-1a519118\" data-id=\"1a519118\" data-element_type=\"column\">\n\t\t\t<div class=\"elementor-widget-wrap elementor-element-populated\">\n\t\t\t\t\t\t<div class=\"elementor-element elementor-element-54ba0856 elementor-widget elementor-widget-html\" data-id=\"54ba0856\" data-element_type=\"widget\" data-widget_type=\"html.default\">\n\t\t\t\t<div class=\"elementor-widget-container\">\n\t\t\t\t\t<style>\n    .texto-pensando-democracia{\n        font-size:9pt;\n    }\n<\/style>\t\t\t\t<\/div>\n\t\t\t\t<\/div>\n\t\t\t\t<div class=\"elementor-element elementor-element-44dbd15c texto-pensando-democracia elementor-widget__width-initial elementor-widget elementor-widget-text-editor\" data-id=\"44dbd15c\" data-element_type=\"widget\" data-widget_type=\"text-editor.default\">\n\t\t\t\t<div class=\"elementor-widget-container\">\n\t\t\t\t\t\t\t\t\t<p><strong>La Corporaci\u00f3n Participaci\u00f3n Ciudadana<\/strong> presenta la d\u00e9cima primera edici\u00f3n de la revista virtual \u201cPensando en Democracia\u201d, una iniciativa de an\u00e1lisis de la coyuntura nacional, en la que profundizamos sobre varios temas de inter\u00e9s, que aporten a la construcci\u00f3n de pol\u00edticas p\u00fablicas que mejoren la calidad de vida de los ecuatorianos. En esta edici\u00f3n abordamos como tema central las elecciones anticipadas; en ese marco, ponemos a disposici\u00f3n de nuestros lectores un an\u00e1lisis del experto electoral, Alfredo Espinosa sobre los comicios y las expectativas ciudadanas; un art\u00edculo en torno a un conversatorio realizado por PC, sobre si los partidos est\u00e1n preparados para las elecciones; un an\u00e1lisis sobre lo que representa la paridad para las mujeres ecuatorianas, de la experta en igualdad, Virginia Paredes; finalmente, el pronunciamiento de PC, sobre las preocupaciones de los comicios y una serie de recomendaciones para mejorar la calidad del proceso electoral. Pensando en Democracia es una publicaci\u00f3n bimensual.<\/p><p><strong>Ruth Hidalgo<\/strong><br \/><strong>Directora de Participaci\u00f3n Ciudadana<\/strong><\/p>\t\t\t\t\t\t\t\t<\/div>\n\t\t\t\t<\/div>\n\t\t\t\t\t<\/div>\n\t\t<\/div>\n\t\t\t\t\t<\/div>\n\t\t<\/section>\n\t\t\t\t<section class=\"elementor-section elementor-inner-section elementor-element elementor-element-50bfb16c elementor-section-boxed elementor-section-height-default elementor-section-height-default\" data-id=\"50bfb16c\" data-element_type=\"section\">\n\t\t\t\t\t\t<div class=\"elementor-container elementor-column-gap-default\">\n\t\t\t\t\t<div class=\"elementor-column elementor-col-33 elementor-inner-column elementor-element elementor-element-32d478ae\" data-id=\"32d478ae\" data-element_type=\"column\">\n\t\t\t<div class=\"elementor-widget-wrap\">\n\t\t\t\t\t\t\t<\/div>\n\t\t<\/div>\n\t\t\t\t<div class=\"elementor-column elementor-col-33 elementor-inner-column elementor-element elementor-element-70c32f15\" data-id=\"70c32f15\" data-element_type=\"column\">\n\t\t\t<div class=\"elementor-widget-wrap elementor-element-populated\">\n\t\t\t\t\t\t<div class=\"elementor-element elementor-element-6d7912e2 elementor-widget-divider--view-line elementor-widget elementor-widget-divider\" data-id=\"6d7912e2\" data-element_type=\"widget\" data-widget_type=\"divider.default\">\n\t\t\t\t<div class=\"elementor-widget-container\">\n\t\t\t\t\t\t\t<div class=\"elementor-divider\">\n\t\t\t<span class=\"elementor-divider-separator\">\n\t\t\t\t\t\t<\/span>\n\t\t<\/div>\n\t\t\t\t\t\t<\/div>\n\t\t\t\t<\/div>\n\t\t\t\t\t<\/div>\n\t\t<\/div>\n\t\t\t\t<div class=\"elementor-column elementor-col-33 elementor-inner-column elementor-element elementor-element-2c7ff89\" data-id=\"2c7ff89\" data-element_type=\"column\">\n\t\t\t<div class=\"elementor-widget-wrap elementor-element-populated\">\n\t\t\t\t\t\t<div class=\"elementor-element elementor-element-7c0f2718 elementor-widget-divider--view-line elementor-widget elementor-widget-divider\" data-id=\"7c0f2718\" data-element_type=\"widget\" data-widget_type=\"divider.default\">\n\t\t\t\t<div class=\"elementor-widget-container\">\n\t\t\t\t\t\t\t<div class=\"elementor-divider\">\n\t\t\t<span class=\"elementor-divider-separator\">\n\t\t\t\t\t\t<\/span>\n\t\t<\/div>\n\t\t\t\t\t\t<\/div>\n\t\t\t\t<\/div>\n\t\t\t\t\t<\/div>\n\t\t<\/div>\n\t\t\t\t\t<\/div>\n\t\t<\/section>\n\t\t\t\t<section class=\"elementor-section elementor-inner-section elementor-element elementor-element-7efbd37c elementor-section-boxed elementor-section-height-default elementor-section-height-default\" data-id=\"7efbd37c\" data-element_type=\"section\">\n\t\t\t\t\t\t<div class=\"elementor-container elementor-column-gap-default\">\n\t\t\t\t\t<div class=\"elementor-column elementor-col-33 elementor-inner-column elementor-element elementor-element-332bb4dd\" data-id=\"332bb4dd\" data-element_type=\"column\">\n\t\t\t<div class=\"elementor-widget-wrap elementor-element-populated\">\n\t\t\t\t\t\t<div class=\"elementor-element elementor-element-59f6698c elementor-hidden-tablet elementor-hidden-mobile elementor-widget elementor-widget-image\" data-id=\"59f6698c\" data-element_type=\"widget\" data-widget_type=\"image.default\">\n\t\t\t\t<div class=\"elementor-widget-container\">\n\t\t\t\t\t\t\t\t\t\t\t\t\t\t\t<img fetchpriority=\"high\" decoding=\"async\" width=\"140\" height=\"513\" src=\"https:\/\/www.participacionciudadana.org\/web\/wp-content\/uploads\/2023\/06\/edicion11.png\" class=\"attachment-large size-large wp-image-5656\" alt=\"\" srcset=\"https:\/\/www.participacionciudadana.org\/web\/wp-content\/uploads\/2023\/06\/edicion11.png 140w, https:\/\/www.participacionciudadana.org\/web\/wp-content\/uploads\/2023\/06\/edicion11-82x300.png 82w\" sizes=\"(max-width: 140px) 100vw, 140px\" \/>\t\t\t\t\t\t\t\t\t\t\t\t\t\t\t<\/div>\n\t\t\t\t<\/div>\n\t\t\t\t\t<\/div>\n\t\t<\/div>\n\t\t\t\t<div class=\"elementor-column elementor-col-33 elementor-inner-column elementor-element elementor-element-43be5224\" data-id=\"43be5224\" data-element_type=\"column\" data-settings=\"{&quot;background_background&quot;:&quot;classic&quot;}\">\n\t\t\t<div class=\"elementor-widget-wrap elementor-element-populated\">\n\t\t\t\t\t<div class=\"elementor-background-overlay\"><\/div>\n\t\t\t\t\t\t<div class=\"elementor-element elementor-element-39c7c402 elementor-widget elementor-widget-heading\" data-id=\"39c7c402\" data-element_type=\"widget\" data-widget_type=\"heading.default\">\n\t\t\t\t<div class=\"elementor-widget-container\">\n\t\t\t\t\t<h5 class=\"elementor-heading-title elementor-size-default\">\nElecciones anticipadas 2023 y la desilusi\u00f3n de la pol\u00edtica<\/h5>\t\t\t\t<\/div>\n\t\t\t\t<\/div>\n\t\t\t\t<div class=\"elementor-element elementor-element-b511b69 texto-pensando-democracia elementor-hidden-tablet elementor-hidden-mobile elementor-widget elementor-widget-text-editor\" data-id=\"b511b69\" data-element_type=\"widget\" data-widget_type=\"text-editor.default\">\n\t\t\t\t<div class=\"elementor-widget-container\">\n\t\t\t\t\t\t\t\t\t<p><strong><img decoding=\"async\" class=\" wp-image-5603 alignleft\" src=\"https:\/\/www.participacionciudadana.org\/web\/wp-content\/uploads\/2023\/06\/A1-Elecciones-anticipadas-2023-y-la-desilusion-de-la-politica-300x300.jpeg\" alt=\"\" width=\"157\" height=\"157\" srcset=\"https:\/\/www.participacionciudadana.org\/web\/wp-content\/uploads\/2023\/06\/A1-Elecciones-anticipadas-2023-y-la-desilusion-de-la-politica-300x300.jpeg 300w, https:\/\/www.participacionciudadana.org\/web\/wp-content\/uploads\/2023\/06\/A1-Elecciones-anticipadas-2023-y-la-desilusion-de-la-politica-1024x1024.jpeg 1024w, https:\/\/www.participacionciudadana.org\/web\/wp-content\/uploads\/2023\/06\/A1-Elecciones-anticipadas-2023-y-la-desilusion-de-la-politica-150x150.jpeg 150w, https:\/\/www.participacionciudadana.org\/web\/wp-content\/uploads\/2023\/06\/A1-Elecciones-anticipadas-2023-y-la-desilusion-de-la-politica-768x768.jpeg 768w, https:\/\/www.participacionciudadana.org\/web\/wp-content\/uploads\/2023\/06\/A1-Elecciones-anticipadas-2023-y-la-desilusion-de-la-politica-600x600.jpeg 600w, https:\/\/www.participacionciudadana.org\/web\/wp-content\/uploads\/2023\/06\/A1-Elecciones-anticipadas-2023-y-la-desilusion-de-la-politica.jpeg 1045w\" sizes=\"(max-width: 157px) 100vw, 157px\" \/>El Ecuador vive un fen\u00f3meno parad\u00f3jico caracterizado por partidos d\u00e9biles que en estas inusuales elecciones apuestan a m\u00e1s de lo mismo: viejas o nuevas figuras sin trayectoria pol\u00edtica, sin preparaci\u00f3n y sin sintonizar con el descontento ciudadano a las \u00e9lites pol\u00edticas. La improvisaci\u00f3n caracteriza a la mayor\u00eda de candidatos que se lanzan a una autopista de libre circulaci\u00f3n para impresionar a los ecuatorianos para ser el \u201coutsider\u201d, que salve al pa\u00eds. <\/strong><br \/><strong>Los ciudadanos deben desechar las falsas expectativas y mirar el escenario electoral con sobriedad para evitar frustraciones. En esta campa\u00f1a corta primar\u00e1 la forma, m\u00e1s que el contenido de sus propuestas, en una batalla en redes sociales con todo tipo de estrategias para cada p\u00fablico, para favorecer a uno y afectar a otro. Los candidatos har\u00e1n un derroche de dinero cuya procedencia ilegal o legal ser\u00e1 dif\u00edcil de saber, y menos a\u00fan descubrir los intereses pol\u00edticos que est\u00e1n detr\u00e1s de esa \u201cinversi\u00f3n\u201d. Esto implica un desaf\u00edo para las autoridades y para la sociedad. <a href=\"https:\/\/www.participacionciudadana.org\/web\/wp-content\/uploads\/2023\/06\/A1-Elecciones-anticipadas-2023-y-la-desilusion-de-la-politica-1.pdf\">Leer m\u00e1s<\/a><\/strong><\/p>\t\t\t\t\t\t\t\t<\/div>\n\t\t\t\t<\/div>\n\t\t\t\t<div class=\"elementor-element elementor-element-01e28ba texto-pensando-democracia elementor-hidden-desktop elementor-widget elementor-widget-text-editor\" data-id=\"01e28ba\" data-element_type=\"widget\" data-widget_type=\"text-editor.default\">\n\t\t\t\t<div class=\"elementor-widget-container\">\n\t\t\t\t\t\t\t\t\t<p><strong><img decoding=\"async\" class=\"wp-image-5603 aligncenter\" src=\"https:\/\/www.participacionciudadana.org\/web\/wp-content\/uploads\/2023\/06\/A1-Elecciones-anticipadas-2023-y-la-desilusion-de-la-politica-300x300.jpeg\" alt=\"\" width=\"203\" height=\"203\" srcset=\"https:\/\/www.participacionciudadana.org\/web\/wp-content\/uploads\/2023\/06\/A1-Elecciones-anticipadas-2023-y-la-desilusion-de-la-politica-300x300.jpeg 300w, https:\/\/www.participacionciudadana.org\/web\/wp-content\/uploads\/2023\/06\/A1-Elecciones-anticipadas-2023-y-la-desilusion-de-la-politica-1024x1024.jpeg 1024w, https:\/\/www.participacionciudadana.org\/web\/wp-content\/uploads\/2023\/06\/A1-Elecciones-anticipadas-2023-y-la-desilusion-de-la-politica-150x150.jpeg 150w, https:\/\/www.participacionciudadana.org\/web\/wp-content\/uploads\/2023\/06\/A1-Elecciones-anticipadas-2023-y-la-desilusion-de-la-politica-768x768.jpeg 768w, https:\/\/www.participacionciudadana.org\/web\/wp-content\/uploads\/2023\/06\/A1-Elecciones-anticipadas-2023-y-la-desilusion-de-la-politica-600x600.jpeg 600w, https:\/\/www.participacionciudadana.org\/web\/wp-content\/uploads\/2023\/06\/A1-Elecciones-anticipadas-2023-y-la-desilusion-de-la-politica.jpeg 1045w\" sizes=\"(max-width: 203px) 100vw, 203px\" \/>El Ecuador vive un fen\u00f3meno parad\u00f3jico caracterizado por partidos d\u00e9biles que en estas inusuales elecciones apuestan a m\u00e1s de lo mismo: viejas o nuevas figuras sin trayectoria pol\u00edtica, sin preparaci\u00f3n y sin sintonizar con el descontento ciudadano a las \u00e9lites pol\u00edticas. La improvisaci\u00f3n caracteriza a la mayor\u00eda de candidatos que se lanzan a una autopista de libre circulaci\u00f3n para impresionar a los ecuatorianos para ser el \u201coutsider\u201d, que salve al pa\u00eds. <\/strong><br \/><strong>Los ciudadanos deben desechar las falsas expectativas y mirar el escenario electoral con sobriedad para evitar frustraciones. En esta campa\u00f1a corta primar\u00e1 la forma, m\u00e1s que el contenido de sus propuestas, en una batalla en redes sociales con todo tipo de estrategias para cada p\u00fablico, para favorecer a uno y afectar a otro. Los candidatos har\u00e1n un derroche de dinero cuya procedencia ilegal o legal ser\u00e1 dif\u00edcil de saber, y menos a\u00fan descubrir los intereses pol\u00edticos que est\u00e1n detr\u00e1s de esa \u201cinversi\u00f3n\u201d. Esto implica un desaf\u00edo para las autoridades y para la sociedad. <a href=\"https:\/\/www.participacionciudadana.org\/web\/wp-content\/uploads\/2023\/06\/A1-Elecciones-anticipadas-2023-y-la-desilusion-de-la-politica-1.pdf\">Leer m\u00e1s<\/a><\/strong><\/p>\t\t\t\t\t\t\t\t<\/div>\n\t\t\t\t<\/div>\n\t\t\t\t\t<\/div>\n\t\t<\/div>\n\t\t\t\t<div class=\"elementor-column elementor-col-33 elementor-inner-column elementor-element elementor-element-2ed36f52\" data-id=\"2ed36f52\" data-element_type=\"column\" data-settings=\"{&quot;background_background&quot;:&quot;classic&quot;}\">\n\t\t\t<div class=\"elementor-widget-wrap elementor-element-populated\">\n\t\t\t\t\t<div class=\"elementor-background-overlay\"><\/div>\n\t\t\t\t\t\t<div class=\"elementor-element elementor-element-789cdd0f elementor-widget elementor-widget-heading\" data-id=\"789cdd0f\" data-element_type=\"widget\" data-widget_type=\"heading.default\">\n\t\t\t\t<div class=\"elementor-widget-container\">\n\t\t\t\t\t<h5 class=\"elementor-heading-title elementor-size-default\">\u00bfLos partidos est\u00e1n preparados para las elecciones?<\/h5>\t\t\t\t<\/div>\n\t\t\t\t<\/div>\n\t\t\t\t<div class=\"elementor-element elementor-element-29b2e168 texto-pensando-democracia elementor-hidden-tablet elementor-hidden-mobile elementor-widget elementor-widget-text-editor\" data-id=\"29b2e168\" data-element_type=\"widget\" data-widget_type=\"text-editor.default\">\n\t\t\t\t<div class=\"elementor-widget-container\">\n\t\t\t\t\t\t\t\t\t<p><strong><img loading=\"lazy\" decoding=\"async\" class=\" wp-image-5605 alignleft\" src=\"https:\/\/www.participacionciudadana.org\/web\/wp-content\/uploads\/2023\/06\/A2-Los-partidos-estan-preparados-para-las-elecciones-300x199.jpg\" alt=\"\" width=\"204\" height=\"135\" srcset=\"https:\/\/www.participacionciudadana.org\/web\/wp-content\/uploads\/2023\/06\/A2-Los-partidos-estan-preparados-para-las-elecciones-300x199.jpg 300w, https:\/\/www.participacionciudadana.org\/web\/wp-content\/uploads\/2023\/06\/A2-Los-partidos-estan-preparados-para-las-elecciones-1024x678.jpg 1024w, https:\/\/www.participacionciudadana.org\/web\/wp-content\/uploads\/2023\/06\/A2-Los-partidos-estan-preparados-para-las-elecciones-768x509.jpg 768w, https:\/\/www.participacionciudadana.org\/web\/wp-content\/uploads\/2023\/06\/A2-Los-partidos-estan-preparados-para-las-elecciones-1536x1017.jpg 1536w, https:\/\/www.participacionciudadana.org\/web\/wp-content\/uploads\/2023\/06\/A2-Los-partidos-estan-preparados-para-las-elecciones-1200x800.jpg 1200w, https:\/\/www.participacionciudadana.org\/web\/wp-content\/uploads\/2023\/06\/A2-Los-partidos-estan-preparados-para-las-elecciones-870x570.jpg 870w, https:\/\/www.participacionciudadana.org\/web\/wp-content\/uploads\/2023\/06\/A2-Los-partidos-estan-preparados-para-las-elecciones.jpg 2047w\" sizes=\"(max-width: 204px) 100vw, 204px\" \/>Participaci\u00f3n Ciudadana, organizaci\u00f3n de sociedad civil pionera en observaci\u00f3n electoral y en promover di\u00e1logo pol\u00edtico, organiz\u00f3 un conversatorio sobre si los partidos est\u00e1n preparados para las elecciones anticipadas, con tres mujeres expertas en distintas disciplinas: Gabriela Sommerfeld, empresaria y vicepresidenta de la C\u00e1mara de Comercio de Quito; Mar\u00eda Bel\u00e9n Arroyo, editora de la Revista Vistazo; y Mariana Andrade, gestora cultural, directora del cine 8 y Medio. El evento fue un espacio de reflexi\u00f3n, en torno a la situaci\u00f3n pol\u00edtica de cara a los pr\u00f3ximos comicios en Ecuador. En este conversatorio las panelistas destacaron la importancia de la participaci\u00f3n ciudadana, la estabilidad jur\u00eddica, la seguridad pol\u00edtica, la promoci\u00f3n de la inversi\u00f3n y el desarrollo econ\u00f3mico, y el fortalecimiento de las instituciones democr\u00e1ticas, como elementos fundamentales para el fortalecimiento de la democracia. <\/strong><br \/><a href=\"https:\/\/www.participacionciudadana.org\/web\/wp-content\/uploads\/2023\/06\/A2-Los-partidos-estan-preparados-para-las-elecciones.pdf\"><strong>Leer m\u00e1s<\/strong><\/a><\/p>\t\t\t\t\t\t\t\t<\/div>\n\t\t\t\t<\/div>\n\t\t\t\t<div class=\"elementor-element elementor-element-efe3b6f texto-pensando-democracia elementor-hidden-desktop elementor-widget elementor-widget-text-editor\" data-id=\"efe3b6f\" data-element_type=\"widget\" data-widget_type=\"text-editor.default\">\n\t\t\t\t<div class=\"elementor-widget-container\">\n\t\t\t\t\t\t\t\t\t<p><strong><img loading=\"lazy\" decoding=\"async\" class=\"wp-image-5605 aligncenter\" src=\"https:\/\/www.participacionciudadana.org\/web\/wp-content\/uploads\/2023\/06\/A2-Los-partidos-estan-preparados-para-las-elecciones-300x199.jpg\" alt=\"\" width=\"251\" height=\"167\" srcset=\"https:\/\/www.participacionciudadana.org\/web\/wp-content\/uploads\/2023\/06\/A2-Los-partidos-estan-preparados-para-las-elecciones-300x199.jpg 300w, https:\/\/www.participacionciudadana.org\/web\/wp-content\/uploads\/2023\/06\/A2-Los-partidos-estan-preparados-para-las-elecciones-1024x678.jpg 1024w, https:\/\/www.participacionciudadana.org\/web\/wp-content\/uploads\/2023\/06\/A2-Los-partidos-estan-preparados-para-las-elecciones-768x509.jpg 768w, https:\/\/www.participacionciudadana.org\/web\/wp-content\/uploads\/2023\/06\/A2-Los-partidos-estan-preparados-para-las-elecciones-1536x1017.jpg 1536w, https:\/\/www.participacionciudadana.org\/web\/wp-content\/uploads\/2023\/06\/A2-Los-partidos-estan-preparados-para-las-elecciones-1200x800.jpg 1200w, https:\/\/www.participacionciudadana.org\/web\/wp-content\/uploads\/2023\/06\/A2-Los-partidos-estan-preparados-para-las-elecciones.jpg 2047w\" sizes=\"(max-width: 251px) 100vw, 251px\" \/>Participaci\u00f3n Ciudadana, organizaci\u00f3n de sociedad civil pionera en observaci\u00f3n electoral y en promover di\u00e1logo pol\u00edtico, organiz\u00f3 un conversatorio sobre si los partidos est\u00e1n preparados para las elecciones anticipadas, con tres mujeres expertas en distintas disciplinas: Gabriela Sommerfeld, empresaria y vicepresidenta de la C\u00e1mara de Comercio de Quito; Mar\u00eda Bel\u00e9n Arroyo, editora de la Revista Vistazo; y Mariana Andrade, gestora cultural, directora del cine 8 y Medio. El evento fue un espacio de reflexi\u00f3n, en torno a la situaci\u00f3n pol\u00edtica de cara a los pr\u00f3ximos comicios en Ecuador. En este conversatorio las panelistas destacaron la importancia de la participaci\u00f3n ciudadana, la estabilidad jur\u00eddica, la seguridad pol\u00edtica, la promoci\u00f3n de la inversi\u00f3n y el desarrollo econ\u00f3mico, y el fortalecimiento de las instituciones democr\u00e1ticas, como elementos fundamentales para el fortalecimiento de la democracia. <\/strong><br \/><a href=\"https:\/\/www.participacionciudadana.org\/web\/wp-content\/uploads\/2023\/06\/A2-Los-partidos-estan-preparados-para-las-elecciones.pdf\"><strong>Leer m\u00e1s<\/strong><\/a><\/p>\t\t\t\t\t\t\t\t<\/div>\n\t\t\t\t<\/div>\n\t\t\t\t\t<\/div>\n\t\t<\/div>\n\t\t\t\t\t<\/div>\n\t\t<\/section>\n\t\t\t\t<section class=\"elementor-section elementor-inner-section elementor-element elementor-element-3e3f96dc elementor-section-boxed elementor-section-height-default elementor-section-height-default\" data-id=\"3e3f96dc\" data-element_type=\"section\">\n\t\t\t\t\t\t<div class=\"elementor-container elementor-column-gap-default\">\n\t\t\t\t\t<div class=\"elementor-column elementor-col-33 elementor-inner-column elementor-element elementor-element-61779f\" data-id=\"61779f\" data-element_type=\"column\">\n\t\t\t<div class=\"elementor-widget-wrap\">\n\t\t\t\t\t\t\t<\/div>\n\t\t<\/div>\n\t\t\t\t<div class=\"elementor-column elementor-col-33 elementor-inner-column elementor-element elementor-element-5d201ad9\" data-id=\"5d201ad9\" data-element_type=\"column\">\n\t\t\t<div class=\"elementor-widget-wrap elementor-element-populated\">\n\t\t\t\t\t\t<div class=\"elementor-element elementor-element-30894d96 texto-pensando-democracia elementor-widget elementor-widget-text-editor\" data-id=\"30894d96\" data-element_type=\"widget\" data-widget_type=\"text-editor.default\">\n\t\t\t\t<div class=\"elementor-widget-container\">\n\t\t\t\t\t\t\t\t\t<p>NOTA: Los contenidos de esta publicaci\u00f3n son de responsabilidad de los autores y no reflejan necesariamente los puntos de vista o posiciones de la USAID o el gobierno de los EEUU.<\/p>\t\t\t\t\t\t\t\t<\/div>\n\t\t\t\t<\/div>\n\t\t\t\t\t<\/div>\n\t\t<\/div>\n\t\t\t\t<div class=\"elementor-column elementor-col-33 elementor-inner-column elementor-element elementor-element-7241102c\" data-id=\"7241102c\" data-element_type=\"column\">\n\t\t\t<div class=\"elementor-widget-wrap elementor-element-populated\">\n\t\t\t\t\t\t<div class=\"elementor-element elementor-element-51f11b6a texto-pensando-democracia elementor-widget elementor-widget-text-editor\" data-id=\"51f11b6a\" data-element_type=\"widget\" data-widget_type=\"text-editor.default\">\n\t\t\t\t<div class=\"elementor-widget-container\">\n\t\t\t\t\t\t\t\t\t<p>NOTA: Los contenidos de esta publicaci\u00f3n son de responsabilidad de los autores y no reflejan necesariamente los puntos de vista o posiciones de la USAID o el gobierno de los EEUU.<\/p>\t\t\t\t\t\t\t\t<\/div>\n\t\t\t\t<\/div>\n\t\t\t\t\t<\/div>\n\t\t<\/div>\n\t\t\t\t\t<\/div>\n\t\t<\/section>\n\t\t\t\t<section class=\"elementor-section elementor-inner-section elementor-element elementor-element-3ad203a1 elementor-section-boxed elementor-section-height-default elementor-section-height-default\" data-id=\"3ad203a1\" data-element_type=\"section\" data-settings=\"{&quot;background_background&quot;:&quot;classic&quot;}\">\n\t\t\t\t\t\t<div class=\"elementor-container elementor-column-gap-default\">\n\t\t\t\t\t<div class=\"elementor-column elementor-col-25 elementor-inner-column elementor-element elementor-element-156968d1\" data-id=\"156968d1\" data-element_type=\"column\" data-settings=\"{&quot;background_background&quot;:&quot;classic&quot;}\">\n\t\t\t<div class=\"elementor-widget-wrap elementor-element-populated\">\n\t\t\t\t\t\t<div class=\"elementor-element elementor-element-a92b1e9 texto-pensando-democracia elementor-widget elementor-widget-text-editor\" data-id=\"a92b1e9\" data-element_type=\"widget\" data-widget_type=\"text-editor.default\">\n\t\t\t\t<div class=\"elementor-widget-container\">\n\t\t\t\t\t\t\t\t\t<p style=\"text-align: center;\"><strong>DEMOCRACIA<br \/>Muerte cruzada<\/strong><\/p><p>El 17 de mayo de 2023, el presidente de Ecuador, Guillermo Lasso, tom\u00f3 una decisi\u00f3n hist\u00f3rica por primera vez: disolver la Asamblea Nacional y convocar a elecciones anticipadas. Esta medida, que nunca se hab\u00eda aplicado antes en el pa\u00eds, se conoce como \u201cmuerte cruzada\u201d y est\u00e1 contemplada en la Constituci\u00f3n de 2008. Para realizar la disoluci\u00f3n de la Asamblea Nacional, el presidente firm\u00f3 el Decreto Ejecutivo 741 ampar\u00e1ndose en el art\u00edculo 141 de la Constituci\u00f3n de la Rep\u00fablica del Ecuador.<\/p>\t\t\t\t\t\t\t\t<\/div>\n\t\t\t\t<\/div>\n\t\t\t\t\t<\/div>\n\t\t<\/div>\n\t\t\t\t<div class=\"elementor-column elementor-col-25 elementor-inner-column elementor-element elementor-element-2b60dafd\" data-id=\"2b60dafd\" data-element_type=\"column\" data-settings=\"{&quot;background_background&quot;:&quot;classic&quot;}\">\n\t\t\t<div class=\"elementor-widget-wrap elementor-element-populated\">\n\t\t\t\t\t\t<div class=\"elementor-element elementor-element-124382b9 texto-pensando-democracia elementor-widget elementor-widget-text-editor\" data-id=\"124382b9\" data-element_type=\"widget\" data-widget_type=\"text-editor.default\">\n\t\t\t\t<div class=\"elementor-widget-container\">\n\t\t\t\t\t\t\t\t\t<p style=\"text-align: center;\"><strong>ELECCIONES<br \/><\/strong><strong>Elecciones anticipadas<\/strong><\/p><p>Tras el decreto ejecutivo 741, el CNE proclam\u00f3 el inicio de elecciones e hizo la convocatoria, aprob\u00f3 el calendario, reglamento, plan operativo y presupuesto para los comicios del 20 de agosto. Ampli\u00f3 los plazos para primarias e inscripci\u00f3n de candidaturas. Tambi\u00e9n acept\u00f3 la paridad de g\u00e9nero, calific\u00f3 a ocho binomios presidenciales y realizar\u00e1 dos consultas populares del Yasun\u00ed y del Choc\u00f3 Andino.<\/p>\t\t\t\t\t\t\t\t<\/div>\n\t\t\t\t<\/div>\n\t\t\t\t\t<\/div>\n\t\t<\/div>\n\t\t\t\t<div class=\"elementor-column elementor-col-25 elementor-inner-column elementor-element elementor-element-58213825\" data-id=\"58213825\" data-element_type=\"column\" data-settings=\"{&quot;background_background&quot;:&quot;classic&quot;}\">\n\t\t\t<div class=\"elementor-widget-wrap elementor-element-populated\">\n\t\t\t\t\t\t<div class=\"elementor-element elementor-element-5f887b8 texto-pensando-democracia elementor-widget elementor-widget-text-editor\" data-id=\"5f887b8\" data-element_type=\"widget\" data-widget_type=\"text-editor.default\">\n\t\t\t\t<div class=\"elementor-widget-container\">\n\t\t\t\t\t\t\t\t\t<p style=\"text-align: center;\"><strong>EDUCACI\u00d3N<\/strong><\/p><p style=\"text-align: center;\"><strong>Gesti\u00f3n en educaci\u00f3n superior<\/strong><\/p><p>El Ministerio de Educaci\u00f3n en su rendici\u00f3n de cuentas indic\u00f3 que en 2022 el presupuesto fue de USD 3.400 millones y en 2023 aument\u00f3 a USD 4.008 millones, que se utilizan en mejoras de infraestructura, construcci\u00f3n de nuevas instituciones educativas, inversi\u00f3n en tecnolog\u00eda. Debido a las inundaciones en la provincia de Esmeraldas, se suspendieron clases en los cantones de Esmeraldas, Atacames y Muisne. En cuanto a educaci\u00f3n superior, la SENESCYT est\u00e1 en fase de aceptaci\u00f3n de cupo y de lista de espera de admisiones.<\/p><p>\u00a0<\/p>\t\t\t\t\t\t\t\t<\/div>\n\t\t\t\t<\/div>\n\t\t\t\t\t<\/div>\n\t\t<\/div>\n\t\t\t\t<div class=\"elementor-column elementor-col-25 elementor-inner-column elementor-element elementor-element-1d215318\" data-id=\"1d215318\" data-element_type=\"column\" data-settings=\"{&quot;background_background&quot;:&quot;classic&quot;}\">\n\t\t\t<div class=\"elementor-widget-wrap elementor-element-populated\">\n\t\t\t\t\t\t<div class=\"elementor-element elementor-element-18d62294 texto-pensando-democracia elementor-widget elementor-widget-text-editor\" data-id=\"18d62294\" data-element_type=\"widget\" data-widget_type=\"text-editor.default\">\n\t\t\t\t<div class=\"elementor-widget-container\">\n\t\t\t\t\t\t\t\t\t<p style=\"text-align: center;\"><strong>COOPERACI\u00d3N<br \/><\/strong><strong>Ecuador y Estados Unidos<\/strong><\/p><p>Los dos pa\u00edses han concretado un incremento en la cooperaci\u00f3n para financiar e implementar programas y proyectos. El ministro de Relaciones Exteriores y Movilidad Humana, Mauricio Manrique, y el embajador de Estados Unidos en Ecuador, Michael Fitzpatrick, firmaron una adenda al Convenio para el Desarrollo (DOAG) entre ambos pa\u00edses. La inversi\u00f3n alcanza los 163,7 millones de d\u00f3lares y se extender\u00e1 hasta el a\u00f1o 2030, beneficiando a las comunidades ecuatorianas y fortaleciendo el trabajo conjunto con ONG y la sociedad civil.<\/p>\t\t\t\t\t\t\t\t<\/div>\n\t\t\t\t<\/div>\n\t\t\t\t\t<\/div>\n\t\t<\/div>\n\t\t\t\t\t<\/div>\n\t\t<\/section>\n\t\t\t\t<section class=\"elementor-section elementor-inner-section elementor-element elementor-element-10a8fdc8 elementor-section-boxed elementor-section-height-default elementor-section-height-default\" data-id=\"10a8fdc8\" data-element_type=\"section\" data-settings=\"{&quot;background_background&quot;:&quot;classic&quot;}\">\n\t\t\t\t\t\t<div class=\"elementor-container elementor-column-gap-default\">\n\t\t\t\t\t<div class=\"elementor-column elementor-col-16 elementor-inner-column elementor-element elementor-element-35121476\" data-id=\"35121476\" data-element_type=\"column\">\n\t\t\t<div class=\"elementor-widget-wrap\">\n\t\t\t\t\t\t\t<\/div>\n\t\t<\/div>\n\t\t\t\t<div class=\"elementor-column elementor-col-16 elementor-inner-column elementor-element elementor-element-26d6eb68\" data-id=\"26d6eb68\" data-element_type=\"column\">\n\t\t\t<div class=\"elementor-widget-wrap elementor-element-populated\">\n\t\t\t\t\t\t<div class=\"elementor-element elementor-element-7d2cc9c7 elementor-widget elementor-widget-image\" data-id=\"7d2cc9c7\" data-element_type=\"widget\" data-widget_type=\"image.default\">\n\t\t\t\t<div class=\"elementor-widget-container\">\n\t\t\t\t\t\t\t\t\t\t\t\t\t\t\t<img loading=\"lazy\" decoding=\"async\" width=\"385\" height=\"115\" src=\"https:\/\/www.participacionciudadana.org\/web\/wp-content\/uploads\/2023\/04\/logo-usaid.jpg\" class=\"attachment-large size-large wp-image-4997\" alt=\"\" srcset=\"https:\/\/www.participacionciudadana.org\/web\/wp-content\/uploads\/2023\/04\/logo-usaid.jpg 385w, https:\/\/www.participacionciudadana.org\/web\/wp-content\/uploads\/2023\/04\/logo-usaid-300x90.jpg 300w\" sizes=\"(max-width: 385px) 100vw, 385px\" \/>\t\t\t\t\t\t\t\t\t\t\t\t\t\t\t<\/div>\n\t\t\t\t<\/div>\n\t\t\t\t\t<\/div>\n\t\t<\/div>\n\t\t\t\t<div class=\"elementor-column elementor-col-16 elementor-inner-column elementor-element elementor-element-14955118\" data-id=\"14955118\" data-element_type=\"column\">\n\t\t\t<div class=\"elementor-widget-wrap elementor-element-populated\">\n\t\t\t\t\t\t<div class=\"elementor-element elementor-element-1c30de96 elementor-widget elementor-widget-image\" data-id=\"1c30de96\" data-element_type=\"widget\" data-widget_type=\"image.default\">\n\t\t\t\t<div class=\"elementor-widget-container\">\n\t\t\t\t\t\t\t\t\t\t\t\t\t\t\t<img decoding=\"async\" src=\"https:\/\/www.participacionciudadana.org\/web\/wp-content\/uploads\/elementor\/thumbs\/logo-george-washington-q4ypsa7ruwyfzoz9ze8h045q2sk0yar333c8j04oao.jpg\" title=\"logo-george-washington\" alt=\"logo-george-washington\" loading=\"lazy\" \/>\t\t\t\t\t\t\t\t\t\t\t\t\t\t\t<\/div>\n\t\t\t\t<\/div>\n\t\t\t\t\t<\/div>\n\t\t<\/div>\n\t\t\t\t<div class=\"elementor-column elementor-col-16 elementor-inner-column elementor-element elementor-element-67f676ba\" data-id=\"67f676ba\" data-element_type=\"column\">\n\t\t\t<div class=\"elementor-widget-wrap elementor-element-populated\">\n\t\t\t\t\t\t<div class=\"elementor-element elementor-element-186bdca0 elementor-widget elementor-widget-image\" data-id=\"186bdca0\" data-element_type=\"widget\" data-widget_type=\"image.default\">\n\t\t\t\t<div class=\"elementor-widget-container\">\n\t\t\t\t\t\t\t\t\t\t\t\t\t\t\t<img decoding=\"async\" src=\"https:\/\/www.participacionciudadana.org\/web\/wp-content\/uploads\/elementor\/thumbs\/cropped-logo_pc-1-pfmj8w31v3jeeq4k1e2rtzi4ijqmoyr02rldfl5se8.png\" title=\"cropped-logo_pc-1.png\" alt=\"cropped-logo_pc-1.png\" loading=\"lazy\" \/>\t\t\t\t\t\t\t\t\t\t\t\t\t\t\t<\/div>\n\t\t\t\t<\/div>\n\t\t\t\t\t<\/div>\n\t\t<\/div>\n\t\t\t\t<div class=\"elementor-column elementor-col-16 elementor-inner-column elementor-element elementor-element-16b80605\" data-id=\"16b80605\" data-element_type=\"column\" data-settings=\"{&quot;background_background&quot;:&quot;classic&quot;}\">\n\t\t\t<div class=\"elementor-widget-wrap elementor-element-populated\">\n\t\t\t\t\t\t<div class=\"elementor-element elementor-element-1f9e946b elementor-widget elementor-widget-text-editor\" data-id=\"1f9e946b\" data-element_type=\"widget\" data-widget_type=\"text-editor.default\">\n\t\t\t\t<div class=\"elementor-widget-container\">\n\t\t\t\t\t\t\t\t\t<h3><span style=\"color: #ffffff;\">1<\/span><\/h3>\t\t\t\t\t\t\t\t<\/div>\n\t\t\t\t<\/div>\n\t\t\t\t\t<\/div>\n\t\t<\/div>\n\t\t\t\t<div class=\"elementor-column elementor-col-16 elementor-inner-column elementor-element elementor-element-21ba4210\" data-id=\"21ba4210\" data-element_type=\"column\">\n\t\t\t<div class=\"elementor-widget-wrap\">\n\t\t\t\t\t\t\t<\/div>\n\t\t<\/div>\n\t\t\t\t\t<\/div>\n\t\t<\/section>\n\t\t\t\t\t<\/div>\n\t\t<\/div>\n\t\t\t\t\t<\/div>\n\t\t<\/section>\n\t\t\t\t<section class=\"elementor-section elementor-top-section elementor-element elementor-element-44bee998 elementor-section-boxed elementor-section-height-default elementor-section-height-default\" data-id=\"44bee998\" data-element_type=\"section\" data-settings=\"{&quot;background_background&quot;:&quot;classic&quot;}\">\n\t\t\t\t\t\t\t<div class=\"elementor-background-overlay\"><\/div>\n\t\t\t\t\t\t\t<div class=\"elementor-container elementor-column-gap-default\">\n\t\t\t\t\t<div class=\"elementor-column elementor-col-100 elementor-top-column elementor-element elementor-element-437ea731\" data-id=\"437ea731\" data-element_type=\"column\">\n\t\t\t<div class=\"elementor-widget-wrap elementor-element-populated\">\n\t\t\t\t\t\t<section class=\"elementor-section elementor-inner-section elementor-element elementor-element-7bd80bac elementor-section-boxed elementor-section-height-default elementor-section-height-default\" data-id=\"7bd80bac\" data-element_type=\"section\">\n\t\t\t\t\t\t<div class=\"elementor-container elementor-column-gap-default\">\n\t\t\t\t\t<div class=\"elementor-column elementor-col-33 elementor-inner-column elementor-element elementor-element-5e8f3fbf\" data-id=\"5e8f3fbf\" data-element_type=\"column\">\n\t\t\t<div class=\"elementor-widget-wrap\">\n\t\t\t\t\t\t\t<\/div>\n\t\t<\/div>\n\t\t\t\t<div class=\"elementor-column elementor-col-33 elementor-inner-column elementor-element elementor-element-50848046\" data-id=\"50848046\" data-element_type=\"column\">\n\t\t\t<div class=\"elementor-widget-wrap elementor-element-populated\">\n\t\t\t\t\t\t<div class=\"elementor-element elementor-element-416d161c elementor-widget-divider--view-line elementor-widget elementor-widget-divider\" data-id=\"416d161c\" data-element_type=\"widget\" data-widget_type=\"divider.default\">\n\t\t\t\t<div class=\"elementor-widget-container\">\n\t\t\t\t\t\t\t<div class=\"elementor-divider\">\n\t\t\t<span class=\"elementor-divider-separator\">\n\t\t\t\t\t\t<\/span>\n\t\t<\/div>\n\t\t\t\t\t\t<\/div>\n\t\t\t\t<\/div>\n\t\t\t\t\t<\/div>\n\t\t<\/div>\n\t\t\t\t<div class=\"elementor-column elementor-col-33 elementor-inner-column elementor-element elementor-element-e2f80b8\" data-id=\"e2f80b8\" data-element_type=\"column\">\n\t\t\t<div class=\"elementor-widget-wrap elementor-element-populated\">\n\t\t\t\t\t\t<div class=\"elementor-element elementor-element-3c4af5b2 elementor-widget-divider--view-line elementor-widget elementor-widget-divider\" data-id=\"3c4af5b2\" data-element_type=\"widget\" data-widget_type=\"divider.default\">\n\t\t\t\t<div class=\"elementor-widget-container\">\n\t\t\t\t\t\t\t<div class=\"elementor-divider\">\n\t\t\t<span class=\"elementor-divider-separator\">\n\t\t\t\t\t\t<\/span>\n\t\t<\/div>\n\t\t\t\t\t\t<\/div>\n\t\t\t\t<\/div>\n\t\t\t\t\t<\/div>\n\t\t<\/div>\n\t\t\t\t\t<\/div>\n\t\t<\/section>\n\t\t\t\t<section class=\"elementor-section elementor-inner-section elementor-element elementor-element-775711ca elementor-section-boxed elementor-section-height-default elementor-section-height-default\" data-id=\"775711ca\" data-element_type=\"section\">\n\t\t\t\t\t\t<div class=\"elementor-container elementor-column-gap-default\">\n\t\t\t\t\t<div class=\"elementor-column elementor-col-33 elementor-inner-column elementor-element elementor-element-40723d4c\" data-id=\"40723d4c\" data-element_type=\"column\">\n\t\t\t<div class=\"elementor-widget-wrap elementor-element-populated\">\n\t\t\t\t\t\t<div class=\"elementor-element elementor-element-400657da elementor-hidden-tablet elementor-hidden-mobile elementor-widget elementor-widget-image\" data-id=\"400657da\" data-element_type=\"widget\" data-widget_type=\"image.default\">\n\t\t\t\t<div class=\"elementor-widget-container\">\n\t\t\t\t\t\t\t\t\t\t\t\t\t\t\t<img fetchpriority=\"high\" decoding=\"async\" width=\"140\" height=\"513\" src=\"https:\/\/www.participacionciudadana.org\/web\/wp-content\/uploads\/2023\/06\/edicion11.png\" class=\"attachment-large size-large wp-image-5656\" alt=\"\" srcset=\"https:\/\/www.participacionciudadana.org\/web\/wp-content\/uploads\/2023\/06\/edicion11.png 140w, https:\/\/www.participacionciudadana.org\/web\/wp-content\/uploads\/2023\/06\/edicion11-82x300.png 82w\" sizes=\"(max-width: 140px) 100vw, 140px\" \/>\t\t\t\t\t\t\t\t\t\t\t\t\t\t\t<\/div>\n\t\t\t\t<\/div>\n\t\t\t\t\t<\/div>\n\t\t<\/div>\n\t\t\t\t<div class=\"elementor-column elementor-col-33 elementor-inner-column elementor-element elementor-element-5c760f34\" data-id=\"5c760f34\" data-element_type=\"column\" data-settings=\"{&quot;background_background&quot;:&quot;classic&quot;}\">\n\t\t\t<div class=\"elementor-widget-wrap elementor-element-populated\">\n\t\t\t\t\t<div class=\"elementor-background-overlay\"><\/div>\n\t\t\t\t\t\t<div class=\"elementor-element elementor-element-7b992c4d elementor-widget elementor-widget-heading\" data-id=\"7b992c4d\" data-element_type=\"widget\" data-widget_type=\"heading.default\">\n\t\t\t\t<div class=\"elementor-widget-container\">\n\t\t\t\t\t<h5 class=\"elementor-heading-title elementor-size-default\">\u00bfPor qu\u00e9 es importante la paridad en Ecuador?<\/h5>\t\t\t\t<\/div>\n\t\t\t\t<\/div>\n\t\t\t\t<div class=\"elementor-element elementor-element-7f96e57 texto-pensando-democracia elementor-hidden-tablet elementor-hidden-mobile elementor-widget elementor-widget-text-editor\" data-id=\"7f96e57\" data-element_type=\"widget\" data-widget_type=\"text-editor.default\">\n\t\t\t\t<div class=\"elementor-widget-container\">\n\t\t\t\t\t\t\t\t\t<p><strong><img loading=\"lazy\" decoding=\"async\" class=\" wp-image-5606 alignleft\" src=\"https:\/\/www.participacionciudadana.org\/web\/wp-content\/uploads\/2023\/06\/B1-Porque-es-importante-la-paridad-e1687543414278-260x300.jpeg\" alt=\"\" width=\"135\" height=\"156\" srcset=\"https:\/\/www.participacionciudadana.org\/web\/wp-content\/uploads\/2023\/06\/B1-Porque-es-importante-la-paridad-e1687543414278-260x300.jpeg 260w, https:\/\/www.participacionciudadana.org\/web\/wp-content\/uploads\/2023\/06\/B1-Porque-es-importante-la-paridad-e1687543414278.jpeg 588w\" sizes=\"(max-width: 135px) 100vw, 135px\" \/>La respuesta m\u00e1s simple es que las mujeres ecuatorianas se la merecen. La paridad, como medida de acci\u00f3n afirmativa, es fundamental para una democracia fortalecida, participativa e incluyente. La paridad del 50% en las elecciones del 20 de agosto ha sido fruto de un proceso incansable de las mujeres, desde distintos frentes de lucha, para subsanar los problemas hist\u00f3ricos de llegar a la toma de decisiones en lo p\u00fablico. Sin duda, es un paso m\u00e1s hacia la igualdad de oportunidades para hombres y mujeres en el ejercicio de sus derechos pol\u00edticos, pues la sociedad se ha acostumbrado a que los hombres lideren estos espacios, la paridad rompe este esquema. La paridad presiona a que las organizaciones pol\u00edticas asuman responsabilidades y exige a las mujeres prepararse para representar cargos de elecci\u00f3n popular. As\u00ed mejorar\u00e1 la calidad de la representaci\u00f3n y de la democracia, as\u00ed la paridad es un triunfo de las mujeres por la igualdad. <a href=\"https:\/\/www.participacionciudadana.org\/web\/wp-content\/uploads\/2023\/06\/B1-Por-que-es-importante-la-paridad-en-Ecuador.pdf\">Leer m\u00e1s<\/a><\/strong><\/p>\t\t\t\t\t\t\t\t<\/div>\n\t\t\t\t<\/div>\n\t\t\t\t<div class=\"elementor-element elementor-element-7aa4edc texto-pensando-democracia elementor-hidden-desktop elementor-widget elementor-widget-text-editor\" data-id=\"7aa4edc\" data-element_type=\"widget\" data-widget_type=\"text-editor.default\">\n\t\t\t\t<div class=\"elementor-widget-container\">\n\t\t\t\t\t\t\t\t\t<p><strong><img loading=\"lazy\" decoding=\"async\" class=\"wp-image-5606 aligncenter\" src=\"https:\/\/www.participacionciudadana.org\/web\/wp-content\/uploads\/2023\/06\/B1-Porque-es-importante-la-paridad-e1687543414278-260x300.jpeg\" alt=\"\" width=\"166\" height=\"192\" srcset=\"https:\/\/www.participacionciudadana.org\/web\/wp-content\/uploads\/2023\/06\/B1-Porque-es-importante-la-paridad-e1687543414278-260x300.jpeg 260w, https:\/\/www.participacionciudadana.org\/web\/wp-content\/uploads\/2023\/06\/B1-Porque-es-importante-la-paridad-e1687543414278.jpeg 588w\" sizes=\"(max-width: 166px) 100vw, 166px\" \/>La respuesta m\u00e1s simple es que las mujeres ecuatorianas se la merecen. La paridad, como medida de acci\u00f3n afirmativa, es fundamental para una democracia fortalecida, participativa e incluyente. La paridad del 50% en las elecciones del 20 de agosto ha sido fruto de un proceso incansable de las mujeres, desde distintos frentes de lucha, para subsanar los problemas hist\u00f3ricos de llegar a la toma de decisiones en lo p\u00fablico. Sin duda, es un paso m\u00e1s hacia la igualdad de oportunidades para hombres y mujeres en el ejercicio de sus derechos pol\u00edticos, pues la sociedad se ha acostumbrado a que los hombres lideren estos espacios, la paridad rompe este esquema. La paridad presiona a que las organizaciones pol\u00edticas asuman responsabilidades y exige a las mujeres prepararse para representar cargos de elecci\u00f3n popular. As\u00ed mejorar\u00e1 la calidad de la representaci\u00f3n y de la democracia, as\u00ed la paridad es un triunfo de las mujeres por la igualdad. <a href=\"https:\/\/www.participacionciudadana.org\/web\/wp-content\/uploads\/2023\/06\/B1-Por-que-es-importante-la-paridad-en-Ecuador.pdf\">Leer m\u00e1s<\/a><\/strong><\/p>\t\t\t\t\t\t\t\t<\/div>\n\t\t\t\t<\/div>\n\t\t\t\t\t<\/div>\n\t\t<\/div>\n\t\t\t\t<div class=\"elementor-column elementor-col-33 elementor-inner-column elementor-element elementor-element-3a1d938\" data-id=\"3a1d938\" data-element_type=\"column\" data-settings=\"{&quot;background_background&quot;:&quot;classic&quot;}\">\n\t\t\t<div class=\"elementor-widget-wrap elementor-element-populated\">\n\t\t\t\t\t<div class=\"elementor-background-overlay\"><\/div>\n\t\t\t\t\t\t<div class=\"elementor-element elementor-element-75dd5e1a elementor-widget elementor-widget-heading\" data-id=\"75dd5e1a\" data-element_type=\"widget\" data-widget_type=\"heading.default\">\n\t\t\t\t<div class=\"elementor-widget-container\">\n\t\t\t\t\t<h5 class=\"elementor-heading-title elementor-size-default\">PC recomienda acciones urgentes para elecciones <\/h5>\t\t\t\t<\/div>\n\t\t\t\t<\/div>\n\t\t\t\t<div class=\"elementor-element elementor-element-69fa9c45 texto-pensando-democracia elementor-hidden-tablet elementor-hidden-mobile elementor-widget elementor-widget-text-editor\" data-id=\"69fa9c45\" data-element_type=\"widget\" data-widget_type=\"text-editor.default\">\n\t\t\t\t<div class=\"elementor-widget-container\">\n\t\t\t\t\t\t\t\t\t<p><strong><img loading=\"lazy\" decoding=\"async\" class=\"wp-image-5607 alignleft\" src=\"https:\/\/www.participacionciudadana.org\/web\/wp-content\/uploads\/2023\/06\/B2-PC-RECOMIENDO-ACCIONES-URGENTES-300x300.jpeg\" alt=\"\" width=\"141\" height=\"141\" srcset=\"https:\/\/www.participacionciudadana.org\/web\/wp-content\/uploads\/2023\/06\/B2-PC-RECOMIENDO-ACCIONES-URGENTES-300x300.jpeg 300w, https:\/\/www.participacionciudadana.org\/web\/wp-content\/uploads\/2023\/06\/B2-PC-RECOMIENDO-ACCIONES-URGENTES-150x150.jpeg 150w, https:\/\/www.participacionciudadana.org\/web\/wp-content\/uploads\/2023\/06\/B2-PC-RECOMIENDO-ACCIONES-URGENTES-768x768.jpeg 768w, https:\/\/www.participacionciudadana.org\/web\/wp-content\/uploads\/2023\/06\/B2-PC-RECOMIENDO-ACCIONES-URGENTES-600x600.jpeg 600w, https:\/\/www.participacionciudadana.org\/web\/wp-content\/uploads\/2023\/06\/B2-PC-RECOMIENDO-ACCIONES-URGENTES.jpeg 900w\" sizes=\"(max-width: 141px) 100vw, 141px\" \/>La Corporaci\u00f3n Participaci\u00f3n Ciudadana, como una organizaci\u00f3n de sociedad civil, pionera en observaci\u00f3n electoral, formul\u00f3 cuatro recomendaciones a las autoridades electorales para que sean analizadas e implementadas en este proceso electoral, entre ellas: Fortalecer los sistemas de transmisi\u00f3n de datos y de escrutinio, cuyos resultados el CNE debe difundir, sin interrupciones y en tiempo real en su web y app; supervisar los mecanismos de Democracia Interna o primarias para comprobar su efectividad y que los partidos cumplan con est\u00e1ndares m\u00ednimos de transparencia, deliberaci\u00f3n interna y participaci\u00f3n; promoci\u00f3n electoral, invocamos a avanzar a un debate de ideas y propuestas sobre temas urgentes y de inter\u00e9s ciudadano. Violencia f\u00edsica, ante los hechos de violencia en las \u00faltimas elecciones, creemos que el CNE debe asumir un importante rol de coordinaci\u00f3n entre los actores involucrados, a fin de garantizar la seguridad de los actores y candidatos. <a href=\"https:\/\/www.participacionciudadana.org\/web\/wp-content\/uploads\/2023\/06\/B2-PC-RECOMIENDA-ACCIONES-URGENTES.pdf\">Leer m\u00e1s<\/a><\/strong><\/p>\t\t\t\t\t\t\t\t<\/div>\n\t\t\t\t<\/div>\n\t\t\t\t<div class=\"elementor-element elementor-element-0af8c69 texto-pensando-democracia elementor-hidden-desktop elementor-widget elementor-widget-text-editor\" data-id=\"0af8c69\" data-element_type=\"widget\" data-widget_type=\"text-editor.default\">\n\t\t\t\t<div class=\"elementor-widget-container\">\n\t\t\t\t\t\t\t\t\t<p><strong><img loading=\"lazy\" decoding=\"async\" class=\"wp-image-5607 aligncenter\" src=\"https:\/\/www.participacionciudadana.org\/web\/wp-content\/uploads\/2023\/06\/B2-PC-RECOMIENDO-ACCIONES-URGENTES-300x300.jpeg\" alt=\"\" width=\"195\" height=\"195\" srcset=\"https:\/\/www.participacionciudadana.org\/web\/wp-content\/uploads\/2023\/06\/B2-PC-RECOMIENDO-ACCIONES-URGENTES-300x300.jpeg 300w, https:\/\/www.participacionciudadana.org\/web\/wp-content\/uploads\/2023\/06\/B2-PC-RECOMIENDO-ACCIONES-URGENTES-150x150.jpeg 150w, https:\/\/www.participacionciudadana.org\/web\/wp-content\/uploads\/2023\/06\/B2-PC-RECOMIENDO-ACCIONES-URGENTES-768x768.jpeg 768w, https:\/\/www.participacionciudadana.org\/web\/wp-content\/uploads\/2023\/06\/B2-PC-RECOMIENDO-ACCIONES-URGENTES-600x600.jpeg 600w, https:\/\/www.participacionciudadana.org\/web\/wp-content\/uploads\/2023\/06\/B2-PC-RECOMIENDO-ACCIONES-URGENTES.jpeg 900w\" sizes=\"(max-width: 195px) 100vw, 195px\" \/>La Corporaci\u00f3n Participaci\u00f3n Ciudadana, como una organizaci\u00f3n de sociedad civil, pionera en observaci\u00f3n electoral, formul\u00f3 cuatro recomendaciones a las autoridades electorales para que sean analizadas e implementadas en este proceso electoral, entre ellas: Fortalecer los sistemas de transmisi\u00f3n de datos y de escrutinio, cuyos resultados el CNE debe difundir, sin interrupciones y en tiempo real en su web y app; supervisar los mecanismos de Democracia Interna o primarias para comprobar su efectividad y que los partidos cumplan con est\u00e1ndares m\u00ednimos de transparencia, deliberaci\u00f3n interna y participaci\u00f3n; promoci\u00f3n electoral, invocamos a avanzar a un debate de ideas y propuestas sobre temas urgentes y de inter\u00e9s ciudadano. Violencia f\u00edsica, ante los hechos de violencia en las \u00faltimas elecciones, creemos que el CNE debe asumir un importante rol de coordinaci\u00f3n entre los actores involucrados, a fin de garantizar la seguridad de los actores y candidatos. <a href=\"https:\/\/www.participacionciudadana.org\/web\/wp-content\/uploads\/2023\/06\/B2-PC-RECOMIENDA-ACCIONES-URGENTES.pdf\">Leer m\u00e1s<\/a><\/strong><\/p>\t\t\t\t\t\t\t\t<\/div>\n\t\t\t\t<\/div>\n\t\t\t\t\t<\/div>\n\t\t<\/div>\n\t\t\t\t\t<\/div>\n\t\t<\/section>\n\t\t\t\t<section class=\"elementor-section elementor-inner-section elementor-element elementor-element-75a3ebb3 elementor-section-boxed elementor-section-height-default elementor-section-height-default\" data-id=\"75a3ebb3\" data-element_type=\"section\">\n\t\t\t\t\t\t<div class=\"elementor-container elementor-column-gap-default\">\n\t\t\t\t\t<div class=\"elementor-column elementor-col-33 elementor-inner-column elementor-element elementor-element-60fd2242\" data-id=\"60fd2242\" data-element_type=\"column\">\n\t\t\t<div class=\"elementor-widget-wrap\">\n\t\t\t\t\t\t\t<\/div>\n\t\t<\/div>\n\t\t\t\t<div class=\"elementor-column elementor-col-33 elementor-inner-column elementor-element elementor-element-598613cc\" data-id=\"598613cc\" data-element_type=\"column\">\n\t\t\t<div class=\"elementor-widget-wrap elementor-element-populated\">\n\t\t\t\t\t\t<div class=\"elementor-element elementor-element-f04d542 texto-pensando-democracia elementor-widget elementor-widget-text-editor\" data-id=\"f04d542\" data-element_type=\"widget\" data-widget_type=\"text-editor.default\">\n\t\t\t\t<div class=\"elementor-widget-container\">\n\t\t\t\t\t\t\t\t\t<p>NOTA: Los contenidos de esta publicaci\u00f3n son de responsabilidad de los autores y no reflejan necesariamente los puntos de vista o posiciones de la USAID o el gobierno de los EEUU.<\/p>\t\t\t\t\t\t\t\t<\/div>\n\t\t\t\t<\/div>\n\t\t\t\t\t<\/div>\n\t\t<\/div>\n\t\t\t\t<div class=\"elementor-column elementor-col-33 elementor-inner-column elementor-element elementor-element-c92f9f5\" data-id=\"c92f9f5\" data-element_type=\"column\">\n\t\t\t<div class=\"elementor-widget-wrap elementor-element-populated\">\n\t\t\t\t\t\t<div class=\"elementor-element elementor-element-7a96cd41 texto-pensando-democracia elementor-widget elementor-widget-text-editor\" data-id=\"7a96cd41\" data-element_type=\"widget\" data-widget_type=\"text-editor.default\">\n\t\t\t\t<div class=\"elementor-widget-container\">\n\t\t\t\t\t\t\t\t\t<p>NOTA: Los contenidos de esta publicaci\u00f3n son de responsabilidad de los autores y no reflejan necesariamente los puntos de vista o posiciones de la USAID o el gobierno de los EEUU.<\/p>\t\t\t\t\t\t\t\t<\/div>\n\t\t\t\t<\/div>\n\t\t\t\t\t<\/div>\n\t\t<\/div>\n\t\t\t\t\t<\/div>\n\t\t<\/section>\n\t\t\t\t<section class=\"elementor-section elementor-inner-section elementor-element elementor-element-6ade057d elementor-section-boxed elementor-section-height-default elementor-section-height-default\" data-id=\"6ade057d\" data-element_type=\"section\" data-settings=\"{&quot;background_background&quot;:&quot;classic&quot;}\">\n\t\t\t\t\t\t<div class=\"elementor-container elementor-column-gap-default\">\n\t\t\t\t\t<div class=\"elementor-column elementor-col-25 elementor-inner-column elementor-element elementor-element-6bd7878c\" data-id=\"6bd7878c\" data-element_type=\"column\" data-settings=\"{&quot;background_background&quot;:&quot;classic&quot;}\">\n\t\t\t<div class=\"elementor-widget-wrap elementor-element-populated\">\n\t\t\t\t\t\t<div class=\"elementor-element elementor-element-4bb0ec81 texto-pensando-democracia elementor-widget elementor-widget-text-editor\" data-id=\"4bb0ec81\" data-element_type=\"widget\" data-widget_type=\"text-editor.default\">\n\t\t\t\t<div class=\"elementor-widget-container\">\n\t\t\t\t\t\t\t\t\t<p style=\"text-align: center;\"><strong>INTEGRACI\u00d3N<br \/><\/strong><strong>Ecuador ingres\u00f3 a foro multilateral<\/strong><\/p><p>La entrega del documento de formalizaci\u00f3n de inter\u00e9s se realiz\u00f3 en la sede de la Secretar\u00eda General del Foro en Suva, capital de Fiyi. Este ingreso permitir\u00e1 al Ecuador participar en este importante foro multilateral pol\u00edtico, econ\u00f3mico y de cooperaci\u00f3n en Ocean\u00eda. El objetivo es promover la cooperaci\u00f3n regional y constituirse en un bloque comercial en el Pac\u00edfico Sur. Ecuador se convierte en el segundo pa\u00eds latinoamericano con costas e islas en el Pac\u00edfico en ser parte del Foro.<\/p>\t\t\t\t\t\t\t\t<\/div>\n\t\t\t\t<\/div>\n\t\t\t\t\t<\/div>\n\t\t<\/div>\n\t\t\t\t<div class=\"elementor-column elementor-col-25 elementor-inner-column elementor-element elementor-element-5a7de675\" data-id=\"5a7de675\" data-element_type=\"column\" data-settings=\"{&quot;background_background&quot;:&quot;classic&quot;}\">\n\t\t\t<div class=\"elementor-widget-wrap elementor-element-populated\">\n\t\t\t\t\t\t<div class=\"elementor-element elementor-element-473407b0 texto-pensando-democracia elementor-widget elementor-widget-text-editor\" data-id=\"473407b0\" data-element_type=\"widget\" data-widget_type=\"text-editor.default\">\n\t\t\t\t<div class=\"elementor-widget-container\">\n\t\t\t\t\t\t\t\t\t<p style=\"text-align: center;\"><strong>ECONOM\u00cdA<br \/><\/strong><strong>Posibles p\u00e9rdidas en el bloque ITT<\/strong><\/p><p>La C\u00e1mara de Comercio de Guayaquil advierte que no explotar el bloque 43 ITT afectar\u00eda la sostenibilidad fiscal de Ecuador y se dejar\u00edan de percibir alrededor de $1.200 millones al a\u00f1o. La zona produce aproximadamente 55.000 barriles diarios, lo que equivale al 14% de la producci\u00f3n total del pa\u00eds. No aprovechar la explotaci\u00f3n petrolera tendr\u00eda un impacto negativo en la econom\u00eda y en inversiones de obras p\u00fablicas.<\/p>\t\t\t\t\t\t\t\t<\/div>\n\t\t\t\t<\/div>\n\t\t\t\t\t<\/div>\n\t\t<\/div>\n\t\t\t\t<div class=\"elementor-column elementor-col-25 elementor-inner-column elementor-element elementor-element-2e894fc9\" data-id=\"2e894fc9\" data-element_type=\"column\" data-settings=\"{&quot;background_background&quot;:&quot;classic&quot;}\">\n\t\t\t<div class=\"elementor-widget-wrap elementor-element-populated\">\n\t\t\t\t\t\t<div class=\"elementor-element elementor-element-49a7a76a texto-pensando-democracia elementor-widget elementor-widget-text-editor\" data-id=\"49a7a76a\" data-element_type=\"widget\" data-widget_type=\"text-editor.default\">\n\t\t\t\t<div class=\"elementor-widget-container\">\n\t\t\t\t\t\t\t\t\t<p style=\"text-align: center;\"><strong>JUSTICIA<br \/><\/strong><strong>Juez en presunto prevaricato<\/strong><\/p><p>La Fiscal\u00eda ha abierto una investigaci\u00f3n preliminar por presunto prevaricato contra el juez que restituy\u00f3 los derechos pol\u00edticos a Jorge Glas. El prevaricato implica tomar decisiones judiciales contrarias a la ley o en beneficio de una de las partes. Se han realizado allanamientos y se contin\u00faa con las diligencias para determinar las posibles responsabilidades del juez.<\/p>\t\t\t\t\t\t\t\t<\/div>\n\t\t\t\t<\/div>\n\t\t\t\t\t<\/div>\n\t\t<\/div>\n\t\t\t\t<div class=\"elementor-column elementor-col-25 elementor-inner-column elementor-element elementor-element-1372d66a\" data-id=\"1372d66a\" data-element_type=\"column\" data-settings=\"{&quot;background_background&quot;:&quot;classic&quot;}\">\n\t\t\t<div class=\"elementor-widget-wrap elementor-element-populated\">\n\t\t\t\t\t\t<div class=\"elementor-element elementor-element-691590ab texto-pensando-democracia elementor-widget elementor-widget-text-editor\" data-id=\"691590ab\" data-element_type=\"widget\" data-widget_type=\"text-editor.default\">\n\t\t\t\t<div class=\"elementor-widget-container\">\n\t\t\t\t\t\t\t\t\t<p style=\"text-align: center;\"><strong>INVESTIGACIONES<br \/><\/strong><strong>Irregularidades en sorteo de causas<\/strong><\/p><p>Contralor\u00eda notific\u00f3 a la Fiscal\u00eda sobre posibles delitos en sorteo de causas por parte de funcionarios judiciales. Se habr\u00edan revelado irregularidades en el sorteo de 77 casos en el Guayas, entre junio 2019 y septiembre de 2020. Instrucciones sin autorizaci\u00f3n fueron ingresadas en la base de datos, rompiendo el principio de transparencia debido a la falta de controles en el acceso.<\/p>\t\t\t\t\t\t\t\t<\/div>\n\t\t\t\t<\/div>\n\t\t\t\t\t<\/div>\n\t\t<\/div>\n\t\t\t\t\t<\/div>\n\t\t<\/section>\n\t\t\t\t<section class=\"elementor-section elementor-inner-section elementor-element elementor-element-6c59e373 elementor-section-boxed elementor-section-height-default elementor-section-height-default\" data-id=\"6c59e373\" data-element_type=\"section\" data-settings=\"{&quot;background_background&quot;:&quot;classic&quot;}\">\n\t\t\t\t\t\t<div class=\"elementor-container elementor-column-gap-default\">\n\t\t\t\t\t<div class=\"elementor-column elementor-col-16 elementor-inner-column elementor-element elementor-element-384adc20\" data-id=\"384adc20\" data-element_type=\"column\">\n\t\t\t<div class=\"elementor-widget-wrap\">\n\t\t\t\t\t\t\t<\/div>\n\t\t<\/div>\n\t\t\t\t<div class=\"elementor-column elementor-col-16 elementor-inner-column elementor-element elementor-element-2ae6a33b\" data-id=\"2ae6a33b\" data-element_type=\"column\">\n\t\t\t<div class=\"elementor-widget-wrap elementor-element-populated\">\n\t\t\t\t\t\t<div class=\"elementor-element elementor-element-24da2adb elementor-widget elementor-widget-image\" data-id=\"24da2adb\" data-element_type=\"widget\" data-widget_type=\"image.default\">\n\t\t\t\t<div class=\"elementor-widget-container\">\n\t\t\t\t\t\t\t\t\t\t\t\t\t\t\t<img loading=\"lazy\" decoding=\"async\" width=\"385\" height=\"115\" src=\"https:\/\/www.participacionciudadana.org\/web\/wp-content\/uploads\/2023\/04\/logo-usaid.jpg\" class=\"attachment-large size-large wp-image-4997\" alt=\"\" srcset=\"https:\/\/www.participacionciudadana.org\/web\/wp-content\/uploads\/2023\/04\/logo-usaid.jpg 385w, https:\/\/www.participacionciudadana.org\/web\/wp-content\/uploads\/2023\/04\/logo-usaid-300x90.jpg 300w\" sizes=\"(max-width: 385px) 100vw, 385px\" \/>\t\t\t\t\t\t\t\t\t\t\t\t\t\t\t<\/div>\n\t\t\t\t<\/div>\n\t\t\t\t\t<\/div>\n\t\t<\/div>\n\t\t\t\t<div class=\"elementor-column elementor-col-16 elementor-inner-column elementor-element elementor-element-58009680\" data-id=\"58009680\" data-element_type=\"column\">\n\t\t\t<div class=\"elementor-widget-wrap elementor-element-populated\">\n\t\t\t\t\t\t<div class=\"elementor-element elementor-element-582be7c elementor-widget elementor-widget-image\" data-id=\"582be7c\" data-element_type=\"widget\" data-widget_type=\"image.default\">\n\t\t\t\t<div class=\"elementor-widget-container\">\n\t\t\t\t\t\t\t\t\t\t\t\t\t\t\t<img decoding=\"async\" src=\"https:\/\/www.participacionciudadana.org\/web\/wp-content\/uploads\/elementor\/thumbs\/logo-george-washington-q4ypsa7ruwyfzoz9ze8h045q2sk0yar333c8j04oao.jpg\" title=\"logo-george-washington\" alt=\"logo-george-washington\" loading=\"lazy\" \/>\t\t\t\t\t\t\t\t\t\t\t\t\t\t\t<\/div>\n\t\t\t\t<\/div>\n\t\t\t\t\t<\/div>\n\t\t<\/div>\n\t\t\t\t<div class=\"elementor-column elementor-col-16 elementor-inner-column elementor-element elementor-element-55487878\" data-id=\"55487878\" data-element_type=\"column\">\n\t\t\t<div class=\"elementor-widget-wrap elementor-element-populated\">\n\t\t\t\t\t\t<div class=\"elementor-element elementor-element-24925aad elementor-widget elementor-widget-image\" data-id=\"24925aad\" data-element_type=\"widget\" data-widget_type=\"image.default\">\n\t\t\t\t<div class=\"elementor-widget-container\">\n\t\t\t\t\t\t\t\t\t\t\t\t\t\t\t<img decoding=\"async\" src=\"https:\/\/www.participacionciudadana.org\/web\/wp-content\/uploads\/elementor\/thumbs\/cropped-logo_pc-1-pfmj8w31v3jeeq4k1e2rtzi4ijqmoyr02rldfl5se8.png\" title=\"cropped-logo_pc-1.png\" alt=\"cropped-logo_pc-1.png\" loading=\"lazy\" \/>\t\t\t\t\t\t\t\t\t\t\t\t\t\t\t<\/div>\n\t\t\t\t<\/div>\n\t\t\t\t\t<\/div>\n\t\t<\/div>\n\t\t\t\t<div class=\"elementor-column elementor-col-16 elementor-inner-column elementor-element elementor-element-72d80b67\" data-id=\"72d80b67\" data-element_type=\"column\" data-settings=\"{&quot;background_background&quot;:&quot;classic&quot;}\">\n\t\t\t<div class=\"elementor-widget-wrap elementor-element-populated\">\n\t\t\t\t\t\t<div class=\"elementor-element elementor-element-279b7409 elementor-widget elementor-widget-text-editor\" data-id=\"279b7409\" data-element_type=\"widget\" data-widget_type=\"text-editor.default\">\n\t\t\t\t<div class=\"elementor-widget-container\">\n\t\t\t\t\t\t\t\t\t<h3><span style=\"color: #ffffff;\">2<\/span><\/h3>\t\t\t\t\t\t\t\t<\/div>\n\t\t\t\t<\/div>\n\t\t\t\t\t<\/div>\n\t\t<\/div>\n\t\t\t\t<div class=\"elementor-column elementor-col-16 elementor-inner-column elementor-element elementor-element-68b5ee17\" data-id=\"68b5ee17\" data-element_type=\"column\">\n\t\t\t<div class=\"elementor-widget-wrap\">\n\t\t\t\t\t\t\t<\/div>\n\t\t<\/div>\n\t\t\t\t\t<\/div>\n\t\t<\/section>\n\t\t\t\t\t<\/div>\n\t\t<\/div>\n\t\t\t\t\t<\/div>\n\t\t<\/section>\n\t\t\t\t<\/div>\n\t\t","protected":false},"excerpt":{"rendered":"<p>La Corporaci\u00f3n Participaci\u00f3n Ciudadana presenta la d\u00e9cima primera edici\u00f3n de la revista virtual \u201cPensando en Democracia\u201d, una iniciativa de an\u00e1lisis de la coyuntura nacional, en la que profundizamos sobre varios temas de inter\u00e9s, que aporten a la construcci\u00f3n de pol\u00edticas p\u00fablicas que mejoren la calidad de vida de los ecuatorianos. En esta edici\u00f3n abordamos como [&hellip;]<\/p>\n","protected":false},"author":1,"featured_media":0,"parent":0,"menu_order":0,"comment_status":"closed","ping_status":"closed","template":"","meta":{"site-sidebar-layout":"no-sidebar","site-content-layout":"page-builder","ast-site-content-layout":"default","site-content-style":"default","site-sidebar-style":"default","ast-global-header-display":"","ast-banner-title-visibility":"","ast-main-header-display":"","ast-hfb-above-header-display":"","ast-hfb-below-header-display":"","ast-hfb-mobile-header-display":"","site-post-title":"disabled","ast-breadcrumbs-content":"","ast-featured-img":"disabled","footer-sml-layout":"","ast-disable-related-posts":"","theme-transparent-header-meta":"","adv-header-id-meta":"","stick-header-meta":"","header-above-stick-meta":"","header-main-stick-meta":"","header-below-stick-meta":"","astra-migrate-meta-layouts":"default","ast-page-background-enabled":"default","ast-page-background-meta":{"desktop":{"background-color":"","background-image":"","background-repeat":"repeat","background-position":"center center","background-size":"auto","background-attachment":"scroll","background-type":"","background-media":"","overlay-type":"","overlay-color":"","overlay-opacity":"","overlay-gradient":""},"tablet":{"background-color":"","background-image":"","background-repeat":"repeat","background-position":"center center","background-size":"auto","background-attachment":"scroll","background-type":"","background-media":"","overlay-type":"","overlay-color":"","overlay-opacity":"","overlay-gradient":""},"mobile":{"background-color":"","background-image":"","background-repeat":"repeat","background-position":"center center","background-size":"auto","background-attachment":"scroll","background-type":"","background-media":"","overlay-type":"","overlay-color":"","overlay-opacity":"","overlay-gradient":""}},"ast-content-background-meta":{"desktop":{"background-color":"var(--ast-global-color-5)","background-image":"","background-repeat":"repeat","background-position":"center center","background-size":"auto","background-attachment":"scroll","background-type":"","background-media":"","overlay-type":"","overlay-color":"","overlay-opacity":"","overlay-gradient":""},"tablet":{"background-color":"var(--ast-global-color-5)","background-image":"","background-repeat":"repeat","background-position":"center center","background-size":"auto","background-attachment":"scroll","background-type":"","background-media":"","overlay-type":"","overlay-color":"","overlay-opacity":"","overlay-gradient":""},"mobile":{"background-color":"var(--ast-global-color-5)","background-image":"","background-repeat":"repeat","background-position":"center center","background-size":"auto","background-attachment":"scroll","background-type":"","background-media":"","overlay-type":"","overlay-color":"","overlay-opacity":"","overlay-gradient":""}},"_joinchat":[],"footnotes":""},"class_list":["post-5590","page","type-page","status-publish","hentry"],"yoast_head":"<!-- This site is optimized with the Yoast SEO plugin v26.5 - https:\/\/yoast.com\/wordpress\/plugins\/seo\/ -->\n<title>Pensando en democracia edici\u00f3n 11 - Participaci\u00f3n Ciudadana<\/title>\n<meta name=\"robots\" content=\"index, follow, max-snippet:-1, max-image-preview:large, max-video-preview:-1\" \/>\n<link rel=\"canonical\" href=\"https:\/\/www.participacionciudadana.org\/web\/pensando-en-democracia-edicion-11\/\" \/>\n<meta property=\"og:locale\" content=\"es_ES\" \/>\n<meta property=\"og:type\" content=\"article\" \/>\n<meta property=\"og:title\" content=\"Pensando en democracia edici\u00f3n 11 - Participaci\u00f3n Ciudadana\" \/>\n<meta property=\"og:description\" content=\"La Corporaci\u00f3n Participaci\u00f3n Ciudadana presenta la d\u00e9cima primera edici\u00f3n de la revista virtual \u201cPensando en Democracia\u201d, una iniciativa de an\u00e1lisis de la coyuntura nacional, en la que profundizamos sobre varios temas de inter\u00e9s, que aporten a la construcci\u00f3n de pol\u00edticas p\u00fablicas que mejoren la calidad de vida de los ecuatorianos. En esta edici\u00f3n abordamos como [&hellip;]\" \/>\n<meta property=\"og:url\" content=\"https:\/\/www.participacionciudadana.org\/web\/pensando-en-democracia-edicion-11\/\" \/>\n<meta property=\"og:site_name\" content=\"Participaci\u00f3n Ciudadana\" \/>\n<meta property=\"article:publisher\" content=\"https:\/\/www.facebook.com\/ParticipacionPC\/\" \/>\n<meta property=\"article:modified_time\" content=\"2023-06-26T20:31:21+00:00\" \/>\n<meta property=\"og:image\" content=\"https:\/\/www.participacionciudadana.org\/web\/wp-content\/uploads\/elementor\/thumbs\/PENSANDO1-pgxxlmtb4nakuy0p3su7bz986vozqusp3u4vqdoc8c.png\" \/>\n<meta name=\"twitter:card\" content=\"summary_large_image\" \/>\n<meta name=\"twitter:site\" content=\"@ParticipacionPC\" \/>\n<meta name=\"twitter:label1\" content=\"Tiempo de lectura\" \/>\n\t<meta name=\"twitter:data1\" content=\"11 minutos\" \/>\n<script type=\"application\/ld+json\" class=\"yoast-schema-graph\">{\"@context\":\"https:\/\/schema.org\",\"@graph\":[{\"@type\":\"WebPage\",\"@id\":\"https:\/\/www.participacionciudadana.org\/web\/pensando-en-democracia-edicion-11\/\",\"url\":\"https:\/\/www.participacionciudadana.org\/web\/pensando-en-democracia-edicion-11\/\",\"name\":\"Pensando en democracia edici\u00f3n 11 - Participaci\u00f3n Ciudadana\",\"isPartOf\":{\"@id\":\"https:\/\/www.participacionciudadana.org\/web\/#website\"},\"primaryImageOfPage\":{\"@id\":\"https:\/\/www.participacionciudadana.org\/web\/pensando-en-democracia-edicion-11\/#primaryimage\"},\"image\":{\"@id\":\"https:\/\/www.participacionciudadana.org\/web\/pensando-en-democracia-edicion-11\/#primaryimage\"},\"thumbnailUrl\":\"https:\/\/www.participacionciudadana.org\/web\/wp-content\/uploads\/elementor\/thumbs\/PENSANDO1-pgxxlmtb4nakuy0p3su7bz986vozqusp3u4vqdoc8c.png\",\"datePublished\":\"2023-06-23T17:53:31+00:00\",\"dateModified\":\"2023-06-26T20:31:21+00:00\",\"breadcrumb\":{\"@id\":\"https:\/\/www.participacionciudadana.org\/web\/pensando-en-democracia-edicion-11\/#breadcrumb\"},\"inLanguage\":\"es\",\"potentialAction\":[{\"@type\":\"ReadAction\",\"target\":[\"https:\/\/www.participacionciudadana.org\/web\/pensando-en-democracia-edicion-11\/\"]}]},{\"@type\":\"ImageObject\",\"inLanguage\":\"es\",\"@id\":\"https:\/\/www.participacionciudadana.org\/web\/pensando-en-democracia-edicion-11\/#primaryimage\",\"url\":\"https:\/\/www.participacionciudadana.org\/web\/wp-content\/uploads\/elementor\/thumbs\/PENSANDO1-pgxxlmtb4nakuy0p3su7bz986vozqusp3u4vqdoc8c.png\",\"contentUrl\":\"https:\/\/www.participacionciudadana.org\/web\/wp-content\/uploads\/elementor\/thumbs\/PENSANDO1-pgxxlmtb4nakuy0p3su7bz986vozqusp3u4vqdoc8c.png\"},{\"@type\":\"BreadcrumbList\",\"@id\":\"https:\/\/www.participacionciudadana.org\/web\/pensando-en-democracia-edicion-11\/#breadcrumb\",\"itemListElement\":[{\"@type\":\"ListItem\",\"position\":1,\"name\":\"Portada\",\"item\":\"https:\/\/www.participacionciudadana.org\/web\/\"},{\"@type\":\"ListItem\",\"position\":2,\"name\":\"Pensando en democracia edici\u00f3n 11\"}]},{\"@type\":\"WebSite\",\"@id\":\"https:\/\/www.participacionciudadana.org\/web\/#website\",\"url\":\"https:\/\/www.participacionciudadana.org\/web\/\",\"name\":\"Participaci\u00f3n Ciudadana\",\"description\":\"Comprometidos con la democracia\",\"publisher\":{\"@id\":\"https:\/\/www.participacionciudadana.org\/web\/#organization\"},\"potentialAction\":[{\"@type\":\"SearchAction\",\"target\":{\"@type\":\"EntryPoint\",\"urlTemplate\":\"https:\/\/www.participacionciudadana.org\/web\/?s={search_term_string}\"},\"query-input\":{\"@type\":\"PropertyValueSpecification\",\"valueRequired\":true,\"valueName\":\"search_term_string\"}}],\"inLanguage\":\"es\"},{\"@type\":\"Organization\",\"@id\":\"https:\/\/www.participacionciudadana.org\/web\/#organization\",\"name\":\"Participaci\u00f3n Ciudadana\",\"url\":\"https:\/\/www.participacionciudadana.org\/web\/\",\"logo\":{\"@type\":\"ImageObject\",\"inLanguage\":\"es\",\"@id\":\"https:\/\/www.participacionciudadana.org\/web\/#\/schema\/logo\/image\/\",\"url\":\"https:\/\/www.participacionciudadana.org\/web\/wp-content\/uploads\/2021\/11\/cropped-logo_pc-1.png\",\"contentUrl\":\"https:\/\/www.participacionciudadana.org\/web\/wp-content\/uploads\/2021\/11\/cropped-logo_pc-1.png\",\"width\":340,\"height\":114,\"caption\":\"Participaci\u00f3n Ciudadana\"},\"image\":{\"@id\":\"https:\/\/www.participacionciudadana.org\/web\/#\/schema\/logo\/image\/\"},\"sameAs\":[\"https:\/\/www.facebook.com\/ParticipacionPC\/\",\"https:\/\/x.com\/ParticipacionPC\"]}]}<\/script>\n<!-- \/ Yoast SEO plugin. -->","yoast_head_json":{"title":"Pensando en democracia edici\u00f3n 11 - Participaci\u00f3n Ciudadana","robots":{"index":"index","follow":"follow","max-snippet":"max-snippet:-1","max-image-preview":"max-image-preview:large","max-video-preview":"max-video-preview:-1"},"canonical":"https:\/\/www.participacionciudadana.org\/web\/pensando-en-democracia-edicion-11\/","og_locale":"es_ES","og_type":"article","og_title":"Pensando en democracia edici\u00f3n 11 - Participaci\u00f3n Ciudadana","og_description":"La Corporaci\u00f3n Participaci\u00f3n Ciudadana presenta la d\u00e9cima primera edici\u00f3n de la revista virtual \u201cPensando en Democracia\u201d, una iniciativa de an\u00e1lisis de la coyuntura nacional, en la que profundizamos sobre varios temas de inter\u00e9s, que aporten a la construcci\u00f3n de pol\u00edticas p\u00fablicas que mejoren la calidad de vida de los ecuatorianos. En esta edici\u00f3n abordamos como [&hellip;]","og_url":"https:\/\/www.participacionciudadana.org\/web\/pensando-en-democracia-edicion-11\/","og_site_name":"Participaci\u00f3n Ciudadana","article_publisher":"https:\/\/www.facebook.com\/ParticipacionPC\/","article_modified_time":"2023-06-26T20:31:21+00:00","og_image":[{"url":"https:\/\/www.participacionciudadana.org\/web\/wp-content\/uploads\/elementor\/thumbs\/PENSANDO1-pgxxlmtb4nakuy0p3su7bz986vozqusp3u4vqdoc8c.png","type":"","width":"","height":""}],"twitter_card":"summary_large_image","twitter_site":"@ParticipacionPC","twitter_misc":{"Tiempo de lectura":"11 minutos"},"schema":{"@context":"https:\/\/schema.org","@graph":[{"@type":"WebPage","@id":"https:\/\/www.participacionciudadana.org\/web\/pensando-en-democracia-edicion-11\/","url":"https:\/\/www.participacionciudadana.org\/web\/pensando-en-democracia-edicion-11\/","name":"Pensando en democracia edici\u00f3n 11 - Participaci\u00f3n Ciudadana","isPartOf":{"@id":"https:\/\/www.participacionciudadana.org\/web\/#website"},"primaryImageOfPage":{"@id":"https:\/\/www.participacionciudadana.org\/web\/pensando-en-democracia-edicion-11\/#primaryimage"},"image":{"@id":"https:\/\/www.participacionciudadana.org\/web\/pensando-en-democracia-edicion-11\/#primaryimage"},"thumbnailUrl":"https:\/\/www.participacionciudadana.org\/web\/wp-content\/uploads\/elementor\/thumbs\/PENSANDO1-pgxxlmtb4nakuy0p3su7bz986vozqusp3u4vqdoc8c.png","datePublished":"2023-06-23T17:53:31+00:00","dateModified":"2023-06-26T20:31:21+00:00","breadcrumb":{"@id":"https:\/\/www.participacionciudadana.org\/web\/pensando-en-democracia-edicion-11\/#breadcrumb"},"inLanguage":"es","potentialAction":[{"@type":"ReadAction","target":["https:\/\/www.participacionciudadana.org\/web\/pensando-en-democracia-edicion-11\/"]}]},{"@type":"ImageObject","inLanguage":"es","@id":"https:\/\/www.participacionciudadana.org\/web\/pensando-en-democracia-edicion-11\/#primaryimage","url":"https:\/\/www.participacionciudadana.org\/web\/wp-content\/uploads\/elementor\/thumbs\/PENSANDO1-pgxxlmtb4nakuy0p3su7bz986vozqusp3u4vqdoc8c.png","contentUrl":"https:\/\/www.participacionciudadana.org\/web\/wp-content\/uploads\/elementor\/thumbs\/PENSANDO1-pgxxlmtb4nakuy0p3su7bz986vozqusp3u4vqdoc8c.png"},{"@type":"BreadcrumbList","@id":"https:\/\/www.participacionciudadana.org\/web\/pensando-en-democracia-edicion-11\/#breadcrumb","itemListElement":[{"@type":"ListItem","position":1,"name":"Portada","item":"https:\/\/www.participacionciudadana.org\/web\/"},{"@type":"ListItem","position":2,"name":"Pensando en democracia edici\u00f3n 11"}]},{"@type":"WebSite","@id":"https:\/\/www.participacionciudadana.org\/web\/#website","url":"https:\/\/www.participacionciudadana.org\/web\/","name":"Participaci\u00f3n Ciudadana","description":"Comprometidos con la democracia","publisher":{"@id":"https:\/\/www.participacionciudadana.org\/web\/#organization"},"potentialAction":[{"@type":"SearchAction","target":{"@type":"EntryPoint","urlTemplate":"https:\/\/www.participacionciudadana.org\/web\/?s={search_term_string}"},"query-input":{"@type":"PropertyValueSpecification","valueRequired":true,"valueName":"search_term_string"}}],"inLanguage":"es"},{"@type":"Organization","@id":"https:\/\/www.participacionciudadana.org\/web\/#organization","name":"Participaci\u00f3n Ciudadana","url":"https:\/\/www.participacionciudadana.org\/web\/","logo":{"@type":"ImageObject","inLanguage":"es","@id":"https:\/\/www.participacionciudadana.org\/web\/#\/schema\/logo\/image\/","url":"https:\/\/www.participacionciudadana.org\/web\/wp-content\/uploads\/2021\/11\/cropped-logo_pc-1.png","contentUrl":"https:\/\/www.participacionciudadana.org\/web\/wp-content\/uploads\/2021\/11\/cropped-logo_pc-1.png","width":340,"height":114,"caption":"Participaci\u00f3n Ciudadana"},"image":{"@id":"https:\/\/www.participacionciudadana.org\/web\/#\/schema\/logo\/image\/"},"sameAs":["https:\/\/www.facebook.com\/ParticipacionPC\/","https:\/\/x.com\/ParticipacionPC"]}]}},"_links":{"self":[{"href":"https:\/\/www.participacionciudadana.org\/web\/wp-json\/wp\/v2\/pages\/5590","targetHints":{"allow":["GET"]}}],"collection":[{"href":"https:\/\/www.participacionciudadana.org\/web\/wp-json\/wp\/v2\/pages"}],"about":[{"href":"https:\/\/www.participacionciudadana.org\/web\/wp-json\/wp\/v2\/types\/page"}],"author":[{"embeddable":true,"href":"https:\/\/www.participacionciudadana.org\/web\/wp-json\/wp\/v2\/users\/1"}],"replies":[{"embeddable":true,"href":"https:\/\/www.participacionciudadana.org\/web\/wp-json\/wp\/v2\/comments?post=5590"}],"version-history":[{"count":0,"href":"https:\/\/www.participacionciudadana.org\/web\/wp-json\/wp\/v2\/pages\/5590\/revisions"}],"wp:attachment":[{"href":"https:\/\/www.participacionciudadana.org\/web\/wp-json\/wp\/v2\/media?parent=5590"}],"curies":[{"name":"wp","href":"https:\/\/api.w.org\/{rel}","templated":true}]}}