{"id":5735,"date":"2023-07-18T22:00:06","date_gmt":"2023-07-19T03:00:06","guid":{"rendered":"https:\/\/www.participacionciudadana.org\/web\/?page_id=5735"},"modified":"2023-08-04T12:04:40","modified_gmt":"2023-08-04T17:04:40","slug":"monitoreo-a-la-violencia-politica","status":"publish","type":"page","link":"https:\/\/www.participacionciudadana.org\/web\/monitoreos-elecciones-anticipadas-2023\/monitoreo-a-la-violencia-politica\/","title":{"rendered":"Monitoreo a la violencia pol\u00edtica"},"content":{"rendered":"\n<figure class=\"wp-block-image size-full\"><img loading=\"lazy\" decoding=\"async\" width=\"1000\" height=\"1000\" src=\"https:\/\/www.participacionciudadana.org\/web\/wp-content\/uploads\/2023\/08\/portada-violencia-politica.jpeg\" alt=\"\" class=\"wp-image-5870\" srcset=\"https:\/\/www.participacionciudadana.org\/web\/wp-content\/uploads\/2023\/08\/portada-violencia-politica.jpeg 1000w, https:\/\/www.participacionciudadana.org\/web\/wp-content\/uploads\/2023\/08\/portada-violencia-politica-300x300.jpeg 300w, https:\/\/www.participacionciudadana.org\/web\/wp-content\/uploads\/2023\/08\/portada-violencia-politica-150x150.jpeg 150w, https:\/\/www.participacionciudadana.org\/web\/wp-content\/uploads\/2023\/08\/portada-violencia-politica-768x768.jpeg 768w, https:\/\/www.participacionciudadana.org\/web\/wp-content\/uploads\/2023\/08\/portada-violencia-politica-600x600.jpeg 600w\" sizes=\"(max-width: 1000px) 100vw, 1000px\" \/><\/figure>\n\n\n<div class=\"pt-cv-wrapper\"><div class=\"pt-cv-view pt-cv-collapsible\" id=\"pt-cv-view-5b3036asqx\"><div data-id=\"pt-cv-page-1\" class=\"pt-cv-page\" data-cvc=\"1\"><div class=\"panel-group\" id=\"08f3241ht9\"><div class=\"panel panel-default pt-cv-content-item pt-cv-1-col\" >\r\n<div class=\"panel-heading pt-cv-title\">\r\n    <a class=\"panel-title\" data-toggle=\"cvcollapse\" data-parent=\"#08f3241ht9\" data-target=\"#6ef73d4ob7\" href='https:\/\/www.participacionciudadana.org\/web\/monitoreos-elecciones-anticipadas-2023\/monitoreo-a-la-violencia-politica\/905-publicaciones-violentas-registra-el-monitoreo-a-la-violencia-politica-contra-candidatos-del-13-de-julio-al-17-de-agosto-de-2023\/' onclick='event.preventDefault()'>\r\n\t\t905 publicaciones violentas registra el monitoreo a la violencia pol\u00edtica contra candidatos, del 13 de julio al 17 de agosto de 2023\t<\/a>\r\n\t<\/div>\r\n<div id=\"6ef73d4ob7\" class=\"panel-collapse collapse \">\r\n\t<div class=\"panel-body\">\r\n\t\t<a href=\"https:\/\/www.participacionciudadana.org\/web\/monitoreos-elecciones-anticipadas-2023\/monitoreo-a-la-violencia-politica\/905-publicaciones-violentas-registra-el-monitoreo-a-la-violencia-politica-contra-candidatos-del-13-de-julio-al-17-de-agosto-de-2023\/\" class=\"_self pt-cv-href-thumbnail pt-cv-thumb-default\" target=\"_self\" ><\/a>\n<div class=\"pt-cv-content\">\n<p>La Corporaci\u00f3n Participaci\u00f3n Ciudadana presenta el siguiente reporte de monitoreo sobre violencia pol\u00edtica contra candidatos\/as en campa\u00f1a electoral para las elecciones anticipadas 2023, desde el 13 de julio al 17 de agosto de 2023.<\/p>\n\n\n\n<p>Durante este tiempo, se monitore\u00f3 publicaciones de 25 candidatos\/as (mujeres 11; hombres 14); entre ellos, candidatos presidenciales, vicepresidenciales y asamble\u00edstas principales.<\/p>\n\n\n\n<p>En la semana 6 de campa\u00f1a, se registr\u00f3 que las y los candidatos\/as que fueron monitoreados, a trav\u00e9s de sus cuentas de Twitter, fueron v\u00edctimas de manifestaci\u00f3n de violencia, mediante &#8220;memes&#8221;, im\u00e1genes, expresiones y frases en esta red social.<\/p>\n\n\n\n<p>En total, se contabilizaron 905 tweets, con 167 expresiones con contenido discriminatorio y 224 frases del mismo tipo; durante todo el periodo de monitoreo.<\/p>\n\n\n\n<figure class=\"wp-block-gallery has-nested-images columns-default is-cropped wp-block-gallery-1 is-layout-flex wp-block-gallery-is-layout-flex\">\n<figure class=\"wp-block-image size-large\"><img fetchpriority=\"high\" fetchpriority=\"high\" decoding=\"async\" width=\"600\" height=\"600\" data-id=\"6017\" src=\"https:\/\/www.participacionciudadana.org\/web\/wp-content\/uploads\/2023\/08\/1i-4.jpg\" alt=\"\" class=\"wp-image-6017\" srcset=\"https:\/\/www.participacionciudadana.org\/web\/wp-content\/uploads\/2023\/08\/1i-4.jpg 600w, https:\/\/www.participacionciudadana.org\/web\/wp-content\/uploads\/2023\/08\/1i-4-300x300.jpg 300w, https:\/\/www.participacionciudadana.org\/web\/wp-content\/uploads\/2023\/08\/1i-4-150x150.jpg 150w\" sizes=\"(max-width: 600px) 100vw, 600px\" \/><\/figure>\n\n\n\n<figure class=\"wp-block-image size-large\"><img decoding=\"async\" width=\"600\" height=\"600\" data-id=\"6018\" src=\"https:\/\/www.participacionciudadana.org\/web\/wp-content\/uploads\/2023\/08\/2I-4.jpg\" alt=\"\" class=\"wp-image-6018\" srcset=\"https:\/\/www.participacionciudadana.org\/web\/wp-content\/uploads\/2023\/08\/2I-4.jpg 600w, https:\/\/www.participacionciudadana.org\/web\/wp-content\/uploads\/2023\/08\/2I-4-300x300.jpg 300w, https:\/\/www.participacionciudadana.org\/web\/wp-content\/uploads\/2023\/08\/2I-4-150x150.jpg 150w\" sizes=\"(max-width: 600px) 100vw, 600px\" \/><\/figure>\n<\/figure>\n\n\n\n<figure class=\"wp-block-gallery has-nested-images columns-default is-cropped wp-block-gallery-2 is-layout-flex wp-block-gallery-is-layout-flex\">\n<figure class=\"wp-block-image size-large\"><img decoding=\"async\" width=\"600\" height=\"600\" data-id=\"6019\" src=\"https:\/\/www.participacionciudadana.org\/web\/wp-content\/uploads\/2023\/08\/3i-4.jpg\" alt=\"\" class=\"wp-image-6019\" srcset=\"https:\/\/www.participacionciudadana.org\/web\/wp-content\/uploads\/2023\/08\/3i-4.jpg 600w, https:\/\/www.participacionciudadana.org\/web\/wp-content\/uploads\/2023\/08\/3i-4-300x300.jpg 300w, https:\/\/www.participacionciudadana.org\/web\/wp-content\/uploads\/2023\/08\/3i-4-150x150.jpg 150w\" sizes=\"(max-width: 600px) 100vw, 600px\" \/><\/figure>\n\n\n\n<figure class=\"wp-block-image size-large\"><img loading=\"lazy\" loading=\"lazy\" decoding=\"async\" width=\"600\" height=\"600\" data-id=\"6020\" src=\"https:\/\/www.participacionciudadana.org\/web\/wp-content\/uploads\/2023\/08\/4i-4.jpg\" alt=\"\" class=\"wp-image-6020\" srcset=\"https:\/\/www.participacionciudadana.org\/web\/wp-content\/uploads\/2023\/08\/4i-4.jpg 600w, https:\/\/www.participacionciudadana.org\/web\/wp-content\/uploads\/2023\/08\/4i-4-300x300.jpg 300w, https:\/\/www.participacionciudadana.org\/web\/wp-content\/uploads\/2023\/08\/4i-4-150x150.jpg 150w\" sizes=\"auto, (max-width: 600px) 100vw, 600px\" \/><\/figure>\n<\/figure>\n\n\n\n<p>Accede al reporte completo aqu\u00ed:<\/p>\n\n\n\n<div data-wp-interactive=\"core\/file\" class=\"wp-block-file\"><object data-wp-bind--hidden=\"!state.hasPdfPreview\" hidden class=\"wp-block-file__embed\" data=\"https:\/\/www.participacionciudadana.org\/web\/wp-content\/uploads\/2023\/08\/6-REPORTE-VIOLENCIA-POLITICA.pdf\" type=\"application\/pdf\" style=\"width:100%;height:600px\" aria-label=\"Incrustado de 6-REPORTE-VIOLENCIA-POLITICA.\"><\/object><a id=\"wp-block-file--media-aca11d33-4889-4b81-b810-96359b9735d1\" href=\"https:\/\/www.participacionciudadana.org\/web\/wp-content\/uploads\/2023\/08\/6-REPORTE-VIOLENCIA-POLITICA.pdf\">6-REPORTE-VIOLENCIA-POLITICA<\/a><a href=\"https:\/\/www.participacionciudadana.org\/web\/wp-content\/uploads\/2023\/08\/6-REPORTE-VIOLENCIA-POLITICA.pdf\" class=\"wp-block-file__button wp-element-button\" download aria-describedby=\"wp-block-file--media-aca11d33-4889-4b81-b810-96359b9735d1\">Descarga<\/a><\/div>\n<\/div>\t<\/div>\r\n<\/div><\/div>\n<div class=\"panel panel-default pt-cv-content-item pt-cv-1-col\" >\r\n<div class=\"panel-heading pt-cv-title\">\r\n    <a class=\"panel-title\" data-toggle=\"cvcollapse\" data-parent=\"#08f3241ht9\" data-target=\"#f964a05ev3\" href='https:\/\/www.participacionciudadana.org\/web\/monitoreos-elecciones-anticipadas-2023\/monitoreo-a-la-violencia-politica\/783-publicaciones-violentas-refleja-el-quinto-reporte-de-monitoreo-a-la-violencia-politica-contra-candidatos-a-en-la-campana-electoral-para-las-elecciones-anticipadas-2023\/' onclick='event.preventDefault()'>\r\n\t\t783 publicaciones violentas refleja el quinto reporte de monitoreo a la violencia pol\u00edtica, contra candidatos\/a, en la campa\u00f1a electoral para las elecciones anticipadas 2023\t<\/a>\r\n\t<\/div>\r\n<div id=\"f964a05ev3\" class=\"panel-collapse collapse \">\r\n\t<div class=\"panel-body\">\r\n\t\t<a href=\"https:\/\/www.participacionciudadana.org\/web\/monitoreos-elecciones-anticipadas-2023\/monitoreo-a-la-violencia-politica\/783-publicaciones-violentas-refleja-el-quinto-reporte-de-monitoreo-a-la-violencia-politica-contra-candidatos-a-en-la-campana-electoral-para-las-elecciones-anticipadas-2023\/\" class=\"_self pt-cv-href-thumbnail pt-cv-thumb-default\" target=\"_self\" ><\/a>\n<div class=\"pt-cv-content\">\n<p>La Corporaci\u00f3n Participaci\u00f3n Ciudadana presenta el siguiente reporte de monitoreo sobre violencia pol\u00edtica, contra candidatos\/as en campa\u00f1a electoral, durante las elecciones anticipadas 2023, desde el 13 de julio al 13 de agosto de 2023.<\/p>\n\n\n\n<p>Durante este tiempo, se monitoreo publicaciones de 25 candidatos\/as (mujeres 11;hombres 14); entre ellos, candidatos presidenciales, vicepresidenciales y asamble\u00edstas principales.<\/p>\n\n\n\n<p>En la semana 5 de campa\u00f1a, se registr\u00f3 que las y los candidatos\/as monitoreados, a trav\u00e9s de sus cuentas de Twitter, fueron v\u00edctimas de manifestaci\u00f3n de violencia, mediante \u201cmemes\u201d, im\u00e1genes, expresiones y frases en esta red social. En total, se contabilizaron 783 publicaciones, con 156 expresiones con contenido discriminatorio y 196 frases del mismo tipo, durante todo el periodo de monitoreo.<\/p>\n\n\n\n<figure class=\"wp-block-gallery has-nested-images columns-default is-cropped wp-block-gallery-3 is-layout-flex wp-block-gallery-is-layout-flex\">\n<figure class=\"wp-block-image size-large\"><img loading=\"lazy\" loading=\"lazy\" decoding=\"async\" width=\"600\" height=\"600\" data-id=\"5949\" src=\"https:\/\/www.participacionciudadana.org\/web\/wp-content\/uploads\/2023\/08\/1i-5.jpeg\" alt=\"\" class=\"wp-image-5949\" srcset=\"https:\/\/www.participacionciudadana.org\/web\/wp-content\/uploads\/2023\/08\/1i-5.jpeg 600w, https:\/\/www.participacionciudadana.org\/web\/wp-content\/uploads\/2023\/08\/1i-5-300x300.jpeg 300w, https:\/\/www.participacionciudadana.org\/web\/wp-content\/uploads\/2023\/08\/1i-5-150x150.jpeg 150w\" sizes=\"auto, (max-width: 600px) 100vw, 600px\" \/><\/figure>\n\n\n\n<figure class=\"wp-block-image size-large\"><img loading=\"lazy\" loading=\"lazy\" decoding=\"async\" width=\"600\" height=\"600\" data-id=\"5950\" src=\"https:\/\/www.participacionciudadana.org\/web\/wp-content\/uploads\/2023\/08\/2i-5.jpeg\" alt=\"\" class=\"wp-image-5950\" srcset=\"https:\/\/www.participacionciudadana.org\/web\/wp-content\/uploads\/2023\/08\/2i-5.jpeg 600w, https:\/\/www.participacionciudadana.org\/web\/wp-content\/uploads\/2023\/08\/2i-5-300x300.jpeg 300w, https:\/\/www.participacionciudadana.org\/web\/wp-content\/uploads\/2023\/08\/2i-5-150x150.jpeg 150w\" sizes=\"auto, (max-width: 600px) 100vw, 600px\" \/><\/figure>\n<\/figure>\n\n\n\n<figure class=\"wp-block-gallery has-nested-images columns-default is-cropped wp-block-gallery-4 is-layout-flex wp-block-gallery-is-layout-flex\">\n<figure class=\"wp-block-image size-large\"><img loading=\"lazy\" loading=\"lazy\" decoding=\"async\" width=\"600\" height=\"600\" data-id=\"5952\" src=\"https:\/\/www.participacionciudadana.org\/web\/wp-content\/uploads\/2023\/08\/3i-5.jpeg\" alt=\"\" class=\"wp-image-5952\" srcset=\"https:\/\/www.participacionciudadana.org\/web\/wp-content\/uploads\/2023\/08\/3i-5.jpeg 600w, https:\/\/www.participacionciudadana.org\/web\/wp-content\/uploads\/2023\/08\/3i-5-300x300.jpeg 300w, https:\/\/www.participacionciudadana.org\/web\/wp-content\/uploads\/2023\/08\/3i-5-150x150.jpeg 150w\" sizes=\"auto, (max-width: 600px) 100vw, 600px\" \/><\/figure>\n\n\n\n<figure class=\"wp-block-image size-large\"><img loading=\"lazy\" loading=\"lazy\" decoding=\"async\" width=\"600\" height=\"600\" data-id=\"5951\" src=\"https:\/\/www.participacionciudadana.org\/web\/wp-content\/uploads\/2023\/08\/4i-5.jpeg\" alt=\"\" class=\"wp-image-5951\" srcset=\"https:\/\/www.participacionciudadana.org\/web\/wp-content\/uploads\/2023\/08\/4i-5.jpeg 600w, https:\/\/www.participacionciudadana.org\/web\/wp-content\/uploads\/2023\/08\/4i-5-300x300.jpeg 300w, https:\/\/www.participacionciudadana.org\/web\/wp-content\/uploads\/2023\/08\/4i-5-150x150.jpeg 150w\" sizes=\"auto, (max-width: 600px) 100vw, 600px\" \/><\/figure>\n<\/figure>\n\n\n\n<p>Accede al reporte completo aqu\u00ed:<\/p>\n\n\n\n<div data-wp-interactive=\"core\/file\" class=\"wp-block-file\"><object data-wp-bind--hidden=\"!state.hasPdfPreview\" hidden class=\"wp-block-file__embed\" data=\"https:\/\/www.participacionciudadana.org\/web\/wp-content\/uploads\/2023\/08\/5_REPORTE-VIOLENCIA.pdf\" type=\"application\/pdf\" style=\"width:100%;height:600px\" aria-label=\"Incrustado de 5_REPORTE-VIOLENCIA.\"><\/object><a id=\"wp-block-file--media-a3e48fc3-9dfb-4344-940d-5adf70335a6f\" href=\"https:\/\/www.participacionciudadana.org\/web\/wp-content\/uploads\/2023\/08\/5_REPORTE-VIOLENCIA.pdf\">5_REPORTE-VIOLENCIA<\/a><a href=\"https:\/\/www.participacionciudadana.org\/web\/wp-content\/uploads\/2023\/08\/5_REPORTE-VIOLENCIA.pdf\" class=\"wp-block-file__button wp-element-button\" download aria-describedby=\"wp-block-file--media-a3e48fc3-9dfb-4344-940d-5adf70335a6f\">Descarga<\/a><\/div>\n<\/div>\t<\/div>\r\n<\/div><\/div>\n<div class=\"panel panel-default pt-cv-content-item pt-cv-1-col\" >\r\n<div class=\"panel-heading pt-cv-title\">\r\n    <a class=\"panel-title\" data-toggle=\"cvcollapse\" data-parent=\"#08f3241ht9\" data-target=\"#302c01erim\" href='https:\/\/www.participacionciudadana.org\/web\/monitoreos-elecciones-anticipadas-2023\/monitoreo-a-la-violencia-politica\/456-tuits-violentos-refleja-el-cuarto-reporte-del-centro-de-monitoreo-sobre-violencia-politica-contra-candidatos-as-en-la-campana-electoral-para-las-elecciones-anticipadas-2023\/' onclick='event.preventDefault()'>\r\n\t\t456 tuits violentos refleja el cuarto reporte del Centro de Monitoreo sobre violencia pol\u00edtica contra candidatos\/as, en la campa\u00f1a electoral para las elecciones anticipadas 2023\t<\/a>\r\n\t<\/div>\r\n<div id=\"302c01erim\" class=\"panel-collapse collapse \">\r\n\t<div class=\"panel-body\">\r\n\t\t<a href=\"https:\/\/www.participacionciudadana.org\/web\/monitoreos-elecciones-anticipadas-2023\/monitoreo-a-la-violencia-politica\/456-tuits-violentos-refleja-el-cuarto-reporte-del-centro-de-monitoreo-sobre-violencia-politica-contra-candidatos-as-en-la-campana-electoral-para-las-elecciones-anticipadas-2023\/\" class=\"_self pt-cv-href-thumbnail pt-cv-thumb-default\" target=\"_self\" ><\/a>\n<div class=\"pt-cv-content\">\n<p>La Corporaci\u00f3n Participaci\u00f3n Ciudadana presenta el siguiente reporte de monitoreo sobre violencia pol\u00edtica contra candidatos\/as en campa\u00f1a electoral para las elecciones anticipadas 2023, desde el 13 de julio al 06 de agosto de 2023.<\/p>\n\n\n\n<p>Durante este tiempo, se monitore\u00f3 las publicaciones de 25 candidatos\/as (mujeres 11; hombres 14), entre ellos, candidatos presidenciales, vicepresidenciales y asamble\u00edstas principales.<\/p>\n\n\n\n<p>En la semana 4 de campa\u00f1a, se registr\u00f3 que las y los candidatos\/as que fueron monitoreados, a trav\u00e9s de sus cuentas de Twitter, fueron v\u00edctimas de manifestaci\u00f3n de violencia, mediante \u201cmemes\u201d, im\u00e1genes, expresiones y frases en esta red social.<\/p>\n\n\n\n<p>En total, se contabilizaron 456 tuits, con 114 expresiones con contenido discriminatorio y 125 frases del mismo tipo, durante todo el periodo de monitoreo.<\/p>\n\n\n\n<figure class=\"wp-block-gallery has-nested-images columns-default is-cropped wp-block-gallery-5 is-layout-flex wp-block-gallery-is-layout-flex\">\n<figure class=\"wp-block-image size-large\"><img loading=\"lazy\" loading=\"lazy\" decoding=\"async\" width=\"600\" height=\"600\" data-id=\"5917\" src=\"https:\/\/www.participacionciudadana.org\/web\/wp-content\/uploads\/2023\/08\/1i-2.jpg\" alt=\"\" class=\"wp-image-5917\" srcset=\"https:\/\/www.participacionciudadana.org\/web\/wp-content\/uploads\/2023\/08\/1i-2.jpg 600w, https:\/\/www.participacionciudadana.org\/web\/wp-content\/uploads\/2023\/08\/1i-2-300x300.jpg 300w, https:\/\/www.participacionciudadana.org\/web\/wp-content\/uploads\/2023\/08\/1i-2-150x150.jpg 150w\" sizes=\"auto, (max-width: 600px) 100vw, 600px\" \/><\/figure>\n\n\n\n<figure class=\"wp-block-image size-large\"><img loading=\"lazy\" loading=\"lazy\" decoding=\"async\" width=\"600\" height=\"600\" data-id=\"5918\" src=\"https:\/\/www.participacionciudadana.org\/web\/wp-content\/uploads\/2023\/08\/2i-2.jpg\" alt=\"\" class=\"wp-image-5918\" srcset=\"https:\/\/www.participacionciudadana.org\/web\/wp-content\/uploads\/2023\/08\/2i-2.jpg 600w, https:\/\/www.participacionciudadana.org\/web\/wp-content\/uploads\/2023\/08\/2i-2-300x300.jpg 300w, https:\/\/www.participacionciudadana.org\/web\/wp-content\/uploads\/2023\/08\/2i-2-150x150.jpg 150w\" sizes=\"auto, (max-width: 600px) 100vw, 600px\" \/><\/figure>\n<\/figure>\n\n\n\n<figure class=\"wp-block-gallery has-nested-images columns-default is-cropped wp-block-gallery-6 is-layout-flex wp-block-gallery-is-layout-flex\">\n<figure class=\"wp-block-image size-full\"><img loading=\"lazy\" loading=\"lazy\" decoding=\"async\" width=\"600\" height=\"600\" data-id=\"5920\" src=\"https:\/\/www.participacionciudadana.org\/web\/wp-content\/uploads\/2023\/08\/3i-2.jpg\" alt=\"\" class=\"wp-image-5920\" srcset=\"https:\/\/www.participacionciudadana.org\/web\/wp-content\/uploads\/2023\/08\/3i-2.jpg 600w, https:\/\/www.participacionciudadana.org\/web\/wp-content\/uploads\/2023\/08\/3i-2-300x300.jpg 300w, https:\/\/www.participacionciudadana.org\/web\/wp-content\/uploads\/2023\/08\/3i-2-150x150.jpg 150w\" sizes=\"auto, (max-width: 600px) 100vw, 600px\" \/><\/figure>\n\n\n\n<figure class=\"wp-block-image size-full\"><img loading=\"lazy\" loading=\"lazy\" decoding=\"async\" width=\"600\" height=\"600\" data-id=\"5919\" src=\"https:\/\/www.participacionciudadana.org\/web\/wp-content\/uploads\/2023\/08\/4i-2.jpg\" alt=\"\" class=\"wp-image-5919\" srcset=\"https:\/\/www.participacionciudadana.org\/web\/wp-content\/uploads\/2023\/08\/4i-2.jpg 600w, https:\/\/www.participacionciudadana.org\/web\/wp-content\/uploads\/2023\/08\/4i-2-300x300.jpg 300w, https:\/\/www.participacionciudadana.org\/web\/wp-content\/uploads\/2023\/08\/4i-2-150x150.jpg 150w\" sizes=\"auto, (max-width: 600px) 100vw, 600px\" \/><\/figure>\n<\/figure>\n\n\n\n<p>Accede al reporte completo aqu\u00ed<\/p>\n\n\n\n<div data-wp-interactive=\"core\/file\" class=\"wp-block-file\"><object data-wp-bind--hidden=\"!state.hasPdfPreview\" hidden class=\"wp-block-file__embed\" data=\"https:\/\/www.participacionciudadana.org\/web\/wp-content\/uploads\/2023\/08\/4_REPORTE-VIOLENCIA-POLITICA-CANDIDATOS.pdf\" type=\"application\/pdf\" style=\"width:100%;height:600px\" aria-label=\"Incrustado de 4_REPORTE-VIOLENCIA-POLITICA-CANDIDATOS.\"><\/object><a id=\"wp-block-file--media-a41836ae-e803-47d9-b4a4-8c5c0109201f\" href=\"https:\/\/www.participacionciudadana.org\/web\/wp-content\/uploads\/2023\/08\/4_REPORTE-VIOLENCIA-POLITICA-CANDIDATOS.pdf\">4_REPORTE-VIOLENCIA-POLITICA-CANDIDATOS<\/a><a href=\"https:\/\/www.participacionciudadana.org\/web\/wp-content\/uploads\/2023\/08\/4_REPORTE-VIOLENCIA-POLITICA-CANDIDATOS.pdf\" class=\"wp-block-file__button wp-element-button\" download aria-describedby=\"wp-block-file--media-a41836ae-e803-47d9-b4a4-8c5c0109201f\">Descarga<\/a><\/div>\n<\/div>\t<\/div>\r\n<\/div><\/div>\n<div class=\"panel panel-default pt-cv-content-item pt-cv-1-col\" >\r\n<div class=\"panel-heading pt-cv-title\">\r\n    <a class=\"panel-title\" data-toggle=\"cvcollapse\" data-parent=\"#08f3241ht9\" data-target=\"#00679232s3\" href='https:\/\/www.participacionciudadana.org\/web\/monitoreos-elecciones-anticipadas-2023\/monitoreo-a-la-violencia-politica\/tercer-reporte-de-monitoreo-sobre-violencia-politica-contra-candidatos-as-en-campana-electoral-para-las-elecciones-anticipadas-2023-desde-el-13-al-30-de-julio-de-2023\/' onclick='event.preventDefault()'>\r\n\t\tTercer reporte de monitoreo sobre violencia pol\u00edtica contra candidatos\/as en campa\u00f1a electoral, para las elecciones anticipadas 2023, desde el 13 al 30 de julio de 2023\t<\/a>\r\n\t<\/div>\r\n<div id=\"00679232s3\" class=\"panel-collapse collapse \">\r\n\t<div class=\"panel-body\">\r\n\t\t<a href=\"https:\/\/www.participacionciudadana.org\/web\/monitoreos-elecciones-anticipadas-2023\/monitoreo-a-la-violencia-politica\/tercer-reporte-de-monitoreo-sobre-violencia-politica-contra-candidatos-as-en-campana-electoral-para-las-elecciones-anticipadas-2023-desde-el-13-al-30-de-julio-de-2023\/\" class=\"_self pt-cv-href-thumbnail pt-cv-thumb-default\" target=\"_self\" ><\/a>\n<div class=\"pt-cv-content\">\n<p>La Corporaci\u00f3n Participaci\u00f3n Ciudadana presenta el siguiente reporte de monitoreo sobre violencia pol\u00edtica contra candidatos\/as en campa\u00f1a electoral, para las elecciones anticipadas 2023, desde el 13 al 30 de julio de 2023.<\/p>\n\n\n\n<p>Durante este tiempo, se monitore\u00f3 las publicaciones de 25 candidatos\/as (mujeres 11; hombres 14), entre ellos, candidatos presidenciales, vicepresidenciales y asamble\u00edstas principales.<\/p>\n\n\n\n<p>En la semana 3 de campa\u00f1a, se registr\u00f3 que las y los candidatos\/as que fueron monitoreados, a trav\u00e9s de sus cuentas de Twitter, fueron v\u00edctimas de manifestaci\u00f3n de violencia, mediante \u201cmemes\u201d, im\u00e1genes, expresiones y frases en esta red social.<\/p>\n\n\n\n<p>En total, se contabilizaron 296 tuits, con 82 expresiones, con contenido discriminatorio y 85 frases del mismo tipo, durante todo el periodo de monitoreo.<\/p>\n\n\n\n<figure class=\"wp-block-gallery has-nested-images columns-default is-cropped wp-block-gallery-7 is-layout-flex wp-block-gallery-is-layout-flex\">\n<figure class=\"wp-block-image size-large\"><img loading=\"lazy\" loading=\"lazy\" decoding=\"async\" width=\"600\" height=\"600\" data-id=\"5850\" src=\"https:\/\/www.participacionciudadana.org\/web\/wp-content\/uploads\/2023\/08\/1i-1.jpeg\" alt=\"\" class=\"wp-image-5850\" srcset=\"https:\/\/www.participacionciudadana.org\/web\/wp-content\/uploads\/2023\/08\/1i-1.jpeg 600w, https:\/\/www.participacionciudadana.org\/web\/wp-content\/uploads\/2023\/08\/1i-1-300x300.jpeg 300w, https:\/\/www.participacionciudadana.org\/web\/wp-content\/uploads\/2023\/08\/1i-1-150x150.jpeg 150w\" sizes=\"auto, (max-width: 600px) 100vw, 600px\" \/><\/figure>\n\n\n\n<figure class=\"wp-block-image size-large\"><img loading=\"lazy\" loading=\"lazy\" decoding=\"async\" width=\"600\" height=\"600\" data-id=\"5851\" src=\"https:\/\/www.participacionciudadana.org\/web\/wp-content\/uploads\/2023\/08\/2i-1.jpeg\" alt=\"\" class=\"wp-image-5851\" srcset=\"https:\/\/www.participacionciudadana.org\/web\/wp-content\/uploads\/2023\/08\/2i-1.jpeg 600w, https:\/\/www.participacionciudadana.org\/web\/wp-content\/uploads\/2023\/08\/2i-1-300x300.jpeg 300w, https:\/\/www.participacionciudadana.org\/web\/wp-content\/uploads\/2023\/08\/2i-1-150x150.jpeg 150w\" sizes=\"auto, (max-width: 600px) 100vw, 600px\" \/><\/figure>\n<\/figure>\n\n\n\n<figure class=\"wp-block-gallery has-nested-images columns-default is-cropped wp-block-gallery-8 is-layout-flex wp-block-gallery-is-layout-flex\">\n<figure class=\"wp-block-image size-large\"><img loading=\"lazy\" loading=\"lazy\" decoding=\"async\" width=\"600\" height=\"600\" data-id=\"5852\" src=\"https:\/\/www.participacionciudadana.org\/web\/wp-content\/uploads\/2023\/08\/3i-1.jpeg\" alt=\"\" class=\"wp-image-5852\" srcset=\"https:\/\/www.participacionciudadana.org\/web\/wp-content\/uploads\/2023\/08\/3i-1.jpeg 600w, https:\/\/www.participacionciudadana.org\/web\/wp-content\/uploads\/2023\/08\/3i-1-300x300.jpeg 300w, https:\/\/www.participacionciudadana.org\/web\/wp-content\/uploads\/2023\/08\/3i-1-150x150.jpeg 150w\" sizes=\"auto, (max-width: 600px) 100vw, 600px\" \/><\/figure>\n\n\n\n<figure class=\"wp-block-image size-large\"><img loading=\"lazy\" loading=\"lazy\" decoding=\"async\" width=\"600\" height=\"600\" data-id=\"5853\" src=\"https:\/\/www.participacionciudadana.org\/web\/wp-content\/uploads\/2023\/08\/4i-1.jpeg\" alt=\"\" class=\"wp-image-5853\" srcset=\"https:\/\/www.participacionciudadana.org\/web\/wp-content\/uploads\/2023\/08\/4i-1.jpeg 600w, https:\/\/www.participacionciudadana.org\/web\/wp-content\/uploads\/2023\/08\/4i-1-300x300.jpeg 300w, https:\/\/www.participacionciudadana.org\/web\/wp-content\/uploads\/2023\/08\/4i-1-150x150.jpeg 150w\" sizes=\"auto, (max-width: 600px) 100vw, 600px\" \/><\/figure>\n<\/figure>\n\n\n\n<p>Accede al reporte aqu\u00ed<\/p>\n\n\n\n<div data-wp-interactive=\"core\/file\" class=\"wp-block-file\"><object data-wp-bind--hidden=\"!state.hasPdfPreview\" hidden class=\"wp-block-file__embed\" data=\"https:\/\/www.participacionciudadana.org\/web\/wp-content\/uploads\/2023\/08\/3-REPORTE-VIOLENCIA-POLITICA.pdf\" type=\"application\/pdf\" style=\"width:100%;height:600px\" aria-label=\"Incrustado de 3-REPORTE-VIOLENCIA-POLITICA.\"><\/object><a id=\"wp-block-file--media-624fa914-a35c-4960-b2be-94262db7f8e5\" href=\"https:\/\/www.participacionciudadana.org\/web\/wp-content\/uploads\/2023\/08\/3-REPORTE-VIOLENCIA-POLITICA.pdf\">3-REPORTE-VIOLENCIA-POLITICA<\/a><a href=\"https:\/\/www.participacionciudadana.org\/web\/wp-content\/uploads\/2023\/08\/3-REPORTE-VIOLENCIA-POLITICA.pdf\" class=\"wp-block-file__button wp-element-button\" download aria-describedby=\"wp-block-file--media-624fa914-a35c-4960-b2be-94262db7f8e5\">Descarga<\/a><\/div>\n<\/div>\t<\/div>\r\n<\/div><\/div>\n<div class=\"panel panel-default pt-cv-content-item pt-cv-1-col\" >\r\n<div class=\"panel-heading pt-cv-title\">\r\n    <a class=\"panel-title\" data-toggle=\"cvcollapse\" data-parent=\"#08f3241ht9\" data-target=\"#de75bf3ot5\" href='https:\/\/www.participacionciudadana.org\/web\/monitoreos-elecciones-anticipadas-2023\/monitoreo-a-la-violencia-politica\/segundo-reporte-de-monitoreo-sobre-violencia-politica-en-twitter-contra-candidatos-a-la-presidencia-y-a-asambleistas-principales-en-las-elecciones-anticipadas-de-2023\/' onclick='event.preventDefault()'>\r\n\t\tSegundo reporte de monitoreo sobre violencia pol\u00edtica en Twitter contra candidatos a la Presidencia y a asamble\u00edstas principales, en las elecciones anticipadas de 2023\t<\/a>\r\n\t<\/div>\r\n<div id=\"de75bf3ot5\" class=\"panel-collapse collapse \">\r\n\t<div class=\"panel-body\">\r\n\t\t<a href=\"https:\/\/www.participacionciudadana.org\/web\/monitoreos-elecciones-anticipadas-2023\/monitoreo-a-la-violencia-politica\/segundo-reporte-de-monitoreo-sobre-violencia-politica-en-twitter-contra-candidatos-a-la-presidencia-y-a-asambleistas-principales-en-las-elecciones-anticipadas-de-2023\/\" class=\"_self pt-cv-href-thumbnail pt-cv-thumb-default\" target=\"_self\" ><\/a>\n<div class=\"pt-cv-content\">\n<p>La Corporaci\u00f3n Participaci\u00f3n Ciudadana presenta el siguiente reporte de monitoreo sobre violencia pol\u00edtica contra candidatos\/as en campa\u00f1a electoral, para las elecciones anticipadas 2023, desde el 13 al 23 de julio de 2023.<\/p>\n\n\n\n<p>Durante este tiempo, se monitore\u00f3 las publicaciones de 25 candidatos\/as (mujeres 11; hombres 14), entre ellos, candidatos presidenciales, vicepresidenciales y asamble\u00edstas principales. En la semana 2 de campa\u00f1a, se registr\u00f3 que las y los candidatos\/as que fueron monitoreados, a trav\u00e9s de sus cuentas de Twitter, fueron v\u00edctimas de manifestaci\u00f3n de violencia, mediante \u201cmemes\u201d, im\u00e1genes, expresiones y frases en esta red social.<\/p>\n\n\n\n<p>En total, se contabilizaron 167 tuits; con 60 expresiones, con contenido discriminatorio; y 51 frases del mismo tipo, durante todo el periodo de monitoreo<\/p>\n\n\n\n<figure class=\"wp-block-gallery has-nested-images columns-default is-cropped wp-block-gallery-9 is-layout-flex wp-block-gallery-is-layout-flex\">\n<figure class=\"wp-block-image size-large\"><img loading=\"lazy\" loading=\"lazy\" decoding=\"async\" width=\"600\" height=\"600\" data-id=\"5805\" src=\"https:\/\/www.participacionciudadana.org\/web\/wp-content\/uploads\/2023\/07\/1i.jpg\" alt=\"\" class=\"wp-image-5805\" srcset=\"https:\/\/www.participacionciudadana.org\/web\/wp-content\/uploads\/2023\/07\/1i.jpg 600w, https:\/\/www.participacionciudadana.org\/web\/wp-content\/uploads\/2023\/07\/1i-300x300.jpg 300w, https:\/\/www.participacionciudadana.org\/web\/wp-content\/uploads\/2023\/07\/1i-150x150.jpg 150w\" sizes=\"auto, (max-width: 600px) 100vw, 600px\" \/><\/figure>\n\n\n\n<figure class=\"wp-block-image size-large\"><img loading=\"lazy\" loading=\"lazy\" decoding=\"async\" width=\"600\" height=\"600\" data-id=\"5806\" src=\"https:\/\/www.participacionciudadana.org\/web\/wp-content\/uploads\/2023\/07\/2i.jpg\" alt=\"\" class=\"wp-image-5806\" srcset=\"https:\/\/www.participacionciudadana.org\/web\/wp-content\/uploads\/2023\/07\/2i.jpg 600w, https:\/\/www.participacionciudadana.org\/web\/wp-content\/uploads\/2023\/07\/2i-300x300.jpg 300w, https:\/\/www.participacionciudadana.org\/web\/wp-content\/uploads\/2023\/07\/2i-150x150.jpg 150w\" sizes=\"auto, (max-width: 600px) 100vw, 600px\" \/><\/figure>\n<\/figure>\n\n\n\n<figure class=\"wp-block-gallery has-nested-images columns-default is-cropped wp-block-gallery-10 is-layout-flex wp-block-gallery-is-layout-flex\">\n<figure class=\"wp-block-image size-large\"><img loading=\"lazy\" loading=\"lazy\" decoding=\"async\" width=\"600\" height=\"600\" data-id=\"5807\" src=\"https:\/\/www.participacionciudadana.org\/web\/wp-content\/uploads\/2023\/07\/4i.jpg\" alt=\"\" class=\"wp-image-5807\" srcset=\"https:\/\/www.participacionciudadana.org\/web\/wp-content\/uploads\/2023\/07\/4i.jpg 600w, https:\/\/www.participacionciudadana.org\/web\/wp-content\/uploads\/2023\/07\/4i-300x300.jpg 300w, https:\/\/www.participacionciudadana.org\/web\/wp-content\/uploads\/2023\/07\/4i-150x150.jpg 150w\" sizes=\"auto, (max-width: 600px) 100vw, 600px\" \/><\/figure>\n\n\n\n<figure class=\"wp-block-image size-large\"><img loading=\"lazy\" loading=\"lazy\" decoding=\"async\" width=\"600\" height=\"600\" data-id=\"5808\" src=\"https:\/\/www.participacionciudadana.org\/web\/wp-content\/uploads\/2023\/07\/3i.jpg\" alt=\"\" class=\"wp-image-5808\" srcset=\"https:\/\/www.participacionciudadana.org\/web\/wp-content\/uploads\/2023\/07\/3i.jpg 600w, https:\/\/www.participacionciudadana.org\/web\/wp-content\/uploads\/2023\/07\/3i-300x300.jpg 300w, https:\/\/www.participacionciudadana.org\/web\/wp-content\/uploads\/2023\/07\/3i-150x150.jpg 150w\" sizes=\"auto, (max-width: 600px) 100vw, 600px\" \/><\/figure>\n<\/figure>\n\n\n\n<p>Accede al reporte completo aqu\u00ed:<\/p>\n\n\n\n<div data-wp-interactive=\"core\/file\" class=\"wp-block-file\"><object data-wp-bind--hidden=\"!state.hasPdfPreview\" hidden class=\"wp-block-file__embed\" data=\"https:\/\/www.participacionciudadana.org\/web\/wp-content\/uploads\/2023\/07\/REPORTE-MONITOREO-2-VIOLENCIA-A-CANDIDATOS.pdf\" type=\"application\/pdf\" style=\"width:100%;height:600px\" aria-label=\"Incrustado de REPORTE-MONITOREO-2-VIOLENCIA-A-CANDIDATOS.\"><\/object><a id=\"wp-block-file--media-4ed8ceef-7cf5-430f-9ed7-cda0b93eeaf9\" href=\"https:\/\/www.participacionciudadana.org\/web\/wp-content\/uploads\/2023\/07\/REPORTE-MONITOREO-2-VIOLENCIA-A-CANDIDATOS.pdf\">REPORTE-MONITOREO-2-VIOLENCIA-A-CANDIDATOS<\/a><a href=\"https:\/\/www.participacionciudadana.org\/web\/wp-content\/uploads\/2023\/07\/REPORTE-MONITOREO-2-VIOLENCIA-A-CANDIDATOS.pdf\" class=\"wp-block-file__button wp-element-button\" download aria-describedby=\"wp-block-file--media-4ed8ceef-7cf5-430f-9ed7-cda0b93eeaf9\">Descarga<\/a><\/div>\n<\/div>\t<\/div>\r\n<\/div><\/div>\n<div class=\"panel panel-default pt-cv-content-item pt-cv-1-col\" >\r\n<div class=\"panel-heading pt-cv-title\">\r\n    <a class=\"panel-title\" data-toggle=\"cvcollapse\" data-parent=\"#08f3241ht9\" data-target=\"#ce76d69mvs\" href='https:\/\/www.participacionciudadana.org\/web\/monitoreos-elecciones-anticipadas-2023\/monitoreo-a-la-violencia-politica\/monitoreo-sobre-violencia-politica-en-twitter-contra-candidatos-a-la-presidencia-y-a-asambleistas-principales-en-las-elecciones-anticipadas-de-2023\/' onclick='event.preventDefault()'>\r\n\t\tMonitoreo sobre violencia pol\u00edtica en Twitter contra candidatos a la Presidencia y a asamble\u00edstas principales, en las elecciones anticipadas de 2023\t<\/a>\r\n\t<\/div>\r\n<div id=\"ce76d69mvs\" class=\"panel-collapse collapse \">\r\n\t<div class=\"panel-body\">\r\n\t\t<a href=\"https:\/\/www.participacionciudadana.org\/web\/monitoreos-elecciones-anticipadas-2023\/monitoreo-a-la-violencia-politica\/monitoreo-sobre-violencia-politica-en-twitter-contra-candidatos-a-la-presidencia-y-a-asambleistas-principales-en-las-elecciones-anticipadas-de-2023\/\" class=\"_self pt-cv-href-thumbnail pt-cv-thumb-default\" target=\"_self\" ><\/a>\n<div class=\"pt-cv-content\">\n<p>La Corporaci\u00f3n Participaci\u00f3n Ciudadana presenta el siguiente reporte de monitoreo sobre violencia pol\u00edtica contra candidatos\/as en campa\u00f1a electoral para las elecciones anticipadas 2023, desde el 13 al 16 de julio de 2023. Durante este tiempo, se monitoreo publicaciones de 25 candidatos\/as (mujeres 11; hombres 14), entre ellos candidatos presidenciales, vicepresidenciales y asamble\u00edstas principales.<\/p>\n\n\n\n<p>En la semana 1 de campa\u00f1a, se registr\u00f3 que las y los candidatos\/as que fueron monitoreados, a trav\u00e9s de sus cuentas de Twitter, fueron v\u00edctimas de manifestaci\u00f3n de violencia mediante \u201cmemes\u201d, im\u00e1genes, expresiones y frases en esta red social. En total, se contabilizaron 57 tweets, con 27 expresiones con contenido discriminatorio y 23 frases del mismo tipo durante todo el periodo de monitoreo.<\/p>\n\n\n\n<figure class=\"wp-block-gallery has-nested-images columns-default is-cropped wp-block-gallery-11 is-layout-flex wp-block-gallery-is-layout-flex\">\n<figure class=\"wp-block-image size-large\"><img loading=\"lazy\" loading=\"lazy\" decoding=\"async\" width=\"600\" height=\"600\" data-id=\"5772\" src=\"https:\/\/www.participacionciudadana.org\/web\/wp-content\/uploads\/2023\/07\/1IV.jpeg\" alt=\"\" class=\"wp-image-5772\" srcset=\"https:\/\/www.participacionciudadana.org\/web\/wp-content\/uploads\/2023\/07\/1IV.jpeg 600w, https:\/\/www.participacionciudadana.org\/web\/wp-content\/uploads\/2023\/07\/1IV-300x300.jpeg 300w, https:\/\/www.participacionciudadana.org\/web\/wp-content\/uploads\/2023\/07\/1IV-150x150.jpeg 150w\" sizes=\"auto, (max-width: 600px) 100vw, 600px\" \/><\/figure>\n\n\n\n<figure class=\"wp-block-image size-large\"><img loading=\"lazy\" loading=\"lazy\" decoding=\"async\" width=\"600\" height=\"600\" data-id=\"5773\" src=\"https:\/\/www.participacionciudadana.org\/web\/wp-content\/uploads\/2023\/07\/2IV.jpeg\" alt=\"\" class=\"wp-image-5773\" srcset=\"https:\/\/www.participacionciudadana.org\/web\/wp-content\/uploads\/2023\/07\/2IV.jpeg 600w, https:\/\/www.participacionciudadana.org\/web\/wp-content\/uploads\/2023\/07\/2IV-300x300.jpeg 300w, https:\/\/www.participacionciudadana.org\/web\/wp-content\/uploads\/2023\/07\/2IV-150x150.jpeg 150w\" sizes=\"auto, (max-width: 600px) 100vw, 600px\" \/><\/figure>\n<\/figure>\n\n\n\n<figure class=\"wp-block-gallery has-nested-images columns-default is-cropped wp-block-gallery-12 is-layout-flex wp-block-gallery-is-layout-flex\">\n<figure class=\"wp-block-image size-large\"><img loading=\"lazy\" loading=\"lazy\" decoding=\"async\" width=\"600\" height=\"600\" data-id=\"5775\" src=\"https:\/\/www.participacionciudadana.org\/web\/wp-content\/uploads\/2023\/07\/4IV.jpeg\" alt=\"\" class=\"wp-image-5775\" srcset=\"https:\/\/www.participacionciudadana.org\/web\/wp-content\/uploads\/2023\/07\/4IV.jpeg 600w, https:\/\/www.participacionciudadana.org\/web\/wp-content\/uploads\/2023\/07\/4IV-300x300.jpeg 300w, https:\/\/www.participacionciudadana.org\/web\/wp-content\/uploads\/2023\/07\/4IV-150x150.jpeg 150w\" sizes=\"auto, (max-width: 600px) 100vw, 600px\" \/><\/figure>\n\n\n\n<figure class=\"wp-block-image size-large\"><img loading=\"lazy\" loading=\"lazy\" decoding=\"async\" width=\"600\" height=\"600\" data-id=\"5774\" src=\"https:\/\/www.participacionciudadana.org\/web\/wp-content\/uploads\/2023\/07\/3IV.jpeg\" alt=\"\" class=\"wp-image-5774\" srcset=\"https:\/\/www.participacionciudadana.org\/web\/wp-content\/uploads\/2023\/07\/3IV.jpeg 600w, https:\/\/www.participacionciudadana.org\/web\/wp-content\/uploads\/2023\/07\/3IV-300x300.jpeg 300w, https:\/\/www.participacionciudadana.org\/web\/wp-content\/uploads\/2023\/07\/3IV-150x150.jpeg 150w\" sizes=\"auto, (max-width: 600px) 100vw, 600px\" \/><\/figure>\n<\/figure>\n\n\n\n<p>Accede al reporte completo aqu\u00ed:<\/p>\n\n\n\n<div data-wp-interactive=\"core\/file\" class=\"wp-block-file\"><object data-wp-bind--hidden=\"!state.hasPdfPreview\" hidden class=\"wp-block-file__embed\" data=\"https:\/\/www.participacionciudadana.org\/web\/wp-content\/uploads\/2023\/07\/Monitoreo-1-sobre-violencia-politica.pdf\" type=\"application\/pdf\" style=\"width:100%;height:600px\" aria-label=\"Incrustado de Monitoreo-1-sobre-violencia-politica.\"><\/object><a id=\"wp-block-file--media-31993a0a-28f1-4d4f-9bc7-8d93f4085c13\" href=\"https:\/\/www.participacionciudadana.org\/web\/wp-content\/uploads\/2023\/07\/Monitoreo-1-sobre-violencia-politica.pdf\">Monitoreo-1-sobre-violencia-politica<\/a><a href=\"https:\/\/www.participacionciudadana.org\/web\/wp-content\/uploads\/2023\/07\/Monitoreo-1-sobre-violencia-politica.pdf\" class=\"wp-block-file__button wp-element-button\" download aria-describedby=\"wp-block-file--media-31993a0a-28f1-4d4f-9bc7-8d93f4085c13\">Descarga<\/a><\/div>\n<\/div>\t<\/div>\r\n<\/div><\/div><\/div><\/div><\/div><\/div>\n","protected":false},"excerpt":{"rendered":"","protected":false},"author":7,"featured_media":0,"parent":5733,"menu_order":0,"comment_status":"closed","ping_status":"closed","template":"","meta":{"site-sidebar-layout":"default","site-content-layout":"","ast-site-content-layout":"default","site-content-style":"default","site-sidebar-style":"default","ast-global-header-display":"","ast-banner-title-visibility":"","ast-main-header-display":"","ast-hfb-above-header-display":"","ast-hfb-below-header-display":"","ast-hfb-mobile-header-display":"","site-post-title":"","ast-breadcrumbs-content":"","ast-featured-img":"","footer-sml-layout":"","ast-disable-related-posts":"","theme-transparent-header-meta":"","adv-header-id-meta":"","stick-header-meta":"","header-above-stick-meta":"","header-main-stick-meta":"","header-below-stick-meta":"","astra-migrate-meta-layouts":"default","ast-page-background-enabled":"default","ast-page-background-meta":{"desktop":{"background-color":"","background-image":"","background-repeat":"repeat","background-position":"center center","background-size":"auto","background-attachment":"scroll","background-type":"","background-media":"","overlay-type":"","overlay-color":"","overlay-opacity":"","overlay-gradient":""},"tablet":{"background-color":"","background-image":"","background-repeat":"repeat","background-position":"center center","background-size":"auto","background-attachment":"scroll","background-type":"","background-media":"","overlay-type":"","overlay-color":"","overlay-opacity":"","overlay-gradient":""},"mobile":{"background-color":"","background-image":"","background-repeat":"repeat","background-position":"center center","background-size":"auto","background-attachment":"scroll","background-type":"","background-media":"","overlay-type":"","overlay-color":"","overlay-opacity":"","overlay-gradient":""}},"ast-content-background-meta":{"desktop":{"background-color":"var(--ast-global-color-5)","background-image":"","background-repeat":"repeat","background-position":"center center","background-size":"auto","background-attachment":"scroll","background-type":"","background-media":"","overlay-type":"","overlay-color":"","overlay-opacity":"","overlay-gradient":""},"tablet":{"background-color":"var(--ast-global-color-5)","background-image":"","background-repeat":"repeat","background-position":"center center","background-size":"auto","background-attachment":"scroll","background-type":"","background-media":"","overlay-type":"","overlay-color":"","overlay-opacity":"","overlay-gradient":""},"mobile":{"background-color":"var(--ast-global-color-5)","background-image":"","background-repeat":"repeat","background-position":"center center","background-size":"auto","background-attachment":"scroll","background-type":"","background-media":"","overlay-type":"","overlay-color":"","overlay-opacity":"","overlay-gradient":""}},"_joinchat":[],"footnotes":""},"class_list":["post-5735","page","type-page","status-publish","hentry"],"yoast_head":"<!-- This site is optimized with the Yoast SEO plugin v26.5 - https:\/\/yoast.com\/wordpress\/plugins\/seo\/ -->\n<title>Monitoreo a la violencia pol\u00edtica - Participaci\u00f3n Ciudadana<\/title>\n<meta name=\"robots\" content=\"index, follow, max-snippet:-1, max-image-preview:large, max-video-preview:-1\" \/>\n<link rel=\"canonical\" href=\"https:\/\/www.participacionciudadana.org\/web\/monitoreos-elecciones-anticipadas-2023\/monitoreo-a-la-violencia-politica\/\" \/>\n<meta property=\"og:locale\" content=\"es_ES\" \/>\n<meta property=\"og:type\" content=\"article\" \/>\n<meta property=\"og:title\" content=\"Monitoreo a la violencia pol\u00edtica - Participaci\u00f3n Ciudadana\" \/>\n<meta property=\"og:url\" content=\"https:\/\/www.participacionciudadana.org\/web\/monitoreos-elecciones-anticipadas-2023\/monitoreo-a-la-violencia-politica\/\" \/>\n<meta property=\"og:site_name\" content=\"Participaci\u00f3n Ciudadana\" \/>\n<meta property=\"article:publisher\" content=\"https:\/\/www.facebook.com\/ParticipacionPC\/\" \/>\n<meta property=\"article:modified_time\" content=\"2023-08-04T17:04:40+00:00\" \/>\n<meta property=\"og:image\" content=\"https:\/\/www.participacionciudadana.org\/web\/wp-content\/uploads\/2023\/08\/portada-violencia-politica.jpeg\" \/>\n<meta name=\"twitter:card\" content=\"summary_large_image\" \/>\n<meta name=\"twitter:site\" content=\"@ParticipacionPC\" \/>\n<script type=\"application\/ld+json\" class=\"yoast-schema-graph\">{\"@context\":\"https:\/\/schema.org\",\"@graph\":[{\"@type\":\"WebPage\",\"@id\":\"https:\/\/www.participacionciudadana.org\/web\/monitoreos-elecciones-anticipadas-2023\/monitoreo-a-la-violencia-politica\/\",\"url\":\"https:\/\/www.participacionciudadana.org\/web\/monitoreos-elecciones-anticipadas-2023\/monitoreo-a-la-violencia-politica\/\",\"name\":\"Monitoreo a la violencia pol\u00edtica - Participaci\u00f3n Ciudadana\",\"isPartOf\":{\"@id\":\"https:\/\/www.participacionciudadana.org\/web\/#website\"},\"primaryImageOfPage\":{\"@id\":\"https:\/\/www.participacionciudadana.org\/web\/monitoreos-elecciones-anticipadas-2023\/monitoreo-a-la-violencia-politica\/#primaryimage\"},\"image\":{\"@id\":\"https:\/\/www.participacionciudadana.org\/web\/monitoreos-elecciones-anticipadas-2023\/monitoreo-a-la-violencia-politica\/#primaryimage\"},\"thumbnailUrl\":\"https:\/\/www.participacionciudadana.org\/web\/wp-content\/uploads\/2023\/08\/portada-violencia-politica.jpeg\",\"datePublished\":\"2023-07-19T03:00:06+00:00\",\"dateModified\":\"2023-08-04T17:04:40+00:00\",\"breadcrumb\":{\"@id\":\"https:\/\/www.participacionciudadana.org\/web\/monitoreos-elecciones-anticipadas-2023\/monitoreo-a-la-violencia-politica\/#breadcrumb\"},\"inLanguage\":\"es\",\"potentialAction\":[{\"@type\":\"ReadAction\",\"target\":[\"https:\/\/www.participacionciudadana.org\/web\/monitoreos-elecciones-anticipadas-2023\/monitoreo-a-la-violencia-politica\/\"]}]},{\"@type\":\"ImageObject\",\"inLanguage\":\"es\",\"@id\":\"https:\/\/www.participacionciudadana.org\/web\/monitoreos-elecciones-anticipadas-2023\/monitoreo-a-la-violencia-politica\/#primaryimage\",\"url\":\"https:\/\/www.participacionciudadana.org\/web\/wp-content\/uploads\/2023\/08\/portada-violencia-politica.jpeg\",\"contentUrl\":\"https:\/\/www.participacionciudadana.org\/web\/wp-content\/uploads\/2023\/08\/portada-violencia-politica.jpeg\",\"width\":1000,\"height\":1000},{\"@type\":\"BreadcrumbList\",\"@id\":\"https:\/\/www.participacionciudadana.org\/web\/monitoreos-elecciones-anticipadas-2023\/monitoreo-a-la-violencia-politica\/#breadcrumb\",\"itemListElement\":[{\"@type\":\"ListItem\",\"position\":1,\"name\":\"Portada\",\"item\":\"https:\/\/www.participacionciudadana.org\/web\/\"},{\"@type\":\"ListItem\",\"position\":2,\"name\":\"Monitoreos elecciones anticipadas 2023\",\"item\":\"https:\/\/www.participacionciudadana.org\/web\/monitoreos-elecciones-anticipadas-2023\/\"},{\"@type\":\"ListItem\",\"position\":3,\"name\":\"Monitoreo a la violencia pol\u00edtica\"}]},{\"@type\":\"WebSite\",\"@id\":\"https:\/\/www.participacionciudadana.org\/web\/#website\",\"url\":\"https:\/\/www.participacionciudadana.org\/web\/\",\"name\":\"Participaci\u00f3n Ciudadana\",\"description\":\"Comprometidos con la democracia\",\"publisher\":{\"@id\":\"https:\/\/www.participacionciudadana.org\/web\/#organization\"},\"potentialAction\":[{\"@type\":\"SearchAction\",\"target\":{\"@type\":\"EntryPoint\",\"urlTemplate\":\"https:\/\/www.participacionciudadana.org\/web\/?s={search_term_string}\"},\"query-input\":{\"@type\":\"PropertyValueSpecification\",\"valueRequired\":true,\"valueName\":\"search_term_string\"}}],\"inLanguage\":\"es\"},{\"@type\":\"Organization\",\"@id\":\"https:\/\/www.participacionciudadana.org\/web\/#organization\",\"name\":\"Participaci\u00f3n Ciudadana\",\"url\":\"https:\/\/www.participacionciudadana.org\/web\/\",\"logo\":{\"@type\":\"ImageObject\",\"inLanguage\":\"es\",\"@id\":\"https:\/\/www.participacionciudadana.org\/web\/#\/schema\/logo\/image\/\",\"url\":\"https:\/\/www.participacionciudadana.org\/web\/wp-content\/uploads\/2021\/11\/cropped-logo_pc-1.png\",\"contentUrl\":\"https:\/\/www.participacionciudadana.org\/web\/wp-content\/uploads\/2021\/11\/cropped-logo_pc-1.png\",\"width\":340,\"height\":114,\"caption\":\"Participaci\u00f3n Ciudadana\"},\"image\":{\"@id\":\"https:\/\/www.participacionciudadana.org\/web\/#\/schema\/logo\/image\/\"},\"sameAs\":[\"https:\/\/www.facebook.com\/ParticipacionPC\/\",\"https:\/\/x.com\/ParticipacionPC\"]}]}<\/script>\n<!-- \/ Yoast SEO plugin. -->","yoast_head_json":{"title":"Monitoreo a la violencia pol\u00edtica - Participaci\u00f3n Ciudadana","robots":{"index":"index","follow":"follow","max-snippet":"max-snippet:-1","max-image-preview":"max-image-preview:large","max-video-preview":"max-video-preview:-1"},"canonical":"https:\/\/www.participacionciudadana.org\/web\/monitoreos-elecciones-anticipadas-2023\/monitoreo-a-la-violencia-politica\/","og_locale":"es_ES","og_type":"article","og_title":"Monitoreo a la violencia pol\u00edtica - Participaci\u00f3n Ciudadana","og_url":"https:\/\/www.participacionciudadana.org\/web\/monitoreos-elecciones-anticipadas-2023\/monitoreo-a-la-violencia-politica\/","og_site_name":"Participaci\u00f3n Ciudadana","article_publisher":"https:\/\/www.facebook.com\/ParticipacionPC\/","article_modified_time":"2023-08-04T17:04:40+00:00","og_image":[{"url":"https:\/\/www.participacionciudadana.org\/web\/wp-content\/uploads\/2023\/08\/portada-violencia-politica.jpeg","type":"","width":"","height":""}],"twitter_card":"summary_large_image","twitter_site":"@ParticipacionPC","schema":{"@context":"https:\/\/schema.org","@graph":[{"@type":"WebPage","@id":"https:\/\/www.participacionciudadana.org\/web\/monitoreos-elecciones-anticipadas-2023\/monitoreo-a-la-violencia-politica\/","url":"https:\/\/www.participacionciudadana.org\/web\/monitoreos-elecciones-anticipadas-2023\/monitoreo-a-la-violencia-politica\/","name":"Monitoreo a la violencia pol\u00edtica - Participaci\u00f3n Ciudadana","isPartOf":{"@id":"https:\/\/www.participacionciudadana.org\/web\/#website"},"primaryImageOfPage":{"@id":"https:\/\/www.participacionciudadana.org\/web\/monitoreos-elecciones-anticipadas-2023\/monitoreo-a-la-violencia-politica\/#primaryimage"},"image":{"@id":"https:\/\/www.participacionciudadana.org\/web\/monitoreos-elecciones-anticipadas-2023\/monitoreo-a-la-violencia-politica\/#primaryimage"},"thumbnailUrl":"https:\/\/www.participacionciudadana.org\/web\/wp-content\/uploads\/2023\/08\/portada-violencia-politica.jpeg","datePublished":"2023-07-19T03:00:06+00:00","dateModified":"2023-08-04T17:04:40+00:00","breadcrumb":{"@id":"https:\/\/www.participacionciudadana.org\/web\/monitoreos-elecciones-anticipadas-2023\/monitoreo-a-la-violencia-politica\/#breadcrumb"},"inLanguage":"es","potentialAction":[{"@type":"ReadAction","target":["https:\/\/www.participacionciudadana.org\/web\/monitoreos-elecciones-anticipadas-2023\/monitoreo-a-la-violencia-politica\/"]}]},{"@type":"ImageObject","inLanguage":"es","@id":"https:\/\/www.participacionciudadana.org\/web\/monitoreos-elecciones-anticipadas-2023\/monitoreo-a-la-violencia-politica\/#primaryimage","url":"https:\/\/www.participacionciudadana.org\/web\/wp-content\/uploads\/2023\/08\/portada-violencia-politica.jpeg","contentUrl":"https:\/\/www.participacionciudadana.org\/web\/wp-content\/uploads\/2023\/08\/portada-violencia-politica.jpeg","width":1000,"height":1000},{"@type":"BreadcrumbList","@id":"https:\/\/www.participacionciudadana.org\/web\/monitoreos-elecciones-anticipadas-2023\/monitoreo-a-la-violencia-politica\/#breadcrumb","itemListElement":[{"@type":"ListItem","position":1,"name":"Portada","item":"https:\/\/www.participacionciudadana.org\/web\/"},{"@type":"ListItem","position":2,"name":"Monitoreos elecciones anticipadas 2023","item":"https:\/\/www.participacionciudadana.org\/web\/monitoreos-elecciones-anticipadas-2023\/"},{"@type":"ListItem","position":3,"name":"Monitoreo a la violencia pol\u00edtica"}]},{"@type":"WebSite","@id":"https:\/\/www.participacionciudadana.org\/web\/#website","url":"https:\/\/www.participacionciudadana.org\/web\/","name":"Participaci\u00f3n Ciudadana","description":"Comprometidos con la democracia","publisher":{"@id":"https:\/\/www.participacionciudadana.org\/web\/#organization"},"potentialAction":[{"@type":"SearchAction","target":{"@type":"EntryPoint","urlTemplate":"https:\/\/www.participacionciudadana.org\/web\/?s={search_term_string}"},"query-input":{"@type":"PropertyValueSpecification","valueRequired":true,"valueName":"search_term_string"}}],"inLanguage":"es"},{"@type":"Organization","@id":"https:\/\/www.participacionciudadana.org\/web\/#organization","name":"Participaci\u00f3n Ciudadana","url":"https:\/\/www.participacionciudadana.org\/web\/","logo":{"@type":"ImageObject","inLanguage":"es","@id":"https:\/\/www.participacionciudadana.org\/web\/#\/schema\/logo\/image\/","url":"https:\/\/www.participacionciudadana.org\/web\/wp-content\/uploads\/2021\/11\/cropped-logo_pc-1.png","contentUrl":"https:\/\/www.participacionciudadana.org\/web\/wp-content\/uploads\/2021\/11\/cropped-logo_pc-1.png","width":340,"height":114,"caption":"Participaci\u00f3n Ciudadana"},"image":{"@id":"https:\/\/www.participacionciudadana.org\/web\/#\/schema\/logo\/image\/"},"sameAs":["https:\/\/www.facebook.com\/ParticipacionPC\/","https:\/\/x.com\/ParticipacionPC"]}]}},"_links":{"self":[{"href":"https:\/\/www.participacionciudadana.org\/web\/wp-json\/wp\/v2\/pages\/5735","targetHints":{"allow":["GET"]}}],"collection":[{"href":"https:\/\/www.participacionciudadana.org\/web\/wp-json\/wp\/v2\/pages"}],"about":[{"href":"https:\/\/www.participacionciudadana.org\/web\/wp-json\/wp\/v2\/types\/page"}],"author":[{"embeddable":true,"href":"https:\/\/www.participacionciudadana.org\/web\/wp-json\/wp\/v2\/users\/7"}],"replies":[{"embeddable":true,"href":"https:\/\/www.participacionciudadana.org\/web\/wp-json\/wp\/v2\/comments?post=5735"}],"version-history":[{"count":0,"href":"https:\/\/www.participacionciudadana.org\/web\/wp-json\/wp\/v2\/pages\/5735\/revisions"}],"up":[{"embeddable":true,"href":"https:\/\/www.participacionciudadana.org\/web\/wp-json\/wp\/v2\/pages\/5733"}],"wp:attachment":[{"href":"https:\/\/www.participacionciudadana.org\/web\/wp-json\/wp\/v2\/media?parent=5735"}],"curies":[{"name":"wp","href":"https:\/\/api.w.org\/{rel}","templated":true}]}}