{"id":5849,"date":"2023-08-02T15:58:09","date_gmt":"2023-08-02T20:58:09","guid":{"rendered":"https:\/\/www.participacionciudadana.org\/web\/?page_id=5849"},"modified":"2023-08-02T15:58:09","modified_gmt":"2023-08-02T20:58:09","slug":"tercer-reporte-de-monitoreo-sobre-violencia-politica-contra-candidatos-as-en-campana-electoral-para-las-elecciones-anticipadas-2023-desde-el-13-al-30-de-julio-de-2023","status":"publish","type":"page","link":"https:\/\/www.participacionciudadana.org\/web\/monitoreos-elecciones-anticipadas-2023\/monitoreo-a-la-violencia-politica\/tercer-reporte-de-monitoreo-sobre-violencia-politica-contra-candidatos-as-en-campana-electoral-para-las-elecciones-anticipadas-2023-desde-el-13-al-30-de-julio-de-2023\/","title":{"rendered":"Tercer reporte de monitoreo sobre violencia pol\u00edtica contra candidatos\/as en campa\u00f1a electoral, para las elecciones anticipadas 2023, desde el 13 al 30 de julio de 2023"},"content":{"rendered":"\n<p>La Corporaci\u00f3n Participaci\u00f3n Ciudadana presenta el siguiente reporte de monitoreo sobre violencia pol\u00edtica contra candidatos\/as en campa\u00f1a electoral, para las elecciones anticipadas 2023, desde el 13 al 30 de julio de 2023.<\/p>\n\n\n\n<p>Durante este tiempo, se monitore\u00f3 las publicaciones de 25 candidatos\/as (mujeres 11; hombres 14), entre ellos, candidatos presidenciales, vicepresidenciales y asamble\u00edstas principales.<\/p>\n\n\n\n<p>En la semana 3 de campa\u00f1a, se registr\u00f3 que las y los candidatos\/as que fueron monitoreados, a trav\u00e9s de sus cuentas de Twitter, fueron v\u00edctimas de manifestaci\u00f3n de violencia, mediante \u201cmemes\u201d, im\u00e1genes, expresiones y frases en esta red social.<\/p>\n\n\n\n<p>En total, se contabilizaron 296 tuits, con 82 expresiones, con contenido discriminatorio y 85 frases del mismo tipo, durante todo el periodo de monitoreo.<\/p>\n\n\n\n<figure class=\"wp-block-gallery has-nested-images columns-default is-cropped wp-block-gallery-1 is-layout-flex wp-block-gallery-is-layout-flex\">\n<figure class=\"wp-block-image size-large\"><img fetchpriority=\"high\" decoding=\"async\" width=\"600\" height=\"600\" data-id=\"5850\" src=\"https:\/\/www.participacionciudadana.org\/web\/wp-content\/uploads\/2023\/08\/1i-1.jpeg\" alt=\"\" class=\"wp-image-5850\" srcset=\"https:\/\/www.participacionciudadana.org\/web\/wp-content\/uploads\/2023\/08\/1i-1.jpeg 600w, https:\/\/www.participacionciudadana.org\/web\/wp-content\/uploads\/2023\/08\/1i-1-300x300.jpeg 300w, https:\/\/www.participacionciudadana.org\/web\/wp-content\/uploads\/2023\/08\/1i-1-150x150.jpeg 150w\" sizes=\"(max-width: 600px) 100vw, 600px\" \/><\/figure>\n\n\n\n<figure class=\"wp-block-image size-large\"><img decoding=\"async\" width=\"600\" height=\"600\" data-id=\"5851\" src=\"https:\/\/www.participacionciudadana.org\/web\/wp-content\/uploads\/2023\/08\/2i-1.jpeg\" alt=\"\" class=\"wp-image-5851\" srcset=\"https:\/\/www.participacionciudadana.org\/web\/wp-content\/uploads\/2023\/08\/2i-1.jpeg 600w, https:\/\/www.participacionciudadana.org\/web\/wp-content\/uploads\/2023\/08\/2i-1-300x300.jpeg 300w, https:\/\/www.participacionciudadana.org\/web\/wp-content\/uploads\/2023\/08\/2i-1-150x150.jpeg 150w\" sizes=\"(max-width: 600px) 100vw, 600px\" \/><\/figure>\n<\/figure>\n\n\n\n<figure class=\"wp-block-gallery has-nested-images columns-default is-cropped wp-block-gallery-2 is-layout-flex wp-block-gallery-is-layout-flex\">\n<figure class=\"wp-block-image size-large\"><img decoding=\"async\" width=\"600\" height=\"600\" data-id=\"5852\" src=\"https:\/\/www.participacionciudadana.org\/web\/wp-content\/uploads\/2023\/08\/3i-1.jpeg\" alt=\"\" class=\"wp-image-5852\" srcset=\"https:\/\/www.participacionciudadana.org\/web\/wp-content\/uploads\/2023\/08\/3i-1.jpeg 600w, https:\/\/www.participacionciudadana.org\/web\/wp-content\/uploads\/2023\/08\/3i-1-300x300.jpeg 300w, https:\/\/www.participacionciudadana.org\/web\/wp-content\/uploads\/2023\/08\/3i-1-150x150.jpeg 150w\" sizes=\"(max-width: 600px) 100vw, 600px\" \/><\/figure>\n\n\n\n<figure class=\"wp-block-image size-large\"><img loading=\"lazy\" decoding=\"async\" width=\"600\" height=\"600\" data-id=\"5853\" src=\"https:\/\/www.participacionciudadana.org\/web\/wp-content\/uploads\/2023\/08\/4i-1.jpeg\" alt=\"\" class=\"wp-image-5853\" srcset=\"https:\/\/www.participacionciudadana.org\/web\/wp-content\/uploads\/2023\/08\/4i-1.jpeg 600w, https:\/\/www.participacionciudadana.org\/web\/wp-content\/uploads\/2023\/08\/4i-1-300x300.jpeg 300w, https:\/\/www.participacionciudadana.org\/web\/wp-content\/uploads\/2023\/08\/4i-1-150x150.jpeg 150w\" sizes=\"(max-width: 600px) 100vw, 600px\" \/><\/figure>\n<\/figure>\n\n\n\n<p>Accede al reporte aqu\u00ed<\/p>\n\n\n\n<div data-wp-interactive=\"core\/file\" class=\"wp-block-file\"><object data-wp-bind--hidden=\"!state.hasPdfPreview\" hidden class=\"wp-block-file__embed\" data=\"https:\/\/www.participacionciudadana.org\/web\/wp-content\/uploads\/2023\/08\/3-REPORTE-VIOLENCIA-POLITICA.pdf\" type=\"application\/pdf\" style=\"width:100%;height:600px\" aria-label=\"Incrustado de 3-REPORTE-VIOLENCIA-POLITICA.\"><\/object><a id=\"wp-block-file--media-624fa914-a35c-4960-b2be-94262db7f8e5\" href=\"https:\/\/www.participacionciudadana.org\/web\/wp-content\/uploads\/2023\/08\/3-REPORTE-VIOLENCIA-POLITICA.pdf\">3-REPORTE-VIOLENCIA-POLITICA<\/a><a href=\"https:\/\/www.participacionciudadana.org\/web\/wp-content\/uploads\/2023\/08\/3-REPORTE-VIOLENCIA-POLITICA.pdf\" class=\"wp-block-file__button wp-element-button\" download aria-describedby=\"wp-block-file--media-624fa914-a35c-4960-b2be-94262db7f8e5\">Descarga<\/a><\/div>\n","protected":false},"excerpt":{"rendered":"<p>La Corporaci\u00f3n Participaci\u00f3n Ciudadana presenta el siguiente reporte de monitoreo sobre violencia pol\u00edtica contra candidatos\/as en campa\u00f1a electoral, para las elecciones anticipadas 2023, desde el 13 al 30 de julio de 2023. Durante este tiempo, se monitore\u00f3 las publicaciones de 25 candidatos\/as (mujeres 11; hombres 14), entre ellos, candidatos presidenciales, vicepresidenciales y asamble\u00edstas principales. En [&hellip;]<\/p>\n","protected":false},"author":1,"featured_media":0,"parent":5735,"menu_order":0,"comment_status":"closed","ping_status":"closed","template":"","meta":{"site-sidebar-layout":"default","site-content-layout":"","ast-site-content-layout":"default","site-content-style":"default","site-sidebar-style":"default","ast-global-header-display":"","ast-banner-title-visibility":"","ast-main-header-display":"","ast-hfb-above-header-display":"","ast-hfb-below-header-display":"","ast-hfb-mobile-header-display":"","site-post-title":"","ast-breadcrumbs-content":"","ast-featured-img":"","footer-sml-layout":"","ast-disable-related-posts":"","theme-transparent-header-meta":"","adv-header-id-meta":"","stick-header-meta":"","header-above-stick-meta":"","header-main-stick-meta":"","header-below-stick-meta":"","astra-migrate-meta-layouts":"default","ast-page-background-enabled":"default","ast-page-background-meta":{"desktop":{"background-color":"","background-image":"","background-repeat":"repeat","background-position":"center center","background-size":"auto","background-attachment":"scroll","background-type":"","background-media":"","overlay-type":"","overlay-color":"","overlay-opacity":"","overlay-gradient":""},"tablet":{"background-color":"","background-image":"","background-repeat":"repeat","background-position":"center center","background-size":"auto","background-attachment":"scroll","background-type":"","background-media":"","overlay-type":"","overlay-color":"","overlay-opacity":"","overlay-gradient":""},"mobile":{"background-color":"","background-image":"","background-repeat":"repeat","background-position":"center center","background-size":"auto","background-attachment":"scroll","background-type":"","background-media":"","overlay-type":"","overlay-color":"","overlay-opacity":"","overlay-gradient":""}},"ast-content-background-meta":{"desktop":{"background-color":"var(--ast-global-color-5)","background-image":"","background-repeat":"repeat","background-position":"center center","background-size":"auto","background-attachment":"scroll","background-type":"","background-media":"","overlay-type":"","overlay-color":"","overlay-opacity":"","overlay-gradient":""},"tablet":{"background-color":"var(--ast-global-color-5)","background-image":"","background-repeat":"repeat","background-position":"center center","background-size":"auto","background-attachment":"scroll","background-type":"","background-media":"","overlay-type":"","overlay-color":"","overlay-opacity":"","overlay-gradient":""},"mobile":{"background-color":"var(--ast-global-color-5)","background-image":"","background-repeat":"repeat","background-position":"center center","background-size":"auto","background-attachment":"scroll","background-type":"","background-media":"","overlay-type":"","overlay-color":"","overlay-opacity":"","overlay-gradient":""}},"_joinchat":[],"footnotes":""},"class_list":["post-5849","page","type-page","status-publish","hentry"],"yoast_head":"<!-- This site is optimized with the Yoast SEO plugin v26.5 - https:\/\/yoast.com\/wordpress\/plugins\/seo\/ -->\n<title>Tercer reporte de monitoreo sobre violencia pol\u00edtica contra candidatos\/as en campa\u00f1a electoral, para las elecciones anticipadas 2023, desde el 13 al 30 de julio de 2023 - Participaci\u00f3n Ciudadana<\/title>\n<meta name=\"robots\" content=\"index, follow, max-snippet:-1, max-image-preview:large, max-video-preview:-1\" \/>\n<link rel=\"canonical\" href=\"https:\/\/www.participacionciudadana.org\/web\/monitoreos-elecciones-anticipadas-2023\/monitoreo-a-la-violencia-politica\/tercer-reporte-de-monitoreo-sobre-violencia-politica-contra-candidatos-as-en-campana-electoral-para-las-elecciones-anticipadas-2023-desde-el-13-al-30-de-julio-de-2023\/\" \/>\n<meta property=\"og:locale\" content=\"es_ES\" \/>\n<meta property=\"og:type\" content=\"article\" \/>\n<meta property=\"og:title\" content=\"Tercer reporte de monitoreo sobre violencia pol\u00edtica contra candidatos\/as en campa\u00f1a electoral, para las elecciones anticipadas 2023, desde el 13 al 30 de julio de 2023 - Participaci\u00f3n Ciudadana\" \/>\n<meta property=\"og:description\" content=\"La Corporaci\u00f3n Participaci\u00f3n Ciudadana presenta el siguiente reporte de monitoreo sobre violencia pol\u00edtica contra candidatos\/as en campa\u00f1a electoral, para las elecciones anticipadas 2023, desde el 13 al 30 de julio de 2023. Durante este tiempo, se monitore\u00f3 las publicaciones de 25 candidatos\/as (mujeres 11; hombres 14), entre ellos, candidatos presidenciales, vicepresidenciales y asamble\u00edstas principales. En [&hellip;]\" \/>\n<meta property=\"og:url\" content=\"https:\/\/www.participacionciudadana.org\/web\/monitoreos-elecciones-anticipadas-2023\/monitoreo-a-la-violencia-politica\/tercer-reporte-de-monitoreo-sobre-violencia-politica-contra-candidatos-as-en-campana-electoral-para-las-elecciones-anticipadas-2023-desde-el-13-al-30-de-julio-de-2023\/\" \/>\n<meta property=\"og:site_name\" content=\"Participaci\u00f3n Ciudadana\" \/>\n<meta property=\"article:publisher\" content=\"https:\/\/www.facebook.com\/ParticipacionPC\/\" \/>\n<meta property=\"og:image\" content=\"https:\/\/www.participacionciudadana.org\/web\/wp-content\/uploads\/2023\/08\/1i-1.jpeg\" \/>\n<meta name=\"twitter:card\" content=\"summary_large_image\" \/>\n<meta name=\"twitter:site\" content=\"@ParticipacionPC\" \/>\n<meta name=\"twitter:label1\" content=\"Tiempo de lectura\" \/>\n\t<meta name=\"twitter:data1\" content=\"1 minuto\" \/>\n<script type=\"application\/ld+json\" class=\"yoast-schema-graph\">{\"@context\":\"https:\/\/schema.org\",\"@graph\":[{\"@type\":\"WebPage\",\"@id\":\"https:\/\/www.participacionciudadana.org\/web\/monitoreos-elecciones-anticipadas-2023\/monitoreo-a-la-violencia-politica\/tercer-reporte-de-monitoreo-sobre-violencia-politica-contra-candidatos-as-en-campana-electoral-para-las-elecciones-anticipadas-2023-desde-el-13-al-30-de-julio-de-2023\/\",\"url\":\"https:\/\/www.participacionciudadana.org\/web\/monitoreos-elecciones-anticipadas-2023\/monitoreo-a-la-violencia-politica\/tercer-reporte-de-monitoreo-sobre-violencia-politica-contra-candidatos-as-en-campana-electoral-para-las-elecciones-anticipadas-2023-desde-el-13-al-30-de-julio-de-2023\/\",\"name\":\"Tercer reporte de monitoreo sobre violencia pol\u00edtica contra candidatos\/as en campa\u00f1a electoral, para las elecciones anticipadas 2023, desde el 13 al 30 de julio de 2023 - Participaci\u00f3n Ciudadana\",\"isPartOf\":{\"@id\":\"https:\/\/www.participacionciudadana.org\/web\/#website\"},\"primaryImageOfPage\":{\"@id\":\"https:\/\/www.participacionciudadana.org\/web\/monitoreos-elecciones-anticipadas-2023\/monitoreo-a-la-violencia-politica\/tercer-reporte-de-monitoreo-sobre-violencia-politica-contra-candidatos-as-en-campana-electoral-para-las-elecciones-anticipadas-2023-desde-el-13-al-30-de-julio-de-2023\/#primaryimage\"},\"image\":{\"@id\":\"https:\/\/www.participacionciudadana.org\/web\/monitoreos-elecciones-anticipadas-2023\/monitoreo-a-la-violencia-politica\/tercer-reporte-de-monitoreo-sobre-violencia-politica-contra-candidatos-as-en-campana-electoral-para-las-elecciones-anticipadas-2023-desde-el-13-al-30-de-julio-de-2023\/#primaryimage\"},\"thumbnailUrl\":\"https:\/\/www.participacionciudadana.org\/web\/wp-content\/uploads\/2023\/08\/1i-1.jpeg\",\"datePublished\":\"2023-08-02T20:58:09+00:00\",\"breadcrumb\":{\"@id\":\"https:\/\/www.participacionciudadana.org\/web\/monitoreos-elecciones-anticipadas-2023\/monitoreo-a-la-violencia-politica\/tercer-reporte-de-monitoreo-sobre-violencia-politica-contra-candidatos-as-en-campana-electoral-para-las-elecciones-anticipadas-2023-desde-el-13-al-30-de-julio-de-2023\/#breadcrumb\"},\"inLanguage\":\"es\",\"potentialAction\":[{\"@type\":\"ReadAction\",\"target\":[\"https:\/\/www.participacionciudadana.org\/web\/monitoreos-elecciones-anticipadas-2023\/monitoreo-a-la-violencia-politica\/tercer-reporte-de-monitoreo-sobre-violencia-politica-contra-candidatos-as-en-campana-electoral-para-las-elecciones-anticipadas-2023-desde-el-13-al-30-de-julio-de-2023\/\"]}]},{\"@type\":\"ImageObject\",\"inLanguage\":\"es\",\"@id\":\"https:\/\/www.participacionciudadana.org\/web\/monitoreos-elecciones-anticipadas-2023\/monitoreo-a-la-violencia-politica\/tercer-reporte-de-monitoreo-sobre-violencia-politica-contra-candidatos-as-en-campana-electoral-para-las-elecciones-anticipadas-2023-desde-el-13-al-30-de-julio-de-2023\/#primaryimage\",\"url\":\"https:\/\/www.participacionciudadana.org\/web\/wp-content\/uploads\/2023\/08\/1i-1.jpeg\",\"contentUrl\":\"https:\/\/www.participacionciudadana.org\/web\/wp-content\/uploads\/2023\/08\/1i-1.jpeg\",\"width\":600,\"height\":600},{\"@type\":\"BreadcrumbList\",\"@id\":\"https:\/\/www.participacionciudadana.org\/web\/monitoreos-elecciones-anticipadas-2023\/monitoreo-a-la-violencia-politica\/tercer-reporte-de-monitoreo-sobre-violencia-politica-contra-candidatos-as-en-campana-electoral-para-las-elecciones-anticipadas-2023-desde-el-13-al-30-de-julio-de-2023\/#breadcrumb\",\"itemListElement\":[{\"@type\":\"ListItem\",\"position\":1,\"name\":\"Portada\",\"item\":\"https:\/\/www.participacionciudadana.org\/web\/\"},{\"@type\":\"ListItem\",\"position\":2,\"name\":\"Monitoreos elecciones anticipadas 2023\",\"item\":\"https:\/\/www.participacionciudadana.org\/web\/monitoreos-elecciones-anticipadas-2023\/\"},{\"@type\":\"ListItem\",\"position\":3,\"name\":\"Monitoreo a la violencia pol\u00edtica\",\"item\":\"https:\/\/www.participacionciudadana.org\/web\/monitoreos-elecciones-anticipadas-2023\/monitoreo-a-la-violencia-politica\/\"},{\"@type\":\"ListItem\",\"position\":4,\"name\":\"Tercer reporte de monitoreo sobre violencia pol\u00edtica contra candidatos\/as en campa\u00f1a electoral, para las elecciones anticipadas 2023, desde el 13 al 30 de julio de 2023\"}]},{\"@type\":\"WebSite\",\"@id\":\"https:\/\/www.participacionciudadana.org\/web\/#website\",\"url\":\"https:\/\/www.participacionciudadana.org\/web\/\",\"name\":\"Participaci\u00f3n Ciudadana\",\"description\":\"Comprometidos con la democracia\",\"publisher\":{\"@id\":\"https:\/\/www.participacionciudadana.org\/web\/#organization\"},\"potentialAction\":[{\"@type\":\"SearchAction\",\"target\":{\"@type\":\"EntryPoint\",\"urlTemplate\":\"https:\/\/www.participacionciudadana.org\/web\/?s={search_term_string}\"},\"query-input\":{\"@type\":\"PropertyValueSpecification\",\"valueRequired\":true,\"valueName\":\"search_term_string\"}}],\"inLanguage\":\"es\"},{\"@type\":\"Organization\",\"@id\":\"https:\/\/www.participacionciudadana.org\/web\/#organization\",\"name\":\"Participaci\u00f3n Ciudadana\",\"url\":\"https:\/\/www.participacionciudadana.org\/web\/\",\"logo\":{\"@type\":\"ImageObject\",\"inLanguage\":\"es\",\"@id\":\"https:\/\/www.participacionciudadana.org\/web\/#\/schema\/logo\/image\/\",\"url\":\"https:\/\/www.participacionciudadana.org\/web\/wp-content\/uploads\/2021\/11\/cropped-logo_pc-1.png\",\"contentUrl\":\"https:\/\/www.participacionciudadana.org\/web\/wp-content\/uploads\/2021\/11\/cropped-logo_pc-1.png\",\"width\":340,\"height\":114,\"caption\":\"Participaci\u00f3n Ciudadana\"},\"image\":{\"@id\":\"https:\/\/www.participacionciudadana.org\/web\/#\/schema\/logo\/image\/\"},\"sameAs\":[\"https:\/\/www.facebook.com\/ParticipacionPC\/\",\"https:\/\/x.com\/ParticipacionPC\"]}]}<\/script>\n<!-- \/ Yoast SEO plugin. -->","yoast_head_json":{"title":"Tercer reporte de monitoreo sobre violencia pol\u00edtica contra candidatos\/as en campa\u00f1a electoral, para las elecciones anticipadas 2023, desde el 13 al 30 de julio de 2023 - Participaci\u00f3n Ciudadana","robots":{"index":"index","follow":"follow","max-snippet":"max-snippet:-1","max-image-preview":"max-image-preview:large","max-video-preview":"max-video-preview:-1"},"canonical":"https:\/\/www.participacionciudadana.org\/web\/monitoreos-elecciones-anticipadas-2023\/monitoreo-a-la-violencia-politica\/tercer-reporte-de-monitoreo-sobre-violencia-politica-contra-candidatos-as-en-campana-electoral-para-las-elecciones-anticipadas-2023-desde-el-13-al-30-de-julio-de-2023\/","og_locale":"es_ES","og_type":"article","og_title":"Tercer reporte de monitoreo sobre violencia pol\u00edtica contra candidatos\/as en campa\u00f1a electoral, para las elecciones anticipadas 2023, desde el 13 al 30 de julio de 2023 - Participaci\u00f3n Ciudadana","og_description":"La Corporaci\u00f3n Participaci\u00f3n Ciudadana presenta el siguiente reporte de monitoreo sobre violencia pol\u00edtica contra candidatos\/as en campa\u00f1a electoral, para las elecciones anticipadas 2023, desde el 13 al 30 de julio de 2023. Durante este tiempo, se monitore\u00f3 las publicaciones de 25 candidatos\/as (mujeres 11; hombres 14), entre ellos, candidatos presidenciales, vicepresidenciales y asamble\u00edstas principales. En [&hellip;]","og_url":"https:\/\/www.participacionciudadana.org\/web\/monitoreos-elecciones-anticipadas-2023\/monitoreo-a-la-violencia-politica\/tercer-reporte-de-monitoreo-sobre-violencia-politica-contra-candidatos-as-en-campana-electoral-para-las-elecciones-anticipadas-2023-desde-el-13-al-30-de-julio-de-2023\/","og_site_name":"Participaci\u00f3n Ciudadana","article_publisher":"https:\/\/www.facebook.com\/ParticipacionPC\/","og_image":[{"url":"https:\/\/www.participacionciudadana.org\/web\/wp-content\/uploads\/2023\/08\/1i-1.jpeg","type":"","width":"","height":""}],"twitter_card":"summary_large_image","twitter_site":"@ParticipacionPC","twitter_misc":{"Tiempo de lectura":"1 minuto"},"schema":{"@context":"https:\/\/schema.org","@graph":[{"@type":"WebPage","@id":"https:\/\/www.participacionciudadana.org\/web\/monitoreos-elecciones-anticipadas-2023\/monitoreo-a-la-violencia-politica\/tercer-reporte-de-monitoreo-sobre-violencia-politica-contra-candidatos-as-en-campana-electoral-para-las-elecciones-anticipadas-2023-desde-el-13-al-30-de-julio-de-2023\/","url":"https:\/\/www.participacionciudadana.org\/web\/monitoreos-elecciones-anticipadas-2023\/monitoreo-a-la-violencia-politica\/tercer-reporte-de-monitoreo-sobre-violencia-politica-contra-candidatos-as-en-campana-electoral-para-las-elecciones-anticipadas-2023-desde-el-13-al-30-de-julio-de-2023\/","name":"Tercer reporte de monitoreo sobre violencia pol\u00edtica contra candidatos\/as en campa\u00f1a electoral, para las elecciones anticipadas 2023, desde el 13 al 30 de julio de 2023 - Participaci\u00f3n Ciudadana","isPartOf":{"@id":"https:\/\/www.participacionciudadana.org\/web\/#website"},"primaryImageOfPage":{"@id":"https:\/\/www.participacionciudadana.org\/web\/monitoreos-elecciones-anticipadas-2023\/monitoreo-a-la-violencia-politica\/tercer-reporte-de-monitoreo-sobre-violencia-politica-contra-candidatos-as-en-campana-electoral-para-las-elecciones-anticipadas-2023-desde-el-13-al-30-de-julio-de-2023\/#primaryimage"},"image":{"@id":"https:\/\/www.participacionciudadana.org\/web\/monitoreos-elecciones-anticipadas-2023\/monitoreo-a-la-violencia-politica\/tercer-reporte-de-monitoreo-sobre-violencia-politica-contra-candidatos-as-en-campana-electoral-para-las-elecciones-anticipadas-2023-desde-el-13-al-30-de-julio-de-2023\/#primaryimage"},"thumbnailUrl":"https:\/\/www.participacionciudadana.org\/web\/wp-content\/uploads\/2023\/08\/1i-1.jpeg","datePublished":"2023-08-02T20:58:09+00:00","breadcrumb":{"@id":"https:\/\/www.participacionciudadana.org\/web\/monitoreos-elecciones-anticipadas-2023\/monitoreo-a-la-violencia-politica\/tercer-reporte-de-monitoreo-sobre-violencia-politica-contra-candidatos-as-en-campana-electoral-para-las-elecciones-anticipadas-2023-desde-el-13-al-30-de-julio-de-2023\/#breadcrumb"},"inLanguage":"es","potentialAction":[{"@type":"ReadAction","target":["https:\/\/www.participacionciudadana.org\/web\/monitoreos-elecciones-anticipadas-2023\/monitoreo-a-la-violencia-politica\/tercer-reporte-de-monitoreo-sobre-violencia-politica-contra-candidatos-as-en-campana-electoral-para-las-elecciones-anticipadas-2023-desde-el-13-al-30-de-julio-de-2023\/"]}]},{"@type":"ImageObject","inLanguage":"es","@id":"https:\/\/www.participacionciudadana.org\/web\/monitoreos-elecciones-anticipadas-2023\/monitoreo-a-la-violencia-politica\/tercer-reporte-de-monitoreo-sobre-violencia-politica-contra-candidatos-as-en-campana-electoral-para-las-elecciones-anticipadas-2023-desde-el-13-al-30-de-julio-de-2023\/#primaryimage","url":"https:\/\/www.participacionciudadana.org\/web\/wp-content\/uploads\/2023\/08\/1i-1.jpeg","contentUrl":"https:\/\/www.participacionciudadana.org\/web\/wp-content\/uploads\/2023\/08\/1i-1.jpeg","width":600,"height":600},{"@type":"BreadcrumbList","@id":"https:\/\/www.participacionciudadana.org\/web\/monitoreos-elecciones-anticipadas-2023\/monitoreo-a-la-violencia-politica\/tercer-reporte-de-monitoreo-sobre-violencia-politica-contra-candidatos-as-en-campana-electoral-para-las-elecciones-anticipadas-2023-desde-el-13-al-30-de-julio-de-2023\/#breadcrumb","itemListElement":[{"@type":"ListItem","position":1,"name":"Portada","item":"https:\/\/www.participacionciudadana.org\/web\/"},{"@type":"ListItem","position":2,"name":"Monitoreos elecciones anticipadas 2023","item":"https:\/\/www.participacionciudadana.org\/web\/monitoreos-elecciones-anticipadas-2023\/"},{"@type":"ListItem","position":3,"name":"Monitoreo a la violencia pol\u00edtica","item":"https:\/\/www.participacionciudadana.org\/web\/monitoreos-elecciones-anticipadas-2023\/monitoreo-a-la-violencia-politica\/"},{"@type":"ListItem","position":4,"name":"Tercer reporte de monitoreo sobre violencia pol\u00edtica contra candidatos\/as en campa\u00f1a electoral, para las elecciones anticipadas 2023, desde el 13 al 30 de julio de 2023"}]},{"@type":"WebSite","@id":"https:\/\/www.participacionciudadana.org\/web\/#website","url":"https:\/\/www.participacionciudadana.org\/web\/","name":"Participaci\u00f3n Ciudadana","description":"Comprometidos con la democracia","publisher":{"@id":"https:\/\/www.participacionciudadana.org\/web\/#organization"},"potentialAction":[{"@type":"SearchAction","target":{"@type":"EntryPoint","urlTemplate":"https:\/\/www.participacionciudadana.org\/web\/?s={search_term_string}"},"query-input":{"@type":"PropertyValueSpecification","valueRequired":true,"valueName":"search_term_string"}}],"inLanguage":"es"},{"@type":"Organization","@id":"https:\/\/www.participacionciudadana.org\/web\/#organization","name":"Participaci\u00f3n Ciudadana","url":"https:\/\/www.participacionciudadana.org\/web\/","logo":{"@type":"ImageObject","inLanguage":"es","@id":"https:\/\/www.participacionciudadana.org\/web\/#\/schema\/logo\/image\/","url":"https:\/\/www.participacionciudadana.org\/web\/wp-content\/uploads\/2021\/11\/cropped-logo_pc-1.png","contentUrl":"https:\/\/www.participacionciudadana.org\/web\/wp-content\/uploads\/2021\/11\/cropped-logo_pc-1.png","width":340,"height":114,"caption":"Participaci\u00f3n Ciudadana"},"image":{"@id":"https:\/\/www.participacionciudadana.org\/web\/#\/schema\/logo\/image\/"},"sameAs":["https:\/\/www.facebook.com\/ParticipacionPC\/","https:\/\/x.com\/ParticipacionPC"]}]}},"_links":{"self":[{"href":"https:\/\/www.participacionciudadana.org\/web\/wp-json\/wp\/v2\/pages\/5849","targetHints":{"allow":["GET"]}}],"collection":[{"href":"https:\/\/www.participacionciudadana.org\/web\/wp-json\/wp\/v2\/pages"}],"about":[{"href":"https:\/\/www.participacionciudadana.org\/web\/wp-json\/wp\/v2\/types\/page"}],"author":[{"embeddable":true,"href":"https:\/\/www.participacionciudadana.org\/web\/wp-json\/wp\/v2\/users\/1"}],"replies":[{"embeddable":true,"href":"https:\/\/www.participacionciudadana.org\/web\/wp-json\/wp\/v2\/comments?post=5849"}],"version-history":[{"count":0,"href":"https:\/\/www.participacionciudadana.org\/web\/wp-json\/wp\/v2\/pages\/5849\/revisions"}],"up":[{"embeddable":true,"href":"https:\/\/www.participacionciudadana.org\/web\/wp-json\/wp\/v2\/pages\/5735"}],"wp:attachment":[{"href":"https:\/\/www.participacionciudadana.org\/web\/wp-json\/wp\/v2\/media?parent=5849"}],"curies":[{"name":"wp","href":"https:\/\/api.w.org\/{rel}","templated":true}]}}