{"id":6136,"date":"2023-09-19T10:30:31","date_gmt":"2023-09-19T15:30:31","guid":{"rendered":"https:\/\/www.participacionciudadana.org\/web\/?page_id=6136"},"modified":"2023-09-20T14:38:47","modified_gmt":"2023-09-20T19:38:47","slug":"pensando-en-democracia-12","status":"publish","type":"page","link":"https:\/\/www.participacionciudadana.org\/web\/pensando-en-democracia-12\/","title":{"rendered":"Pensando en democracia 12"},"content":{"rendered":"\t\t<div data-elementor-type=\"wp-page\" data-elementor-id=\"6136\" class=\"elementor elementor-6136\">\n\t\t\t\t\t\t<section class=\"elementor-section elementor-top-section elementor-element elementor-element-2f82047d elementor-section-boxed elementor-section-height-default elementor-section-height-default\" data-id=\"2f82047d\" data-element_type=\"section\" data-settings=\"{&quot;background_background&quot;:&quot;classic&quot;}\">\n\t\t\t\t\t\t\t<div class=\"elementor-background-overlay\"><\/div>\n\t\t\t\t\t\t\t<div class=\"elementor-container elementor-column-gap-default\">\n\t\t\t\t\t<div class=\"elementor-column elementor-col-100 elementor-top-column elementor-element elementor-element-e67df91\" data-id=\"e67df91\" data-element_type=\"column\">\n\t\t\t<div class=\"elementor-widget-wrap elementor-element-populated\">\n\t\t\t\t\t\t<div class=\"elementor-element elementor-element-11cb082 elementor-hidden-desktop elementor-widget elementor-widget-image\" data-id=\"11cb082\" data-element_type=\"widget\" data-widget_type=\"image.default\">\n\t\t\t\t<div class=\"elementor-widget-container\">\n\t\t\t\t\t\t\t\t\t\t\t\t\t\t\t<img fetchpriority=\"high\" decoding=\"async\" width=\"513\" height=\"140\" src=\"https:\/\/www.participacionciudadana.org\/web\/wp-content\/uploads\/2023\/09\/edicion-12-girado.png\" class=\"attachment-large size-large wp-image-6169\" alt=\"\" srcset=\"https:\/\/www.participacionciudadana.org\/web\/wp-content\/uploads\/2023\/09\/edicion-12-girado.png 513w, https:\/\/www.participacionciudadana.org\/web\/wp-content\/uploads\/2023\/09\/edicion-12-girado-300x82.png 300w\" sizes=\"(max-width: 513px) 100vw, 513px\" \/>\t\t\t\t\t\t\t\t\t\t\t\t\t\t\t<\/div>\n\t\t\t\t<\/div>\n\t\t\t\t<section class=\"elementor-section elementor-inner-section elementor-element elementor-element-271be915 elementor-section-boxed elementor-section-height-default elementor-section-height-default\" data-id=\"271be915\" data-element_type=\"section\">\n\t\t\t\t\t\t<div class=\"elementor-container elementor-column-gap-default\">\n\t\t\t\t\t<div class=\"elementor-column elementor-col-33 elementor-inner-column elementor-element elementor-element-45811aea\" data-id=\"45811aea\" data-element_type=\"column\">\n\t\t\t<div class=\"elementor-widget-wrap\">\n\t\t\t\t\t\t\t<\/div>\n\t\t<\/div>\n\t\t\t\t<div class=\"elementor-column elementor-col-33 elementor-inner-column elementor-element elementor-element-3f32643e\" data-id=\"3f32643e\" data-element_type=\"column\">\n\t\t\t<div class=\"elementor-widget-wrap elementor-element-populated\">\n\t\t\t\t\t\t<div class=\"elementor-element elementor-element-52aa7b31 elementor-widget elementor-widget-image\" data-id=\"52aa7b31\" data-element_type=\"widget\" data-widget_type=\"image.default\">\n\t\t\t\t<div class=\"elementor-widget-container\">\n\t\t\t\t\t\t\t\t\t\t\t\t\t\t\t<img decoding=\"async\" src=\"https:\/\/www.participacionciudadana.org\/web\/wp-content\/uploads\/elementor\/thumbs\/PENSANDO1-pgxxlmtb4nakuy0p3su7bz986vozqusp3u4vqdoc8c.png\" title=\"PENSANDO1\" alt=\"PENSANDO1\" loading=\"lazy\" \/>\t\t\t\t\t\t\t\t\t\t\t\t\t\t\t<\/div>\n\t\t\t\t<\/div>\n\t\t\t\t\t<\/div>\n\t\t<\/div>\n\t\t\t\t<div class=\"elementor-column elementor-col-33 elementor-inner-column elementor-element elementor-element-25d7b8b4\" data-id=\"25d7b8b4\" data-element_type=\"column\">\n\t\t\t<div class=\"elementor-widget-wrap elementor-element-populated\">\n\t\t\t\t\t\t<div class=\"elementor-element elementor-element-3cc61253 elementor-widget elementor-widget-html\" data-id=\"3cc61253\" data-element_type=\"widget\" data-widget_type=\"html.default\">\n\t\t\t\t<div class=\"elementor-widget-container\">\n\t\t\t\t\t<style>\n    .texto-pensando-democracia{\n        font-size:9pt;\n    }\n<\/style>\t\t\t\t<\/div>\n\t\t\t\t<\/div>\n\t\t\t\t<div class=\"elementor-element elementor-element-7c8d2265 texto-pensando-democracia elementor-widget__width-initial elementor-widget elementor-widget-text-editor\" data-id=\"7c8d2265\" data-element_type=\"widget\" data-widget_type=\"text-editor.default\">\n\t\t\t\t<div class=\"elementor-widget-container\">\n\t\t\t\t\t\t\t\t\t<p><strong>Pensando en Democracia #12<\/strong><\/p>\n<p>La Corporaci\u00f3n Participaci\u00f3n Ciudadana presenta la d\u00e9cima segunda edici\u00f3n de la revista virtual \u201cPensando en Democracia\u201d, una iniciativa de an\u00e1lisis de la coyuntura nacional, en la que profundizamos sobre varios temas de inter\u00e9s, que aporten a la construcci\u00f3n de pol\u00edticas p\u00fablicas que mejoren la calidad de vida de los ecuatorianos.<\/p>\n<p>En esta edici\u00f3n, abordamos como tema central, las elecciones anticipadas, realizadas el pasado 20 de agosto. As\u00ed, el reconocido periodista y analista pol\u00edtico, Lolo Echeverr\u00eda, hace un an\u00e1lisis sobre la situaci\u00f3n de la institucionalidad del pa\u00eds y las elecciones; el periodista Jorge Imbaquingo nos habla de los entretelones de los estrategas de los candidatos; presentamos un an\u00e1lisis jur\u00eddico de Participaci\u00f3n Ciudadana sobre la decisi\u00f3n del CNE de repetir las elecciones en el exterior, tras el fracaso del voto telem\u00e1tico y, finalmente una reflexi\u00f3n de la directora de PC, Ruth Hildalgo, sobre el D\u00eda de la Democracia, que debe ser una construcci\u00f3n y responsabilidad de todos. Pensando en Democracia es una publicaci\u00f3n bimensual.<\/p>\n<p><strong>Participaci\u00f3n Ciudadana<\/strong><\/p>\t\t\t\t\t\t\t\t<\/div>\n\t\t\t\t<\/div>\n\t\t\t\t\t<\/div>\n\t\t<\/div>\n\t\t\t\t\t<\/div>\n\t\t<\/section>\n\t\t\t\t<section class=\"elementor-section elementor-inner-section elementor-element elementor-element-35d49a09 elementor-section-boxed elementor-section-height-default elementor-section-height-default\" data-id=\"35d49a09\" data-element_type=\"section\">\n\t\t\t\t\t\t<div class=\"elementor-container elementor-column-gap-default\">\n\t\t\t\t\t<div class=\"elementor-column elementor-col-33 elementor-inner-column elementor-element elementor-element-79c7d5d0\" data-id=\"79c7d5d0\" data-element_type=\"column\">\n\t\t\t<div class=\"elementor-widget-wrap\">\n\t\t\t\t\t\t\t<\/div>\n\t\t<\/div>\n\t\t\t\t<div class=\"elementor-column elementor-col-33 elementor-inner-column elementor-element elementor-element-7cf68c3f\" data-id=\"7cf68c3f\" data-element_type=\"column\">\n\t\t\t<div class=\"elementor-widget-wrap elementor-element-populated\">\n\t\t\t\t\t\t<div class=\"elementor-element elementor-element-4af8a3f elementor-widget-divider--view-line elementor-widget elementor-widget-divider\" data-id=\"4af8a3f\" data-element_type=\"widget\" data-widget_type=\"divider.default\">\n\t\t\t\t<div class=\"elementor-widget-container\">\n\t\t\t\t\t\t\t<div class=\"elementor-divider\">\n\t\t\t<span class=\"elementor-divider-separator\">\n\t\t\t\t\t\t<\/span>\n\t\t<\/div>\n\t\t\t\t\t\t<\/div>\n\t\t\t\t<\/div>\n\t\t\t\t\t<\/div>\n\t\t<\/div>\n\t\t\t\t<div class=\"elementor-column elementor-col-33 elementor-inner-column elementor-element elementor-element-15f06ae3\" data-id=\"15f06ae3\" data-element_type=\"column\">\n\t\t\t<div class=\"elementor-widget-wrap elementor-element-populated\">\n\t\t\t\t\t\t<div class=\"elementor-element elementor-element-697a9873 elementor-widget-divider--view-line elementor-widget elementor-widget-divider\" data-id=\"697a9873\" data-element_type=\"widget\" data-widget_type=\"divider.default\">\n\t\t\t\t<div class=\"elementor-widget-container\">\n\t\t\t\t\t\t\t<div class=\"elementor-divider\">\n\t\t\t<span class=\"elementor-divider-separator\">\n\t\t\t\t\t\t<\/span>\n\t\t<\/div>\n\t\t\t\t\t\t<\/div>\n\t\t\t\t<\/div>\n\t\t\t\t\t<\/div>\n\t\t<\/div>\n\t\t\t\t\t<\/div>\n\t\t<\/section>\n\t\t\t\t<section class=\"elementor-section elementor-inner-section elementor-element elementor-element-192463b6 elementor-section-boxed elementor-section-height-default elementor-section-height-default\" data-id=\"192463b6\" data-element_type=\"section\">\n\t\t\t\t\t\t<div class=\"elementor-container elementor-column-gap-default\">\n\t\t\t\t\t<div class=\"elementor-column elementor-col-33 elementor-inner-column elementor-element elementor-element-770d6e60\" data-id=\"770d6e60\" data-element_type=\"column\">\n\t\t\t<div class=\"elementor-widget-wrap elementor-element-populated\">\n\t\t\t\t\t\t<div class=\"elementor-element elementor-element-5133c461 elementor-hidden-tablet elementor-hidden-mobile elementor-widget elementor-widget-image\" data-id=\"5133c461\" data-element_type=\"widget\" data-widget_type=\"image.default\">\n\t\t\t\t<div class=\"elementor-widget-container\">\n\t\t\t\t\t\t\t\t\t\t\t\t\t\t\t<img decoding=\"async\" width=\"140\" height=\"513\" src=\"https:\/\/www.participacionciudadana.org\/web\/wp-content\/uploads\/2023\/09\/edicion-12.png\" class=\"attachment-large size-large wp-image-6139\" alt=\"\" srcset=\"https:\/\/www.participacionciudadana.org\/web\/wp-content\/uploads\/2023\/09\/edicion-12.png 140w, https:\/\/www.participacionciudadana.org\/web\/wp-content\/uploads\/2023\/09\/edicion-12-82x300.png 82w\" sizes=\"(max-width: 140px) 100vw, 140px\" \/>\t\t\t\t\t\t\t\t\t\t\t\t\t\t\t<\/div>\n\t\t\t\t<\/div>\n\t\t\t\t\t<\/div>\n\t\t<\/div>\n\t\t\t\t<div class=\"elementor-column elementor-col-33 elementor-inner-column elementor-element elementor-element-3eabfffc\" data-id=\"3eabfffc\" data-element_type=\"column\" data-settings=\"{&quot;background_background&quot;:&quot;classic&quot;}\">\n\t\t\t<div class=\"elementor-widget-wrap elementor-element-populated\">\n\t\t\t\t\t<div class=\"elementor-background-overlay\"><\/div>\n\t\t\t\t\t\t<div class=\"elementor-element elementor-element-3cae26cb elementor-widget elementor-widget-heading\" data-id=\"3cae26cb\" data-element_type=\"widget\" data-widget_type=\"heading.default\">\n\t\t\t\t<div class=\"elementor-widget-container\">\n\t\t\t\t\t<h5 class=\"elementor-heading-title elementor-size-default\">\nDemocracia y caos<\/h5>\t\t\t\t<\/div>\n\t\t\t\t<\/div>\n\t\t\t\t<div class=\"elementor-element elementor-element-7b4427ab texto-pensando-democracia elementor-hidden-tablet elementor-hidden-mobile elementor-widget elementor-widget-text-editor\" data-id=\"7b4427ab\" data-element_type=\"widget\" data-widget_type=\"text-editor.default\">\n\t\t\t\t<div class=\"elementor-widget-container\">\n\t\t\t\t\t\t\t\t\t<p><strong><img decoding=\"async\" class=\"wp-image-6146 alignleft\" src=\"https:\/\/www.participacionciudadana.org\/web\/wp-content\/uploads\/2023\/09\/FOTO-DEMOCRACIA-Y-CAOS-300x263.jpeg\" alt=\"\" width=\"178\" height=\"156\" srcset=\"https:\/\/www.participacionciudadana.org\/web\/wp-content\/uploads\/2023\/09\/FOTO-DEMOCRACIA-Y-CAOS-300x263.jpeg 300w, https:\/\/www.participacionciudadana.org\/web\/wp-content\/uploads\/2023\/09\/FOTO-DEMOCRACIA-Y-CAOS.jpeg 627w\" sizes=\"(max-width: 178px) 100vw, 178px\" \/>La democracia pasa por momentos de confusi\u00f3n y debilidad institucionalidad, alimentada por malas decisiones de las autoridades del Estado. De este modo, Lolo Echeverr\u00eda enmarca su an\u00e1lisis pol\u00edtico. El Gobierno, el CNE, el Consejo de la Judicatura, la Corte, el CPCCS, todos con sus decisiones contribuyen a consolidar la sensaci\u00f3n de que no hay liderazgo y que vivimos en el caos. Las elecciones son una expresi\u00f3n de eso. Los candidatos a la vicepresidencia ponen en aprietos a los presidenciales con sus pol\u00e9micas declaraciones. Los estrategas de los candidatos presidenciales aconsejar\u00e1n en la segunda vuelta, que presenten planes generales para evitar caer en el riesgo de decir algo que los electores no quieran escuchar, mientras los vicepresidenciales \u201cmeten la pata\u201d. La \u00fanica oferta v\u00e1lida ser\u00eda recuperar y practicar la democracia, asumir que la pol\u00edtica tiene responsabilidades y tiene l\u00edmites. <a href=\"https:\/\/www.participacionciudadana.org\/web\/wp-content\/uploads\/2023\/09\/A1-Democracia-y-caos-pdf.pdf\">Leer m\u00e1s<\/a><br \/><\/strong><\/p>\t\t\t\t\t\t\t\t<\/div>\n\t\t\t\t<\/div>\n\t\t\t\t<div class=\"elementor-element elementor-element-615176a1 texto-pensando-democracia elementor-hidden-desktop elementor-widget elementor-widget-text-editor\" data-id=\"615176a1\" data-element_type=\"widget\" data-widget_type=\"text-editor.default\">\n\t\t\t\t<div class=\"elementor-widget-container\">\n\t\t\t\t\t\t\t\t\t<p><strong><img loading=\"lazy\" decoding=\"async\" class=\"wp-image-6146 aligncenter\" src=\"https:\/\/www.participacionciudadana.org\/web\/wp-content\/uploads\/2023\/09\/FOTO-DEMOCRACIA-Y-CAOS-300x263.jpeg\" alt=\"\" width=\"191\" height=\"167\" srcset=\"https:\/\/www.participacionciudadana.org\/web\/wp-content\/uploads\/2023\/09\/FOTO-DEMOCRACIA-Y-CAOS-300x263.jpeg 300w, https:\/\/www.participacionciudadana.org\/web\/wp-content\/uploads\/2023\/09\/FOTO-DEMOCRACIA-Y-CAOS.jpeg 627w\" sizes=\"(max-width: 191px) 100vw, 191px\" \/><\/strong><strong>La democracia pasa por momentos de confusi\u00f3n y debilidad institucionalidad, alimentada por malas decisiones de las autoridades del Estado. De este modo, Lolo Echeverr\u00eda enmarca su an\u00e1lisis pol\u00edtico. El Gobierno, el CNE, el Consejo de la Judicatura, la Corte, el CPCCS, todos con sus decisiones contribuyen a consolidar la sensaci\u00f3n de que no hay liderazgo y que vivimos en el caos. Las elecciones son una expresi\u00f3n de eso. Los candidatos a la vicepresidencia ponen en aprietos a los presidenciales con sus pol\u00e9micas declaraciones. Los estrategas de los candidatos presidenciales aconsejar\u00e1n en la segunda vuelta, que presenten planes generales para evitar caer en el riesgo de decir algo que los electores no quieran escuchar, mientras los vicepresidenciales \u201cmeten la pata\u201d. La \u00fanica oferta v\u00e1lida ser\u00eda recuperar y practicar la democracia, asumir que la pol\u00edtica tiene responsabilidades y tiene l\u00edmites. <a href=\"https:\/\/www.participacionciudadana.org\/web\/wp-content\/uploads\/2023\/09\/A1-Democracia-y-caos-pdf.pdf\">Leer m\u00e1s<\/a><\/strong><\/p>\t\t\t\t\t\t\t\t<\/div>\n\t\t\t\t<\/div>\n\t\t\t\t\t<\/div>\n\t\t<\/div>\n\t\t\t\t<div class=\"elementor-column elementor-col-33 elementor-inner-column elementor-element elementor-element-4d765447\" data-id=\"4d765447\" data-element_type=\"column\" data-settings=\"{&quot;background_background&quot;:&quot;classic&quot;}\">\n\t\t\t<div class=\"elementor-widget-wrap elementor-element-populated\">\n\t\t\t\t\t<div class=\"elementor-background-overlay\"><\/div>\n\t\t\t\t\t\t<div class=\"elementor-element elementor-element-629550c7 elementor-widget elementor-widget-heading\" data-id=\"629550c7\" data-element_type=\"widget\" data-widget_type=\"heading.default\">\n\t\t\t\t<div class=\"elementor-widget-container\">\n\t\t\t\t\t<h5 class=\"elementor-heading-title elementor-size-default\">\u00bfY la \u00e9tica en la comunicaci\u00f3n pol\u00edtica electoral?<\/h5>\t\t\t\t<\/div>\n\t\t\t\t<\/div>\n\t\t\t\t<div class=\"elementor-element elementor-element-66d9f0cc texto-pensando-democracia elementor-hidden-tablet elementor-hidden-mobile elementor-widget elementor-widget-text-editor\" data-id=\"66d9f0cc\" data-element_type=\"widget\" data-widget_type=\"text-editor.default\">\n\t\t\t\t<div class=\"elementor-widget-container\">\n\t\t\t\t\t\t\t\t\t<p><strong><img loading=\"lazy\" decoding=\"async\" class=\"wp-image-6147 alignleft\" src=\"https:\/\/www.participacionciudadana.org\/web\/wp-content\/uploads\/2023\/09\/etica-en-la-comunicacion-politica-300x300.jpeg\" alt=\"\" width=\"128\" height=\"128\" srcset=\"https:\/\/www.participacionciudadana.org\/web\/wp-content\/uploads\/2023\/09\/etica-en-la-comunicacion-politica-300x300.jpeg 300w, https:\/\/www.participacionciudadana.org\/web\/wp-content\/uploads\/2023\/09\/etica-en-la-comunicacion-politica-150x150.jpeg 150w, https:\/\/www.participacionciudadana.org\/web\/wp-content\/uploads\/2023\/09\/etica-en-la-comunicacion-politica-600x600.jpeg 600w, https:\/\/www.participacionciudadana.org\/web\/wp-content\/uploads\/2023\/09\/etica-en-la-comunicacion-politica.jpeg 608w\" sizes=\"(max-width: 128px) 100vw, 128px\" \/>El periodista Jorge Imbaquingo hace una reflexi\u00f3n sobre los entretelones de una campa\u00f1a, desde la mirada de los estrategas pol\u00edticos de los candidatos, quienes tienen el complejo trabajo de llegar a un acuerdo con los candidatos para establecer la figura que van a proyectar en campa\u00f1a, lo que llaman crear \u201cel arquetipo\u201d. Pero, a medida que toma fuerza la candidatura, los asesores lo preparan para que tome uno o varios arquetipos, entre ellos el \u201ccuidador\u201d, que se esfuerza por defender a su pueblo y sus causas, viene a ser una especie de h\u00e9roe. Pero el problema es que cada candidato puede visualizarse as\u00ed y caer presa del ego. El trabajo de los estrategas es afinar el arquetipo de su candidato con interminables horas de entrenamiento, que no siempre terminan bien. Caer en el egocentrismo siempre es una probabilidad y, en caso de que gane, el candidato se atribuye el \u00e9xito, pero si es una derrota, la culpa ser\u00e1 del asesor.<\/strong><br \/><a href=\"https:\/\/www.participacionciudadana.org\/web\/wp-content\/uploads\/2023\/09\/A2-Y-la-etica-en-la-comunicacion-politica-electoral-pdf.pdf\"><strong>Leer m\u00e1s<\/strong><\/a><\/p>\t\t\t\t\t\t\t\t<\/div>\n\t\t\t\t<\/div>\n\t\t\t\t<div class=\"elementor-element elementor-element-531c8340 texto-pensando-democracia elementor-hidden-desktop elementor-widget elementor-widget-text-editor\" data-id=\"531c8340\" data-element_type=\"widget\" data-widget_type=\"text-editor.default\">\n\t\t\t\t<div class=\"elementor-widget-container\">\n\t\t\t\t\t\t\t\t\t<p><strong><img loading=\"lazy\" decoding=\"async\" class=\"wp-image-6147 aligncenter\" src=\"https:\/\/www.participacionciudadana.org\/web\/wp-content\/uploads\/2023\/09\/etica-en-la-comunicacion-politica-300x300.jpeg\" alt=\"\" width=\"140\" height=\"140\" srcset=\"https:\/\/www.participacionciudadana.org\/web\/wp-content\/uploads\/2023\/09\/etica-en-la-comunicacion-politica-300x300.jpeg 300w, https:\/\/www.participacionciudadana.org\/web\/wp-content\/uploads\/2023\/09\/etica-en-la-comunicacion-politica-150x150.jpeg 150w, https:\/\/www.participacionciudadana.org\/web\/wp-content\/uploads\/2023\/09\/etica-en-la-comunicacion-politica-600x600.jpeg 600w, https:\/\/www.participacionciudadana.org\/web\/wp-content\/uploads\/2023\/09\/etica-en-la-comunicacion-politica.jpeg 608w\" sizes=\"(max-width: 140px) 100vw, 140px\" \/>El periodista Jorge Imbaquingo hace una reflexi\u00f3n sobre los entretelones de una campa\u00f1a, desde la mirada de los estrategas pol\u00edticos de los candidatos, quienes tienen el complejo trabajo de llegar a un acuerdo con los candidatos para establecer la figura que van a proyectar en campa\u00f1a, lo que llaman crear \u201cel arquetipo\u201d. Pero, a medida que toma fuerza la candidatura, los asesores lo preparan para que tome uno o varios arquetipos, entre ellos el \u201ccuidador\u201d, que se esfuerza por defender a su pueblo y sus causas, viene a ser una especie de h\u00e9roe. Pero el problema es que cada candidato puede visualizarse as\u00ed y caer presa del ego. El trabajo de los estrategas es afinar el arquetipo de su candidato con interminables horas de entrenamiento, que no siempre terminan bien. Caer en el egocentrismo siempre es una probabilidad y, en caso de que gane, el candidato se atribuye el \u00e9xito, pero si es una derrota, la culpa ser\u00e1 del asesor.<\/strong><a href=\"https:\/\/www.participacionciudadana.org\/web\/wp-content\/uploads\/2023\/09\/A2-Y-la-etica-en-la-comunicacion-politica-electoral-pdf.pdf\"><strong> Leer m\u00e1s<\/strong><\/a><\/p>\t\t\t\t\t\t\t\t<\/div>\n\t\t\t\t<\/div>\n\t\t\t\t\t<\/div>\n\t\t<\/div>\n\t\t\t\t\t<\/div>\n\t\t<\/section>\n\t\t\t\t<section class=\"elementor-section elementor-inner-section elementor-element elementor-element-1654d9e3 elementor-section-boxed elementor-section-height-default elementor-section-height-default\" data-id=\"1654d9e3\" data-element_type=\"section\">\n\t\t\t\t\t\t<div class=\"elementor-container elementor-column-gap-default\">\n\t\t\t\t\t<div class=\"elementor-column elementor-col-33 elementor-inner-column elementor-element elementor-element-45eedd3f\" data-id=\"45eedd3f\" data-element_type=\"column\">\n\t\t\t<div class=\"elementor-widget-wrap\">\n\t\t\t\t\t\t\t<\/div>\n\t\t<\/div>\n\t\t\t\t<div class=\"elementor-column elementor-col-33 elementor-inner-column elementor-element elementor-element-6410d90c\" data-id=\"6410d90c\" data-element_type=\"column\">\n\t\t\t<div class=\"elementor-widget-wrap elementor-element-populated\">\n\t\t\t\t\t\t<div class=\"elementor-element elementor-element-2f3f305e texto-pensando-democracia elementor-widget elementor-widget-text-editor\" data-id=\"2f3f305e\" data-element_type=\"widget\" data-widget_type=\"text-editor.default\">\n\t\t\t\t<div class=\"elementor-widget-container\">\n\t\t\t\t\t\t\t\t\t<p>NOTA: Los contenidos de esta publicaci\u00f3n son de responsabilidad de los autores y no reflejan necesariamente los puntos de vista o posiciones de la USAID o el gobierno de los EEUU.<\/p>\t\t\t\t\t\t\t\t<\/div>\n\t\t\t\t<\/div>\n\t\t\t\t\t<\/div>\n\t\t<\/div>\n\t\t\t\t<div class=\"elementor-column elementor-col-33 elementor-inner-column elementor-element elementor-element-1085c512\" data-id=\"1085c512\" data-element_type=\"column\">\n\t\t\t<div class=\"elementor-widget-wrap elementor-element-populated\">\n\t\t\t\t\t\t<div class=\"elementor-element elementor-element-40f15fcf texto-pensando-democracia elementor-widget elementor-widget-text-editor\" data-id=\"40f15fcf\" data-element_type=\"widget\" data-widget_type=\"text-editor.default\">\n\t\t\t\t<div class=\"elementor-widget-container\">\n\t\t\t\t\t\t\t\t\t<p>NOTA: Los contenidos de esta publicaci\u00f3n son de responsabilidad de los autores y no reflejan necesariamente los puntos de vista o posiciones de la USAID o el gobierno de los EEUU.<\/p>\t\t\t\t\t\t\t\t<\/div>\n\t\t\t\t<\/div>\n\t\t\t\t\t<\/div>\n\t\t<\/div>\n\t\t\t\t\t<\/div>\n\t\t<\/section>\n\t\t\t\t<section class=\"elementor-section elementor-inner-section elementor-element elementor-element-1ec2c479 elementor-section-boxed elementor-section-height-default elementor-section-height-default\" data-id=\"1ec2c479\" data-element_type=\"section\" data-settings=\"{&quot;background_background&quot;:&quot;classic&quot;}\">\n\t\t\t\t\t\t<div class=\"elementor-container elementor-column-gap-default\">\n\t\t\t\t\t<div class=\"elementor-column elementor-col-25 elementor-inner-column elementor-element elementor-element-3268f6af\" data-id=\"3268f6af\" data-element_type=\"column\" data-settings=\"{&quot;background_background&quot;:&quot;classic&quot;}\">\n\t\t\t<div class=\"elementor-widget-wrap elementor-element-populated\">\n\t\t\t\t\t\t<div class=\"elementor-element elementor-element-63a9e8c9 texto-pensando-democracia elementor-widget elementor-widget-text-editor\" data-id=\"63a9e8c9\" data-element_type=\"widget\" data-widget_type=\"text-editor.default\">\n\t\t\t\t<div class=\"elementor-widget-container\">\n\t\t\t\t\t\t\t\t\t<p style=\"text-align: center;\"><strong>ECONOM\u00cdA<br \/>El Ni\u00f1o, escasez de alimentos<\/strong><\/p><p>Ecuador se encuentra sin reservas de alimentos, como: arroz, soya y ma\u00edz. Por ejemplo, las existencias de arroz bajo custodia de la Unidad Nacional de Almacenamiento desaparecieron durante su proceso de liquidaci\u00f3n. Esto plantea preocupaciones sobre la capacidad del pa\u00eds para enfrentar el Fen\u00f3meno de El Ni\u00f1o, que se espera que cause fuertes lluvias y posibles inundaciones. Ecuador tomar\u00e1 medidas para importar 30,000 toneladas de arroz de Colombia, para estabilizar los precios y atender la creciente demanda. Adem\u00e1s, el Gobierno planea enviar tres decretos ley a la Corte Constitucional para mitigar los efectos de El Ni\u00f1o.<\/p>\t\t\t\t\t\t\t\t<\/div>\n\t\t\t\t<\/div>\n\t\t\t\t\t<\/div>\n\t\t<\/div>\n\t\t\t\t<div class=\"elementor-column elementor-col-25 elementor-inner-column elementor-element elementor-element-12c7f805\" data-id=\"12c7f805\" data-element_type=\"column\" data-settings=\"{&quot;background_background&quot;:&quot;classic&quot;}\">\n\t\t\t<div class=\"elementor-widget-wrap elementor-element-populated\">\n\t\t\t\t\t\t<div class=\"elementor-element elementor-element-b6e4a38 texto-pensando-democracia elementor-widget elementor-widget-text-editor\" data-id=\"b6e4a38\" data-element_type=\"widget\" data-widget_type=\"text-editor.default\">\n\t\t\t\t<div class=\"elementor-widget-container\">\n\t\t\t\t\t\t\t\t\t<p style=\"text-align: center;\"><strong>DEMOCRACIA<br \/><\/strong><strong>Asesinan a Fernando Villavicencio<\/strong><\/p><p>El asesinato de Fernando Villavicencio, candidato presidencial del Movimiento Construye, periodista e investigador y exasamble\u00edsta, ha conmocionado a Ecuador, en donde la violencia y la corrupci\u00f3n est\u00e1n en aumento. El asesinato ocurri\u00f3 el 9 de agosto, cuando el entonces candidato sal\u00eda de un mitin. Su muerte se suma a una serie de asesinatos pol\u00edticos recientes y a una creciente influencia de bandas de narcotraficantes en la pol\u00edtica. La investigaci\u00f3n est\u00e1 en marcha, con la colaboraci\u00f3n del FBI. La inseguridad plantea preocupaciones para las elecciones, en medio de una profunda crisis de seguridad, con un aumento de las muertes violentas y cr\u00edticas a la respuesta gubernamental.<\/p>\t\t\t\t\t\t\t\t<\/div>\n\t\t\t\t<\/div>\n\t\t\t\t\t<\/div>\n\t\t<\/div>\n\t\t\t\t<div class=\"elementor-column elementor-col-25 elementor-inner-column elementor-element elementor-element-562a907a\" data-id=\"562a907a\" data-element_type=\"column\" data-settings=\"{&quot;background_background&quot;:&quot;classic&quot;}\">\n\t\t\t<div class=\"elementor-widget-wrap elementor-element-populated\">\n\t\t\t\t\t\t<div class=\"elementor-element elementor-element-51f68df4 texto-pensando-democracia elementor-widget elementor-widget-text-editor\" data-id=\"51f68df4\" data-element_type=\"widget\" data-widget_type=\"text-editor.default\">\n\t\t\t\t<div class=\"elementor-widget-container\">\n\t\t\t\t\t\t\t\t\t<p style=\"text-align: center;\"><strong>ELECCIONES<\/strong><\/p><p style=\"text-align: center;\"><strong>CNE repetir\u00e1 comicios en el exterior<\/strong><\/p><p>El Consejo Nacional Electoral (CNE) reform\u00f3 su reglamento para las elecciones presidenciales y legislativas extraordinarias, eliminando el voto telem\u00e1tico para migrantes en la elecci\u00f3n de asamble\u00edstas. Esto, tras el fracaso del proceso en el exterior, realizado en primera vuelta, el pasado 20 de agosto. Por esta raz\u00f3n, se dispuso la repetici\u00f3n de las elecciones para asamble\u00edstas nacionales y \u00fanicamente por el exterior. Los ecuatorianos en el exterior podr\u00e1n ejercer su derecho al voto, de manera presencial, en el balotaje previsto para el 15 de octubre. Hasta entonces, no se podr\u00e1 posesionar la nueva Asamblea Nacional.<\/p>\t\t\t\t\t\t\t\t<\/div>\n\t\t\t\t<\/div>\n\t\t\t\t\t<\/div>\n\t\t<\/div>\n\t\t\t\t<div class=\"elementor-column elementor-col-25 elementor-inner-column elementor-element elementor-element-7143d9ca\" data-id=\"7143d9ca\" data-element_type=\"column\" data-settings=\"{&quot;background_background&quot;:&quot;classic&quot;}\">\n\t\t\t<div class=\"elementor-widget-wrap elementor-element-populated\">\n\t\t\t\t\t\t<div class=\"elementor-element elementor-element-5f983f99 texto-pensando-democracia elementor-widget elementor-widget-text-editor\" data-id=\"5f983f99\" data-element_type=\"widget\" data-widget_type=\"text-editor.default\">\n\t\t\t\t<div class=\"elementor-widget-container\">\n\t\t\t\t\t\t\t\t\t<p style=\"text-align: center;\"><strong>ELECCIONES<br \/><\/strong><strong>CNE proclama resultados<\/strong><\/p><p>El CNE aprob\u00f3 los resultados oficiales de las elecciones para el binomio presidencial, a pesar de la nulidad de las votaciones en el extranjero, debido a problemas con el voto telem\u00e1tico. Los resultados confirmaron que Luisa Gonz\u00e1lez (RC) y Daniel Noboa (ADN) avanzan a la segunda vuelta que se realizar\u00e1 el 15 de octubre. Adem\u00e1s, los ecuatorianos votaron a favor de detener la extracci\u00f3n petrolera en el Parque Nacional Yasun\u00ed y la exploraci\u00f3n minera en el Choc\u00f3 Andino, dos \u00e1reas de gran biodiversidad. Esto representa un desaf\u00edo econ\u00f3mico para el pa\u00eds, pero un paso importante en la conservaci\u00f3n ambiental.<\/p>\t\t\t\t\t\t\t\t<\/div>\n\t\t\t\t<\/div>\n\t\t\t\t\t<\/div>\n\t\t<\/div>\n\t\t\t\t\t<\/div>\n\t\t<\/section>\n\t\t\t\t<section class=\"elementor-section elementor-inner-section elementor-element elementor-element-47c20765 elementor-section-boxed elementor-section-height-default elementor-section-height-default\" data-id=\"47c20765\" data-element_type=\"section\" data-settings=\"{&quot;background_background&quot;:&quot;classic&quot;}\">\n\t\t\t\t\t\t<div class=\"elementor-container elementor-column-gap-default\">\n\t\t\t\t\t<div class=\"elementor-column elementor-col-16 elementor-inner-column elementor-element elementor-element-2e05b5a6\" data-id=\"2e05b5a6\" data-element_type=\"column\">\n\t\t\t<div class=\"elementor-widget-wrap\">\n\t\t\t\t\t\t\t<\/div>\n\t\t<\/div>\n\t\t\t\t<div class=\"elementor-column elementor-col-16 elementor-inner-column elementor-element elementor-element-661c7d8f\" data-id=\"661c7d8f\" data-element_type=\"column\">\n\t\t\t<div class=\"elementor-widget-wrap elementor-element-populated\">\n\t\t\t\t\t\t<div class=\"elementor-element elementor-element-b4171a6 elementor-widget elementor-widget-image\" data-id=\"b4171a6\" data-element_type=\"widget\" data-widget_type=\"image.default\">\n\t\t\t\t<div class=\"elementor-widget-container\">\n\t\t\t\t\t\t\t\t\t\t\t\t\t\t\t<img loading=\"lazy\" decoding=\"async\" width=\"385\" height=\"115\" src=\"https:\/\/www.participacionciudadana.org\/web\/wp-content\/uploads\/2023\/04\/logo-usaid.jpg\" class=\"attachment-large size-large wp-image-4997\" alt=\"\" srcset=\"https:\/\/www.participacionciudadana.org\/web\/wp-content\/uploads\/2023\/04\/logo-usaid.jpg 385w, https:\/\/www.participacionciudadana.org\/web\/wp-content\/uploads\/2023\/04\/logo-usaid-300x90.jpg 300w\" sizes=\"(max-width: 385px) 100vw, 385px\" \/>\t\t\t\t\t\t\t\t\t\t\t\t\t\t\t<\/div>\n\t\t\t\t<\/div>\n\t\t\t\t\t<\/div>\n\t\t<\/div>\n\t\t\t\t<div class=\"elementor-column elementor-col-16 elementor-inner-column elementor-element elementor-element-1334faf\" data-id=\"1334faf\" data-element_type=\"column\">\n\t\t\t<div class=\"elementor-widget-wrap elementor-element-populated\">\n\t\t\t\t\t\t<div class=\"elementor-element elementor-element-53d94311 elementor-widget elementor-widget-image\" data-id=\"53d94311\" data-element_type=\"widget\" data-widget_type=\"image.default\">\n\t\t\t\t<div class=\"elementor-widget-container\">\n\t\t\t\t\t\t\t\t\t\t\t\t\t\t\t<img decoding=\"async\" src=\"https:\/\/www.participacionciudadana.org\/web\/wp-content\/uploads\/elementor\/thumbs\/logo-george-washington-q4ypsa7ruwyfzoz9ze8h045q2sk0yar333c8j04oao.jpg\" title=\"logo-george-washington\" alt=\"logo-george-washington\" loading=\"lazy\" \/>\t\t\t\t\t\t\t\t\t\t\t\t\t\t\t<\/div>\n\t\t\t\t<\/div>\n\t\t\t\t\t<\/div>\n\t\t<\/div>\n\t\t\t\t<div class=\"elementor-column elementor-col-16 elementor-inner-column elementor-element elementor-element-424b9b89\" data-id=\"424b9b89\" data-element_type=\"column\">\n\t\t\t<div class=\"elementor-widget-wrap elementor-element-populated\">\n\t\t\t\t\t\t<div class=\"elementor-element elementor-element-683ece50 elementor-widget elementor-widget-image\" data-id=\"683ece50\" data-element_type=\"widget\" data-widget_type=\"image.default\">\n\t\t\t\t<div class=\"elementor-widget-container\">\n\t\t\t\t\t\t\t\t\t\t\t\t\t\t\t<img decoding=\"async\" src=\"https:\/\/www.participacionciudadana.org\/web\/wp-content\/uploads\/elementor\/thumbs\/cropped-logo_pc-1-pfmj8w31v3jeeq4k1e2rtzi4ijqmoyr02rldfl5se8.png\" title=\"cropped-logo_pc-1.png\" alt=\"cropped-logo_pc-1.png\" loading=\"lazy\" \/>\t\t\t\t\t\t\t\t\t\t\t\t\t\t\t<\/div>\n\t\t\t\t<\/div>\n\t\t\t\t\t<\/div>\n\t\t<\/div>\n\t\t\t\t<div class=\"elementor-column elementor-col-16 elementor-inner-column elementor-element elementor-element-2a2a18b3\" data-id=\"2a2a18b3\" data-element_type=\"column\" data-settings=\"{&quot;background_background&quot;:&quot;classic&quot;}\">\n\t\t\t<div class=\"elementor-widget-wrap elementor-element-populated\">\n\t\t\t\t\t\t<div class=\"elementor-element elementor-element-132255da elementor-widget elementor-widget-text-editor\" data-id=\"132255da\" data-element_type=\"widget\" data-widget_type=\"text-editor.default\">\n\t\t\t\t<div class=\"elementor-widget-container\">\n\t\t\t\t\t\t\t\t\t<h3><span style=\"color: #ffffff;\">1<\/span><\/h3>\t\t\t\t\t\t\t\t<\/div>\n\t\t\t\t<\/div>\n\t\t\t\t\t<\/div>\n\t\t<\/div>\n\t\t\t\t<div class=\"elementor-column elementor-col-16 elementor-inner-column elementor-element elementor-element-22b007b1\" data-id=\"22b007b1\" data-element_type=\"column\">\n\t\t\t<div class=\"elementor-widget-wrap\">\n\t\t\t\t\t\t\t<\/div>\n\t\t<\/div>\n\t\t\t\t\t<\/div>\n\t\t<\/section>\n\t\t\t\t\t<\/div>\n\t\t<\/div>\n\t\t\t\t\t<\/div>\n\t\t<\/section>\n\t\t\t\t<section class=\"elementor-section elementor-top-section elementor-element elementor-element-6a413f6d elementor-section-boxed elementor-section-height-default elementor-section-height-default\" data-id=\"6a413f6d\" data-element_type=\"section\" data-settings=\"{&quot;background_background&quot;:&quot;classic&quot;}\">\n\t\t\t\t\t\t\t<div class=\"elementor-background-overlay\"><\/div>\n\t\t\t\t\t\t\t<div class=\"elementor-container elementor-column-gap-default\">\n\t\t\t\t\t<div class=\"elementor-column elementor-col-100 elementor-top-column elementor-element elementor-element-5833b5a4\" data-id=\"5833b5a4\" data-element_type=\"column\">\n\t\t\t<div class=\"elementor-widget-wrap elementor-element-populated\">\n\t\t\t\t\t\t<section class=\"elementor-section elementor-inner-section elementor-element elementor-element-5297dd82 elementor-section-boxed elementor-section-height-default elementor-section-height-default\" data-id=\"5297dd82\" data-element_type=\"section\">\n\t\t\t\t\t\t<div class=\"elementor-container elementor-column-gap-default\">\n\t\t\t\t\t<div class=\"elementor-column elementor-col-33 elementor-inner-column elementor-element elementor-element-cab62e5\" data-id=\"cab62e5\" data-element_type=\"column\">\n\t\t\t<div class=\"elementor-widget-wrap\">\n\t\t\t\t\t\t\t<\/div>\n\t\t<\/div>\n\t\t\t\t<div class=\"elementor-column elementor-col-33 elementor-inner-column elementor-element elementor-element-28cbbc3f\" data-id=\"28cbbc3f\" data-element_type=\"column\">\n\t\t\t<div class=\"elementor-widget-wrap elementor-element-populated\">\n\t\t\t\t\t\t<div class=\"elementor-element elementor-element-3f8052eb elementor-widget-divider--view-line elementor-widget elementor-widget-divider\" data-id=\"3f8052eb\" data-element_type=\"widget\" data-widget_type=\"divider.default\">\n\t\t\t\t<div class=\"elementor-widget-container\">\n\t\t\t\t\t\t\t<div class=\"elementor-divider\">\n\t\t\t<span class=\"elementor-divider-separator\">\n\t\t\t\t\t\t<\/span>\n\t\t<\/div>\n\t\t\t\t\t\t<\/div>\n\t\t\t\t<\/div>\n\t\t\t\t\t<\/div>\n\t\t<\/div>\n\t\t\t\t<div class=\"elementor-column elementor-col-33 elementor-inner-column elementor-element elementor-element-3fc16f06\" data-id=\"3fc16f06\" data-element_type=\"column\">\n\t\t\t<div class=\"elementor-widget-wrap elementor-element-populated\">\n\t\t\t\t\t\t<div class=\"elementor-element elementor-element-2cf209de elementor-widget-divider--view-line elementor-widget elementor-widget-divider\" data-id=\"2cf209de\" data-element_type=\"widget\" data-widget_type=\"divider.default\">\n\t\t\t\t<div class=\"elementor-widget-container\">\n\t\t\t\t\t\t\t<div class=\"elementor-divider\">\n\t\t\t<span class=\"elementor-divider-separator\">\n\t\t\t\t\t\t<\/span>\n\t\t<\/div>\n\t\t\t\t\t\t<\/div>\n\t\t\t\t<\/div>\n\t\t\t\t\t<\/div>\n\t\t<\/div>\n\t\t\t\t\t<\/div>\n\t\t<\/section>\n\t\t\t\t<section class=\"elementor-section elementor-inner-section elementor-element elementor-element-4b8b9560 elementor-section-boxed elementor-section-height-default elementor-section-height-default\" data-id=\"4b8b9560\" data-element_type=\"section\">\n\t\t\t\t\t\t<div class=\"elementor-container elementor-column-gap-default\">\n\t\t\t\t\t<div class=\"elementor-column elementor-col-33 elementor-inner-column elementor-element elementor-element-35c2895d\" data-id=\"35c2895d\" data-element_type=\"column\">\n\t\t\t<div class=\"elementor-widget-wrap elementor-element-populated\">\n\t\t\t\t\t\t<div class=\"elementor-element elementor-element-639b1834 elementor-hidden-tablet elementor-hidden-mobile elementor-widget elementor-widget-image\" data-id=\"639b1834\" data-element_type=\"widget\" data-widget_type=\"image.default\">\n\t\t\t\t<div class=\"elementor-widget-container\">\n\t\t\t\t\t\t\t\t\t\t\t\t\t\t\t<img decoding=\"async\" width=\"140\" height=\"513\" src=\"https:\/\/www.participacionciudadana.org\/web\/wp-content\/uploads\/2023\/09\/edicion-12.png\" class=\"attachment-large size-large wp-image-6139\" alt=\"\" srcset=\"https:\/\/www.participacionciudadana.org\/web\/wp-content\/uploads\/2023\/09\/edicion-12.png 140w, https:\/\/www.participacionciudadana.org\/web\/wp-content\/uploads\/2023\/09\/edicion-12-82x300.png 82w\" sizes=\"(max-width: 140px) 100vw, 140px\" \/>\t\t\t\t\t\t\t\t\t\t\t\t\t\t\t<\/div>\n\t\t\t\t<\/div>\n\t\t\t\t\t<\/div>\n\t\t<\/div>\n\t\t\t\t<div class=\"elementor-column elementor-col-33 elementor-inner-column elementor-element elementor-element-79f34e8d\" data-id=\"79f34e8d\" data-element_type=\"column\" data-settings=\"{&quot;background_background&quot;:&quot;classic&quot;}\">\n\t\t\t<div class=\"elementor-widget-wrap elementor-element-populated\">\n\t\t\t\t\t<div class=\"elementor-background-overlay\"><\/div>\n\t\t\t\t\t\t<div class=\"elementor-element elementor-element-25458215 elementor-widget elementor-widget-heading\" data-id=\"25458215\" data-element_type=\"widget\" data-widget_type=\"heading.default\">\n\t\t\t\t<div class=\"elementor-widget-container\">\n\t\t\t\t\t<h5 class=\"elementor-heading-title elementor-size-default\">\u00bfQu\u00e9 dice el an\u00e1lisis legal de Participaci\u00f3n Ciudadana?<\/h5>\t\t\t\t<\/div>\n\t\t\t\t<\/div>\n\t\t\t\t<div class=\"elementor-element elementor-element-774c7e83 texto-pensando-democracia elementor-hidden-tablet elementor-hidden-mobile elementor-widget elementor-widget-text-editor\" data-id=\"774c7e83\" data-element_type=\"widget\" data-widget_type=\"text-editor.default\">\n\t\t\t\t<div class=\"elementor-widget-container\">\n\t\t\t\t\t\t\t\t\t<p><strong><img loading=\"lazy\" decoding=\"async\" class=\"wp-image-6148 alignleft\" src=\"https:\/\/www.participacionciudadana.org\/web\/wp-content\/uploads\/2023\/09\/FOTO-NULIDAD-ELECCIONES-EXTERIOR-211x300.jpeg\" alt=\"\" width=\"129\" height=\"184\" srcset=\"https:\/\/www.participacionciudadana.org\/web\/wp-content\/uploads\/2023\/09\/FOTO-NULIDAD-ELECCIONES-EXTERIOR-211x300.jpeg 211w, https:\/\/www.participacionciudadana.org\/web\/wp-content\/uploads\/2023\/09\/FOTO-NULIDAD-ELECCIONES-EXTERIOR-719x1024.jpeg 719w, https:\/\/www.participacionciudadana.org\/web\/wp-content\/uploads\/2023\/09\/FOTO-NULIDAD-ELECCIONES-EXTERIOR-768x1094.jpeg 768w, https:\/\/www.participacionciudadana.org\/web\/wp-content\/uploads\/2023\/09\/FOTO-NULIDAD-ELECCIONES-EXTERIOR.jpeg 946w\" sizes=\"(max-width: 129px) 100vw, 129px\" \/>Participaci\u00f3n Ciudadana, organizaci\u00f3n pionera en observaci\u00f3n electoral nacional, emiti\u00f3 un an\u00e1lisis jur\u00eddico, tras la decisi\u00f3n del CNE de anular las elecciones para asamble\u00edstas en el exterior y convocar a nuevas elecciones en segunda vuelta. La organizaci\u00f3n de sociedad civil identifica algunas acciones: Que investigue, identifique y sancione a los responsables; que se investigue el contrato a la empresa; adem\u00e1s considera que la nulidad del proceso afecta al principio de igualdad de los actores pol\u00edticos, por lo que la autoridad debe realizar los ajustes necesarios para garantizar transparencia en el proceso electoral. Como el sufragio es un derecho humano, la autoridad electoral tiene la obligaci\u00f3n de garantizar el voto de los ecuatorianos en el exterior, con transparencia, equidad y legalidad. Es de esperar que estos problemas no vuelvan a ocurrir y que las recomendaciones de los observadores sean tomadas en cuenta. <a href=\"https:\/\/www.participacionciudadana.org\/web\/wp-content\/uploads\/2023\/09\/B1-NULIDAD-DE-LAS-ELECCIONES-EN-EL-EXTERIOR-ANALISIS-LEGAL-pdf.pdf\">Leer m\u00e1s<\/a><\/strong><\/p>\t\t\t\t\t\t\t\t<\/div>\n\t\t\t\t<\/div>\n\t\t\t\t<div class=\"elementor-element elementor-element-6897b17a texto-pensando-democracia elementor-hidden-desktop elementor-widget elementor-widget-text-editor\" data-id=\"6897b17a\" data-element_type=\"widget\" data-widget_type=\"text-editor.default\">\n\t\t\t\t<div class=\"elementor-widget-container\">\n\t\t\t\t\t\t\t\t\t<p><strong><img loading=\"lazy\" decoding=\"async\" class=\"wp-image-6148 aligncenter\" src=\"https:\/\/www.participacionciudadana.org\/web\/wp-content\/uploads\/2023\/09\/FOTO-NULIDAD-ELECCIONES-EXTERIOR-211x300.jpeg\" alt=\"\" width=\"137\" height=\"195\" srcset=\"https:\/\/www.participacionciudadana.org\/web\/wp-content\/uploads\/2023\/09\/FOTO-NULIDAD-ELECCIONES-EXTERIOR-211x300.jpeg 211w, https:\/\/www.participacionciudadana.org\/web\/wp-content\/uploads\/2023\/09\/FOTO-NULIDAD-ELECCIONES-EXTERIOR-719x1024.jpeg 719w, https:\/\/www.participacionciudadana.org\/web\/wp-content\/uploads\/2023\/09\/FOTO-NULIDAD-ELECCIONES-EXTERIOR-768x1094.jpeg 768w, https:\/\/www.participacionciudadana.org\/web\/wp-content\/uploads\/2023\/09\/FOTO-NULIDAD-ELECCIONES-EXTERIOR.jpeg 946w\" sizes=\"(max-width: 137px) 100vw, 137px\" \/>Participaci\u00f3n Ciudadana, organizaci\u00f3n pionera en observaci\u00f3n electoral nacional, emiti\u00f3 un an\u00e1lisis jur\u00eddico, tras la decisi\u00f3n del CNE de anular las elecciones para asamble\u00edstas en el exterior y convocar a nuevas elecciones en segunda vuelta. La organizaci\u00f3n de sociedad civil identifica algunas acciones: Que investigue, identifique y sancione a los responsables; que se investigue el contrato a la empresa; adem\u00e1s considera que la nulidad del proceso afecta al principio de igualdad de los actores pol\u00edticos, por lo que la autoridad debe realizar los ajustes necesarios para garantizar transparencia en el proceso electoral. Como el sufragio es un derecho humano, la autoridad electoral tiene la obligaci\u00f3n de garantizar el voto de los ecuatorianos en el exterior, con transparencia, equidad y legalidad. Es de esperar que estos problemas no vuelvan a ocurrir y que las recomendaciones de los observadores sean tomadas en cuenta. <a href=\"https:\/\/www.participacionciudadana.org\/web\/wp-content\/uploads\/2023\/09\/B1-NULIDAD-DE-LAS-ELECCIONES-EN-EL-EXTERIOR-ANALISIS-LEGAL-pdf.pdf\">Leer m\u00e1s<\/a><\/strong><\/p>\t\t\t\t\t\t\t\t<\/div>\n\t\t\t\t<\/div>\n\t\t\t\t\t<\/div>\n\t\t<\/div>\n\t\t\t\t<div class=\"elementor-column elementor-col-33 elementor-inner-column elementor-element elementor-element-4e6c5342\" data-id=\"4e6c5342\" data-element_type=\"column\" data-settings=\"{&quot;background_background&quot;:&quot;classic&quot;}\">\n\t\t\t<div class=\"elementor-widget-wrap elementor-element-populated\">\n\t\t\t\t\t<div class=\"elementor-background-overlay\"><\/div>\n\t\t\t\t\t\t<div class=\"elementor-element elementor-element-78e2640d elementor-widget elementor-widget-heading\" data-id=\"78e2640d\" data-element_type=\"widget\" data-widget_type=\"heading.default\">\n\t\t\t\t<div class=\"elementor-widget-container\">\n\t\t\t\t\t<h5 class=\"elementor-heading-title elementor-size-default\">\u00a1La democracia es un asunto de todos! <\/h5>\t\t\t\t<\/div>\n\t\t\t\t<\/div>\n\t\t\t\t<div class=\"elementor-element elementor-element-48d4a9b9 texto-pensando-democracia elementor-hidden-tablet elementor-hidden-mobile elementor-widget elementor-widget-text-editor\" data-id=\"48d4a9b9\" data-element_type=\"widget\" data-widget_type=\"text-editor.default\">\n\t\t\t\t<div class=\"elementor-widget-container\">\n\t\t\t\t\t\t\t\t\t<p><strong><img loading=\"lazy\" decoding=\"async\" class=\"wp-image-6149 alignleft\" src=\"https:\/\/www.participacionciudadana.org\/web\/wp-content\/uploads\/2023\/09\/FOTO-LA-DEMOCRACAI-ES-UN-ASUNTO-DE-TODOS-223x300.jpeg\" alt=\"\" width=\"158\" height=\"212\" srcset=\"https:\/\/www.participacionciudadana.org\/web\/wp-content\/uploads\/2023\/09\/FOTO-LA-DEMOCRACAI-ES-UN-ASUNTO-DE-TODOS-223x300.jpeg 223w, https:\/\/www.participacionciudadana.org\/web\/wp-content\/uploads\/2023\/09\/FOTO-LA-DEMOCRACAI-ES-UN-ASUNTO-DE-TODOS-760x1024.jpeg 760w, https:\/\/www.participacionciudadana.org\/web\/wp-content\/uploads\/2023\/09\/FOTO-LA-DEMOCRACAI-ES-UN-ASUNTO-DE-TODOS-768x1035.jpeg 768w, https:\/\/www.participacionciudadana.org\/web\/wp-content\/uploads\/2023\/09\/FOTO-LA-DEMOCRACAI-ES-UN-ASUNTO-DE-TODOS-1140x1536.jpeg 1140w, https:\/\/www.participacionciudadana.org\/web\/wp-content\/uploads\/2023\/09\/FOTO-LA-DEMOCRACAI-ES-UN-ASUNTO-DE-TODOS.jpeg 1187w\" sizes=\"(max-width: 158px) 100vw, 158px\" \/>Este viernes 15 de septiembre se celebr\u00f3 el d\u00eda Internacional de la Democracia y para recordar la importancia de la democracia en la sociedad ecuatoriana, Ruth Hidalgo, directora de la Corporaci\u00f3n Participaci\u00f3n Ciudadana, presenta una reflexi\u00f3n en torno a la fecha, considerando que debe ser una oportunidad para pensar sobre el rol que tenemos para alcanzar una sociedad m\u00e1s justa, equitativa y con oportunidades. La construcci\u00f3n de una democracia es un asunto de todos, desde el espacio en el que estemos. Al poder, le corresponde trabajar para los ciudadanos y forjar pol\u00edticas p\u00fablicas que tutelen sus derechos; a los actores pol\u00edticos, contribuir planteando soluciones a los problemas nacionales, en tolerancia y sin pr\u00e1cticas pol\u00edticas violentas; y a los ciudadanos, participando activamente, pero con cr\u00edtica constructiva, practicando la tolerancia, la inclusi\u00f3n y evitando la polarizaci\u00f3n y el odio. <a href=\"https:\/\/www.participacionciudadana.org\/web\/wp-content\/uploads\/2023\/09\/B2-LA-DEMOCRACIA-ES-UN-ASUNTO-DE-TODOS-pdf.pdf\">Leer m\u00e1s<\/a><\/strong><\/p>\t\t\t\t\t\t\t\t<\/div>\n\t\t\t\t<\/div>\n\t\t\t\t<div class=\"elementor-element elementor-element-70185f72 texto-pensando-democracia elementor-hidden-desktop elementor-widget elementor-widget-text-editor\" data-id=\"70185f72\" data-element_type=\"widget\" data-widget_type=\"text-editor.default\">\n\t\t\t\t<div class=\"elementor-widget-container\">\n\t\t\t\t\t\t\t\t\t<p><strong><img loading=\"lazy\" decoding=\"async\" class=\" wp-image-6149 aligncenter\" src=\"https:\/\/www.participacionciudadana.org\/web\/wp-content\/uploads\/2023\/09\/FOTO-LA-DEMOCRACAI-ES-UN-ASUNTO-DE-TODOS-223x300.jpeg\" alt=\"\" width=\"149\" height=\"200\" srcset=\"https:\/\/www.participacionciudadana.org\/web\/wp-content\/uploads\/2023\/09\/FOTO-LA-DEMOCRACAI-ES-UN-ASUNTO-DE-TODOS-223x300.jpeg 223w, https:\/\/www.participacionciudadana.org\/web\/wp-content\/uploads\/2023\/09\/FOTO-LA-DEMOCRACAI-ES-UN-ASUNTO-DE-TODOS-760x1024.jpeg 760w, https:\/\/www.participacionciudadana.org\/web\/wp-content\/uploads\/2023\/09\/FOTO-LA-DEMOCRACAI-ES-UN-ASUNTO-DE-TODOS-768x1035.jpeg 768w, https:\/\/www.participacionciudadana.org\/web\/wp-content\/uploads\/2023\/09\/FOTO-LA-DEMOCRACAI-ES-UN-ASUNTO-DE-TODOS-1140x1536.jpeg 1140w, https:\/\/www.participacionciudadana.org\/web\/wp-content\/uploads\/2023\/09\/FOTO-LA-DEMOCRACAI-ES-UN-ASUNTO-DE-TODOS.jpeg 1187w\" sizes=\"(max-width: 149px) 100vw, 149px\" \/>Este viernes 15 de septiembre se celebr\u00f3 el d\u00eda Internacional de la Democracia y para recordar la importancia de la democracia en la sociedad ecuatoriana, Ruth Hidalgo, directora de la Corporaci\u00f3n Participaci\u00f3n Ciudadana, presenta una reflexi\u00f3n en torno a la fecha, considerando que debe ser una oportunidad para pensar sobre el rol que tenemos para alcanzar una sociedad m\u00e1s justa, equitativa y con oportunidades. La construcci\u00f3n de una democracia es un asunto de todos, desde el espacio en el que estemos. Al poder, le corresponde trabajar para los ciudadanos y forjar pol\u00edticas p\u00fablicas que tutelen sus derechos; a los actores pol\u00edticos, contribuir planteando soluciones a los problemas nacionales, en tolerancia y sin pr\u00e1cticas pol\u00edticas violentas; y a los ciudadanos, participando activamente, pero con cr\u00edtica constructiva, practicando la tolerancia, la inclusi\u00f3n y evitando la polarizaci\u00f3n y el odio. <a href=\"https:\/\/www.participacionciudadana.org\/web\/wp-content\/uploads\/2023\/09\/B2-LA-DEMOCRACIA-ES-UN-ASUNTO-DE-TODOS-pdf.pdf\">Leer m\u00e1s<\/a><\/strong><\/p>\t\t\t\t\t\t\t\t<\/div>\n\t\t\t\t<\/div>\n\t\t\t\t\t<\/div>\n\t\t<\/div>\n\t\t\t\t\t<\/div>\n\t\t<\/section>\n\t\t\t\t<section class=\"elementor-section elementor-inner-section elementor-element elementor-element-3a38a6d6 elementor-section-boxed elementor-section-height-default elementor-section-height-default\" data-id=\"3a38a6d6\" data-element_type=\"section\">\n\t\t\t\t\t\t<div class=\"elementor-container elementor-column-gap-default\">\n\t\t\t\t\t<div class=\"elementor-column elementor-col-33 elementor-inner-column elementor-element elementor-element-4cdeaee7\" data-id=\"4cdeaee7\" data-element_type=\"column\">\n\t\t\t<div class=\"elementor-widget-wrap\">\n\t\t\t\t\t\t\t<\/div>\n\t\t<\/div>\n\t\t\t\t<div class=\"elementor-column elementor-col-33 elementor-inner-column elementor-element elementor-element-3d4d45ed\" data-id=\"3d4d45ed\" data-element_type=\"column\">\n\t\t\t<div class=\"elementor-widget-wrap elementor-element-populated\">\n\t\t\t\t\t\t<div class=\"elementor-element elementor-element-7d09e6e5 texto-pensando-democracia elementor-widget elementor-widget-text-editor\" data-id=\"7d09e6e5\" data-element_type=\"widget\" data-widget_type=\"text-editor.default\">\n\t\t\t\t<div class=\"elementor-widget-container\">\n\t\t\t\t\t\t\t\t\t<p>NOTA: Los contenidos de esta publicaci\u00f3n son de responsabilidad de los autores y no reflejan necesariamente los puntos de vista o posiciones de la USAID o el gobierno de los EEUU.<\/p>\t\t\t\t\t\t\t\t<\/div>\n\t\t\t\t<\/div>\n\t\t\t\t\t<\/div>\n\t\t<\/div>\n\t\t\t\t<div class=\"elementor-column elementor-col-33 elementor-inner-column elementor-element elementor-element-7244f488\" data-id=\"7244f488\" data-element_type=\"column\">\n\t\t\t<div class=\"elementor-widget-wrap elementor-element-populated\">\n\t\t\t\t\t\t<div class=\"elementor-element elementor-element-4f6f6eeb texto-pensando-democracia elementor-widget elementor-widget-text-editor\" data-id=\"4f6f6eeb\" data-element_type=\"widget\" data-widget_type=\"text-editor.default\">\n\t\t\t\t<div class=\"elementor-widget-container\">\n\t\t\t\t\t\t\t\t\t<p>NOTA: Los contenidos de esta publicaci\u00f3n son de responsabilidad de los autores y no reflejan necesariamente los puntos de vista o posiciones de la USAID o el gobierno de los EEUU.<\/p>\t\t\t\t\t\t\t\t<\/div>\n\t\t\t\t<\/div>\n\t\t\t\t\t<\/div>\n\t\t<\/div>\n\t\t\t\t\t<\/div>\n\t\t<\/section>\n\t\t\t\t<section class=\"elementor-section elementor-inner-section elementor-element elementor-element-21bd7a1e elementor-section-boxed elementor-section-height-default elementor-section-height-default\" data-id=\"21bd7a1e\" data-element_type=\"section\" data-settings=\"{&quot;background_background&quot;:&quot;classic&quot;}\">\n\t\t\t\t\t\t<div class=\"elementor-container elementor-column-gap-default\">\n\t\t\t\t\t<div class=\"elementor-column elementor-col-25 elementor-inner-column elementor-element elementor-element-35b7e29c\" data-id=\"35b7e29c\" data-element_type=\"column\" data-settings=\"{&quot;background_background&quot;:&quot;classic&quot;}\">\n\t\t\t<div class=\"elementor-widget-wrap elementor-element-populated\">\n\t\t\t\t\t\t<div class=\"elementor-element elementor-element-3796914d texto-pensando-democracia elementor-widget elementor-widget-text-editor\" data-id=\"3796914d\" data-element_type=\"widget\" data-widget_type=\"text-editor.default\">\n\t\t\t\t<div class=\"elementor-widget-container\">\n\t\t\t\t\t\t\t\t\t<p style=\"text-align: center;\"><strong>COMUNICACI\u00d3N<br \/><\/strong><strong>Reglamento a la Ley de Comunicaci\u00f3n<\/strong><\/p><p>El Gobierno promulg\u00f3 el Reglamento de la Ley de Comunicaci\u00f3n para proteger la libertad de expresi\u00f3n, incluye medidas de seguridad para periodistas y un enfoque de g\u00e9nero, determina que el Consejo de Desarrollo de la Comunicaci\u00f3n ser\u00e1 el responsable de activarlo y un mecanismo de protecci\u00f3n a periodistas que incluye: mapeo de tipos de riesgos, elaboraci\u00f3n de protocolos y manuales, promoci\u00f3n de la creaci\u00f3n de redes de apoyo y solidaridad entre periodistas. Pero, proh\u00edbe la publicidad de empresas de pron\u00f3sticos deportivos, lo que genera disputas en el sector, debido a la falta de regulaci\u00f3n.<\/p>\t\t\t\t\t\t\t\t<\/div>\n\t\t\t\t<\/div>\n\t\t\t\t\t<\/div>\n\t\t<\/div>\n\t\t\t\t<div class=\"elementor-column elementor-col-25 elementor-inner-column elementor-element elementor-element-1fffc15c\" data-id=\"1fffc15c\" data-element_type=\"column\" data-settings=\"{&quot;background_background&quot;:&quot;classic&quot;}\">\n\t\t\t<div class=\"elementor-widget-wrap elementor-element-populated\">\n\t\t\t\t\t\t<div class=\"elementor-element elementor-element-612bf25a texto-pensando-democracia elementor-widget elementor-widget-text-editor\" data-id=\"612bf25a\" data-element_type=\"widget\" data-widget_type=\"text-editor.default\">\n\t\t\t\t<div class=\"elementor-widget-container\">\n\t\t\t\t\t\t\t\t\t<p style=\"text-align: center;\"><strong>EDUCACI\u00d3N<br \/><\/strong><strong>Mejoras en planteles<\/strong><\/p><p>El Ministerio de Educaci\u00f3n report\u00f3 que en 2022 cerraron con 4\u2019322.000 matr\u00edculas, subiendo respecto al 2020 y 2021. Esta variaci\u00f3n se debe a causas como la migraci\u00f3n y los efectos negativos de la pandemia. Adem\u00e1s, inform\u00f3 que el Gobierno ha entregado 17 unidades educativas que est\u00e1n en funcionamiento y entregar\u00e1n 10 m\u00e1s hasta terminar el a\u00f1o. Adem\u00e1s, SENESCYT abre convocatorias para fortalecer la investigaci\u00f3n, el desarrollo cient\u00edfico, ampl\u00eda oferta educativa nacional e internacional. Por otro lado, las clases en la Sierra y Oriente empezaron el 22 de septiembre, de forma escalonada.<\/p>\t\t\t\t\t\t\t\t<\/div>\n\t\t\t\t<\/div>\n\t\t\t\t\t<\/div>\n\t\t<\/div>\n\t\t\t\t<div class=\"elementor-column elementor-col-25 elementor-inner-column elementor-element elementor-element-2264a94d\" data-id=\"2264a94d\" data-element_type=\"column\" data-settings=\"{&quot;background_background&quot;:&quot;classic&quot;}\">\n\t\t\t<div class=\"elementor-widget-wrap elementor-element-populated\">\n\t\t\t\t\t\t<div class=\"elementor-element elementor-element-6dcdcd12 texto-pensando-democracia elementor-widget elementor-widget-text-editor\" data-id=\"6dcdcd12\" data-element_type=\"widget\" data-widget_type=\"text-editor.default\">\n\t\t\t\t<div class=\"elementor-widget-container\">\n\t\t\t\t\t\t\t\t\t<p style=\"text-align: center;\"><strong>INCLUSI\u00d3N<br \/><\/strong><strong>Peritos en g\u00e9nero<\/strong><\/p><p>La iniciativa de acreditar peritos en g\u00e9nero, presentada con el Ministerio de la Mujer y Derechos Humanos y la Corte Nacional de Justicia, busca promover una mayor sensibilidad de g\u00e9nero en el sistema de justicia. La reactivaci\u00f3n de la Mesa de Protecci\u00f3n de Derechos y G\u00e9nero en el Noroccidente de Pichincha demuestra un enfoque continuo en la protecci\u00f3n de los derechos de las mujeres en la regi\u00f3n. Adem\u00e1s, el gobierno inaugur\u00f3 el tercer Centro Violeta en Ecuador, esta vez en Lago Agrio, con una inversi\u00f3n de USD 250 mil. Este centro brindar\u00e1 atenci\u00f3n integral, a mujeres v\u00edctimas de violencia intrafamiliar.<\/p>\t\t\t\t\t\t\t\t<\/div>\n\t\t\t\t<\/div>\n\t\t\t\t\t<\/div>\n\t\t<\/div>\n\t\t\t\t<div class=\"elementor-column elementor-col-25 elementor-inner-column elementor-element elementor-element-4e9e24cd\" data-id=\"4e9e24cd\" data-element_type=\"column\" data-settings=\"{&quot;background_background&quot;:&quot;classic&quot;}\">\n\t\t\t<div class=\"elementor-widget-wrap elementor-element-populated\">\n\t\t\t\t\t\t<div class=\"elementor-element elementor-element-53855f6 texto-pensando-democracia elementor-widget elementor-widget-text-editor\" data-id=\"53855f6\" data-element_type=\"widget\" data-widget_type=\"text-editor.default\">\n\t\t\t\t<div class=\"elementor-widget-container\">\n\t\t\t\t\t\t\t\t\t<p style=\"text-align: center;\"><strong>COOPERACI\u00d3N<br \/><\/strong><strong>Ecuador y Estados Unidos<\/strong><\/p><p>Ecuador y Estados Unidos han firmado la Enmienda 19 al Convenio de Cooperaci\u00f3n para fortalecer la capacidad del Ecuador en la lucha contra el tr\u00e1fico de drogas y la delincuencia organizada transnacional. Esta enmienda busca mejorar la capacidad operativa del pa\u00eds para prevenir, investigar y sancionar delitos de alto impacto, relacionados con organizaciones transnacionales delictivas, centr\u00e1ndose en el tr\u00e1fico de drogas. Esto, proporcionar\u00e1 recursos adicionales y permitir\u00e1 la implementaci\u00f3n de dos nuevos proyectos destinados a mejorar la seguridad ciudadana y el sistema judicial en Ecuador.<\/p>\t\t\t\t\t\t\t\t<\/div>\n\t\t\t\t<\/div>\n\t\t\t\t\t<\/div>\n\t\t<\/div>\n\t\t\t\t\t<\/div>\n\t\t<\/section>\n\t\t\t\t<section class=\"elementor-section elementor-inner-section elementor-element elementor-element-5316f455 elementor-section-boxed elementor-section-height-default elementor-section-height-default\" data-id=\"5316f455\" data-element_type=\"section\" data-settings=\"{&quot;background_background&quot;:&quot;classic&quot;}\">\n\t\t\t\t\t\t<div class=\"elementor-container elementor-column-gap-default\">\n\t\t\t\t\t<div class=\"elementor-column elementor-col-16 elementor-inner-column elementor-element elementor-element-63c441c2\" data-id=\"63c441c2\" data-element_type=\"column\">\n\t\t\t<div class=\"elementor-widget-wrap\">\n\t\t\t\t\t\t\t<\/div>\n\t\t<\/div>\n\t\t\t\t<div class=\"elementor-column elementor-col-16 elementor-inner-column elementor-element elementor-element-fb89939\" data-id=\"fb89939\" data-element_type=\"column\">\n\t\t\t<div class=\"elementor-widget-wrap elementor-element-populated\">\n\t\t\t\t\t\t<div class=\"elementor-element elementor-element-2bd0c485 elementor-widget elementor-widget-image\" data-id=\"2bd0c485\" data-element_type=\"widget\" data-widget_type=\"image.default\">\n\t\t\t\t<div class=\"elementor-widget-container\">\n\t\t\t\t\t\t\t\t\t\t\t\t\t\t\t<img loading=\"lazy\" decoding=\"async\" width=\"385\" height=\"115\" src=\"https:\/\/www.participacionciudadana.org\/web\/wp-content\/uploads\/2023\/04\/logo-usaid.jpg\" class=\"attachment-large size-large wp-image-4997\" alt=\"\" srcset=\"https:\/\/www.participacionciudadana.org\/web\/wp-content\/uploads\/2023\/04\/logo-usaid.jpg 385w, https:\/\/www.participacionciudadana.org\/web\/wp-content\/uploads\/2023\/04\/logo-usaid-300x90.jpg 300w\" sizes=\"(max-width: 385px) 100vw, 385px\" \/>\t\t\t\t\t\t\t\t\t\t\t\t\t\t\t<\/div>\n\t\t\t\t<\/div>\n\t\t\t\t\t<\/div>\n\t\t<\/div>\n\t\t\t\t<div class=\"elementor-column elementor-col-16 elementor-inner-column elementor-element elementor-element-2fdf1fb3\" data-id=\"2fdf1fb3\" data-element_type=\"column\">\n\t\t\t<div class=\"elementor-widget-wrap elementor-element-populated\">\n\t\t\t\t\t\t<div class=\"elementor-element elementor-element-50a08fb2 elementor-widget elementor-widget-image\" data-id=\"50a08fb2\" data-element_type=\"widget\" data-widget_type=\"image.default\">\n\t\t\t\t<div class=\"elementor-widget-container\">\n\t\t\t\t\t\t\t\t\t\t\t\t\t\t\t<img decoding=\"async\" src=\"https:\/\/www.participacionciudadana.org\/web\/wp-content\/uploads\/elementor\/thumbs\/logo-george-washington-q4ypsa7ruwyfzoz9ze8h045q2sk0yar333c8j04oao.jpg\" title=\"logo-george-washington\" alt=\"logo-george-washington\" loading=\"lazy\" \/>\t\t\t\t\t\t\t\t\t\t\t\t\t\t\t<\/div>\n\t\t\t\t<\/div>\n\t\t\t\t\t<\/div>\n\t\t<\/div>\n\t\t\t\t<div class=\"elementor-column elementor-col-16 elementor-inner-column elementor-element elementor-element-28aab083\" data-id=\"28aab083\" data-element_type=\"column\">\n\t\t\t<div class=\"elementor-widget-wrap elementor-element-populated\">\n\t\t\t\t\t\t<div class=\"elementor-element elementor-element-585c7cd2 elementor-widget elementor-widget-image\" data-id=\"585c7cd2\" data-element_type=\"widget\" data-widget_type=\"image.default\">\n\t\t\t\t<div class=\"elementor-widget-container\">\n\t\t\t\t\t\t\t\t\t\t\t\t\t\t\t<img decoding=\"async\" src=\"https:\/\/www.participacionciudadana.org\/web\/wp-content\/uploads\/elementor\/thumbs\/cropped-logo_pc-1-pfmj8w31v3jeeq4k1e2rtzi4ijqmoyr02rldfl5se8.png\" title=\"cropped-logo_pc-1.png\" alt=\"cropped-logo_pc-1.png\" loading=\"lazy\" \/>\t\t\t\t\t\t\t\t\t\t\t\t\t\t\t<\/div>\n\t\t\t\t<\/div>\n\t\t\t\t\t<\/div>\n\t\t<\/div>\n\t\t\t\t<div class=\"elementor-column elementor-col-16 elementor-inner-column elementor-element elementor-element-6d424bf9\" data-id=\"6d424bf9\" data-element_type=\"column\" data-settings=\"{&quot;background_background&quot;:&quot;classic&quot;}\">\n\t\t\t<div class=\"elementor-widget-wrap elementor-element-populated\">\n\t\t\t\t\t\t<div class=\"elementor-element elementor-element-52ef96b8 elementor-widget elementor-widget-text-editor\" data-id=\"52ef96b8\" data-element_type=\"widget\" data-widget_type=\"text-editor.default\">\n\t\t\t\t<div class=\"elementor-widget-container\">\n\t\t\t\t\t\t\t\t\t<h3><span style=\"color: #ffffff;\">2<\/span><\/h3>\t\t\t\t\t\t\t\t<\/div>\n\t\t\t\t<\/div>\n\t\t\t\t\t<\/div>\n\t\t<\/div>\n\t\t\t\t<div class=\"elementor-column elementor-col-16 elementor-inner-column elementor-element elementor-element-4b26f92b\" data-id=\"4b26f92b\" data-element_type=\"column\">\n\t\t\t<div class=\"elementor-widget-wrap\">\n\t\t\t\t\t\t\t<\/div>\n\t\t<\/div>\n\t\t\t\t\t<\/div>\n\t\t<\/section>\n\t\t\t\t\t<\/div>\n\t\t<\/div>\n\t\t\t\t\t<\/div>\n\t\t<\/section>\n\t\t\t\t<\/div>\n\t\t","protected":false},"excerpt":{"rendered":"<p>Pensando en Democracia #12 La Corporaci\u00f3n Participaci\u00f3n Ciudadana presenta la d\u00e9cima segunda edici\u00f3n de la revista virtual \u201cPensando en Democracia\u201d, una iniciativa de an\u00e1lisis de la coyuntura nacional, en la que profundizamos sobre varios temas de inter\u00e9s, que aporten a la construcci\u00f3n de pol\u00edticas p\u00fablicas que mejoren la calidad de vida de los ecuatorianos. En [&hellip;]<\/p>\n","protected":false},"author":1,"featured_media":0,"parent":0,"menu_order":0,"comment_status":"closed","ping_status":"closed","template":"","meta":{"site-sidebar-layout":"no-sidebar","site-content-layout":"page-builder","ast-site-content-layout":"full-width-container","site-content-style":"default","site-sidebar-style":"default","ast-global-header-display":"","ast-banner-title-visibility":"","ast-main-header-display":"","ast-hfb-above-header-display":"","ast-hfb-below-header-display":"","ast-hfb-mobile-header-display":"","site-post-title":"disabled","ast-breadcrumbs-content":"","ast-featured-img":"disabled","footer-sml-layout":"","ast-disable-related-posts":"","theme-transparent-header-meta":"","adv-header-id-meta":"","stick-header-meta":"","header-above-stick-meta":"","header-main-stick-meta":"","header-below-stick-meta":"","astra-migrate-meta-layouts":"set","ast-page-background-enabled":"default","ast-page-background-meta":{"desktop":{"background-color":"","background-image":"","background-repeat":"repeat","background-position":"center center","background-size":"auto","background-attachment":"scroll","background-type":"","background-media":"","overlay-type":"","overlay-color":"","overlay-opacity":"","overlay-gradient":""},"tablet":{"background-color":"","background-image":"","background-repeat":"repeat","background-position":"center center","background-size":"auto","background-attachment":"scroll","background-type":"","background-media":"","overlay-type":"","overlay-color":"","overlay-opacity":"","overlay-gradient":""},"mobile":{"background-color":"","background-image":"","background-repeat":"repeat","background-position":"center center","background-size":"auto","background-attachment":"scroll","background-type":"","background-media":"","overlay-type":"","overlay-color":"","overlay-opacity":"","overlay-gradient":""}},"ast-content-background-meta":{"desktop":{"background-color":"var(--ast-global-color-5)","background-image":"","background-repeat":"repeat","background-position":"center center","background-size":"auto","background-attachment":"scroll","background-type":"","background-media":"","overlay-type":"","overlay-color":"","overlay-opacity":"","overlay-gradient":""},"tablet":{"background-color":"var(--ast-global-color-5)","background-image":"","background-repeat":"repeat","background-position":"center center","background-size":"auto","background-attachment":"scroll","background-type":"","background-media":"","overlay-type":"","overlay-color":"","overlay-opacity":"","overlay-gradient":""},"mobile":{"background-color":"var(--ast-global-color-5)","background-image":"","background-repeat":"repeat","background-position":"center center","background-size":"auto","background-attachment":"scroll","background-type":"","background-media":"","overlay-type":"","overlay-color":"","overlay-opacity":"","overlay-gradient":""}},"_joinchat":[],"footnotes":""},"class_list":["post-6136","page","type-page","status-publish","hentry"],"yoast_head":"<!-- This site is optimized with the Yoast SEO plugin v26.5 - https:\/\/yoast.com\/wordpress\/plugins\/seo\/ -->\n<title>Pensando en democracia 12 - Participaci\u00f3n Ciudadana<\/title>\n<meta name=\"robots\" content=\"index, follow, max-snippet:-1, max-image-preview:large, max-video-preview:-1\" \/>\n<link rel=\"canonical\" href=\"https:\/\/www.participacionciudadana.org\/web\/pensando-en-democracia-12\/\" \/>\n<meta property=\"og:locale\" content=\"es_ES\" \/>\n<meta property=\"og:type\" content=\"article\" \/>\n<meta property=\"og:title\" content=\"Pensando en democracia 12 - Participaci\u00f3n Ciudadana\" \/>\n<meta property=\"og:description\" content=\"Pensando en Democracia #12 La Corporaci\u00f3n Participaci\u00f3n Ciudadana presenta la d\u00e9cima segunda edici\u00f3n de la revista virtual \u201cPensando en Democracia\u201d, una iniciativa de an\u00e1lisis de la coyuntura nacional, en la que profundizamos sobre varios temas de inter\u00e9s, que aporten a la construcci\u00f3n de pol\u00edticas p\u00fablicas que mejoren la calidad de vida de los ecuatorianos. En [&hellip;]\" \/>\n<meta property=\"og:url\" content=\"https:\/\/www.participacionciudadana.org\/web\/pensando-en-democracia-12\/\" \/>\n<meta property=\"og:site_name\" content=\"Participaci\u00f3n Ciudadana\" \/>\n<meta property=\"article:publisher\" content=\"https:\/\/www.facebook.com\/ParticipacionPC\/\" \/>\n<meta property=\"article:modified_time\" content=\"2023-09-20T19:38:47+00:00\" \/>\n<meta property=\"og:image\" content=\"https:\/\/www.participacionciudadana.org\/web\/wp-content\/uploads\/2023\/09\/edicion-12-girado.png\" \/>\n<meta name=\"twitter:card\" content=\"summary_large_image\" \/>\n<meta name=\"twitter:site\" content=\"@ParticipacionPC\" \/>\n<meta name=\"twitter:label1\" content=\"Tiempo de lectura\" \/>\n\t<meta name=\"twitter:data1\" content=\"15 minutos\" \/>\n<script type=\"application\/ld+json\" class=\"yoast-schema-graph\">{\"@context\":\"https:\/\/schema.org\",\"@graph\":[{\"@type\":\"WebPage\",\"@id\":\"https:\/\/www.participacionciudadana.org\/web\/pensando-en-democracia-12\/\",\"url\":\"https:\/\/www.participacionciudadana.org\/web\/pensando-en-democracia-12\/\",\"name\":\"Pensando en democracia 12 - Participaci\u00f3n Ciudadana\",\"isPartOf\":{\"@id\":\"https:\/\/www.participacionciudadana.org\/web\/#website\"},\"primaryImageOfPage\":{\"@id\":\"https:\/\/www.participacionciudadana.org\/web\/pensando-en-democracia-12\/#primaryimage\"},\"image\":{\"@id\":\"https:\/\/www.participacionciudadana.org\/web\/pensando-en-democracia-12\/#primaryimage\"},\"thumbnailUrl\":\"https:\/\/www.participacionciudadana.org\/web\/wp-content\/uploads\/2023\/09\/edicion-12-girado.png\",\"datePublished\":\"2023-09-19T15:30:31+00:00\",\"dateModified\":\"2023-09-20T19:38:47+00:00\",\"breadcrumb\":{\"@id\":\"https:\/\/www.participacionciudadana.org\/web\/pensando-en-democracia-12\/#breadcrumb\"},\"inLanguage\":\"es\",\"potentialAction\":[{\"@type\":\"ReadAction\",\"target\":[\"https:\/\/www.participacionciudadana.org\/web\/pensando-en-democracia-12\/\"]}]},{\"@type\":\"ImageObject\",\"inLanguage\":\"es\",\"@id\":\"https:\/\/www.participacionciudadana.org\/web\/pensando-en-democracia-12\/#primaryimage\",\"url\":\"https:\/\/www.participacionciudadana.org\/web\/wp-content\/uploads\/2023\/09\/edicion-12-girado.png\",\"contentUrl\":\"https:\/\/www.participacionciudadana.org\/web\/wp-content\/uploads\/2023\/09\/edicion-12-girado.png\",\"width\":513,\"height\":140},{\"@type\":\"BreadcrumbList\",\"@id\":\"https:\/\/www.participacionciudadana.org\/web\/pensando-en-democracia-12\/#breadcrumb\",\"itemListElement\":[{\"@type\":\"ListItem\",\"position\":1,\"name\":\"Portada\",\"item\":\"https:\/\/www.participacionciudadana.org\/web\/\"},{\"@type\":\"ListItem\",\"position\":2,\"name\":\"Pensando en democracia 12\"}]},{\"@type\":\"WebSite\",\"@id\":\"https:\/\/www.participacionciudadana.org\/web\/#website\",\"url\":\"https:\/\/www.participacionciudadana.org\/web\/\",\"name\":\"Participaci\u00f3n Ciudadana\",\"description\":\"Comprometidos con la democracia\",\"publisher\":{\"@id\":\"https:\/\/www.participacionciudadana.org\/web\/#organization\"},\"potentialAction\":[{\"@type\":\"SearchAction\",\"target\":{\"@type\":\"EntryPoint\",\"urlTemplate\":\"https:\/\/www.participacionciudadana.org\/web\/?s={search_term_string}\"},\"query-input\":{\"@type\":\"PropertyValueSpecification\",\"valueRequired\":true,\"valueName\":\"search_term_string\"}}],\"inLanguage\":\"es\"},{\"@type\":\"Organization\",\"@id\":\"https:\/\/www.participacionciudadana.org\/web\/#organization\",\"name\":\"Participaci\u00f3n Ciudadana\",\"url\":\"https:\/\/www.participacionciudadana.org\/web\/\",\"logo\":{\"@type\":\"ImageObject\",\"inLanguage\":\"es\",\"@id\":\"https:\/\/www.participacionciudadana.org\/web\/#\/schema\/logo\/image\/\",\"url\":\"https:\/\/www.participacionciudadana.org\/web\/wp-content\/uploads\/2021\/11\/cropped-logo_pc-1.png\",\"contentUrl\":\"https:\/\/www.participacionciudadana.org\/web\/wp-content\/uploads\/2021\/11\/cropped-logo_pc-1.png\",\"width\":340,\"height\":114,\"caption\":\"Participaci\u00f3n Ciudadana\"},\"image\":{\"@id\":\"https:\/\/www.participacionciudadana.org\/web\/#\/schema\/logo\/image\/\"},\"sameAs\":[\"https:\/\/www.facebook.com\/ParticipacionPC\/\",\"https:\/\/x.com\/ParticipacionPC\"]}]}<\/script>\n<!-- \/ Yoast SEO plugin. -->","yoast_head_json":{"title":"Pensando en democracia 12 - Participaci\u00f3n Ciudadana","robots":{"index":"index","follow":"follow","max-snippet":"max-snippet:-1","max-image-preview":"max-image-preview:large","max-video-preview":"max-video-preview:-1"},"canonical":"https:\/\/www.participacionciudadana.org\/web\/pensando-en-democracia-12\/","og_locale":"es_ES","og_type":"article","og_title":"Pensando en democracia 12 - Participaci\u00f3n Ciudadana","og_description":"Pensando en Democracia #12 La Corporaci\u00f3n Participaci\u00f3n Ciudadana presenta la d\u00e9cima segunda edici\u00f3n de la revista virtual \u201cPensando en Democracia\u201d, una iniciativa de an\u00e1lisis de la coyuntura nacional, en la que profundizamos sobre varios temas de inter\u00e9s, que aporten a la construcci\u00f3n de pol\u00edticas p\u00fablicas que mejoren la calidad de vida de los ecuatorianos. En [&hellip;]","og_url":"https:\/\/www.participacionciudadana.org\/web\/pensando-en-democracia-12\/","og_site_name":"Participaci\u00f3n Ciudadana","article_publisher":"https:\/\/www.facebook.com\/ParticipacionPC\/","article_modified_time":"2023-09-20T19:38:47+00:00","og_image":[{"url":"https:\/\/www.participacionciudadana.org\/web\/wp-content\/uploads\/2023\/09\/edicion-12-girado.png","type":"","width":"","height":""}],"twitter_card":"summary_large_image","twitter_site":"@ParticipacionPC","twitter_misc":{"Tiempo de lectura":"15 minutos"},"schema":{"@context":"https:\/\/schema.org","@graph":[{"@type":"WebPage","@id":"https:\/\/www.participacionciudadana.org\/web\/pensando-en-democracia-12\/","url":"https:\/\/www.participacionciudadana.org\/web\/pensando-en-democracia-12\/","name":"Pensando en democracia 12 - Participaci\u00f3n Ciudadana","isPartOf":{"@id":"https:\/\/www.participacionciudadana.org\/web\/#website"},"primaryImageOfPage":{"@id":"https:\/\/www.participacionciudadana.org\/web\/pensando-en-democracia-12\/#primaryimage"},"image":{"@id":"https:\/\/www.participacionciudadana.org\/web\/pensando-en-democracia-12\/#primaryimage"},"thumbnailUrl":"https:\/\/www.participacionciudadana.org\/web\/wp-content\/uploads\/2023\/09\/edicion-12-girado.png","datePublished":"2023-09-19T15:30:31+00:00","dateModified":"2023-09-20T19:38:47+00:00","breadcrumb":{"@id":"https:\/\/www.participacionciudadana.org\/web\/pensando-en-democracia-12\/#breadcrumb"},"inLanguage":"es","potentialAction":[{"@type":"ReadAction","target":["https:\/\/www.participacionciudadana.org\/web\/pensando-en-democracia-12\/"]}]},{"@type":"ImageObject","inLanguage":"es","@id":"https:\/\/www.participacionciudadana.org\/web\/pensando-en-democracia-12\/#primaryimage","url":"https:\/\/www.participacionciudadana.org\/web\/wp-content\/uploads\/2023\/09\/edicion-12-girado.png","contentUrl":"https:\/\/www.participacionciudadana.org\/web\/wp-content\/uploads\/2023\/09\/edicion-12-girado.png","width":513,"height":140},{"@type":"BreadcrumbList","@id":"https:\/\/www.participacionciudadana.org\/web\/pensando-en-democracia-12\/#breadcrumb","itemListElement":[{"@type":"ListItem","position":1,"name":"Portada","item":"https:\/\/www.participacionciudadana.org\/web\/"},{"@type":"ListItem","position":2,"name":"Pensando en democracia 12"}]},{"@type":"WebSite","@id":"https:\/\/www.participacionciudadana.org\/web\/#website","url":"https:\/\/www.participacionciudadana.org\/web\/","name":"Participaci\u00f3n Ciudadana","description":"Comprometidos con la democracia","publisher":{"@id":"https:\/\/www.participacionciudadana.org\/web\/#organization"},"potentialAction":[{"@type":"SearchAction","target":{"@type":"EntryPoint","urlTemplate":"https:\/\/www.participacionciudadana.org\/web\/?s={search_term_string}"},"query-input":{"@type":"PropertyValueSpecification","valueRequired":true,"valueName":"search_term_string"}}],"inLanguage":"es"},{"@type":"Organization","@id":"https:\/\/www.participacionciudadana.org\/web\/#organization","name":"Participaci\u00f3n Ciudadana","url":"https:\/\/www.participacionciudadana.org\/web\/","logo":{"@type":"ImageObject","inLanguage":"es","@id":"https:\/\/www.participacionciudadana.org\/web\/#\/schema\/logo\/image\/","url":"https:\/\/www.participacionciudadana.org\/web\/wp-content\/uploads\/2021\/11\/cropped-logo_pc-1.png","contentUrl":"https:\/\/www.participacionciudadana.org\/web\/wp-content\/uploads\/2021\/11\/cropped-logo_pc-1.png","width":340,"height":114,"caption":"Participaci\u00f3n Ciudadana"},"image":{"@id":"https:\/\/www.participacionciudadana.org\/web\/#\/schema\/logo\/image\/"},"sameAs":["https:\/\/www.facebook.com\/ParticipacionPC\/","https:\/\/x.com\/ParticipacionPC"]}]}},"_links":{"self":[{"href":"https:\/\/www.participacionciudadana.org\/web\/wp-json\/wp\/v2\/pages\/6136","targetHints":{"allow":["GET"]}}],"collection":[{"href":"https:\/\/www.participacionciudadana.org\/web\/wp-json\/wp\/v2\/pages"}],"about":[{"href":"https:\/\/www.participacionciudadana.org\/web\/wp-json\/wp\/v2\/types\/page"}],"author":[{"embeddable":true,"href":"https:\/\/www.participacionciudadana.org\/web\/wp-json\/wp\/v2\/users\/1"}],"replies":[{"embeddable":true,"href":"https:\/\/www.participacionciudadana.org\/web\/wp-json\/wp\/v2\/comments?post=6136"}],"version-history":[{"count":0,"href":"https:\/\/www.participacionciudadana.org\/web\/wp-json\/wp\/v2\/pages\/6136\/revisions"}],"wp:attachment":[{"href":"https:\/\/www.participacionciudadana.org\/web\/wp-json\/wp\/v2\/media?parent=6136"}],"curies":[{"name":"wp","href":"https:\/\/api.w.org\/{rel}","templated":true}]}}