{"id":781,"date":"2021-11-18T17:36:28","date_gmt":"2021-11-18T22:36:28","guid":{"rendered":"https:\/\/www.participacionciudadana.org\/web\/?page_id=781"},"modified":"2022-01-10T16:05:36","modified_gmt":"2022-01-10T21:05:36","slug":"pacto-etico","status":"publish","type":"page","link":"https:\/\/www.participacionciudadana.org\/web\/proyectos\/pacto-etico\/","title":{"rendered":"Pacto \u00c9tico"},"content":{"rendered":"\t\t<div data-elementor-type=\"wp-page\" data-elementor-id=\"781\" class=\"elementor elementor-781\">\n\t\t\t\t\t\t<section class=\"elementor-section elementor-top-section elementor-element elementor-element-0613a10 elementor-section-boxed elementor-section-height-default elementor-section-height-default\" data-id=\"0613a10\" data-element_type=\"section\">\n\t\t\t\t\t\t<div class=\"elementor-container elementor-column-gap-default\">\n\t\t\t\t\t<div class=\"elementor-column elementor-col-100 elementor-top-column elementor-element elementor-element-eef0ae6\" data-id=\"eef0ae6\" data-element_type=\"column\">\n\t\t\t<div class=\"elementor-widget-wrap elementor-element-populated\">\n\t\t\t\t\t\t<div class=\"elementor-element elementor-element-4e3500e elementor-widget elementor-widget-heading\" data-id=\"4e3500e\" data-element_type=\"widget\" data-widget_type=\"heading.default\">\n\t\t\t\t<div class=\"elementor-widget-container\">\n\t\t\t\t\t<h2 class=\"elementor-heading-title elementor-size-default\">Pacto \u00e9tico<\/h2>\t\t\t\t<\/div>\n\t\t\t\t<\/div>\n\t\t\t\t<div class=\"elementor-element elementor-element-c6bfb04 elementor-widget elementor-widget-text-editor\" data-id=\"c6bfb04\" data-element_type=\"widget\" data-widget_type=\"text-editor.default\">\n\t\t\t\t<div class=\"elementor-widget-container\">\n\t\t\t\t\t\t\t\t\t<p>El Pacto \u00c9tico \u00a1con los valores bien puestos! es una iniciativa de la Corporaci\u00f3n Participaci\u00f3n Ciudadana que viene promoviendo el di\u00e1logo social junto a otras organizaciones de la sociedad civil, desde el 2014.<\/p>\t\t\t\t\t\t\t\t<\/div>\n\t\t\t\t<\/div>\n\t\t\t\t\t<\/div>\n\t\t<\/div>\n\t\t\t\t\t<\/div>\n\t\t<\/section>\n\t\t\t\t<section class=\"elementor-section elementor-top-section elementor-element elementor-element-1232e2f elementor-section-boxed elementor-section-height-default elementor-section-height-default\" data-id=\"1232e2f\" data-element_type=\"section\">\n\t\t\t\t\t\t<div class=\"elementor-container elementor-column-gap-default\">\n\t\t\t\t\t<div class=\"elementor-column elementor-col-33 elementor-top-column elementor-element elementor-element-e3633c6\" data-id=\"e3633c6\" data-element_type=\"column\">\n\t\t\t<div class=\"elementor-widget-wrap elementor-element-populated\">\n\t\t\t\t\t\t<div class=\"elementor-element elementor-element-3815767 elementor-widget elementor-widget-image\" data-id=\"3815767\" data-element_type=\"widget\" data-widget_type=\"image.default\">\n\t\t\t\t<div class=\"elementor-widget-container\">\n\t\t\t\t\t\t\t\t\t\t\t\t\t\t\t<img fetchpriority=\"high\" decoding=\"async\" width=\"200\" height=\"271\" src=\"https:\/\/www.participacionciudadana.org\/web\/wp-content\/uploads\/2022\/01\/agenda.png\" class=\"attachment-large size-large wp-image-2525\" alt=\"\" \/>\t\t\t\t\t\t\t\t\t\t\t\t\t\t\t<\/div>\n\t\t\t\t<\/div>\n\t\t\t\t<div class=\"elementor-element elementor-element-2dab70c elementor-widget elementor-widget-text-editor\" data-id=\"2dab70c\" data-element_type=\"widget\" data-widget_type=\"text-editor.default\">\n\t\t\t\t<div class=\"elementor-widget-container\">\n\t\t\t\t\t\t\t\t\t<p style=\"text-align: center;\"><a href=\"https:\/\/issuu.com\/participacionpc\/docs\/agenda-ciudadana\">Descarga la agenda<\/a><\/p>\t\t\t\t\t\t\t\t<\/div>\n\t\t\t\t<\/div>\n\t\t\t\t\t<\/div>\n\t\t<\/div>\n\t\t\t\t<div class=\"elementor-column elementor-col-33 elementor-top-column elementor-element elementor-element-ee1b8c3\" data-id=\"ee1b8c3\" data-element_type=\"column\">\n\t\t\t<div class=\"elementor-widget-wrap elementor-element-populated\">\n\t\t\t\t\t\t<div class=\"elementor-element elementor-element-254935d elementor-widget elementor-widget-text-editor\" data-id=\"254935d\" data-element_type=\"widget\" data-widget_type=\"text-editor.default\">\n\t\t\t\t<div class=\"elementor-widget-container\">\n\t\t\t\t\t\t\t\t\t<p>Hemos trabajado en conjunto con diversos actores sociales en las distintas provincias de Ecuador, con el prop\u00f3sito de construir una Agenda Nacional de temas pendientes en nuestra democracia. Los temas macro sobre los cuales se construy\u00f3 la agenda, a trav\u00e9s de un di\u00e1logo propositivo y transparente son los siguientes:<\/p><ol><li>Fortalecimiento de la Democracia, Estado de Derecho e Institucionalidad.<\/li><li>Transparencia.<\/li><li>Libertad de Asociaci\u00f3n, Participaci\u00f3n Pol\u00edtica, Participaci\u00f3n Ciudadana y Control Social a la Gesti\u00f3n del Estado.<\/li><li>Derechos Humanos y Derechos de Grupos de Atenci\u00f3n Prioritaria.<\/li><\/ol>\t\t\t\t\t\t\t\t<\/div>\n\t\t\t\t<\/div>\n\t\t\t\t\t<\/div>\n\t\t<\/div>\n\t\t\t\t<div class=\"elementor-column elementor-col-33 elementor-top-column elementor-element elementor-element-3c3648d\" data-id=\"3c3648d\" data-element_type=\"column\">\n\t\t\t<div class=\"elementor-widget-wrap elementor-element-populated\">\n\t\t\t\t\t\t<div class=\"elementor-element elementor-element-ba4cd06 elementor-widget elementor-widget-image\" data-id=\"ba4cd06\" data-element_type=\"widget\" data-widget_type=\"image.default\">\n\t\t\t\t<div class=\"elementor-widget-container\">\n\t\t\t\t\t\t\t\t\t\t\t\t\t\t\t\t<a href=\"https:\/\/www.participacionciudadana.org\/web\/wp-content\/uploads\/2022\/01\/PACTO-E\u0301TICO-APORTES-PARA-LA-DISCUSIO\u0301N.pdf\">\n\t\t\t\t\t\t\t<img decoding=\"async\" width=\"634\" height=\"898\" src=\"https:\/\/www.participacionciudadana.org\/web\/wp-content\/uploads\/2022\/01\/PortadaPactoEticoAportes.png\" class=\"attachment-medium_large size-medium_large wp-image-2715\" alt=\"\" srcset=\"https:\/\/www.participacionciudadana.org\/web\/wp-content\/uploads\/2022\/01\/PortadaPactoEticoAportes.png 634w, https:\/\/www.participacionciudadana.org\/web\/wp-content\/uploads\/2022\/01\/PortadaPactoEticoAportes-212x300.png 212w\" sizes=\"(max-width: 634px) 100vw, 634px\" \/>\t\t\t\t\t\t\t\t<\/a>\n\t\t\t\t\t\t\t\t\t\t\t\t\t\t\t<\/div>\n\t\t\t\t<\/div>\n\t\t\t\t<div class=\"elementor-element elementor-element-dcab1e6 elementor-widget elementor-widget-text-editor\" data-id=\"dcab1e6\" data-element_type=\"widget\" data-widget_type=\"text-editor.default\">\n\t\t\t\t<div class=\"elementor-widget-container\">\n\t\t\t\t\t\t\t\t\t<p><a href=\"https:\/\/www.participacionciudadana.org\/web\/wp-content\/uploads\/2022\/01\/PACTO-E\u0301TICO-APORTES-PARA-LA-DISCUSIO\u0301N.pdf\">Descarga Pacto \u00c9tico &#8211; aportes para la discusi\u00f3n<\/a><\/p>\t\t\t\t\t\t\t\t<\/div>\n\t\t\t\t<\/div>\n\t\t\t\t\t<\/div>\n\t\t<\/div>\n\t\t\t\t\t<\/div>\n\t\t<\/section>\n\t\t\t\t<section class=\"elementor-section elementor-top-section elementor-element elementor-element-2c1518b elementor-section-boxed elementor-section-height-default elementor-section-height-default\" data-id=\"2c1518b\" data-element_type=\"section\">\n\t\t\t\t\t\t<div class=\"elementor-container elementor-column-gap-default\">\n\t\t\t\t\t<div class=\"elementor-column elementor-col-100 elementor-top-column elementor-element elementor-element-6ea3f7b\" data-id=\"6ea3f7b\" data-element_type=\"column\">\n\t\t\t<div class=\"elementor-widget-wrap elementor-element-populated\">\n\t\t\t\t\t\t<div class=\"elementor-element elementor-element-5ea4dab elementor-widget elementor-widget-text-editor\" data-id=\"5ea4dab\" data-element_type=\"widget\" data-widget_type=\"text-editor.default\">\n\t\t\t\t<div class=\"elementor-widget-container\">\n\t\t\t\t\t\t\t\t\t<p><div class=\"pt-cv-wrapper\"><div class=\"pt-cv-view pt-cv-grid pt-cv-colsys\" id=\"pt-cv-view-139e3ebgtw\"><div data-id=\"pt-cv-page-1\" class=\"pt-cv-page\" data-cvc=\"2\"><div class=\"col-md-6 col-sm-6 col-xs-6 pt-cv-content-item pt-cv-2-col\" ><div class='pt-cv-ifield'><a href=\"https:\/\/www.participacionciudadana.org\/web\/2021\/01\/11\/si-proponemos-un-pacto-etico\/\" class=\"_self pt-cv-href-thumbnail pt-cv-thumb-left\" target=\"_self\" ><img decoding=\"async\" width=\"150\" height=\"150\" src=\"https:\/\/www.participacionciudadana.org\/web\/wp-content\/uploads\/2021\/01\/SiProponemosUnPactoEtico-150x150.jpeg\" class=\"pt-cv-thumbnail pull-left\" alt=\"\" \/><\/a>\n<h4 class=\"pt-cv-title\"><a href=\"https:\/\/www.participacionciudadana.org\/web\/2021\/01\/11\/si-proponemos-un-pacto-etico\/\" class=\"_self\" target=\"_self\" >\u201c S\u00ed, proponemos un pacto \u00e9tico\u201d<\/a><\/h4>\n<div class=\"pt-cv-content\">El Ecuador llega nuevamente a las elecciones con una serie de temas cr\u00edticos que parece incapaz de resolver. Uno de &#8230;<br \/><div class=\"pt-cv-rmwrap\"><a href=\"https:\/\/www.participacionciudadana.org\/web\/2021\/01\/11\/si-proponemos-un-pacto-etico\/\" class=\"_self pt-cv-readmore btn btn-success\" target=\"_self\">Leer M\u00e1s<\/a><\/div><\/div><\/div><\/div>\n<div class=\"col-md-6 col-sm-6 col-xs-6 pt-cv-content-item pt-cv-2-col\" ><div class='pt-cv-ifield'><a href=\"https:\/\/www.participacionciudadana.org\/web\/2020\/07\/21\/pactoeticopc-los-partidos-no-pueden-ser-maquinarias-electorales\/\" class=\"_self pt-cv-href-thumbnail pt-cv-thumb-left\" target=\"_self\" ><img loading=\"lazy\" decoding=\"async\" width=\"150\" height=\"150\" src=\"https:\/\/www.participacionciudadana.org\/web\/wp-content\/uploads\/2022\/01\/MaquinasElectorales-150x150.png\" class=\"pt-cv-thumbnail pull-left\" alt=\"\" \/><\/a>\n<h4 class=\"pt-cv-title\"><a href=\"https:\/\/www.participacionciudadana.org\/web\/2020\/07\/21\/pactoeticopc-los-partidos-no-pueden-ser-maquinarias-electorales\/\" class=\"_self\" target=\"_self\" >#Pacto\u00c9ticoPC Los partidos no pueden ser maquinarias electorales<\/a><\/h4>\n<div class=\"pt-cv-content\">#Pacto\u00c9ticoPC Los partidos no pueden ser maquinarias electorales Deben mantener procesos de democracia interna y control \u00e9tico. Este ser\u00eda uno &#8230;<br \/><div class=\"pt-cv-rmwrap\"><a href=\"https:\/\/www.participacionciudadana.org\/web\/2020\/07\/21\/pactoeticopc-los-partidos-no-pueden-ser-maquinarias-electorales\/\" class=\"_self pt-cv-readmore btn btn-success\" target=\"_self\">Leer M\u00e1s<\/a><\/div><\/div><\/div><\/div>\n<div class=\"col-md-6 col-sm-6 col-xs-6 pt-cv-content-item pt-cv-2-col\" ><div class='pt-cv-ifield'><a href=\"https:\/\/www.participacionciudadana.org\/web\/2020\/07\/21\/pactoeticopc-voces-ciudadanas-exigen-mas-transparencia-organizaciones-politicas\/\" class=\"_self pt-cv-href-thumbnail pt-cv-thumb-left\" target=\"_self\" ><img loading=\"lazy\" decoding=\"async\" width=\"150\" height=\"150\" src=\"https:\/\/www.participacionciudadana.org\/web\/wp-content\/uploads\/2022\/01\/vocesciudadanas-150x150.png\" class=\"pt-cv-thumbnail pull-left\" alt=\"\" \/><\/a>\n<h4 class=\"pt-cv-title\"><a href=\"https:\/\/www.participacionciudadana.org\/web\/2020\/07\/21\/pactoeticopc-voces-ciudadanas-exigen-mas-transparencia-organizaciones-politicas\/\" class=\"_self\" target=\"_self\" >#Pacto\u00c9ticoPC Voces ciudadanas que exigen m\u00e1s transparencia a las organizaciones pol\u00edticas<\/a><\/h4>\n<div class=\"pt-cv-content\">#Pacto\u00c9ticoPC Voces ciudadanas que exigen m\u00e1s transparencia a las organizaciones pol\u00edticas Ruth Hidalgo, Directora de Corporaci\u00f3n Participaci\u00f3n Ciudadana. en entrevista &#8230;<br \/><div class=\"pt-cv-rmwrap\"><a href=\"https:\/\/www.participacionciudadana.org\/web\/2020\/07\/21\/pactoeticopc-voces-ciudadanas-exigen-mas-transparencia-organizaciones-politicas\/\" class=\"_self pt-cv-readmore btn btn-success\" target=\"_self\">Leer M\u00e1s<\/a><\/div><\/div><\/div><\/div>\n<div class=\"col-md-6 col-sm-6 col-xs-6 pt-cv-content-item pt-cv-2-col\" ><div class='pt-cv-ifield'><a href=\"https:\/\/www.participacionciudadana.org\/web\/2020\/07\/20\/pactoeticopc-no-solo-senales-al-otro\/\" class=\"_self pt-cv-href-thumbnail pt-cv-thumb-left\" target=\"_self\" ><img loading=\"lazy\" decoding=\"async\" width=\"150\" height=\"150\" src=\"https:\/\/www.participacionciudadana.org\/web\/wp-content\/uploads\/2022\/01\/MariaCardenas-150x150.png\" class=\"pt-cv-thumbnail pull-left\" alt=\"\" \/><\/a>\n<h4 class=\"pt-cv-title\"><a href=\"https:\/\/www.participacionciudadana.org\/web\/2020\/07\/20\/pactoeticopc-no-solo-senales-al-otro\/\" class=\"_self\" target=\"_self\" >#Pacto\u00c9ticoPC No solo se\u00f1ales al otro<\/a><\/h4>\n<div class=\"pt-cv-content\">#Pacto\u00c9ticoPC No solo se\u00f1ales al otro \u00bfSobornas al agente de tr\u00e1nsito? \u00bfPagas por obtener una cita o un tr\u00e1mite m\u00e1s &#8230;<br \/><div class=\"pt-cv-rmwrap\"><a href=\"https:\/\/www.participacionciudadana.org\/web\/2020\/07\/20\/pactoeticopc-no-solo-senales-al-otro\/\" class=\"_self pt-cv-readmore btn btn-success\" target=\"_self\">Leer M\u00e1s<\/a><\/div><\/div><\/div><\/div>\n<div class=\"col-md-6 col-sm-6 col-xs-6 pt-cv-content-item pt-cv-2-col\" ><div class='pt-cv-ifield'><a href=\"https:\/\/www.participacionciudadana.org\/web\/2020\/07\/16\/pactoeticopc-como-desterrar-una-cultura-de-tolerancia-a-la-corrupcion\/\" class=\"_self pt-cv-href-thumbnail pt-cv-thumb-left\" target=\"_self\" ><img loading=\"lazy\" decoding=\"async\" width=\"150\" height=\"150\" src=\"https:\/\/www.participacionciudadana.org\/web\/wp-content\/uploads\/2022\/01\/DaniloManzano-150x150.png\" class=\"pt-cv-thumbnail pull-left\" alt=\"\" \/><\/a>\n<h4 class=\"pt-cv-title\"><a href=\"https:\/\/www.participacionciudadana.org\/web\/2020\/07\/16\/pactoeticopc-como-desterrar-una-cultura-de-tolerancia-a-la-corrupcion\/\" class=\"_self\" target=\"_self\" >#Pacto\u00c9ticoPC \u00bfC\u00f3mo desterrar una cultura de tolerancia a la corrupci\u00f3n?<\/a><\/h4>\n<div class=\"pt-cv-content\">#Pacto\u00c9ticoPC \u00bfC\u00f3mo desterrar una cultura de tolerancia a la corrupci\u00f3n? Danilo Manzano, Director de Di\u00e1logo Diverso, comparte su punto de &#8230;<br \/><div class=\"pt-cv-rmwrap\"><a href=\"https:\/\/www.participacionciudadana.org\/web\/2020\/07\/16\/pactoeticopc-como-desterrar-una-cultura-de-tolerancia-a-la-corrupcion\/\" class=\"_self pt-cv-readmore btn btn-success\" target=\"_self\">Leer M\u00e1s<\/a><\/div><\/div><\/div><\/div>\n<div class=\"col-md-6 col-sm-6 col-xs-6 pt-cv-content-item pt-cv-2-col\" ><div class='pt-cv-ifield'><a href=\"https:\/\/www.participacionciudadana.org\/web\/2020\/07\/16\/el-universo-iniciativa-pacto-etico-recopila-ideas-para-la-lucha-anticorrupcion-en-ecuador\/\" class=\"_self pt-cv-href-thumbnail pt-cv-thumb-left\" target=\"_self\" ><img loading=\"lazy\" decoding=\"async\" width=\"150\" height=\"150\" src=\"https:\/\/www.participacionciudadana.org\/web\/wp-content\/uploads\/2020\/07\/20200716-iniciativa-pacto-etico-150x150.jpg\" class=\"pt-cv-thumbnail pull-left\" alt=\"\" srcset=\"https:\/\/www.participacionciudadana.org\/web\/wp-content\/uploads\/2020\/07\/20200716-iniciativa-pacto-etico-150x150.jpg 150w, https:\/\/www.participacionciudadana.org\/web\/wp-content\/uploads\/2020\/07\/20200716-iniciativa-pacto-etico-300x300.jpg 300w, https:\/\/www.participacionciudadana.org\/web\/wp-content\/uploads\/2020\/07\/20200716-iniciativa-pacto-etico.jpg 600w\" sizes=\"(max-width: 150px) 100vw, 150px\" \/><\/a>\n<h4 class=\"pt-cv-title\"><a href=\"https:\/\/www.participacionciudadana.org\/web\/2020\/07\/16\/el-universo-iniciativa-pacto-etico-recopila-ideas-para-la-lucha-anticorrupcion-en-ecuador\/\" class=\"_self\" target=\"_self\" >El Universo &#8211; Iniciativa Pacto \u00c9tico recopila ideas para la lucha anticorrupci\u00f3n en Ecuador<\/a><\/h4>\n<div class=\"pt-cv-content\">Iniciativa Pacto \u00c9tico recopila ideas para la lucha anticorrupci\u00f3n en Ecuador Ruth Hidalgo, Directora de Corporaci\u00f3n Participaci\u00f3n Ciudadana. \u201cLos procesos &#8230;<br \/><div class=\"pt-cv-rmwrap\"><a href=\"https:\/\/www.participacionciudadana.org\/web\/2020\/07\/16\/el-universo-iniciativa-pacto-etico-recopila-ideas-para-la-lucha-anticorrupcion-en-ecuador\/\" class=\"_self pt-cv-readmore btn btn-success\" target=\"_self\">Leer M\u00e1s<\/a><\/div><\/div><\/div><\/div>\n<div class=\"col-md-6 col-sm-6 col-xs-6 pt-cv-content-item pt-cv-2-col\" ><div class='pt-cv-ifield'><a href=\"https:\/\/www.participacionciudadana.org\/web\/2020\/07\/15\/pactoeticopc-es-la-expresion-de-la-diversidad-ciudadana\/\" class=\"_self pt-cv-href-thumbnail pt-cv-thumb-left\" target=\"_self\" ><img loading=\"lazy\" decoding=\"async\" width=\"150\" height=\"150\" src=\"https:\/\/www.participacionciudadana.org\/web\/wp-content\/uploads\/2022\/01\/GabrielaAlvear-150x150.png\" class=\"pt-cv-thumbnail pull-left\" alt=\"\" \/><\/a>\n<h4 class=\"pt-cv-title\"><a href=\"https:\/\/www.participacionciudadana.org\/web\/2020\/07\/15\/pactoeticopc-es-la-expresion-de-la-diversidad-ciudadana\/\" class=\"_self\" target=\"_self\" >#Pacto\u00c9ticoPC es la expresi\u00f3n de la diversidad ciudadana<\/a><\/h4>\n<div class=\"pt-cv-content\">#Pacto\u00c9ticoPC es la expresi\u00f3n de la diversidad ciudadana Gabriela Alvear, defensora de derechos, se une a la iniciativa. Video: {facebook}https:\/\/www.facebook.com\/ParticipacionPC\/videos\/366900370958469{\/facebook} &#8230;<br \/><div class=\"pt-cv-rmwrap\"><a href=\"https:\/\/www.participacionciudadana.org\/web\/2020\/07\/15\/pactoeticopc-es-la-expresion-de-la-diversidad-ciudadana\/\" class=\"_self pt-cv-readmore btn btn-success\" target=\"_self\">Leer M\u00e1s<\/a><\/div><\/div><\/div><\/div>\n<div class=\"col-md-6 col-sm-6 col-xs-6 pt-cv-content-item pt-cv-2-col\" ><div class='pt-cv-ifield'><a href=\"https:\/\/www.participacionciudadana.org\/web\/2020\/07\/14\/christoph-bauman-se-une-a-pactoeticopc-ya\/\" class=\"_self pt-cv-href-thumbnail pt-cv-thumb-left\" target=\"_self\" ><img loading=\"lazy\" decoding=\"async\" width=\"150\" height=\"150\" src=\"https:\/\/www.participacionciudadana.org\/web\/wp-content\/uploads\/2022\/01\/ChristophBauman-150x150.png\" class=\"pt-cv-thumbnail pull-left\" alt=\"\" \/><\/a>\n<h4 class=\"pt-cv-title\"><a href=\"https:\/\/www.participacionciudadana.org\/web\/2020\/07\/14\/christoph-bauman-se-une-a-pactoeticopc-ya\/\" class=\"_self\" target=\"_self\" >Christoph Bauman se une a #Pacto\u00c9ticoPC Ya<\/a><\/h4>\n<div class=\"pt-cv-content\">#Pacto\u00c9ticoPC es una iniciativa ciudadana Es el punto de encuentro de personas que quieren actuar contra la corrupci\u00f3n. El actor &#8230;<br \/><div class=\"pt-cv-rmwrap\"><a href=\"https:\/\/www.participacionciudadana.org\/web\/2020\/07\/14\/christoph-bauman-se-une-a-pactoeticopc-ya\/\" class=\"_self pt-cv-readmore btn btn-success\" target=\"_self\">Leer M\u00e1s<\/a><\/div><\/div><\/div><\/div><\/div><\/div>\n<div class=\" pt-cv-pagination-wrapper\"><ul class=\"pt-cv-pagination pt-cv-ajax pagination\" data-totalpages=\"3\" data-currentpage=\"1\" data-sid=\"139e3ebgtw\" data-unid=\"\" data-isblock=\"\" data-postid=\"\"><li class=\"active\"><a href=\"#\">1<\/a><\/li>\n\t<li ><a class=\"\" href=\"https:\/\/www.participacionciudadana.org\/web\/wp-json\/wp\/v2\/pages\/781\/?_page=2\">2<\/a><\/li>\n\t<li ><a class=\"\" href=\"https:\/\/www.participacionciudadana.org\/web\/wp-json\/wp\/v2\/pages\/781\/?_page=3\">3<\/a><\/li>\n\t<li ><a class=\" \" href=\"https:\/\/www.participacionciudadana.org\/web\/wp-json\/wp\/v2\/pages\/781\/?_page=2\">&rsaquo;<\/a><\/li>\n\t<\/ul><img loading=\"lazy\" decoding=\"async\" width=\"15\" height=\"15\" class=\"pt-cv-spinner\" alt=\"Cargando...\" src=\"data:image\/gif;base64,R0lGODlhDwAPALMPAMrKygwMDJOTkz09PZWVla+vr3p6euTk5M7OzuXl5TMzMwAAAJmZmWZmZszMzP\/\/\/yH\/C05FVFNDQVBFMi4wAwEAAAAh+QQFCgAPACwAAAAADwAPAAAEQvDJaZaZOIcV8iQK8VRX4iTYoAwZ4iCYoAjZ4RxejhVNoT+mRGP4cyF4Pp0N98sBGIBMEMOotl6YZ3S61Bmbkm4mAgAh+QQFCgAPACwAAAAADQANAAAENPDJSRSZeA418itN8QiK8BiLITVsFiyBBIoYqnoewAD4xPw9iY4XLGYSjkQR4UAUD45DLwIAIfkEBQoADwAsAAAAAA8ACQAABC\/wyVlamTi3nSdgwFNdhEJgTJoNyoB9ISYoQmdjiZPcj7EYCAeCF1gEDo4Dz2eIAAAh+QQFCgAPACwCAAAADQANAAAEM\/DJBxiYeLKdX3IJZT1FU0iIg2RNKx3OkZVnZ98ToRD4MyiDnkAh6BkNC0MvsAj0kMpHBAAh+QQFCgAPACwGAAAACQAPAAAEMDC59KpFDll73HkAA2wVY5KgiK5b0RRoI6MuzG6EQqCDMlSGheEhUAgqgUUAFRySIgAh+QQFCgAPACwCAAIADQANAAAEM\/DJKZNLND\/kkKaHc3xk+QAMYDKsiaqmZCxGVjSFFCxB1vwy2oOgIDxuucxAMTAJFAJNBAAh+QQFCgAPACwAAAYADwAJAAAEMNAs86q1yaWwwv2Ig0jUZx3OYa4XoRAfwADXoAwfo1+CIjyFRuEho60aSNYlOPxEAAAh+QQFCgAPACwAAAIADQANAAAENPA9s4y8+IUVcqaWJ4qEQozSoAzoIyhCK2NFU2SJk0hNnyEOhKR2AzAAj4Pj4GE4W0bkJQIAOw==\" \/><div class=\"clear pt-cv-clear-pagination\"><\/div><\/div><\/div><\/p>\t\t\t\t\t\t\t\t<\/div>\n\t\t\t\t<\/div>\n\t\t\t\t\t<\/div>\n\t\t<\/div>\n\t\t\t\t\t<\/div>\n\t\t<\/section>\n\t\t\t\t<\/div>\n\t\t","protected":false},"excerpt":{"rendered":"<p>Pacto \u00e9tico El Pacto \u00c9tico \u00a1con los valores bien puestos! es una iniciativa de la Corporaci\u00f3n Participaci\u00f3n Ciudadana que viene promoviendo el di\u00e1logo social junto a otras organizaciones de la sociedad civil, desde el 2014. Descarga la agenda Hemos trabajado en conjunto con diversos actores sociales en las distintas provincias de Ecuador, con el prop\u00f3sito [&hellip;]<\/p>\n","protected":false},"author":1,"featured_media":0,"parent":754,"menu_order":3,"comment_status":"closed","ping_status":"closed","template":"","meta":{"site-sidebar-layout":"no-sidebar","site-content-layout":"page-builder","ast-site-content-layout":"default","site-content-style":"default","site-sidebar-style":"default","ast-global-header-display":"","ast-banner-title-visibility":"","ast-main-header-display":"","ast-hfb-above-header-display":"","ast-hfb-below-header-display":"","ast-hfb-mobile-header-display":"","site-post-title":"disabled","ast-breadcrumbs-content":"","ast-featured-img":"disabled","footer-sml-layout":"","ast-disable-related-posts":"","theme-transparent-header-meta":"","adv-header-id-meta":"","stick-header-meta":"","header-above-stick-meta":"","header-main-stick-meta":"","header-below-stick-meta":"","astra-migrate-meta-layouts":"default","ast-page-background-enabled":"default","ast-page-background-meta":{"desktop":{"background-color":"","background-image":"","background-repeat":"repeat","background-position":"center center","background-size":"auto","background-attachment":"scroll","background-type":"","background-media":"","overlay-type":"","overlay-color":"","overlay-opacity":"","overlay-gradient":""},"tablet":{"background-color":"","background-image":"","background-repeat":"repeat","background-position":"center center","background-size":"auto","background-attachment":"scroll","background-type":"","background-media":"","overlay-type":"","overlay-color":"","overlay-opacity":"","overlay-gradient":""},"mobile":{"background-color":"","background-image":"","background-repeat":"repeat","background-position":"center center","background-size":"auto","background-attachment":"scroll","background-type":"","background-media":"","overlay-type":"","overlay-color":"","overlay-opacity":"","overlay-gradient":""}},"ast-content-background-meta":{"desktop":{"background-color":"var(--ast-global-color-5)","background-image":"","background-repeat":"repeat","background-position":"center center","background-size":"auto","background-attachment":"scroll","background-type":"","background-media":"","overlay-type":"","overlay-color":"","overlay-opacity":"","overlay-gradient":""},"tablet":{"background-color":"var(--ast-global-color-5)","background-image":"","background-repeat":"repeat","background-position":"center center","background-size":"auto","background-attachment":"scroll","background-type":"","background-media":"","overlay-type":"","overlay-color":"","overlay-opacity":"","overlay-gradient":""},"mobile":{"background-color":"var(--ast-global-color-5)","background-image":"","background-repeat":"repeat","background-position":"center center","background-size":"auto","background-attachment":"scroll","background-type":"","background-media":"","overlay-type":"","overlay-color":"","overlay-opacity":"","overlay-gradient":""}},"_joinchat":[],"footnotes":""},"class_list":["post-781","page","type-page","status-publish","hentry"],"yoast_head":"<!-- This site is optimized with the Yoast SEO plugin v26.5 - https:\/\/yoast.com\/wordpress\/plugins\/seo\/ -->\n<title>Pacto \u00c9tico - Participaci\u00f3n Ciudadana<\/title>\n<meta name=\"robots\" content=\"index, follow, max-snippet:-1, max-image-preview:large, max-video-preview:-1\" \/>\n<link rel=\"canonical\" href=\"https:\/\/www.participacionciudadana.org\/web\/proyectos\/pacto-etico\/\" \/>\n<meta property=\"og:locale\" content=\"es_ES\" \/>\n<meta property=\"og:type\" content=\"article\" \/>\n<meta property=\"og:title\" content=\"Pacto \u00c9tico - Participaci\u00f3n Ciudadana\" \/>\n<meta property=\"og:description\" content=\"Pacto \u00e9tico El Pacto \u00c9tico \u00a1con los valores bien puestos! es una iniciativa de la Corporaci\u00f3n Participaci\u00f3n Ciudadana que viene promoviendo el di\u00e1logo social junto a otras organizaciones de la sociedad civil, desde el 2014. Descarga la agenda Hemos trabajado en conjunto con diversos actores sociales en las distintas provincias de Ecuador, con el prop\u00f3sito [&hellip;]\" \/>\n<meta property=\"og:url\" content=\"https:\/\/www.participacionciudadana.org\/web\/proyectos\/pacto-etico\/\" \/>\n<meta property=\"og:site_name\" content=\"Participaci\u00f3n Ciudadana\" \/>\n<meta property=\"article:publisher\" content=\"https:\/\/www.facebook.com\/ParticipacionPC\/\" \/>\n<meta property=\"article:modified_time\" content=\"2022-01-10T21:05:36+00:00\" \/>\n<meta property=\"og:image\" content=\"https:\/\/www.participacionciudadana.org\/web\/wp-content\/uploads\/2022\/01\/agenda.png\" \/>\n<meta name=\"twitter:card\" content=\"summary_large_image\" \/>\n<meta name=\"twitter:site\" content=\"@ParticipacionPC\" \/>\n<meta name=\"twitter:label1\" content=\"Tiempo de lectura\" \/>\n\t<meta name=\"twitter:data1\" content=\"1 minuto\" \/>\n<script type=\"application\/ld+json\" class=\"yoast-schema-graph\">{\"@context\":\"https:\/\/schema.org\",\"@graph\":[{\"@type\":\"WebPage\",\"@id\":\"https:\/\/www.participacionciudadana.org\/web\/proyectos\/pacto-etico\/\",\"url\":\"https:\/\/www.participacionciudadana.org\/web\/proyectos\/pacto-etico\/\",\"name\":\"Pacto \u00c9tico - Participaci\u00f3n Ciudadana\",\"isPartOf\":{\"@id\":\"https:\/\/www.participacionciudadana.org\/web\/#website\"},\"primaryImageOfPage\":{\"@id\":\"https:\/\/www.participacionciudadana.org\/web\/proyectos\/pacto-etico\/#primaryimage\"},\"image\":{\"@id\":\"https:\/\/www.participacionciudadana.org\/web\/proyectos\/pacto-etico\/#primaryimage\"},\"thumbnailUrl\":\"https:\/\/www.participacionciudadana.org\/web\/wp-content\/uploads\/2022\/01\/agenda.png\",\"datePublished\":\"2021-11-18T22:36:28+00:00\",\"dateModified\":\"2022-01-10T21:05:36+00:00\",\"breadcrumb\":{\"@id\":\"https:\/\/www.participacionciudadana.org\/web\/proyectos\/pacto-etico\/#breadcrumb\"},\"inLanguage\":\"es\",\"potentialAction\":[{\"@type\":\"ReadAction\",\"target\":[\"https:\/\/www.participacionciudadana.org\/web\/proyectos\/pacto-etico\/\"]}]},{\"@type\":\"ImageObject\",\"inLanguage\":\"es\",\"@id\":\"https:\/\/www.participacionciudadana.org\/web\/proyectos\/pacto-etico\/#primaryimage\",\"url\":\"https:\/\/www.participacionciudadana.org\/web\/wp-content\/uploads\/2022\/01\/agenda.png\",\"contentUrl\":\"https:\/\/www.participacionciudadana.org\/web\/wp-content\/uploads\/2022\/01\/agenda.png\",\"width\":200,\"height\":271},{\"@type\":\"BreadcrumbList\",\"@id\":\"https:\/\/www.participacionciudadana.org\/web\/proyectos\/pacto-etico\/#breadcrumb\",\"itemListElement\":[{\"@type\":\"ListItem\",\"position\":1,\"name\":\"Portada\",\"item\":\"https:\/\/www.participacionciudadana.org\/web\/\"},{\"@type\":\"ListItem\",\"position\":2,\"name\":\"Proyectos\",\"item\":\"https:\/\/www.participacionciudadana.org\/web\/proyectos\/\"},{\"@type\":\"ListItem\",\"position\":3,\"name\":\"Pacto \u00c9tico\"}]},{\"@type\":\"WebSite\",\"@id\":\"https:\/\/www.participacionciudadana.org\/web\/#website\",\"url\":\"https:\/\/www.participacionciudadana.org\/web\/\",\"name\":\"Participaci\u00f3n Ciudadana\",\"description\":\"Comprometidos con la democracia\",\"publisher\":{\"@id\":\"https:\/\/www.participacionciudadana.org\/web\/#organization\"},\"potentialAction\":[{\"@type\":\"SearchAction\",\"target\":{\"@type\":\"EntryPoint\",\"urlTemplate\":\"https:\/\/www.participacionciudadana.org\/web\/?s={search_term_string}\"},\"query-input\":{\"@type\":\"PropertyValueSpecification\",\"valueRequired\":true,\"valueName\":\"search_term_string\"}}],\"inLanguage\":\"es\"},{\"@type\":\"Organization\",\"@id\":\"https:\/\/www.participacionciudadana.org\/web\/#organization\",\"name\":\"Participaci\u00f3n Ciudadana\",\"url\":\"https:\/\/www.participacionciudadana.org\/web\/\",\"logo\":{\"@type\":\"ImageObject\",\"inLanguage\":\"es\",\"@id\":\"https:\/\/www.participacionciudadana.org\/web\/#\/schema\/logo\/image\/\",\"url\":\"https:\/\/www.participacionciudadana.org\/web\/wp-content\/uploads\/2021\/11\/cropped-logo_pc-1.png\",\"contentUrl\":\"https:\/\/www.participacionciudadana.org\/web\/wp-content\/uploads\/2021\/11\/cropped-logo_pc-1.png\",\"width\":340,\"height\":114,\"caption\":\"Participaci\u00f3n Ciudadana\"},\"image\":{\"@id\":\"https:\/\/www.participacionciudadana.org\/web\/#\/schema\/logo\/image\/\"},\"sameAs\":[\"https:\/\/www.facebook.com\/ParticipacionPC\/\",\"https:\/\/x.com\/ParticipacionPC\"]}]}<\/script>\n<!-- \/ Yoast SEO plugin. -->","yoast_head_json":{"title":"Pacto \u00c9tico - Participaci\u00f3n Ciudadana","robots":{"index":"index","follow":"follow","max-snippet":"max-snippet:-1","max-image-preview":"max-image-preview:large","max-video-preview":"max-video-preview:-1"},"canonical":"https:\/\/www.participacionciudadana.org\/web\/proyectos\/pacto-etico\/","og_locale":"es_ES","og_type":"article","og_title":"Pacto \u00c9tico - Participaci\u00f3n Ciudadana","og_description":"Pacto \u00e9tico El Pacto \u00c9tico \u00a1con los valores bien puestos! es una iniciativa de la Corporaci\u00f3n Participaci\u00f3n Ciudadana que viene promoviendo el di\u00e1logo social junto a otras organizaciones de la sociedad civil, desde el 2014. Descarga la agenda Hemos trabajado en conjunto con diversos actores sociales en las distintas provincias de Ecuador, con el prop\u00f3sito [&hellip;]","og_url":"https:\/\/www.participacionciudadana.org\/web\/proyectos\/pacto-etico\/","og_site_name":"Participaci\u00f3n Ciudadana","article_publisher":"https:\/\/www.facebook.com\/ParticipacionPC\/","article_modified_time":"2022-01-10T21:05:36+00:00","og_image":[{"url":"https:\/\/www.participacionciudadana.org\/web\/wp-content\/uploads\/2022\/01\/agenda.png","type":"","width":"","height":""}],"twitter_card":"summary_large_image","twitter_site":"@ParticipacionPC","twitter_misc":{"Tiempo de lectura":"1 minuto"},"schema":{"@context":"https:\/\/schema.org","@graph":[{"@type":"WebPage","@id":"https:\/\/www.participacionciudadana.org\/web\/proyectos\/pacto-etico\/","url":"https:\/\/www.participacionciudadana.org\/web\/proyectos\/pacto-etico\/","name":"Pacto \u00c9tico - Participaci\u00f3n Ciudadana","isPartOf":{"@id":"https:\/\/www.participacionciudadana.org\/web\/#website"},"primaryImageOfPage":{"@id":"https:\/\/www.participacionciudadana.org\/web\/proyectos\/pacto-etico\/#primaryimage"},"image":{"@id":"https:\/\/www.participacionciudadana.org\/web\/proyectos\/pacto-etico\/#primaryimage"},"thumbnailUrl":"https:\/\/www.participacionciudadana.org\/web\/wp-content\/uploads\/2022\/01\/agenda.png","datePublished":"2021-11-18T22:36:28+00:00","dateModified":"2022-01-10T21:05:36+00:00","breadcrumb":{"@id":"https:\/\/www.participacionciudadana.org\/web\/proyectos\/pacto-etico\/#breadcrumb"},"inLanguage":"es","potentialAction":[{"@type":"ReadAction","target":["https:\/\/www.participacionciudadana.org\/web\/proyectos\/pacto-etico\/"]}]},{"@type":"ImageObject","inLanguage":"es","@id":"https:\/\/www.participacionciudadana.org\/web\/proyectos\/pacto-etico\/#primaryimage","url":"https:\/\/www.participacionciudadana.org\/web\/wp-content\/uploads\/2022\/01\/agenda.png","contentUrl":"https:\/\/www.participacionciudadana.org\/web\/wp-content\/uploads\/2022\/01\/agenda.png","width":200,"height":271},{"@type":"BreadcrumbList","@id":"https:\/\/www.participacionciudadana.org\/web\/proyectos\/pacto-etico\/#breadcrumb","itemListElement":[{"@type":"ListItem","position":1,"name":"Portada","item":"https:\/\/www.participacionciudadana.org\/web\/"},{"@type":"ListItem","position":2,"name":"Proyectos","item":"https:\/\/www.participacionciudadana.org\/web\/proyectos\/"},{"@type":"ListItem","position":3,"name":"Pacto \u00c9tico"}]},{"@type":"WebSite","@id":"https:\/\/www.participacionciudadana.org\/web\/#website","url":"https:\/\/www.participacionciudadana.org\/web\/","name":"Participaci\u00f3n Ciudadana","description":"Comprometidos con la democracia","publisher":{"@id":"https:\/\/www.participacionciudadana.org\/web\/#organization"},"potentialAction":[{"@type":"SearchAction","target":{"@type":"EntryPoint","urlTemplate":"https:\/\/www.participacionciudadana.org\/web\/?s={search_term_string}"},"query-input":{"@type":"PropertyValueSpecification","valueRequired":true,"valueName":"search_term_string"}}],"inLanguage":"es"},{"@type":"Organization","@id":"https:\/\/www.participacionciudadana.org\/web\/#organization","name":"Participaci\u00f3n Ciudadana","url":"https:\/\/www.participacionciudadana.org\/web\/","logo":{"@type":"ImageObject","inLanguage":"es","@id":"https:\/\/www.participacionciudadana.org\/web\/#\/schema\/logo\/image\/","url":"https:\/\/www.participacionciudadana.org\/web\/wp-content\/uploads\/2021\/11\/cropped-logo_pc-1.png","contentUrl":"https:\/\/www.participacionciudadana.org\/web\/wp-content\/uploads\/2021\/11\/cropped-logo_pc-1.png","width":340,"height":114,"caption":"Participaci\u00f3n Ciudadana"},"image":{"@id":"https:\/\/www.participacionciudadana.org\/web\/#\/schema\/logo\/image\/"},"sameAs":["https:\/\/www.facebook.com\/ParticipacionPC\/","https:\/\/x.com\/ParticipacionPC"]}]}},"_links":{"self":[{"href":"https:\/\/www.participacionciudadana.org\/web\/wp-json\/wp\/v2\/pages\/781","targetHints":{"allow":["GET"]}}],"collection":[{"href":"https:\/\/www.participacionciudadana.org\/web\/wp-json\/wp\/v2\/pages"}],"about":[{"href":"https:\/\/www.participacionciudadana.org\/web\/wp-json\/wp\/v2\/types\/page"}],"author":[{"embeddable":true,"href":"https:\/\/www.participacionciudadana.org\/web\/wp-json\/wp\/v2\/users\/1"}],"replies":[{"embeddable":true,"href":"https:\/\/www.participacionciudadana.org\/web\/wp-json\/wp\/v2\/comments?post=781"}],"version-history":[{"count":0,"href":"https:\/\/www.participacionciudadana.org\/web\/wp-json\/wp\/v2\/pages\/781\/revisions"}],"up":[{"embeddable":true,"href":"https:\/\/www.participacionciudadana.org\/web\/wp-json\/wp\/v2\/pages\/754"}],"wp:attachment":[{"href":"https:\/\/www.participacionciudadana.org\/web\/wp-json\/wp\/v2\/media?parent=781"}],"curies":[{"name":"wp","href":"https:\/\/api.w.org\/{rel}","templated":true}]}}