{"id":810,"date":"2021-11-18T17:43:41","date_gmt":"2021-11-18T22:43:41","guid":{"rendered":"https:\/\/www.participacionciudadana.org\/web\/?page_id=810"},"modified":"2022-01-06T13:55:24","modified_gmt":"2022-01-06T18:55:24","slug":"pc-en-medios","status":"publish","type":"page","link":"https:\/\/www.participacionciudadana.org\/web\/comunicacion\/pc-en-medios\/","title":{"rendered":"PC en medios"},"content":{"rendered":"<div class=\"pt-cv-wrapper\"><div class=\"pt-cv-view pt-cv-grid pt-cv-colsys\" id=\"pt-cv-view-637c134ekq\"><div data-id=\"pt-cv-page-1\" class=\"pt-cv-page\" data-cvc=\"1\"><div class=\"col-md-12 col-sm-12 col-xs-12 pt-cv-content-item pt-cv-2-col\" ><div class='pt-cv-ifield'><a href=\"https:\/\/www.participacionciudadana.org\/web\/2022\/11\/24\/ruth-hidalgo-debemos-exigir-a-los-politicos-excelencia-no-cualquiera-puede-ser-candidato-y-puede-pensar-que-esta-por-encima-de-la-ley\/\" class=\"_self pt-cv-href-thumbnail pt-cv-thumb-left\" target=\"_self\" ><img fetchpriority=\"high\" decoding=\"async\" width=\"300\" height=\"300\" src=\"https:\/\/www.participacionciudadana.org\/web\/wp-content\/uploads\/2022\/11\/Etica-Politica-300x300.jpg\" class=\"pt-cv-thumbnail pull-left\" alt=\"\" srcset=\"https:\/\/www.participacionciudadana.org\/web\/wp-content\/uploads\/2022\/11\/Etica-Politica-300x300.jpg 300w, https:\/\/www.participacionciudadana.org\/web\/wp-content\/uploads\/2022\/11\/Etica-Politica-150x150.jpg 150w, https:\/\/www.participacionciudadana.org\/web\/wp-content\/uploads\/2022\/11\/Etica-Politica-768x768.jpg 768w, https:\/\/www.participacionciudadana.org\/web\/wp-content\/uploads\/2022\/11\/Etica-Politica-600x600.jpg 600w, https:\/\/www.participacionciudadana.org\/web\/wp-content\/uploads\/2022\/11\/Etica-Politica.jpg 900w\" sizes=\"(max-width: 300px) 100vw, 300px\" \/><\/a>\n<h4 class=\"pt-cv-title\"><a href=\"https:\/\/www.participacionciudadana.org\/web\/2022\/11\/24\/ruth-hidalgo-debemos-exigir-a-los-politicos-excelencia-no-cualquiera-puede-ser-candidato-y-puede-pensar-que-esta-por-encima-de-la-ley\/\" class=\"_self\" target=\"_self\" >Ruth Hidalgo: \u201cDebemos exigir a los pol\u00edticos excelencia, no cualquiera puede ser candidato y puede pensar que est\u00e1 por encima de la ley&#8221;<\/a><\/h4>\n<div class=\"pt-cv-content\">Quito, 23 de noviembre de 2022 La directora ejecutiva de la Corporaci\u00f3n Participaci\u00f3n Ciudadana, Ruth Hidalgo, mantuvo una entrevista en ...<br \/><div class=\"pt-cv-rmwrap\"><a href=\"https:\/\/www.participacionciudadana.org\/web\/2022\/11\/24\/ruth-hidalgo-debemos-exigir-a-los-politicos-excelencia-no-cualquiera-puede-ser-candidato-y-puede-pensar-que-esta-por-encima-de-la-ley\/\" class=\"_self pt-cv-readmore btn btn-success\" target=\"_self\">Leer M\u00e1s<\/a><\/div><\/div><\/div><\/div>\n<div class=\"col-md-12 col-sm-12 col-xs-12 pt-cv-content-item pt-cv-2-col\" ><div class='pt-cv-ifield'><a href=\"https:\/\/www.participacionciudadana.org\/web\/2022\/06\/20\/participacion-ciudadana-insta-a-que-haya-un-mecanismo-de-dialogo-formal-en-igualdad-de-condiciones\/\" class=\"_self pt-cv-href-thumbnail pt-cv-thumb-left\" target=\"_self\" ><img decoding=\"async\" width=\"300\" height=\"300\" src=\"https:\/\/www.participacionciudadana.org\/web\/wp-content\/uploads\/2022\/06\/ok-300x300.jpeg\" class=\"pt-cv-thumbnail pull-left\" alt=\"\" srcset=\"https:\/\/www.participacionciudadana.org\/web\/wp-content\/uploads\/2022\/06\/ok-300x300.jpeg 300w, https:\/\/www.participacionciudadana.org\/web\/wp-content\/uploads\/2022\/06\/ok-150x150.jpeg 150w, https:\/\/www.participacionciudadana.org\/web\/wp-content\/uploads\/2022\/06\/ok.jpeg 600w\" sizes=\"(max-width: 300px) 100vw, 300px\" \/><\/a>\n<h4 class=\"pt-cv-title\"><a href=\"https:\/\/www.participacionciudadana.org\/web\/2022\/06\/20\/participacion-ciudadana-insta-a-que-haya-un-mecanismo-de-dialogo-formal-en-igualdad-de-condiciones\/\" class=\"_self\" target=\"_self\" >Participaci\u00f3n Ciudadana insta a un di\u00e1logo, urgente y formal, entre el Gobierno y la CONAIE<\/a><\/h4>\n<div class=\"pt-cv-content\">La directora de Participaci\u00f3n Ciudadana, Ruth Hidalgo, en di\u00e1logo con medios de comunicaci\u00f3n se ha referido a la importancia de ...<br \/><div class=\"pt-cv-rmwrap\"><a href=\"https:\/\/www.participacionciudadana.org\/web\/2022\/06\/20\/participacion-ciudadana-insta-a-que-haya-un-mecanismo-de-dialogo-formal-en-igualdad-de-condiciones\/\" class=\"_self pt-cv-readmore btn btn-success\" target=\"_self\">Leer M\u00e1s<\/a><\/div><\/div><\/div><\/div>\n<div class=\"col-md-12 col-sm-12 col-xs-12 pt-cv-content-item pt-cv-2-col\" ><div class='pt-cv-ifield'><a href=\"https:\/\/www.participacionciudadana.org\/web\/2022\/06\/17\/ruth-hidalgo-las-redes-sociales-deben-ser-un-canal-para-que-la-ciudadania-aporte-con-ideas\/\" class=\"_self pt-cv-href-thumbnail pt-cv-thumb-left\" target=\"_self\" ><img decoding=\"async\" width=\"300\" height=\"188\" src=\"https:\/\/www.participacionciudadana.org\/web\/wp-content\/uploads\/2022\/06\/Captura-de-Pantalla-2022-06-17-a-las-08.12.04-300x188.png\" class=\"pt-cv-thumbnail pull-left\" alt=\"\" srcset=\"https:\/\/www.participacionciudadana.org\/web\/wp-content\/uploads\/2022\/06\/Captura-de-Pantalla-2022-06-17-a-las-08.12.04-300x188.png 300w, https:\/\/www.participacionciudadana.org\/web\/wp-content\/uploads\/2022\/06\/Captura-de-Pantalla-2022-06-17-a-las-08.12.04-1024x640.png 1024w, https:\/\/www.participacionciudadana.org\/web\/wp-content\/uploads\/2022\/06\/Captura-de-Pantalla-2022-06-17-a-las-08.12.04-768x480.png 768w, https:\/\/www.participacionciudadana.org\/web\/wp-content\/uploads\/2022\/06\/Captura-de-Pantalla-2022-06-17-a-las-08.12.04.png 1440w\" sizes=\"(max-width: 300px) 100vw, 300px\" \/><\/a>\n<h4 class=\"pt-cv-title\"><a href=\"https:\/\/www.participacionciudadana.org\/web\/2022\/06\/17\/ruth-hidalgo-las-redes-sociales-deben-ser-un-canal-para-que-la-ciudadania-aporte-con-ideas\/\" class=\"_self\" target=\"_self\" >Ruth Hidalgo: &#8220;Las redes sociales deben ser un canal para que la ciudadan\u00eda aporte con ideas\u201d<\/a><\/h4>\n<div class=\"pt-cv-content\">La directora de Participaci\u00f3n Ciudadana, Ruth Hidalgo, mantuvo una entrevista con el portal digital Visionarias acerca de la situaci\u00f3n actual ...<br \/><div class=\"pt-cv-rmwrap\"><a href=\"https:\/\/www.participacionciudadana.org\/web\/2022\/06\/17\/ruth-hidalgo-las-redes-sociales-deben-ser-un-canal-para-que-la-ciudadania-aporte-con-ideas\/\" class=\"_self pt-cv-readmore btn btn-success\" target=\"_self\">Leer M\u00e1s<\/a><\/div><\/div><\/div><\/div>\n<div class=\"col-md-12 col-sm-12 col-xs-12 pt-cv-content-item pt-cv-2-col\" ><div class='pt-cv-ifield'><a href=\"https:\/\/www.participacionciudadana.org\/web\/2022\/05\/17\/reformas-electorales-deberian-estar-en-la-consulta-popular\/\" class=\"_self pt-cv-href-thumbnail pt-cv-thumb-left\" target=\"_self\" ><img loading=\"lazy\" decoding=\"async\" width=\"300\" height=\"177\" src=\"https:\/\/www.participacionciudadana.org\/web\/wp-content\/uploads\/2022\/05\/ruth-hidalgo-en-medios-300x177.jpeg\" class=\"pt-cv-thumbnail pull-left\" alt=\"\" srcset=\"https:\/\/www.participacionciudadana.org\/web\/wp-content\/uploads\/2022\/05\/ruth-hidalgo-en-medios-300x177.jpeg 300w, https:\/\/www.participacionciudadana.org\/web\/wp-content\/uploads\/2022\/05\/ruth-hidalgo-en-medios.jpeg 750w\" sizes=\"(max-width: 300px) 100vw, 300px\" \/><\/a>\n<h4 class=\"pt-cv-title\"><a href=\"https:\/\/www.participacionciudadana.org\/web\/2022\/05\/17\/reformas-electorales-deberian-estar-en-la-consulta-popular\/\" class=\"_self\" target=\"_self\" >Reformas electorales deber\u00edan estar en la consulta popular<\/a><\/h4>\n<div class=\"pt-cv-content\">En el programa de opini\u00f3n Descifrando con la periodista Thal\u00eda Flores de radio Centro, la directora de Participaci\u00f3n Ciudadana, Ruth ...<br \/><div class=\"pt-cv-rmwrap\"><a href=\"https:\/\/www.participacionciudadana.org\/web\/2022\/05\/17\/reformas-electorales-deberian-estar-en-la-consulta-popular\/\" class=\"_self pt-cv-readmore btn btn-success\" target=\"_self\">Leer M\u00e1s<\/a><\/div><\/div><\/div><\/div>\n<div class=\"col-md-12 col-sm-12 col-xs-12 pt-cv-content-item pt-cv-2-col\" ><div class='pt-cv-ifield'><a href=\"https:\/\/www.participacionciudadana.org\/web\/2022\/05\/17\/el-panorama-politico-del-pais-es-complejo\/\" class=\"_self pt-cv-href-thumbnail pt-cv-thumb-left\" target=\"_self\" ><img loading=\"lazy\" decoding=\"async\" width=\"300\" height=\"170\" src=\"https:\/\/www.participacionciudadana.org\/web\/wp-content\/uploads\/2022\/05\/participacion-ciudadana-ruth-hidalgo-2022-300x170.jpg\" class=\"pt-cv-thumbnail pull-left\" alt=\"\" srcset=\"https:\/\/www.participacionciudadana.org\/web\/wp-content\/uploads\/2022\/05\/participacion-ciudadana-ruth-hidalgo-2022-300x170.jpg 300w, https:\/\/www.participacionciudadana.org\/web\/wp-content\/uploads\/2022\/05\/participacion-ciudadana-ruth-hidalgo-2022.jpg 702w\" sizes=\"(max-width: 300px) 100vw, 300px\" \/><\/a>\n<h4 class=\"pt-cv-title\"><a href=\"https:\/\/www.participacionciudadana.org\/web\/2022\/05\/17\/el-panorama-politico-del-pais-es-complejo\/\" class=\"_self\" target=\"_self\" >&#8220;El panorama pol\u00edtico del pa\u00eds es complejo&#8221;<\/a><\/h4>\n<div class=\"pt-cv-content\">Este 1 de abril, en una entrevista con el periodista Gonzalo Ru\u00edz Alvarez, de Radio Quito y Platinum, la directora ...<br \/><div class=\"pt-cv-rmwrap\"><a href=\"https:\/\/www.participacionciudadana.org\/web\/2022\/05\/17\/el-panorama-politico-del-pais-es-complejo\/\" class=\"_self pt-cv-readmore btn btn-success\" target=\"_self\">Leer M\u00e1s<\/a><\/div><\/div><\/div><\/div>\n<div class=\"col-md-12 col-sm-12 col-xs-12 pt-cv-content-item pt-cv-2-col\" ><div class='pt-cv-ifield'><a href=\"https:\/\/www.participacionciudadana.org\/web\/2022\/05\/17\/seguiremos-construyendo-las-reformas-electorales\/\" class=\"_self pt-cv-href-thumbnail pt-cv-thumb-left\" target=\"_self\" ><img loading=\"lazy\" decoding=\"async\" width=\"300\" height=\"168\" src=\"https:\/\/www.participacionciudadana.org\/web\/wp-content\/uploads\/2022\/05\/participacion-ciudadana-2022-300x168.jpg\" class=\"pt-cv-thumbnail pull-left\" alt=\"\" srcset=\"https:\/\/www.participacionciudadana.org\/web\/wp-content\/uploads\/2022\/05\/participacion-ciudadana-2022-300x168.jpg 300w, https:\/\/www.participacionciudadana.org\/web\/wp-content\/uploads\/2022\/05\/participacion-ciudadana-2022-768x429.jpg 768w, https:\/\/www.participacionciudadana.org\/web\/wp-content\/uploads\/2022\/05\/participacion-ciudadana-2022.jpg 977w\" sizes=\"(max-width: 300px) 100vw, 300px\" \/><\/a>\n<h4 class=\"pt-cv-title\"><a href=\"https:\/\/www.participacionciudadana.org\/web\/2022\/05\/17\/seguiremos-construyendo-las-reformas-electorales\/\" class=\"_self\" target=\"_self\" >&#8220;Seguiremos construyendo las reformas electorales&#8221;<\/a><\/h4>\n<div class=\"pt-cv-content\">Este 31 de marzo, nuestra directora ejecutiva Ruth Hidalgo, en un di\u00e1logo con el periodista Miguel Rivadeneira de Radio Democracia, ...<br \/><div class=\"pt-cv-rmwrap\"><a href=\"https:\/\/www.participacionciudadana.org\/web\/2022\/05\/17\/seguiremos-construyendo-las-reformas-electorales\/\" class=\"_self pt-cv-readmore btn btn-success\" target=\"_self\">Leer M\u00e1s<\/a><\/div><\/div><\/div><\/div>\n<div class=\"col-md-12 col-sm-12 col-xs-12 pt-cv-content-item pt-cv-2-col\" ><div class='pt-cv-ifield'><a href=\"https:\/\/www.participacionciudadana.org\/web\/2022\/03\/17\/la-violencia-politica-desincentiva-a-la-mujer\/\" class=\"_self pt-cv-href-thumbnail pt-cv-thumb-left\" target=\"_self\" ><img loading=\"lazy\" decoding=\"async\" width=\"300\" height=\"182\" src=\"https:\/\/www.participacionciudadana.org\/web\/wp-content\/uploads\/2022\/03\/RUTH-HIDALGO-300x182.jpg\" class=\"pt-cv-thumbnail pull-left\" alt=\"\" srcset=\"https:\/\/www.participacionciudadana.org\/web\/wp-content\/uploads\/2022\/03\/RUTH-HIDALGO-300x182.jpg 300w, https:\/\/www.participacionciudadana.org\/web\/wp-content\/uploads\/2022\/03\/RUTH-HIDALGO-1024x621.jpg 1024w, https:\/\/www.participacionciudadana.org\/web\/wp-content\/uploads\/2022\/03\/RUTH-HIDALGO-768x466.jpg 768w, https:\/\/www.participacionciudadana.org\/web\/wp-content\/uploads\/2022\/03\/RUTH-HIDALGO.jpg 1369w\" sizes=\"(max-width: 300px) 100vw, 300px\" \/><\/a>\n<h4 class=\"pt-cv-title\"><a href=\"https:\/\/www.participacionciudadana.org\/web\/2022\/03\/17\/la-violencia-politica-desincentiva-a-la-mujer\/\" class=\"_self\" target=\"_self\" >La violencia pol\u00edtica desincentiva a la mujer<\/a><\/h4>\n<div class=\"pt-cv-content\">Este 8 de marzo, nuestra directora Ruth Hidalgo en una entrevista con el periodista Freddy Paredes de radio La \u00danica,mostr\u00f3 ...<br \/><div class=\"pt-cv-rmwrap\"><a href=\"https:\/\/www.participacionciudadana.org\/web\/2022\/03\/17\/la-violencia-politica-desincentiva-a-la-mujer\/\" class=\"_self pt-cv-readmore btn btn-success\" target=\"_self\">Leer M\u00e1s<\/a><\/div><\/div><\/div><\/div>\n<div class=\"col-md-12 col-sm-12 col-xs-12 pt-cv-content-item pt-cv-2-col\" ><div class='pt-cv-ifield'><a href=\"https:\/\/www.participacionciudadana.org\/web\/2022\/03\/17\/partidos-deben-mejorar-forma-de-hacer-politica\/\" class=\"_self pt-cv-href-thumbnail pt-cv-thumb-left\" target=\"_self\" ><img loading=\"lazy\" decoding=\"async\" width=\"300\" height=\"156\" src=\"https:\/\/www.participacionciudadana.org\/web\/wp-content\/uploads\/2022\/03\/participacion-ciudadana-300x156.jpg\" class=\"pt-cv-thumbnail pull-left\" alt=\"\" srcset=\"https:\/\/www.participacionciudadana.org\/web\/wp-content\/uploads\/2022\/03\/participacion-ciudadana-300x156.jpg 300w, https:\/\/www.participacionciudadana.org\/web\/wp-content\/uploads\/2022\/03\/participacion-ciudadana-1024x532.jpg 1024w, https:\/\/www.participacionciudadana.org\/web\/wp-content\/uploads\/2022\/03\/participacion-ciudadana-768x399.jpg 768w, https:\/\/www.participacionciudadana.org\/web\/wp-content\/uploads\/2022\/03\/participacion-ciudadana.jpg 1363w\" sizes=\"(max-width: 300px) 100vw, 300px\" \/><\/a>\n<h4 class=\"pt-cv-title\"><a href=\"https:\/\/www.participacionciudadana.org\/web\/2022\/03\/17\/partidos-deben-mejorar-forma-de-hacer-politica\/\" class=\"_self\" target=\"_self\" >Partidos deben mejorar forma de hacer pol\u00edtica<\/a><\/h4>\n<div class=\"pt-cv-content\">Este 8 de marzo, nuestra directora Ruth Hidalgo dialog\u00f3 en radio Sonorama con el periodista Fabricio Vela sobre las deudas ...<br \/><div class=\"pt-cv-rmwrap\"><a href=\"https:\/\/www.participacionciudadana.org\/web\/2022\/03\/17\/partidos-deben-mejorar-forma-de-hacer-politica\/\" class=\"_self pt-cv-readmore btn btn-success\" target=\"_self\">Leer M\u00e1s<\/a><\/div><\/div><\/div><\/div>\n<div class=\"col-md-12 col-sm-12 col-xs-12 pt-cv-content-item pt-cv-2-col\" ><div class='pt-cv-ifield'><a href=\"https:\/\/www.participacionciudadana.org\/web\/2022\/03\/17\/encuentro-en-la-udla\/\" class=\"_self pt-cv-href-thumbnail pt-cv-thumb-left\" target=\"_self\" ><img loading=\"lazy\" decoding=\"async\" width=\"300\" height=\"140\" src=\"https:\/\/www.participacionciudadana.org\/web\/wp-content\/uploads\/2022\/03\/77f58cc2-c814-4826-8320-40997f509653-300x140.jpg\" class=\"pt-cv-thumbnail pull-left\" alt=\"\" srcset=\"https:\/\/www.participacionciudadana.org\/web\/wp-content\/uploads\/2022\/03\/77f58cc2-c814-4826-8320-40997f509653-300x140.jpg 300w, https:\/\/www.participacionciudadana.org\/web\/wp-content\/uploads\/2022\/03\/77f58cc2-c814-4826-8320-40997f509653-1024x478.jpg 1024w, https:\/\/www.participacionciudadana.org\/web\/wp-content\/uploads\/2022\/03\/77f58cc2-c814-4826-8320-40997f509653-768x359.jpg 768w, https:\/\/www.participacionciudadana.org\/web\/wp-content\/uploads\/2022\/03\/77f58cc2-c814-4826-8320-40997f509653.jpg 1280w\" sizes=\"(max-width: 300px) 100vw, 300px\" \/><\/a>\n<h4 class=\"pt-cv-title\"><a href=\"https:\/\/www.participacionciudadana.org\/web\/2022\/03\/17\/encuentro-en-la-udla\/\" class=\"_self\" target=\"_self\" >Las democracia necesita m\u00e1s mujeres, dijo Ruth Hidalgo<\/a><\/h4>\n<div class=\"pt-cv-content\">En conmemoraci\u00f3n del d\u00eda Internacional de la Mujer, la Escuela de Ciencias Pol\u00edticas y Relaciones Internacionales de la Universidad de ...<br \/><div class=\"pt-cv-rmwrap\"><a href=\"https:\/\/www.participacionciudadana.org\/web\/2022\/03\/17\/encuentro-en-la-udla\/\" class=\"_self pt-cv-readmore btn btn-success\" target=\"_self\">Leer M\u00e1s<\/a><\/div><\/div><\/div><\/div>\n<div class=\"col-md-12 col-sm-12 col-xs-12 pt-cv-content-item pt-cv-2-col\" ><div class='pt-cv-ifield'><a href=\"https:\/\/www.participacionciudadana.org\/web\/2022\/02\/24\/pc-promueve-alianzas-por-tendencias-para-elecciones-2023\/\" class=\"_self pt-cv-href-thumbnail pt-cv-thumb-left\" target=\"_self\" ><img loading=\"lazy\" decoding=\"async\" width=\"300\" height=\"172\" src=\"https:\/\/www.participacionciudadana.org\/web\/wp-content\/uploads\/2022\/02\/unnamed-300x172.jpg\" class=\"pt-cv-thumbnail pull-left\" alt=\"\" srcset=\"https:\/\/www.participacionciudadana.org\/web\/wp-content\/uploads\/2022\/02\/unnamed-300x172.jpg 300w, https:\/\/www.participacionciudadana.org\/web\/wp-content\/uploads\/2022\/02\/unnamed-768x439.jpg 768w, https:\/\/www.participacionciudadana.org\/web\/wp-content\/uploads\/2022\/02\/unnamed.jpg 969w\" sizes=\"(max-width: 300px) 100vw, 300px\" \/><\/a>\n<h4 class=\"pt-cv-title\"><a href=\"https:\/\/www.participacionciudadana.org\/web\/2022\/02\/24\/pc-promueve-alianzas-por-tendencias-para-elecciones-2023\/\" class=\"_self\" target=\"_self\" >PC promueve alianzas por tendencias para elecciones 2023<\/a><\/h4>\n<div class=\"pt-cv-content\">El 21 de febrero, nuestra directora ejecutiva Ruth Hidalgo mantuvo una entrevista con el periodista Miguel Rivadeneira en el programa ...<br \/><div class=\"pt-cv-rmwrap\"><a href=\"https:\/\/www.participacionciudadana.org\/web\/2022\/02\/24\/pc-promueve-alianzas-por-tendencias-para-elecciones-2023\/\" class=\"_self pt-cv-readmore btn btn-success\" target=\"_self\">Leer M\u00e1s<\/a><\/div><\/div><\/div><\/div><\/div><\/div>\n<div class=\" pt-cv-pagination-wrapper\"><ul class=\"pt-cv-pagination pt-cv-ajax pagination\" data-totalpages=\"24\" data-currentpage=\"1\" data-sid=\"637c134ekq\" data-unid=\"\" data-isblock=\"\" data-postid=\"\"><li class=\"active\"><a href=\"#\">1<\/a><\/li>\n\t<li ><a class=\"\" href=\"https:\/\/www.participacionciudadana.org\/web\/wp-json\/wp\/v2\/pages\/810\/?_page=2\">2<\/a><\/li>\n\t<li ><a class=\"\" href=\"https:\/\/www.participacionciudadana.org\/web\/wp-json\/wp\/v2\/pages\/810\/?_page=3\">3<\/a><\/li>\n\t<li ><a href=\"#\">&hellip;<\/a><\/li>\n\t<li ><a class=\"\" href=\"https:\/\/www.participacionciudadana.org\/web\/wp-json\/wp\/v2\/pages\/810\/?_page=24\">24<\/a><\/li>\n\t<li ><a class=\" \" href=\"https:\/\/www.participacionciudadana.org\/web\/wp-json\/wp\/v2\/pages\/810\/?_page=2\">&rsaquo;<\/a><\/li>\n\t<\/ul><img loading=\"lazy\" decoding=\"async\" width=\"15\" height=\"15\" class=\"pt-cv-spinner\" alt=\"Cargando...\" src=\"data:image\/gif;base64,R0lGODlhDwAPALMPAMrKygwMDJOTkz09PZWVla+vr3p6euTk5M7OzuXl5TMzMwAAAJmZmWZmZszMzP\/\/\/yH\/C05FVFNDQVBFMi4wAwEAAAAh+QQFCgAPACwAAAAADwAPAAAEQvDJaZaZOIcV8iQK8VRX4iTYoAwZ4iCYoAjZ4RxejhVNoT+mRGP4cyF4Pp0N98sBGIBMEMOotl6YZ3S61Bmbkm4mAgAh+QQFCgAPACwAAAAADQANAAAENPDJSRSZeA418itN8QiK8BiLITVsFiyBBIoYqnoewAD4xPw9iY4XLGYSjkQR4UAUD45DLwIAIfkEBQoADwAsAAAAAA8ACQAABC\/wyVlamTi3nSdgwFNdhEJgTJoNyoB9ISYoQmdjiZPcj7EYCAeCF1gEDo4Dz2eIAAAh+QQFCgAPACwCAAAADQANAAAEM\/DJBxiYeLKdX3IJZT1FU0iIg2RNKx3OkZVnZ98ToRD4MyiDnkAh6BkNC0MvsAj0kMpHBAAh+QQFCgAPACwGAAAACQAPAAAEMDC59KpFDll73HkAA2wVY5KgiK5b0RRoI6MuzG6EQqCDMlSGheEhUAgqgUUAFRySIgAh+QQFCgAPACwCAAIADQANAAAEM\/DJKZNLND\/kkKaHc3xk+QAMYDKsiaqmZCxGVjSFFCxB1vwy2oOgIDxuucxAMTAJFAJNBAAh+QQFCgAPACwAAAYADwAJAAAEMNAs86q1yaWwwv2Ig0jUZx3OYa4XoRAfwADXoAwfo1+CIjyFRuEho60aSNYlOPxEAAAh+QQFCgAPACwAAAIADQANAAAENPA9s4y8+IUVcqaWJ4qEQozSoAzoIyhCK2NFU2SJk0hNnyEOhKR2AzAAj4Pj4GE4W0bkJQIAOw==\" \/><div class=\"clear pt-cv-clear-pagination\"><\/div><\/div><\/div>\n","protected":false},"excerpt":{"rendered":"","protected":false},"author":1,"featured_media":0,"parent":756,"menu_order":2,"comment_status":"closed","ping_status":"closed","template":"","meta":{"site-sidebar-layout":"default","site-content-layout":"","ast-site-content-layout":"default","site-content-style":"default","site-sidebar-style":"default","ast-global-header-display":"","ast-banner-title-visibility":"","ast-main-header-display":"","ast-hfb-above-header-display":"","ast-hfb-below-header-display":"","ast-hfb-mobile-header-display":"","site-post-title":"","ast-breadcrumbs-content":"","ast-featured-img":"","footer-sml-layout":"","ast-disable-related-posts":"","theme-transparent-header-meta":"","adv-header-id-meta":"","stick-header-meta":"","header-above-stick-meta":"","header-main-stick-meta":"","header-below-stick-meta":"","astra-migrate-meta-layouts":"default","ast-page-background-enabled":"default","ast-page-background-meta":{"desktop":{"background-color":"","background-image":"","background-repeat":"repeat","background-position":"center center","background-size":"auto","background-attachment":"scroll","background-type":"","background-media":"","overlay-type":"","overlay-color":"","overlay-opacity":"","overlay-gradient":""},"tablet":{"background-color":"","background-image":"","background-repeat":"repeat","background-position":"center center","background-size":"auto","background-attachment":"scroll","background-type":"","background-media":"","overlay-type":"","overlay-color":"","overlay-opacity":"","overlay-gradient":""},"mobile":{"background-color":"","background-image":"","background-repeat":"repeat","background-position":"center center","background-size":"auto","background-attachment":"scroll","background-type":"","background-media":"","overlay-type":"","overlay-color":"","overlay-opacity":"","overlay-gradient":""}},"ast-content-background-meta":{"desktop":{"background-color":"var(--ast-global-color-5)","background-image":"","background-repeat":"repeat","background-position":"center center","background-size":"auto","background-attachment":"scroll","background-type":"","background-media":"","overlay-type":"","overlay-color":"","overlay-opacity":"","overlay-gradient":""},"tablet":{"background-color":"var(--ast-global-color-5)","background-image":"","background-repeat":"repeat","background-position":"center center","background-size":"auto","background-attachment":"scroll","background-type":"","background-media":"","overlay-type":"","overlay-color":"","overlay-opacity":"","overlay-gradient":""},"mobile":{"background-color":"var(--ast-global-color-5)","background-image":"","background-repeat":"repeat","background-position":"center center","background-size":"auto","background-attachment":"scroll","background-type":"","background-media":"","overlay-type":"","overlay-color":"","overlay-opacity":"","overlay-gradient":""}},"_joinchat":[],"footnotes":""},"class_list":["post-810","page","type-page","status-publish","hentry"],"yoast_head":"<!-- This site is optimized with the Yoast SEO plugin v26.5 - https:\/\/yoast.com\/wordpress\/plugins\/seo\/ -->\n<title>PC en medios - Participaci\u00f3n Ciudadana<\/title>\n<meta name=\"robots\" content=\"index, follow, max-snippet:-1, max-image-preview:large, max-video-preview:-1\" \/>\n<link rel=\"canonical\" href=\"https:\/\/www.participacionciudadana.org\/web\/comunicacion\/pc-en-medios\/\" \/>\n<meta property=\"og:locale\" content=\"es_ES\" \/>\n<meta property=\"og:type\" content=\"article\" \/>\n<meta property=\"og:title\" content=\"PC en medios - Participaci\u00f3n Ciudadana\" \/>\n<meta property=\"og:url\" content=\"https:\/\/www.participacionciudadana.org\/web\/comunicacion\/pc-en-medios\/\" \/>\n<meta property=\"og:site_name\" content=\"Participaci\u00f3n Ciudadana\" \/>\n<meta property=\"article:publisher\" content=\"https:\/\/www.facebook.com\/ParticipacionPC\/\" \/>\n<meta property=\"article:modified_time\" content=\"2022-01-06T18:55:24+00:00\" \/>\n<meta name=\"twitter:card\" content=\"summary_large_image\" \/>\n<meta name=\"twitter:site\" content=\"@ParticipacionPC\" \/>\n<script type=\"application\/ld+json\" class=\"yoast-schema-graph\">{\"@context\":\"https:\/\/schema.org\",\"@graph\":[{\"@type\":\"WebPage\",\"@id\":\"https:\/\/www.participacionciudadana.org\/web\/comunicacion\/pc-en-medios\/\",\"url\":\"https:\/\/www.participacionciudadana.org\/web\/comunicacion\/pc-en-medios\/\",\"name\":\"PC en medios - Participaci\u00f3n Ciudadana\",\"isPartOf\":{\"@id\":\"https:\/\/www.participacionciudadana.org\/web\/#website\"},\"datePublished\":\"2021-11-18T22:43:41+00:00\",\"dateModified\":\"2022-01-06T18:55:24+00:00\",\"breadcrumb\":{\"@id\":\"https:\/\/www.participacionciudadana.org\/web\/comunicacion\/pc-en-medios\/#breadcrumb\"},\"inLanguage\":\"es\",\"potentialAction\":[{\"@type\":\"ReadAction\",\"target\":[\"https:\/\/www.participacionciudadana.org\/web\/comunicacion\/pc-en-medios\/\"]}]},{\"@type\":\"BreadcrumbList\",\"@id\":\"https:\/\/www.participacionciudadana.org\/web\/comunicacion\/pc-en-medios\/#breadcrumb\",\"itemListElement\":[{\"@type\":\"ListItem\",\"position\":1,\"name\":\"Portada\",\"item\":\"https:\/\/www.participacionciudadana.org\/web\/\"},{\"@type\":\"ListItem\",\"position\":2,\"name\":\"Comunicaci\u00f3n\",\"item\":\"https:\/\/www.participacionciudadana.org\/web\/comunicacion\/\"},{\"@type\":\"ListItem\",\"position\":3,\"name\":\"PC en medios\"}]},{\"@type\":\"WebSite\",\"@id\":\"https:\/\/www.participacionciudadana.org\/web\/#website\",\"url\":\"https:\/\/www.participacionciudadana.org\/web\/\",\"name\":\"Participaci\u00f3n Ciudadana\",\"description\":\"Comprometidos con la democracia\",\"publisher\":{\"@id\":\"https:\/\/www.participacionciudadana.org\/web\/#organization\"},\"potentialAction\":[{\"@type\":\"SearchAction\",\"target\":{\"@type\":\"EntryPoint\",\"urlTemplate\":\"https:\/\/www.participacionciudadana.org\/web\/?s={search_term_string}\"},\"query-input\":{\"@type\":\"PropertyValueSpecification\",\"valueRequired\":true,\"valueName\":\"search_term_string\"}}],\"inLanguage\":\"es\"},{\"@type\":\"Organization\",\"@id\":\"https:\/\/www.participacionciudadana.org\/web\/#organization\",\"name\":\"Participaci\u00f3n Ciudadana\",\"url\":\"https:\/\/www.participacionciudadana.org\/web\/\",\"logo\":{\"@type\":\"ImageObject\",\"inLanguage\":\"es\",\"@id\":\"https:\/\/www.participacionciudadana.org\/web\/#\/schema\/logo\/image\/\",\"url\":\"https:\/\/www.participacionciudadana.org\/web\/wp-content\/uploads\/2021\/11\/cropped-logo_pc-1.png\",\"contentUrl\":\"https:\/\/www.participacionciudadana.org\/web\/wp-content\/uploads\/2021\/11\/cropped-logo_pc-1.png\",\"width\":340,\"height\":114,\"caption\":\"Participaci\u00f3n Ciudadana\"},\"image\":{\"@id\":\"https:\/\/www.participacionciudadana.org\/web\/#\/schema\/logo\/image\/\"},\"sameAs\":[\"https:\/\/www.facebook.com\/ParticipacionPC\/\",\"https:\/\/x.com\/ParticipacionPC\"]}]}<\/script>\n<!-- \/ Yoast SEO plugin. -->","yoast_head_json":{"title":"PC en medios - Participaci\u00f3n Ciudadana","robots":{"index":"index","follow":"follow","max-snippet":"max-snippet:-1","max-image-preview":"max-image-preview:large","max-video-preview":"max-video-preview:-1"},"canonical":"https:\/\/www.participacionciudadana.org\/web\/comunicacion\/pc-en-medios\/","og_locale":"es_ES","og_type":"article","og_title":"PC en medios - Participaci\u00f3n Ciudadana","og_url":"https:\/\/www.participacionciudadana.org\/web\/comunicacion\/pc-en-medios\/","og_site_name":"Participaci\u00f3n Ciudadana","article_publisher":"https:\/\/www.facebook.com\/ParticipacionPC\/","article_modified_time":"2022-01-06T18:55:24+00:00","twitter_card":"summary_large_image","twitter_site":"@ParticipacionPC","schema":{"@context":"https:\/\/schema.org","@graph":[{"@type":"WebPage","@id":"https:\/\/www.participacionciudadana.org\/web\/comunicacion\/pc-en-medios\/","url":"https:\/\/www.participacionciudadana.org\/web\/comunicacion\/pc-en-medios\/","name":"PC en medios - Participaci\u00f3n Ciudadana","isPartOf":{"@id":"https:\/\/www.participacionciudadana.org\/web\/#website"},"datePublished":"2021-11-18T22:43:41+00:00","dateModified":"2022-01-06T18:55:24+00:00","breadcrumb":{"@id":"https:\/\/www.participacionciudadana.org\/web\/comunicacion\/pc-en-medios\/#breadcrumb"},"inLanguage":"es","potentialAction":[{"@type":"ReadAction","target":["https:\/\/www.participacionciudadana.org\/web\/comunicacion\/pc-en-medios\/"]}]},{"@type":"BreadcrumbList","@id":"https:\/\/www.participacionciudadana.org\/web\/comunicacion\/pc-en-medios\/#breadcrumb","itemListElement":[{"@type":"ListItem","position":1,"name":"Portada","item":"https:\/\/www.participacionciudadana.org\/web\/"},{"@type":"ListItem","position":2,"name":"Comunicaci\u00f3n","item":"https:\/\/www.participacionciudadana.org\/web\/comunicacion\/"},{"@type":"ListItem","position":3,"name":"PC en medios"}]},{"@type":"WebSite","@id":"https:\/\/www.participacionciudadana.org\/web\/#website","url":"https:\/\/www.participacionciudadana.org\/web\/","name":"Participaci\u00f3n Ciudadana","description":"Comprometidos con la democracia","publisher":{"@id":"https:\/\/www.participacionciudadana.org\/web\/#organization"},"potentialAction":[{"@type":"SearchAction","target":{"@type":"EntryPoint","urlTemplate":"https:\/\/www.participacionciudadana.org\/web\/?s={search_term_string}"},"query-input":{"@type":"PropertyValueSpecification","valueRequired":true,"valueName":"search_term_string"}}],"inLanguage":"es"},{"@type":"Organization","@id":"https:\/\/www.participacionciudadana.org\/web\/#organization","name":"Participaci\u00f3n Ciudadana","url":"https:\/\/www.participacionciudadana.org\/web\/","logo":{"@type":"ImageObject","inLanguage":"es","@id":"https:\/\/www.participacionciudadana.org\/web\/#\/schema\/logo\/image\/","url":"https:\/\/www.participacionciudadana.org\/web\/wp-content\/uploads\/2021\/11\/cropped-logo_pc-1.png","contentUrl":"https:\/\/www.participacionciudadana.org\/web\/wp-content\/uploads\/2021\/11\/cropped-logo_pc-1.png","width":340,"height":114,"caption":"Participaci\u00f3n Ciudadana"},"image":{"@id":"https:\/\/www.participacionciudadana.org\/web\/#\/schema\/logo\/image\/"},"sameAs":["https:\/\/www.facebook.com\/ParticipacionPC\/","https:\/\/x.com\/ParticipacionPC"]}]}},"_links":{"self":[{"href":"https:\/\/www.participacionciudadana.org\/web\/wp-json\/wp\/v2\/pages\/810","targetHints":{"allow":["GET"]}}],"collection":[{"href":"https:\/\/www.participacionciudadana.org\/web\/wp-json\/wp\/v2\/pages"}],"about":[{"href":"https:\/\/www.participacionciudadana.org\/web\/wp-json\/wp\/v2\/types\/page"}],"author":[{"embeddable":true,"href":"https:\/\/www.participacionciudadana.org\/web\/wp-json\/wp\/v2\/users\/1"}],"replies":[{"embeddable":true,"href":"https:\/\/www.participacionciudadana.org\/web\/wp-json\/wp\/v2\/comments?post=810"}],"version-history":[{"count":0,"href":"https:\/\/www.participacionciudadana.org\/web\/wp-json\/wp\/v2\/pages\/810\/revisions"}],"up":[{"embeddable":true,"href":"https:\/\/www.participacionciudadana.org\/web\/wp-json\/wp\/v2\/pages\/756"}],"wp:attachment":[{"href":"https:\/\/www.participacionciudadana.org\/web\/wp-json\/wp\/v2\/media?parent=810"}],"curies":[{"name":"wp","href":"https:\/\/api.w.org\/{rel}","templated":true}]}}